{"id":1926,"date":"2022-05-31T03:09:07","date_gmt":"2022-05-31T03:09:07","guid":{"rendered":"https:\/\/wp.themerange.net\/montro\/?page_id=1926"},"modified":"2025-10-02T15:00:35","modified_gmt":"2025-10-02T15:00:35","slug":"portada","status":"publish","type":"page","link":"https:\/\/cndesge.org\/","title":{"rendered":"Portada"},"content":{"rendered":"\t\t<div data-elementor-type=\"wp-page\" data-elementor-id=\"1926\" class=\"elementor elementor-1926\">\n\t\t\t\t<div class=\"elementor-element elementor-element-55d69e0 e-flex e-con-boxed e-con e-parent\" data-id=\"55d69e0\" data-element_type=\"container\" data-e-type=\"container\">\n\t\t\t\t\t<div class=\"e-con-inner\">\n\t\t\t\t<div class=\"elementor-element elementor-element-8589886 elementor-widget elementor-widget-spacer\" data-id=\"8589886\" data-element_type=\"widget\" data-e-type=\"widget\" data-widget_type=\"spacer.default\">\n\t\t\t\t<div class=\"elementor-widget-container\">\n\t\t\t\t\t\t\t<div class=\"elementor-spacer\">\n\t\t\t<div class=\"elementor-spacer-inner\"><\/div>\n\t\t<\/div>\n\t\t\t\t\t\t<\/div>\n\t\t\t\t<\/div>\n\t\t\t\t\t<\/div>\n\t\t\t\t<\/div>\n\t\t<div class=\"elementor-element elementor-element-23ad9fc e-flex e-con-boxed e-con e-parent\" data-id=\"23ad9fc\" data-element_type=\"container\" data-e-type=\"container\">\n\t\t\t\t\t<div class=\"e-con-inner\">\n\t\t\t\t<div class=\"elementor-element elementor-element-ed01dba elementor-widget elementor-widget-shortcode\" data-id=\"ed01dba\" data-element_type=\"widget\" data-e-type=\"widget\" data-widget_type=\"shortcode.default\">\n\t\t\t\t<div class=\"elementor-widget-container\">\n\t\t\t\t\t\t\t<div class=\"elementor-shortcode\"><style type=\"text\/css\">\r\n#bdpp-ticker-1{border-color:#81d742;}\r\n#bdpp-ticker-1 .bdpp-label{background:#81d742; color: #fff}\r\n#bdpp-ticker-1 ul li a:hover, #bdpp-ticker-1 ul li a{color:#000000; font-style:normal;}\r\n<\/style>\r\n\r\n<div class=\"bdpp-wrap bdpp-lite bdpp-post-ticker-wrp bdpp-ticker-wrp inf-news-ticker bdpp-layout-10114\" id=\"bdpp-ticker-1\" data-conf=\"{&quot;ticker_effect&quot;:&quot;slide-up&quot;,&quot;autoplay&quot;:true,&quot;speed&quot;:3000}\">\r\n\t\t <div class=\"inf-label bdpp-label\">Novedades<\/div>\r\n\t\t<div class=\"inf-ticker bdpp-ticker\">\r\n\t\t<ul class=\"bdpp-ticker-cnt\"><li class=\"bdpp-ticker-ele bdpp-post-14303 bdpp-post-standard\">\r\n\t<a href=\"https:\/\/cndesge.org\/?p=14303\">Coordinaci\u00f3n estrat\u00e9gica con banca y telecomunicaciones para fortalecer la organizaci\u00f3n de eventos internacionales<\/a>\r\n<\/li><li class=\"bdpp-ticker-ele bdpp-post-14263 bdpp-post-standard\">\r\n\t<a href=\"https:\/\/cndesge.org\/?p=14263\">Fortalecimiento de la coordinaci\u00f3n institucional entre el CNDES y el Tribunal Supremo de Justicia<\/a>\r\n<\/li><li class=\"bdpp-ticker-ele bdpp-post-14260 bdpp-post-standard\">\r\n\t<a href=\"https:\/\/cndesge.org\/?p=14260\">El CNDES celebra su Segundo Pleno Ordinario del presente a\u00f1o 2026.<\/a>\r\n<\/li><li class=\"bdpp-ticker-ele bdpp-post-14224 bdpp-post-standard\">\r\n\t<a href=\"https:\/\/cndesge.org\/?p=14224\">Fortaleciendo la cooperaci\u00f3n institucional: el CNDES presenta su agenda internacional al Tribunal de Cuentas<\/a>\r\n<\/li><li class=\"bdpp-ticker-ele bdpp-post-14218 bdpp-post-standard\">\r\n\t<a href=\"https:\/\/cndesge.org\/?p=14218\">Guinea Ecuatorial participa en Abuja en la 5.\u00aa Sesi\u00f3n del Subcomit\u00e9 de Fiscalidad y Flujos Financieros Il\u00edcitos de la Uni\u00f3n Africana<\/a>\r\n<\/li><li class=\"bdpp-ticker-ele bdpp-post-14229 bdpp-post-standard\">\r\n\t<a href=\"https:\/\/cndesge.org\/?p=14229\">Audiencia institucional entre el CNDES y el Tribunal Constitucional en el marco de la cooperaci\u00f3n interinstitucional<\/a>\r\n<\/li><li class=\"bdpp-ticker-ele bdpp-post-14210 bdpp-post-standard\">\r\n\t<a href=\"https:\/\/cndesge.org\/?p=14210\">El CNDES representa a Guinea Ecuatorial en debate global sobre la guerra de Ir\u00e1n y sus efectos econ\u00f3micos<\/a>\r\n<\/li><li class=\"bdpp-ticker-ele bdpp-post-14186 bdpp-post-standard\">\r\n\t<a href=\"https:\/\/cndesge.org\/?p=14186\">Fortalecimiento institucional: encuentro entre el CNDES y el Consejo de la Rep\u00fablica<\/a>\r\n<\/li><li class=\"bdpp-ticker-ele bdpp-post-14133 bdpp-post-standard\">\r\n\t<a href=\"https:\/\/cndesge.org\/?p=14133\">La Escuela de Capacitaci\u00f3n Agraria refuerza su papel estrat\u00e9gico con la presentaci\u00f3n del Plan de Acci\u00f3n 2025<\/a>\r\n<\/li><li class=\"bdpp-ticker-ele bdpp-post-14138 bdpp-post-standard\">\r\n\t<a href=\"https:\/\/cndesge.org\/?p=14138\">El CNDES se re\u00fane con la Academia Ecuatoguineana de la Lengua Espa\u00f1ola (AEGLE)<\/a>\r\n<\/li><li class=\"bdpp-ticker-ele bdpp-post-14118 bdpp-post-standard\">\r\n\t<a href=\"https:\/\/cndesge.org\/?p=14118\">CNDES culmina con \u00e9xito los seminarios sobre gesti\u00f3n de desechos dom\u00e9sticos en Malabo, Ebebiyin y Mongomo<\/a>\r\n<\/li><li class=\"bdpp-ticker-ele bdpp-post-14100 bdpp-post-standard\">\r\n\t<a href=\"https:\/\/cndesge.org\/?p=14100\">El CNDES refuerza la elaboraci\u00f3n de la Memoria Anual 2025 con reuniones t\u00e9cnicas junto al CICTE<\/a>\r\n<\/li><li class=\"bdpp-ticker-ele bdpp-post-14065 bdpp-post-standard\">\r\n\t<a href=\"https:\/\/cndesge.org\/?p=14065\">Audiencia institucional entre el CNDES y el Defensor del Pueblo para impulsar la agenda de actividades y la cooperaci\u00f3n interinstitucional<\/a>\r\n<\/li><li class=\"bdpp-ticker-ele bdpp-post-14054 bdpp-post-standard\">\r\n\t<a href=\"https:\/\/cndesge.org\/?p=14054\">Encuentro institucional entre el CNDES y la C\u00e1mara de Diputados para coordinar pr\u00f3ximos eventos internacionales en Guinea Ecuatorial<\/a>\r\n<\/li><li class=\"bdpp-ticker-ele bdpp-post-14028 bdpp-post-standard\">\r\n\t<a href=\"https:\/\/cndesge.org\/?p=14028\">CNDES y Senado refuerzan cooperaci\u00f3n para eventos internacionales en Guinea Ecuatorial<\/a>\r\n<\/li><li class=\"bdpp-ticker-ele bdpp-post-14023 bdpp-post-standard\">\r\n\t<a href=\"https:\/\/cndesge.org\/?p=14023\">El CNDES se re\u00fane con el Colegio de Expertos Contables de Guinea Ecuatorial (CECGE)<\/a>\r\n<\/li><li class=\"bdpp-ticker-ele bdpp-post-14019 bdpp-post-standard\">\r\n\t<a href=\"https:\/\/cndesge.org\/?p=14019\">El CNDES se re\u00fane con la Directiva del Hospital Policl\u00ednico Dr.Loeri Comba<\/a>\r\n<\/li><li class=\"bdpp-ticker-ele bdpp-post-13995 bdpp-post-standard\">\r\n\t<a href=\"https:\/\/cndesge.org\/?p=13995\">El CNDE se re\u00fane con Gepetrol Servicios S.A. en el marco de la elaboraci\u00f3n de la Memoria Anual 2025.<\/a>\r\n<\/li><li class=\"bdpp-ticker-ele bdpp-post-13989 bdpp-post-standard\">\r\n\t<a href=\"https:\/\/cndesge.org\/?p=13989\">El CNDES organiza un taller sobre manejo de residuos dom\u00e9sticos en el marco de la Memoria 202<\/a>\r\n<\/li><li class=\"bdpp-ticker-ele bdpp-post-13987 bdpp-post-standard\">\r\n\t<a href=\"https:\/\/cndesge.org\/?p=13987\">La Comisi\u00f3n T\u00e9cnica del CNDES finaliza su recorrido en la Regi\u00f3n Continental para la Memoria Anual 2025<\/a>\r\n<\/li>\t\t<\/ul>\r\n\t<\/div>\r\n\t<div class=\"inf-controls bdpp-controls\">\r\n\t\t<span class=\"bdpp-ctrl-btn inf-ctrl-btn\"><span class=\"inf-arrow inf-prev\"><\/span><\/span>\r\n\t\t<span class=\"bdpp-ctrl-btn inf-ctrl-btn\"><span class=\"inf-arrow inf-next\"><\/span><\/span>\r\n\t<\/div>\r\n<\/div><\/div>\n\t\t\t\t\t\t<\/div>\n\t\t\t\t<\/div>\n\t\t\t\t\t<\/div>\n\t\t\t\t<\/div>\n\t\t<div class=\"elementor-element elementor-element-ca282cd e-flex e-con-boxed e-con e-parent\" data-id=\"ca282cd\" data-element_type=\"container\" data-e-type=\"container\">\n\t\t\t\t\t<div class=\"e-con-inner\">\n\t\t<div class=\"elementor-element elementor-element-8cf6f1e e-con-full e-flex e-con e-child\" data-id=\"8cf6f1e\" data-element_type=\"container\" data-e-type=\"container\">\n\t\t\t\t<div class=\"elementor-element elementor-element-fcc73e4 elementor-widget elementor-widget-image\" data-id=\"fcc73e4\" data-element_type=\"widget\" data-e-type=\"widget\" data-widget_type=\"image.default\">\n\t\t\t\t<div class=\"elementor-widget-container\">\n\t\t\t\t\t\t\t\t\t\t\t\t\t\t\t\t<a href=\"https:\/\/cndesge.org\/?page_id=1575\">\n\t\t\t\t\t\t\t<img decoding=\"async\" width=\"400\" height=\"100\" src=\"https:\/\/cndesge.org\/wp-content\/uploads\/2025\/03\/1-2.png\" class=\"attachment-large size-large wp-image-10292\" alt=\"\" srcset=\"https:\/\/cndesge.org\/wp-content\/uploads\/2025\/03\/1-2.png 400w, https:\/\/cndesge.org\/wp-content\/uploads\/2025\/03\/1-2-300x75.png 300w\" sizes=\"(max-width: 400px) 100vw, 400px\" \/>\t\t\t\t\t\t\t\t<\/a>\n\t\t\t\t\t\t\t\t\t\t\t\t\t\t\t<\/div>\n\t\t\t\t<\/div>\n\t\t\t\t<div class=\"elementor-element elementor-element-699c0ca elementor-widget elementor-widget-image\" data-id=\"699c0ca\" data-element_type=\"widget\" data-e-type=\"widget\" data-widget_type=\"image.default\">\n\t\t\t\t<div class=\"elementor-widget-container\">\n\t\t\t\t\t\t\t\t\t\t\t\t\t\t\t\t<a href=\"https:\/\/cndesge.org\/?page_id=1576\">\n\t\t\t\t\t\t\t<img decoding=\"async\" width=\"400\" height=\"100\" src=\"https:\/\/cndesge.org\/wp-content\/uploads\/2025\/03\/2-1.png\" class=\"attachment-large size-large wp-image-10293\" alt=\"\" srcset=\"https:\/\/cndesge.org\/wp-content\/uploads\/2025\/03\/2-1.png 400w, https:\/\/cndesge.org\/wp-content\/uploads\/2025\/03\/2-1-300x75.png 300w\" sizes=\"(max-width: 400px) 100vw, 400px\" \/>\t\t\t\t\t\t\t\t<\/a>\n\t\t\t\t\t\t\t\t\t\t\t\t\t\t\t<\/div>\n\t\t\t\t<\/div>\n\t\t\t\t<div class=\"elementor-element elementor-element-05b7137 elementor-widget elementor-widget-image\" data-id=\"05b7137\" data-element_type=\"widget\" data-e-type=\"widget\" data-widget_type=\"image.default\">\n\t\t\t\t<div class=\"elementor-widget-container\">\n\t\t\t\t\t\t\t\t\t\t\t\t\t\t\t<img decoding=\"async\" width=\"400\" height=\"100\" src=\"https:\/\/cndesge.org\/wp-content\/uploads\/2025\/03\/Gobierno-e-Instituciones-400-x-100-px.png\" class=\"attachment-large size-large wp-image-10301\" alt=\"\" srcset=\"https:\/\/cndesge.org\/wp-content\/uploads\/2025\/03\/Gobierno-e-Instituciones-400-x-100-px.png 400w, https:\/\/cndesge.org\/wp-content\/uploads\/2025\/03\/Gobierno-e-Instituciones-400-x-100-px-300x75.png 300w\" sizes=\"(max-width: 400px) 100vw, 400px\" \/>\t\t\t\t\t\t\t\t\t\t\t\t\t\t\t<\/div>\n\t\t\t\t<\/div>\n\t\t\t\t<div class=\"elementor-element elementor-element-7129cd7 elementor-widget elementor-widget-image\" data-id=\"7129cd7\" data-element_type=\"widget\" data-e-type=\"widget\" data-widget_type=\"image.default\">\n\t\t\t\t<div class=\"elementor-widget-container\">\n\t\t\t\t\t\t\t\t\t\t\t\t\t\t\t\t<a href=\"https:\/\/cndesge.org\/?page_id=1666\">\n\t\t\t\t\t\t\t<img loading=\"lazy\" decoding=\"async\" width=\"400\" height=\"100\" src=\"https:\/\/cndesge.org\/wp-content\/uploads\/2025\/03\/Gobierno-e-Instituciones-400-x-100-px-2.png\" class=\"attachment-large size-large wp-image-10309\" alt=\"\" srcset=\"https:\/\/cndesge.org\/wp-content\/uploads\/2025\/03\/Gobierno-e-Instituciones-400-x-100-px-2.png 400w, https:\/\/cndesge.org\/wp-content\/uploads\/2025\/03\/Gobierno-e-Instituciones-400-x-100-px-2-300x75.png 300w\" sizes=\"(max-width: 400px) 100vw, 400px\" \/>\t\t\t\t\t\t\t\t<\/a>\n\t\t\t\t\t\t\t\t\t\t\t\t\t\t\t<\/div>\n\t\t\t\t<\/div>\n\t\t\t\t<\/div>\n\t\t<div class=\"elementor-element elementor-element-caf1af1 e-con-full e-flex e-con e-child\" data-id=\"caf1af1\" data-element_type=\"container\" data-e-type=\"container\">\n\t\t\t\t<div class=\"elementor-element elementor-element-df69a2b e-transform elementor-widget elementor-widget-bdpp_layout_elementor_widget\" data-id=\"df69a2b\" data-element_type=\"widget\" data-e-type=\"widget\" data-settings=\"{&quot;_transform_translateX_effect&quot;:{&quot;unit&quot;:&quot;px&quot;,&quot;size&quot;:12,&quot;sizes&quot;:[]},&quot;_transform_translateY_effect&quot;:{&quot;unit&quot;:&quot;px&quot;,&quot;size&quot;:27,&quot;sizes&quot;:[]},&quot;_transform_translateX_effect_tablet&quot;:{&quot;unit&quot;:&quot;px&quot;,&quot;size&quot;:&quot;&quot;,&quot;sizes&quot;:[]},&quot;_transform_translateX_effect_mobile&quot;:{&quot;unit&quot;:&quot;px&quot;,&quot;size&quot;:&quot;&quot;,&quot;sizes&quot;:[]},&quot;_transform_translateY_effect_tablet&quot;:{&quot;unit&quot;:&quot;px&quot;,&quot;size&quot;:&quot;&quot;,&quot;sizes&quot;:[]},&quot;_transform_translateY_effect_mobile&quot;:{&quot;unit&quot;:&quot;px&quot;,&quot;size&quot;:&quot;&quot;,&quot;sizes&quot;:[]}}\" data-widget_type=\"bdpp_layout_elementor_widget.default\">\n\t\t\t\t<div class=\"elementor-widget-container\">\n\t\t\t\t\t<div class=\"bdpp-wrap bdpp-lite bdpp-slider-wrap-main\">\r\n\t<div id=\"bdpp-post-slider-wrap-2\" class=\"bdpp-post-slider-wrap owl-carousel bdpp-design-1 bdpp-layout-10020 bdpp-clearfix\" data-conf=\"{&quot;loop&quot;:true,&quot;arrows&quot;:true,&quot;dots&quot;:false,&quot;autoplay&quot;:true,&quot;autoplay_interval&quot;:5000,&quot;speed&quot;:false}\"><div class=\"bdpp-post-slide bdpp-post-14303 bdpp-post-standard bdpp-has-thumb\">\r\n\t<div class=\"bdpp-post-slider-content\">\r\n\t\t<a class=\"bdpp-post-linkoverlay\" href=\"https:\/\/cndesge.org\/?p=14303\"><\/a>\r\n\t\t<div class=\"bdpp-post-img-bg\" style=\"background-image:url(https:\/\/cndesge.org\/wp-content\/uploads\/2026\/04\/47c641b5-4ff8-481d-9036-9567c86e3a8f-scaled.jpeg);\">\r\n\t\t\t<div class=\"bdpp-featured-meta\">\r\n\t\t\t\r\n\t\t\t\t<h2 class=\"bdpp-post-title\">\r\n\t\t\t\t\t<a href=\"https:\/\/cndesge.org\/?p=14303\">Coordinaci\u00f3n estrat\u00e9gica con banca y telecomunicaciones para fortalecer la organizaci\u00f3n de eventos internacionales<\/a>\r\n\t\t\t\t<\/h2>\r\n\r\n\t\t\t\t\t\t\t\t<div class=\"bdpp-post-meta bdpp-post-meta-up\">\r\n\t\t\t\t\t<span class=\"bdpp-post-meta-data bdpp-post-date\"><i class=\"fa fa-clock-o\"><\/i>abril 15, 2026<\/span>\t\t\t\t<\/div>\r\n\t\t\t\t\t\t\t<\/div>\r\n\t\t<\/div>\r\n\t<\/div>\r\n<\/div><div class=\"bdpp-post-slide bdpp-post-14263 bdpp-post-standard bdpp-has-thumb\">\r\n\t<div class=\"bdpp-post-slider-content\">\r\n\t\t<a class=\"bdpp-post-linkoverlay\" href=\"https:\/\/cndesge.org\/?p=14263\"><\/a>\r\n\t\t<div class=\"bdpp-post-img-bg\" style=\"background-image:url(https:\/\/cndesge.org\/wp-content\/uploads\/2026\/04\/IMG_1823.jpeg);\">\r\n\t\t\t<div class=\"bdpp-featured-meta\">\r\n\t\t\t\r\n\t\t\t\t<h2 class=\"bdpp-post-title\">\r\n\t\t\t\t\t<a href=\"https:\/\/cndesge.org\/?p=14263\">Fortalecimiento de la coordinaci\u00f3n institucional entre el CNDES y el Tribunal Supremo de Justicia<\/a>\r\n\t\t\t\t<\/h2>\r\n\r\n\t\t\t\t\t\t\t\t<div class=\"bdpp-post-meta bdpp-post-meta-up\">\r\n\t\t\t\t\t<span class=\"bdpp-post-meta-data bdpp-post-date\"><i class=\"fa fa-clock-o\"><\/i>abril 14, 2026<\/span>\t\t\t\t<\/div>\r\n\t\t\t\t\t\t\t<\/div>\r\n\t\t<\/div>\r\n\t<\/div>\r\n<\/div><div class=\"bdpp-post-slide bdpp-post-14260 bdpp-post-standard bdpp-has-thumb\">\r\n\t<div class=\"bdpp-post-slider-content\">\r\n\t\t<a class=\"bdpp-post-linkoverlay\" href=\"https:\/\/cndesge.org\/?p=14260\"><\/a>\r\n\t\t<div class=\"bdpp-post-img-bg\" style=\"background-image:url(https:\/\/cndesge.org\/wp-content\/uploads\/2026\/04\/IMG_1812.jpeg);\">\r\n\t\t\t<div class=\"bdpp-featured-meta\">\r\n\t\t\t\r\n\t\t\t\t<h2 class=\"bdpp-post-title\">\r\n\t\t\t\t\t<a href=\"https:\/\/cndesge.org\/?p=14260\">El CNDES celebra su Segundo Pleno Ordinario del presente a\u00f1o 2026.<\/a>\r\n\t\t\t\t<\/h2>\r\n\r\n\t\t\t\t\t\t\t\t<div class=\"bdpp-post-meta bdpp-post-meta-up\">\r\n\t\t\t\t\t<span class=\"bdpp-post-meta-data bdpp-post-date\"><i class=\"fa fa-clock-o\"><\/i>abril 14, 2026<\/span>\t\t\t\t<\/div>\r\n\t\t\t\t\t\t\t<\/div>\r\n\t\t<\/div>\r\n\t<\/div>\r\n<\/div><div class=\"bdpp-post-slide bdpp-post-14224 bdpp-post-standard bdpp-has-thumb\">\r\n\t<div class=\"bdpp-post-slider-content\">\r\n\t\t<a class=\"bdpp-post-linkoverlay\" href=\"https:\/\/cndesge.org\/?p=14224\"><\/a>\r\n\t\t<div class=\"bdpp-post-img-bg\" style=\"background-image:url(https:\/\/cndesge.org\/wp-content\/uploads\/2026\/04\/ae624efa-9d62-4178-9c06-78c43c5fe9d7-scaled.jpeg);\">\r\n\t\t\t<div class=\"bdpp-featured-meta\">\r\n\t\t\t\r\n\t\t\t\t<h2 class=\"bdpp-post-title\">\r\n\t\t\t\t\t<a href=\"https:\/\/cndesge.org\/?p=14224\">Fortaleciendo la cooperaci\u00f3n institucional: el CNDES presenta su agenda internacional al Tribunal de Cuentas<\/a>\r\n\t\t\t\t<\/h2>\r\n\r\n\t\t\t\t\t\t\t\t<div class=\"bdpp-post-meta bdpp-post-meta-up\">\r\n\t\t\t\t\t<span class=\"bdpp-post-meta-data bdpp-post-date\"><i class=\"fa fa-clock-o\"><\/i>abril 13, 2026<\/span>\t\t\t\t<\/div>\r\n\t\t\t\t\t\t\t<\/div>\r\n\t\t<\/div>\r\n\t<\/div>\r\n<\/div><div class=\"bdpp-post-slide bdpp-post-14218 bdpp-post-standard bdpp-has-thumb\">\r\n\t<div class=\"bdpp-post-slider-content\">\r\n\t\t<a class=\"bdpp-post-linkoverlay\" href=\"https:\/\/cndesge.org\/?p=14218\"><\/a>\r\n\t\t<div class=\"bdpp-post-img-bg\" style=\"background-image:url(https:\/\/cndesge.org\/wp-content\/uploads\/2026\/04\/98f15e19-9e35-40d2-bbcd-bad00003dd58.jpeg);\">\r\n\t\t\t<div class=\"bdpp-featured-meta\">\r\n\t\t\t\r\n\t\t\t\t<h2 class=\"bdpp-post-title\">\r\n\t\t\t\t\t<a href=\"https:\/\/cndesge.org\/?p=14218\">Guinea Ecuatorial participa en Abuja en la 5.\u00aa Sesi\u00f3n del Subcomit\u00e9 de Fiscalidad y Flujos Financieros Il\u00edcitos de la Uni\u00f3n Africana<\/a>\r\n\t\t\t\t<\/h2>\r\n\r\n\t\t\t\t\t\t\t\t<div class=\"bdpp-post-meta bdpp-post-meta-up\">\r\n\t\t\t\t\t<span class=\"bdpp-post-meta-data bdpp-post-date\"><i class=\"fa fa-clock-o\"><\/i>abril 10, 2026<\/span>\t\t\t\t<\/div>\r\n\t\t\t\t\t\t\t<\/div>\r\n\t\t<\/div>\r\n\t<\/div>\r\n<\/div><div class=\"bdpp-post-slide bdpp-post-14229 bdpp-post-standard bdpp-has-thumb\">\r\n\t<div class=\"bdpp-post-slider-content\">\r\n\t\t<a class=\"bdpp-post-linkoverlay\" href=\"https:\/\/cndesge.org\/?p=14229\"><\/a>\r\n\t\t<div class=\"bdpp-post-img-bg\" style=\"background-image:url(https:\/\/cndesge.org\/wp-content\/uploads\/2026\/04\/IMG_1773.jpeg);\">\r\n\t\t\t<div class=\"bdpp-featured-meta\">\r\n\t\t\t\r\n\t\t\t\t<h2 class=\"bdpp-post-title\">\r\n\t\t\t\t\t<a href=\"https:\/\/cndesge.org\/?p=14229\">Audiencia institucional entre el CNDES y el Tribunal Constitucional en el marco de la cooperaci\u00f3n interinstitucional<\/a>\r\n\t\t\t\t<\/h2>\r\n\r\n\t\t\t\t\t\t\t\t<div class=\"bdpp-post-meta bdpp-post-meta-up\">\r\n\t\t\t\t\t<span class=\"bdpp-post-meta-data bdpp-post-date\"><i class=\"fa fa-clock-o\"><\/i>abril 8, 2026<\/span>\t\t\t\t<\/div>\r\n\t\t\t\t\t\t\t<\/div>\r\n\t\t<\/div>\r\n\t<\/div>\r\n<\/div><div class=\"bdpp-post-slide bdpp-post-14210 bdpp-post-standard bdpp-has-thumb\">\r\n\t<div class=\"bdpp-post-slider-content\">\r\n\t\t<a class=\"bdpp-post-linkoverlay\" href=\"https:\/\/cndesge.org\/?p=14210\"><\/a>\r\n\t\t<div class=\"bdpp-post-img-bg\" style=\"background-image:url(https:\/\/cndesge.org\/wp-content\/uploads\/2026\/04\/IMG_1524.png);\">\r\n\t\t\t<div class=\"bdpp-featured-meta\">\r\n\t\t\t\r\n\t\t\t\t<h2 class=\"bdpp-post-title\">\r\n\t\t\t\t\t<a href=\"https:\/\/cndesge.org\/?p=14210\">El CNDES representa a Guinea Ecuatorial en debate global sobre la guerra de Ir\u00e1n y sus efectos econ\u00f3micos<\/a>\r\n\t\t\t\t<\/h2>\r\n\r\n\t\t\t\t\t\t\t\t<div class=\"bdpp-post-meta bdpp-post-meta-up\">\r\n\t\t\t\t\t<span class=\"bdpp-post-meta-data bdpp-post-date\"><i class=\"fa fa-clock-o\"><\/i>abril 8, 2026<\/span>\t\t\t\t<\/div>\r\n\t\t\t\t\t\t\t<\/div>\r\n\t\t<\/div>\r\n\t<\/div>\r\n<\/div><div class=\"bdpp-post-slide bdpp-post-14186 bdpp-post-standard bdpp-has-thumb\">\r\n\t<div class=\"bdpp-post-slider-content\">\r\n\t\t<a class=\"bdpp-post-linkoverlay\" href=\"https:\/\/cndesge.org\/?p=14186\"><\/a>\r\n\t\t<div class=\"bdpp-post-img-bg\" style=\"background-image:url(https:\/\/cndesge.org\/wp-content\/uploads\/2026\/04\/WhatsApp-Image-2026-04-07-at-17.58.20.jpeg);\">\r\n\t\t\t<div class=\"bdpp-featured-meta\">\r\n\t\t\t\r\n\t\t\t\t<h2 class=\"bdpp-post-title\">\r\n\t\t\t\t\t<a href=\"https:\/\/cndesge.org\/?p=14186\">Fortalecimiento institucional: encuentro entre el CNDES y el Consejo de la Rep\u00fablica<\/a>\r\n\t\t\t\t<\/h2>\r\n\r\n\t\t\t\t\t\t\t\t<div class=\"bdpp-post-meta bdpp-post-meta-up\">\r\n\t\t\t\t\t<span class=\"bdpp-post-meta-data bdpp-post-date\"><i class=\"fa fa-clock-o\"><\/i>abril 7, 2026<\/span>\t\t\t\t<\/div>\r\n\t\t\t\t\t\t\t<\/div>\r\n\t\t<\/div>\r\n\t<\/div>\r\n<\/div><div class=\"bdpp-post-slide bdpp-post-14133 bdpp-post-standard bdpp-has-thumb\">\r\n\t<div class=\"bdpp-post-slider-content\">\r\n\t\t<a class=\"bdpp-post-linkoverlay\" href=\"https:\/\/cndesge.org\/?p=14133\"><\/a>\r\n\t\t<div class=\"bdpp-post-img-bg\" style=\"background-image:url(https:\/\/cndesge.org\/wp-content\/uploads\/2026\/04\/c48ab3e3-79a8-44a3-8175-5f8cbb602b3b-scaled.jpeg);\">\r\n\t\t\t<div class=\"bdpp-featured-meta\">\r\n\t\t\t\r\n\t\t\t\t<h2 class=\"bdpp-post-title\">\r\n\t\t\t\t\t<a href=\"https:\/\/cndesge.org\/?p=14133\">La Escuela de Capacitaci\u00f3n Agraria refuerza su papel estrat\u00e9gico con la presentaci\u00f3n del Plan de Acci\u00f3n 2025<\/a>\r\n\t\t\t\t<\/h2>\r\n\r\n\t\t\t\t\t\t\t\t<div class=\"bdpp-post-meta bdpp-post-meta-up\">\r\n\t\t\t\t\t<span class=\"bdpp-post-meta-data bdpp-post-date\"><i class=\"fa fa-clock-o\"><\/i>abril 1, 2026<\/span>\t\t\t\t<\/div>\r\n\t\t\t\t\t\t\t<\/div>\r\n\t\t<\/div>\r\n\t<\/div>\r\n<\/div><div class=\"bdpp-post-slide bdpp-post-14138 bdpp-post-standard bdpp-has-thumb\">\r\n\t<div class=\"bdpp-post-slider-content\">\r\n\t\t<a class=\"bdpp-post-linkoverlay\" href=\"https:\/\/cndesge.org\/?p=14138\"><\/a>\r\n\t\t<div class=\"bdpp-post-img-bg\" style=\"background-image:url(https:\/\/cndesge.org\/wp-content\/uploads\/2026\/04\/a22ace8a-9b71-4d3d-b713-794bdc613407-scaled.jpeg);\">\r\n\t\t\t<div class=\"bdpp-featured-meta\">\r\n\t\t\t\r\n\t\t\t\t<h2 class=\"bdpp-post-title\">\r\n\t\t\t\t\t<a href=\"https:\/\/cndesge.org\/?p=14138\">El CNDES se re\u00fane con la Academia Ecuatoguineana de la Lengua Espa\u00f1ola (AEGLE)<\/a>\r\n\t\t\t\t<\/h2>\r\n\r\n\t\t\t\t\t\t\t\t<div class=\"bdpp-post-meta bdpp-post-meta-up\">\r\n\t\t\t\t\t<span class=\"bdpp-post-meta-data bdpp-post-date\"><i class=\"fa fa-clock-o\"><\/i>marzo 31, 2026<\/span>\t\t\t\t<\/div>\r\n\t\t\t\t\t\t\t<\/div>\r\n\t\t<\/div>\r\n\t<\/div>\r\n<\/div><div class=\"bdpp-post-slide bdpp-post-14118 bdpp-post-standard bdpp-has-thumb\">\r\n\t<div class=\"bdpp-post-slider-content\">\r\n\t\t<a class=\"bdpp-post-linkoverlay\" href=\"https:\/\/cndesge.org\/?p=14118\"><\/a>\r\n\t\t<div class=\"bdpp-post-img-bg\" style=\"background-image:url(https:\/\/cndesge.org\/wp-content\/uploads\/2026\/03\/IMG_1069.jpeg);\">\r\n\t\t\t<div class=\"bdpp-featured-meta\">\r\n\t\t\t\r\n\t\t\t\t<h2 class=\"bdpp-post-title\">\r\n\t\t\t\t\t<a href=\"https:\/\/cndesge.org\/?p=14118\">CNDES culmina con \u00e9xito los seminarios sobre gesti\u00f3n de desechos dom\u00e9sticos en Malabo, Ebebiyin y Mongomo<\/a>\r\n\t\t\t\t<\/h2>\r\n\r\n\t\t\t\t\t\t\t\t<div class=\"bdpp-post-meta bdpp-post-meta-up\">\r\n\t\t\t\t\t<span class=\"bdpp-post-meta-data bdpp-post-date\"><i class=\"fa fa-clock-o\"><\/i>marzo 31, 2026<\/span>\t\t\t\t<\/div>\r\n\t\t\t\t\t\t\t<\/div>\r\n\t\t<\/div>\r\n\t<\/div>\r\n<\/div><div class=\"bdpp-post-slide bdpp-post-14100 bdpp-post-standard bdpp-has-thumb\">\r\n\t<div class=\"bdpp-post-slider-content\">\r\n\t\t<a class=\"bdpp-post-linkoverlay\" href=\"https:\/\/cndesge.org\/?p=14100\"><\/a>\r\n\t\t<div class=\"bdpp-post-img-bg\" style=\"background-image:url(https:\/\/cndesge.org\/wp-content\/uploads\/2026\/03\/c282ba45-57db-4556-8449-83261f174e6f.jpeg);\">\r\n\t\t\t<div class=\"bdpp-featured-meta\">\r\n\t\t\t\r\n\t\t\t\t<h2 class=\"bdpp-post-title\">\r\n\t\t\t\t\t<a href=\"https:\/\/cndesge.org\/?p=14100\">El CNDES refuerza la elaboraci\u00f3n de la Memoria Anual 2025 con reuniones t\u00e9cnicas junto al CICTE<\/a>\r\n\t\t\t\t<\/h2>\r\n\r\n\t\t\t\t\t\t\t\t<div class=\"bdpp-post-meta bdpp-post-meta-up\">\r\n\t\t\t\t\t<span class=\"bdpp-post-meta-data bdpp-post-date\"><i class=\"fa fa-clock-o\"><\/i>marzo 30, 2026<\/span>\t\t\t\t<\/div>\r\n\t\t\t\t\t\t\t<\/div>\r\n\t\t<\/div>\r\n\t<\/div>\r\n<\/div><div class=\"bdpp-post-slide bdpp-post-14065 bdpp-post-standard bdpp-has-thumb\">\r\n\t<div class=\"bdpp-post-slider-content\">\r\n\t\t<a class=\"bdpp-post-linkoverlay\" href=\"https:\/\/cndesge.org\/?p=14065\"><\/a>\r\n\t\t<div class=\"bdpp-post-img-bg\" style=\"background-image:url(https:\/\/cndesge.org\/wp-content\/uploads\/2026\/03\/IMG_0997.jpeg);\">\r\n\t\t\t<div class=\"bdpp-featured-meta\">\r\n\t\t\t\r\n\t\t\t\t<h2 class=\"bdpp-post-title\">\r\n\t\t\t\t\t<a href=\"https:\/\/cndesge.org\/?p=14065\">Audiencia institucional entre el CNDES y el Defensor del Pueblo para impulsar la agenda de actividades y la cooperaci\u00f3n interinstitucional<\/a>\r\n\t\t\t\t<\/h2>\r\n\r\n\t\t\t\t\t\t\t\t<div class=\"bdpp-post-meta bdpp-post-meta-up\">\r\n\t\t\t\t\t<span class=\"bdpp-post-meta-data bdpp-post-date\"><i class=\"fa fa-clock-o\"><\/i>marzo 30, 2026<\/span>\t\t\t\t<\/div>\r\n\t\t\t\t\t\t\t<\/div>\r\n\t\t<\/div>\r\n\t<\/div>\r\n<\/div><div class=\"bdpp-post-slide bdpp-post-14054 bdpp-post-standard bdpp-has-thumb\">\r\n\t<div class=\"bdpp-post-slider-content\">\r\n\t\t<a class=\"bdpp-post-linkoverlay\" href=\"https:\/\/cndesge.org\/?p=14054\"><\/a>\r\n\t\t<div class=\"bdpp-post-img-bg\" style=\"background-image:url(https:\/\/cndesge.org\/wp-content\/uploads\/2026\/03\/f70d4944-b420-4cce-a669-9ee329dc3349.jpeg);\">\r\n\t\t\t<div class=\"bdpp-featured-meta\">\r\n\t\t\t\r\n\t\t\t\t<h2 class=\"bdpp-post-title\">\r\n\t\t\t\t\t<a href=\"https:\/\/cndesge.org\/?p=14054\">Encuentro institucional entre el CNDES y la C\u00e1mara de Diputados para coordinar pr\u00f3ximos eventos internacionales en Guinea Ecuatorial<\/a>\r\n\t\t\t\t<\/h2>\r\n\r\n\t\t\t\t\t\t\t\t<div class=\"bdpp-post-meta bdpp-post-meta-up\">\r\n\t\t\t\t\t<span class=\"bdpp-post-meta-data bdpp-post-date\"><i class=\"fa fa-clock-o\"><\/i>marzo 27, 2026<\/span>\t\t\t\t<\/div>\r\n\t\t\t\t\t\t\t<\/div>\r\n\t\t<\/div>\r\n\t<\/div>\r\n<\/div><div class=\"bdpp-post-slide bdpp-post-14028 bdpp-post-standard bdpp-has-thumb\">\r\n\t<div class=\"bdpp-post-slider-content\">\r\n\t\t<a class=\"bdpp-post-linkoverlay\" href=\"https:\/\/cndesge.org\/?p=14028\"><\/a>\r\n\t\t<div class=\"bdpp-post-img-bg\" style=\"background-image:url(https:\/\/cndesge.org\/wp-content\/uploads\/2026\/03\/ee8d8529-f87f-4fcb-8ee1-9fbfac112033.jpeg);\">\r\n\t\t\t<div class=\"bdpp-featured-meta\">\r\n\t\t\t\r\n\t\t\t\t<h2 class=\"bdpp-post-title\">\r\n\t\t\t\t\t<a href=\"https:\/\/cndesge.org\/?p=14028\">CNDES y Senado refuerzan cooperaci\u00f3n para eventos internacionales en Guinea Ecuatorial<\/a>\r\n\t\t\t\t<\/h2>\r\n\r\n\t\t\t\t\t\t\t\t<div class=\"bdpp-post-meta bdpp-post-meta-up\">\r\n\t\t\t\t\t<span class=\"bdpp-post-meta-data bdpp-post-date\"><i class=\"fa fa-clock-o\"><\/i>marzo 27, 2026<\/span>\t\t\t\t<\/div>\r\n\t\t\t\t\t\t\t<\/div>\r\n\t\t<\/div>\r\n\t<\/div>\r\n<\/div><div class=\"bdpp-post-slide bdpp-post-14023 bdpp-post-standard bdpp-has-thumb\">\r\n\t<div class=\"bdpp-post-slider-content\">\r\n\t\t<a class=\"bdpp-post-linkoverlay\" href=\"https:\/\/cndesge.org\/?p=14023\"><\/a>\r\n\t\t<div class=\"bdpp-post-img-bg\" style=\"background-image:url(https:\/\/cndesge.org\/wp-content\/uploads\/2026\/03\/3440f731-85e3-4b5b-86f7-7d4af75d6b51-scaled.jpeg);\">\r\n\t\t\t<div class=\"bdpp-featured-meta\">\r\n\t\t\t\r\n\t\t\t\t<h2 class=\"bdpp-post-title\">\r\n\t\t\t\t\t<a href=\"https:\/\/cndesge.org\/?p=14023\">El CNDES se re\u00fane con el Colegio de Expertos Contables de Guinea Ecuatorial (CECGE)<\/a>\r\n\t\t\t\t<\/h2>\r\n\r\n\t\t\t\t\t\t\t\t<div class=\"bdpp-post-meta bdpp-post-meta-up\">\r\n\t\t\t\t\t<span class=\"bdpp-post-meta-data bdpp-post-date\"><i class=\"fa fa-clock-o\"><\/i>marzo 26, 2026<\/span>\t\t\t\t<\/div>\r\n\t\t\t\t\t\t\t<\/div>\r\n\t\t<\/div>\r\n\t<\/div>\r\n<\/div><div class=\"bdpp-post-slide bdpp-post-14019 bdpp-post-standard bdpp-has-thumb\">\r\n\t<div class=\"bdpp-post-slider-content\">\r\n\t\t<a class=\"bdpp-post-linkoverlay\" href=\"https:\/\/cndesge.org\/?p=14019\"><\/a>\r\n\t\t<div class=\"bdpp-post-img-bg\" style=\"background-image:url(https:\/\/cndesge.org\/wp-content\/uploads\/2026\/03\/4b0fa8dc-c16b-4071-a0bb-907a707e1f1b-scaled.jpeg);\">\r\n\t\t\t<div class=\"bdpp-featured-meta\">\r\n\t\t\t\r\n\t\t\t\t<h2 class=\"bdpp-post-title\">\r\n\t\t\t\t\t<a href=\"https:\/\/cndesge.org\/?p=14019\">El CNDES se re\u00fane con la Directiva del Hospital Policl\u00ednico Dr.Loeri Comba<\/a>\r\n\t\t\t\t<\/h2>\r\n\r\n\t\t\t\t\t\t\t\t<div class=\"bdpp-post-meta bdpp-post-meta-up\">\r\n\t\t\t\t\t<span class=\"bdpp-post-meta-data bdpp-post-date\"><i class=\"fa fa-clock-o\"><\/i>marzo 25, 2026<\/span>\t\t\t\t<\/div>\r\n\t\t\t\t\t\t\t<\/div>\r\n\t\t<\/div>\r\n\t<\/div>\r\n<\/div><div class=\"bdpp-post-slide bdpp-post-13995 bdpp-post-standard bdpp-has-thumb\">\r\n\t<div class=\"bdpp-post-slider-content\">\r\n\t\t<a class=\"bdpp-post-linkoverlay\" href=\"https:\/\/cndesge.org\/?p=13995\"><\/a>\r\n\t\t<div class=\"bdpp-post-img-bg\" style=\"background-image:url(https:\/\/cndesge.org\/wp-content\/uploads\/2026\/03\/6f1a5997-84d9-4e6f-9f20-743b3150f4d1.jpeg);\">\r\n\t\t\t<div class=\"bdpp-featured-meta\">\r\n\t\t\t\r\n\t\t\t\t<h2 class=\"bdpp-post-title\">\r\n\t\t\t\t\t<a href=\"https:\/\/cndesge.org\/?p=13995\">El CNDE se re\u00fane con Gepetrol Servicios S.A. en el marco de la elaboraci\u00f3n de la Memoria Anual 2025.<\/a>\r\n\t\t\t\t<\/h2>\r\n\r\n\t\t\t\t\t\t\t\t<div class=\"bdpp-post-meta bdpp-post-meta-up\">\r\n\t\t\t\t\t<span class=\"bdpp-post-meta-data bdpp-post-date\"><i class=\"fa fa-clock-o\"><\/i>marzo 24, 2026<\/span>\t\t\t\t<\/div>\r\n\t\t\t\t\t\t\t<\/div>\r\n\t\t<\/div>\r\n\t<\/div>\r\n<\/div><div class=\"bdpp-post-slide bdpp-post-13989 bdpp-post-standard bdpp-has-thumb\">\r\n\t<div class=\"bdpp-post-slider-content\">\r\n\t\t<a class=\"bdpp-post-linkoverlay\" href=\"https:\/\/cndesge.org\/?p=13989\"><\/a>\r\n\t\t<div class=\"bdpp-post-img-bg\" style=\"background-image:url(https:\/\/cndesge.org\/wp-content\/uploads\/2026\/03\/c9d0c78e-99ff-4149-8dab-42cd4fe440cb-scaled.jpeg);\">\r\n\t\t\t<div class=\"bdpp-featured-meta\">\r\n\t\t\t\r\n\t\t\t\t<h2 class=\"bdpp-post-title\">\r\n\t\t\t\t\t<a href=\"https:\/\/cndesge.org\/?p=13989\">El CNDES organiza un taller sobre manejo de residuos dom\u00e9sticos en el marco de la Memoria 202<\/a>\r\n\t\t\t\t<\/h2>\r\n\r\n\t\t\t\t\t\t\t\t<div class=\"bdpp-post-meta bdpp-post-meta-up\">\r\n\t\t\t\t\t<span class=\"bdpp-post-meta-data bdpp-post-date\"><i class=\"fa fa-clock-o\"><\/i>marzo 20, 2026<\/span>\t\t\t\t<\/div>\r\n\t\t\t\t\t\t\t<\/div>\r\n\t\t<\/div>\r\n\t<\/div>\r\n<\/div><div class=\"bdpp-post-slide bdpp-post-13987 bdpp-post-standard bdpp-no-thumb\">\r\n\t<div class=\"bdpp-post-slider-content\">\r\n\t\t<a class=\"bdpp-post-linkoverlay\" href=\"https:\/\/cndesge.org\/?p=13987\"><\/a>\r\n\t\t<div class=\"bdpp-post-img-bg\" style=\"\">\r\n\t\t\t<div class=\"bdpp-featured-meta\">\r\n\t\t\t\r\n\t\t\t\t<h2 class=\"bdpp-post-title\">\r\n\t\t\t\t\t<a href=\"https:\/\/cndesge.org\/?p=13987\">La Comisi\u00f3n T\u00e9cnica del CNDES finaliza su recorrido en la Regi\u00f3n Continental para la Memoria Anual 2025<\/a>\r\n\t\t\t\t<\/h2>\r\n\r\n\t\t\t\t\t\t\t\t<div class=\"bdpp-post-meta bdpp-post-meta-up\">\r\n\t\t\t\t\t<span class=\"bdpp-post-meta-data bdpp-post-date\"><i class=\"fa fa-clock-o\"><\/i>marzo 20, 2026<\/span>\t\t\t\t<\/div>\r\n\t\t\t\t\t\t\t<\/div>\r\n\t\t<\/div>\r\n\t<\/div>\r\n<\/div><div class=\"bdpp-post-slide bdpp-post-13982 bdpp-post-standard bdpp-has-thumb\">\r\n\t<div class=\"bdpp-post-slider-content\">\r\n\t\t<a class=\"bdpp-post-linkoverlay\" href=\"https:\/\/cndesge.org\/?p=13982\"><\/a>\r\n\t\t<div class=\"bdpp-post-img-bg\" style=\"background-image:url(https:\/\/cndesge.org\/wp-content\/uploads\/2026\/03\/WhatsApp-Image-2026-03-18-at-19.04.26.jpeg);\">\r\n\t\t\t<div class=\"bdpp-featured-meta\">\r\n\t\t\t\r\n\t\t\t\t<h2 class=\"bdpp-post-title\">\r\n\t\t\t\t\t<a href=\"https:\/\/cndesge.org\/?p=13982\">El CNDES se re\u00fane con la Direcci\u00f3n General de Registros y Notariado del Ministerio de Justicia, Culto y Derechos Humanos.<\/a>\r\n\t\t\t\t<\/h2>\r\n\r\n\t\t\t\t\t\t\t\t<div class=\"bdpp-post-meta bdpp-post-meta-up\">\r\n\t\t\t\t\t<span class=\"bdpp-post-meta-data bdpp-post-date\"><i class=\"fa fa-clock-o\"><\/i>marzo 18, 2026<\/span>\t\t\t\t<\/div>\r\n\t\t\t\t\t\t\t<\/div>\r\n\t\t<\/div>\r\n\t<\/div>\r\n<\/div><div class=\"bdpp-post-slide bdpp-post-13974 bdpp-post-standard bdpp-no-thumb\">\r\n\t<div class=\"bdpp-post-slider-content\">\r\n\t\t<a class=\"bdpp-post-linkoverlay\" href=\"https:\/\/cndesge.org\/?p=13974\"><\/a>\r\n\t\t<div class=\"bdpp-post-img-bg\" style=\"\">\r\n\t\t\t<div class=\"bdpp-featured-meta\">\r\n\t\t\t\r\n\t\t\t\t<h2 class=\"bdpp-post-title\">\r\n\t\t\t\t\t<a href=\"https:\/\/cndesge.org\/?p=13974\">CNDES eval\u00faa el funcionamiento del sistema SIDUNEA en reuni\u00f3n con directivos del sector aduanero<\/a>\r\n\t\t\t\t<\/h2>\r\n\r\n\t\t\t\t\t\t\t\t<div class=\"bdpp-post-meta bdpp-post-meta-up\">\r\n\t\t\t\t\t<span class=\"bdpp-post-meta-data bdpp-post-date\"><i class=\"fa fa-clock-o\"><\/i>marzo 17, 2026<\/span>\t\t\t\t<\/div>\r\n\t\t\t\t\t\t\t<\/div>\r\n\t\t<\/div>\r\n\t<\/div>\r\n<\/div><div class=\"bdpp-post-slide bdpp-post-13970 bdpp-post-standard bdpp-has-thumb\">\r\n\t<div class=\"bdpp-post-slider-content\">\r\n\t\t<a class=\"bdpp-post-linkoverlay\" href=\"https:\/\/cndesge.org\/?p=13970\"><\/a>\r\n\t\t<div class=\"bdpp-post-img-bg\" style=\"background-image:url(https:\/\/cndesge.org\/wp-content\/uploads\/2026\/03\/IMG_9872.jpeg);\">\r\n\t\t\t<div class=\"bdpp-featured-meta\">\r\n\t\t\t\r\n\t\t\t\t<h2 class=\"bdpp-post-title\">\r\n\t\t\t\t\t<a href=\"https:\/\/cndesge.org\/?p=13970\">CNDES se re\u00fane con Ceiba Aeropuertos para analizar el sector aeroportuario en la Memoria Anual 2025<\/a>\r\n\t\t\t\t<\/h2>\r\n\r\n\t\t\t\t\t\t\t\t<div class=\"bdpp-post-meta bdpp-post-meta-up\">\r\n\t\t\t\t\t<span class=\"bdpp-post-meta-data bdpp-post-date\"><i class=\"fa fa-clock-o\"><\/i>marzo 17, 2026<\/span>\t\t\t\t<\/div>\r\n\t\t\t\t\t\t\t<\/div>\r\n\t\t<\/div>\r\n\t<\/div>\r\n<\/div><div class=\"bdpp-post-slide bdpp-post-13977 bdpp-post-standard bdpp-has-thumb\">\r\n\t<div class=\"bdpp-post-slider-content\">\r\n\t\t<a class=\"bdpp-post-linkoverlay\" href=\"https:\/\/cndesge.org\/?p=13977\"><\/a>\r\n\t\t<div class=\"bdpp-post-img-bg\" style=\"background-image:url(https:\/\/cndesge.org\/wp-content\/uploads\/2026\/03\/IMG_9946.jpeg);\">\r\n\t\t\t<div class=\"bdpp-featured-meta\">\r\n\t\t\t\r\n\t\t\t\t<h2 class=\"bdpp-post-title\">\r\n\t\t\t\t\t<a href=\"https:\/\/cndesge.org\/?p=13977\">El CNDES se re\u00fane con los directos de SIDUNEA de cara a la elaboraci\u00f3n de la Memoria Anual 2025.<\/a>\r\n\t\t\t\t<\/h2>\r\n\r\n\t\t\t\t\t\t\t\t<div class=\"bdpp-post-meta bdpp-post-meta-up\">\r\n\t\t\t\t\t<span class=\"bdpp-post-meta-data bdpp-post-date\"><i class=\"fa fa-clock-o\"><\/i>marzo 17, 2026<\/span>\t\t\t\t<\/div>\r\n\t\t\t\t\t\t\t<\/div>\r\n\t\t<\/div>\r\n\t<\/div>\r\n<\/div><div class=\"bdpp-post-slide bdpp-post-13939 bdpp-post-standard bdpp-has-thumb\">\r\n\t<div class=\"bdpp-post-slider-content\">\r\n\t\t<a class=\"bdpp-post-linkoverlay\" href=\"https:\/\/cndesge.org\/?p=13939\"><\/a>\r\n\t\t<div class=\"bdpp-post-img-bg\" style=\"background-image:url(https:\/\/cndesge.org\/wp-content\/uploads\/2026\/03\/WhatsApp-Image-2026-03-16-at-19.20.15-1.jpeg);\">\r\n\t\t\t<div class=\"bdpp-featured-meta\">\r\n\t\t\t\r\n\t\t\t\t<h2 class=\"bdpp-post-title\">\r\n\t\t\t\t\t<a href=\"https:\/\/cndesge.org\/?p=13939\">El CNDES se re\u00fane con el Hospital Regional de Malabo y de Bata.<\/a>\r\n\t\t\t\t<\/h2>\r\n\r\n\t\t\t\t\t\t\t\t<div class=\"bdpp-post-meta bdpp-post-meta-up\">\r\n\t\t\t\t\t<span class=\"bdpp-post-meta-data bdpp-post-date\"><i class=\"fa fa-clock-o\"><\/i>marzo 16, 2026<\/span>\t\t\t\t<\/div>\r\n\t\t\t\t\t\t\t<\/div>\r\n\t\t<\/div>\r\n\t<\/div>\r\n<\/div><div class=\"bdpp-post-slide bdpp-post-13916 bdpp-post-standard bdpp-has-thumb\">\r\n\t<div class=\"bdpp-post-slider-content\">\r\n\t\t<a class=\"bdpp-post-linkoverlay\" href=\"https:\/\/cndesge.org\/?p=13916\"><\/a>\r\n\t\t<div class=\"bdpp-post-img-bg\" style=\"background-image:url(https:\/\/cndesge.org\/wp-content\/uploads\/2026\/03\/IMG_9491.jpeg);\">\r\n\t\t\t<div class=\"bdpp-featured-meta\">\r\n\t\t\t\r\n\t\t\t\t<h2 class=\"bdpp-post-title\">\r\n\t\t\t\t\t<a href=\"https:\/\/cndesge.org\/?p=13916\">El CNDES se re\u00fane con la Ventanilla \u00danica Empresarial (VUE) en el marco de la elaboraci\u00f3n de la Memoria Anual 2025.<\/a>\r\n\t\t\t\t<\/h2>\r\n\r\n\t\t\t\t\t\t\t\t<div class=\"bdpp-post-meta bdpp-post-meta-up\">\r\n\t\t\t\t\t<span class=\"bdpp-post-meta-data bdpp-post-date\"><i class=\"fa fa-clock-o\"><\/i>marzo 13, 2026<\/span>\t\t\t\t<\/div>\r\n\t\t\t\t\t\t\t<\/div>\r\n\t\t<\/div>\r\n\t<\/div>\r\n<\/div><div class=\"bdpp-post-slide bdpp-post-13891 bdpp-post-standard bdpp-has-thumb\">\r\n\t<div class=\"bdpp-post-slider-content\">\r\n\t\t<a class=\"bdpp-post-linkoverlay\" href=\"https:\/\/cndesge.org\/?p=13891\"><\/a>\r\n\t\t<div class=\"bdpp-post-img-bg\" style=\"background-image:url(https:\/\/cndesge.org\/wp-content\/uploads\/2026\/03\/bad2f0a0-0f40-4456-b20e-9076c7320448-scaled.jpeg);\">\r\n\t\t\t<div class=\"bdpp-featured-meta\">\r\n\t\t\t\r\n\t\t\t\t<h2 class=\"bdpp-post-title\">\r\n\t\t\t\t\t<a href=\"https:\/\/cndesge.org\/?p=13891\">El CNDES se re\u00fane con el BEAC para reforzar el an\u00e1lisis econ\u00f3mico de la Memoria Anual 2025<\/a>\r\n\t\t\t\t<\/h2>\r\n\r\n\t\t\t\t\t\t\t\t<div class=\"bdpp-post-meta bdpp-post-meta-up\">\r\n\t\t\t\t\t<span class=\"bdpp-post-meta-data bdpp-post-date\"><i class=\"fa fa-clock-o\"><\/i>marzo 12, 2026<\/span>\t\t\t\t<\/div>\r\n\t\t\t\t\t\t\t<\/div>\r\n\t\t<\/div>\r\n\t<\/div>\r\n<\/div><div class=\"bdpp-post-slide bdpp-post-13894 bdpp-post-standard bdpp-has-thumb\">\r\n\t<div class=\"bdpp-post-slider-content\">\r\n\t\t<a class=\"bdpp-post-linkoverlay\" href=\"https:\/\/cndesge.org\/?p=13894\"><\/a>\r\n\t\t<div class=\"bdpp-post-img-bg\" style=\"background-image:url(https:\/\/cndesge.org\/wp-content\/uploads\/2026\/03\/9a25dba5-7c5b-4297-853e-3e5f8b2cf063-scaled.jpeg);\">\r\n\t\t\t<div class=\"bdpp-featured-meta\">\r\n\t\t\t\r\n\t\t\t\t<h2 class=\"bdpp-post-title\">\r\n\t\t\t\t\t<a href=\"https:\/\/cndesge.org\/?p=13894\">CNDES y ANDGE refuerzan la concertaci\u00f3n institucional para la elaboraci\u00f3n de la Memoria Anual 2025<\/a>\r\n\t\t\t\t<\/h2>\r\n\r\n\t\t\t\t\t\t\t\t<div class=\"bdpp-post-meta bdpp-post-meta-up\">\r\n\t\t\t\t\t<span class=\"bdpp-post-meta-data bdpp-post-date\"><i class=\"fa fa-clock-o\"><\/i>marzo 11, 2026<\/span>\t\t\t\t<\/div>\r\n\t\t\t\t\t\t\t<\/div>\r\n\t\t<\/div>\r\n\t<\/div>\r\n<\/div><div class=\"bdpp-post-slide bdpp-post-13812 bdpp-post-standard bdpp-has-thumb\">\r\n\t<div class=\"bdpp-post-slider-content\">\r\n\t\t<a class=\"bdpp-post-linkoverlay\" href=\"https:\/\/cndesge.org\/?p=13812\"><\/a>\r\n\t\t<div class=\"bdpp-post-img-bg\" style=\"background-image:url(https:\/\/cndesge.org\/wp-content\/uploads\/2026\/03\/41f9e8d6-4c19-4614-81f8-82274c22d355.jpeg);\">\r\n\t\t\t<div class=\"bdpp-featured-meta\">\r\n\t\t\t\r\n\t\t\t\t<h2 class=\"bdpp-post-title\">\r\n\t\t\t\t\t<a href=\"https:\/\/cndesge.org\/?p=13812\">El Primer Ministro recibe a puerta cerrada al Presidente del Consejo Nacional para el Desarrollo Econ\u00f3mico y Social para preparar el Foro \u00c1frica-China 2026<\/a>\r\n\t\t\t\t<\/h2>\r\n\r\n\t\t\t\t\t\t\t\t<div class=\"bdpp-post-meta bdpp-post-meta-up\">\r\n\t\t\t\t\t<span class=\"bdpp-post-meta-data bdpp-post-date\"><i class=\"fa fa-clock-o\"><\/i>marzo 11, 2026<\/span>\t\t\t\t<\/div>\r\n\t\t\t\t\t\t\t<\/div>\r\n\t\t<\/div>\r\n\t<\/div>\r\n<\/div><div class=\"bdpp-post-slide bdpp-post-13848 bdpp-post-standard bdpp-has-thumb\">\r\n\t<div class=\"bdpp-post-slider-content\">\r\n\t\t<a class=\"bdpp-post-linkoverlay\" href=\"https:\/\/cndesge.org\/?p=13848\"><\/a>\r\n\t\t<div class=\"bdpp-post-img-bg\" style=\"background-image:url(https:\/\/cndesge.org\/wp-content\/uploads\/2026\/03\/WhatsApp-Image-2026-03-11-at-22.11.27-10.jpeg);\">\r\n\t\t\t<div class=\"bdpp-featured-meta\">\r\n\t\t\t\r\n\t\t\t\t<h2 class=\"bdpp-post-title\">\r\n\t\t\t\t\t<a href=\"https:\/\/cndesge.org\/?p=13848\">El CNDES mantiene una reuni\u00f3n con el CNEDOGE para avanzar en la elaboraci\u00f3n de la Memoria Anual 2025<\/a>\r\n\t\t\t\t<\/h2>\r\n\r\n\t\t\t\t\t\t\t\t<div class=\"bdpp-post-meta bdpp-post-meta-up\">\r\n\t\t\t\t\t<span class=\"bdpp-post-meta-data bdpp-post-date\"><i class=\"fa fa-clock-o\"><\/i>marzo 11, 2026<\/span>\t\t\t\t<\/div>\r\n\t\t\t\t\t\t\t<\/div>\r\n\t\t<\/div>\r\n\t<\/div>\r\n<\/div><div class=\"bdpp-post-slide bdpp-post-13793 bdpp-post-standard bdpp-has-thumb\">\r\n\t<div class=\"bdpp-post-slider-content\">\r\n\t\t<a class=\"bdpp-post-linkoverlay\" href=\"https:\/\/cndesge.org\/?p=13793\"><\/a>\r\n\t\t<div class=\"bdpp-post-img-bg\" style=\"background-image:url(https:\/\/cndesge.org\/wp-content\/uploads\/2026\/03\/IMG_9206.jpeg);\">\r\n\t\t\t<div class=\"bdpp-featured-meta\">\r\n\t\t\t\r\n\t\t\t\t<h2 class=\"bdpp-post-title\">\r\n\t\t\t\t\t<a href=\"https:\/\/cndesge.org\/?p=13793\">El CNDES y la Abogac\u00eda del Estado avanzan en la elaboraci\u00f3n de la Memoria Anual 2025<\/a>\r\n\t\t\t\t<\/h2>\r\n\r\n\t\t\t\t\t\t\t\t<div class=\"bdpp-post-meta bdpp-post-meta-up\">\r\n\t\t\t\t\t<span class=\"bdpp-post-meta-data bdpp-post-date\"><i class=\"fa fa-clock-o\"><\/i>marzo 10, 2026<\/span>\t\t\t\t<\/div>\r\n\t\t\t\t\t\t\t<\/div>\r\n\t\t<\/div>\r\n\t<\/div>\r\n<\/div><div class=\"bdpp-post-slide bdpp-post-13755 bdpp-post-standard bdpp-has-thumb\">\r\n\t<div class=\"bdpp-post-slider-content\">\r\n\t\t<a class=\"bdpp-post-linkoverlay\" href=\"https:\/\/cndesge.org\/?p=13755\"><\/a>\r\n\t\t<div class=\"bdpp-post-img-bg\" style=\"background-image:url(https:\/\/cndesge.org\/wp-content\/uploads\/2026\/03\/78a359dd-99df-4dac-8542-474f3fe16d48.jpeg);\">\r\n\t\t\t<div class=\"bdpp-featured-meta\">\r\n\t\t\t\r\n\t\t\t\t<h2 class=\"bdpp-post-title\">\r\n\t\t\t\t\t<a href=\"https:\/\/cndesge.org\/?p=13755\">El CNDES y BGFIBank Guinea Ecuatorial analizan los retos y oportunidades de la financiaci\u00f3n de la econom\u00eda nacional<\/a>\r\n\t\t\t\t<\/h2>\r\n\r\n\t\t\t\t\t\t\t\t<div class=\"bdpp-post-meta bdpp-post-meta-up\">\r\n\t\t\t\t\t<span class=\"bdpp-post-meta-data bdpp-post-date\"><i class=\"fa fa-clock-o\"><\/i>marzo 9, 2026<\/span>\t\t\t\t<\/div>\r\n\t\t\t\t\t\t\t<\/div>\r\n\t\t<\/div>\r\n\t<\/div>\r\n<\/div><div class=\"bdpp-post-slide bdpp-post-13751 bdpp-post-standard bdpp-has-thumb\">\r\n\t<div class=\"bdpp-post-slider-content\">\r\n\t\t<a class=\"bdpp-post-linkoverlay\" href=\"https:\/\/cndesge.org\/?p=13751\"><\/a>\r\n\t\t<div class=\"bdpp-post-img-bg\" style=\"background-image:url(https:\/\/cndesge.org\/wp-content\/uploads\/2026\/03\/9a63ae2b-02a7-403e-b2c6-ab8889cf61bf-scaled.jpeg);\">\r\n\t\t\t<div class=\"bdpp-featured-meta\">\r\n\t\t\t\r\n\t\t\t\t<h2 class=\"bdpp-post-title\">\r\n\t\t\t\t\t<a href=\"https:\/\/cndesge.org\/?p=13751\">El CNDES mantiene una reuni\u00f3n de concertaci\u00f3n con la ANIF en el marco de la elaboraci\u00f3n de la Memoria Anual 2025<\/a>\r\n\t\t\t\t<\/h2>\r\n\r\n\t\t\t\t\t\t\t\t<div class=\"bdpp-post-meta bdpp-post-meta-up\">\r\n\t\t\t\t\t<span class=\"bdpp-post-meta-data bdpp-post-date\"><i class=\"fa fa-clock-o\"><\/i>marzo 9, 2026<\/span>\t\t\t\t<\/div>\r\n\t\t\t\t\t\t\t<\/div>\r\n\t\t<\/div>\r\n\t<\/div>\r\n<\/div><div class=\"bdpp-post-slide bdpp-post-13746 bdpp-post-standard bdpp-has-thumb\">\r\n\t<div class=\"bdpp-post-slider-content\">\r\n\t\t<a class=\"bdpp-post-linkoverlay\" href=\"https:\/\/cndesge.org\/?p=13746\"><\/a>\r\n\t\t<div class=\"bdpp-post-img-bg\" style=\"background-image:url(https:\/\/cndesge.org\/wp-content\/uploads\/2026\/03\/efb0a247-0ce4-450b-ad28-6bb7df9d1e24-scaled.jpeg);\">\r\n\t\t\t<div class=\"bdpp-featured-meta\">\r\n\t\t\t\r\n\t\t\t\t<h2 class=\"bdpp-post-title\">\r\n\t\t\t\t\t<a href=\"https:\/\/cndesge.org\/?p=13746\">El CNDES mantiene una reuni\u00f3n t\u00e9cnica con ORTEL en el marco de la elaboraci\u00f3n de la Memoria Anual 2025<\/a>\r\n\t\t\t\t<\/h2>\r\n\r\n\t\t\t\t\t\t\t\t<div class=\"bdpp-post-meta bdpp-post-meta-up\">\r\n\t\t\t\t\t<span class=\"bdpp-post-meta-data bdpp-post-date\"><i class=\"fa fa-clock-o\"><\/i>marzo 8, 2026<\/span>\t\t\t\t<\/div>\r\n\t\t\t\t\t\t\t<\/div>\r\n\t\t<\/div>\r\n\t<\/div>\r\n<\/div><div class=\"bdpp-post-slide bdpp-post-13730 bdpp-post-standard bdpp-has-thumb\">\r\n\t<div class=\"bdpp-post-slider-content\">\r\n\t\t<a class=\"bdpp-post-linkoverlay\" href=\"https:\/\/cndesge.org\/?p=13730\"><\/a>\r\n\t\t<div class=\"bdpp-post-img-bg\" style=\"background-image:url(https:\/\/cndesge.org\/wp-content\/uploads\/2026\/03\/34b3df99-5c5e-4f9e-8c4b-4e9273dbddbb.jpeg);\">\r\n\t\t\t<div class=\"bdpp-featured-meta\">\r\n\t\t\t\r\n\t\t\t\t<h2 class=\"bdpp-post-title\">\r\n\t\t\t\t\t<a href=\"https:\/\/cndesge.org\/?p=13730\">El Presidente del CNDES participa en la conmemoraci\u00f3n del quinto aniversario de la tragedia de Nkuantoma<\/a>\r\n\t\t\t\t<\/h2>\r\n\r\n\t\t\t\t\t\t\t\t<div class=\"bdpp-post-meta bdpp-post-meta-up\">\r\n\t\t\t\t\t<span class=\"bdpp-post-meta-data bdpp-post-date\"><i class=\"fa fa-clock-o\"><\/i>marzo 8, 2026<\/span>\t\t\t\t<\/div>\r\n\t\t\t\t\t\t\t<\/div>\r\n\t\t<\/div>\r\n\t<\/div>\r\n<\/div><div class=\"bdpp-post-slide bdpp-post-13723 bdpp-post-standard bdpp-has-thumb\">\r\n\t<div class=\"bdpp-post-slider-content\">\r\n\t\t<a class=\"bdpp-post-linkoverlay\" href=\"https:\/\/cndesge.org\/?p=13723\"><\/a>\r\n\t\t<div class=\"bdpp-post-img-bg\" style=\"background-image:url(https:\/\/cndesge.org\/wp-content\/uploads\/2026\/03\/288134cc-d8d5-425d-b33e-6c337c53c138-scaled.jpeg);\">\r\n\t\t\t<div class=\"bdpp-featured-meta\">\r\n\t\t\t\r\n\t\t\t\t<h2 class=\"bdpp-post-title\">\r\n\t\t\t\t\t<a href=\"https:\/\/cndesge.org\/?p=13723\">El CNDES retoma los trabajos preparatorios para las Jornadas de Reflexi\u00f3n sobre Diversificaci\u00f3n Econ\u00f3mica e Inclusi\u00f3n Social<\/a>\r\n\t\t\t\t<\/h2>\r\n\r\n\t\t\t\t\t\t\t\t<div class=\"bdpp-post-meta bdpp-post-meta-up\">\r\n\t\t\t\t\t<span class=\"bdpp-post-meta-data bdpp-post-date\"><i class=\"fa fa-clock-o\"><\/i>marzo 5, 2026<\/span>\t\t\t\t<\/div>\r\n\t\t\t\t\t\t\t<\/div>\r\n\t\t<\/div>\r\n\t<\/div>\r\n<\/div><div class=\"bdpp-post-slide bdpp-post-13748 bdpp-post-standard bdpp-has-thumb\">\r\n\t<div class=\"bdpp-post-slider-content\">\r\n\t\t<a class=\"bdpp-post-linkoverlay\" href=\"https:\/\/cndesge.org\/?p=13748\"><\/a>\r\n\t\t<div class=\"bdpp-post-img-bg\" style=\"background-image:url(https:\/\/cndesge.org\/wp-content\/uploads\/2026\/03\/2638a10b-6977-46aa-b840-41daa2a87854-scaled.jpeg);\">\r\n\t\t\t<div class=\"bdpp-featured-meta\">\r\n\t\t\t\r\n\t\t\t\t<h2 class=\"bdpp-post-title\">\r\n\t\t\t\t\t<a href=\"https:\/\/cndesge.org\/?p=13748\">El CNDES se re\u00fane con GITGE para analizar la gobernanza y el desarrollo de las infraestructuras de telecomunicaciones<\/a>\r\n\t\t\t\t<\/h2>\r\n\r\n\t\t\t\t\t\t\t\t<div class=\"bdpp-post-meta bdpp-post-meta-up\">\r\n\t\t\t\t\t<span class=\"bdpp-post-meta-data bdpp-post-date\"><i class=\"fa fa-clock-o\"><\/i>marzo 5, 2026<\/span>\t\t\t\t<\/div>\r\n\t\t\t\t\t\t\t<\/div>\r\n\t\t<\/div>\r\n\t<\/div>\r\n<\/div><div class=\"bdpp-post-slide bdpp-post-13845 bdpp-post-standard bdpp-has-thumb\">\r\n\t<div class=\"bdpp-post-slider-content\">\r\n\t\t<a class=\"bdpp-post-linkoverlay\" href=\"https:\/\/cndesge.org\/?p=13845\"><\/a>\r\n\t\t<div class=\"bdpp-post-img-bg\" style=\"background-image:url(https:\/\/cndesge.org\/wp-content\/uploads\/2026\/03\/WhatsApp-Image-2026-03-06-at-19.01.34-1.jpeg);\">\r\n\t\t\t<div class=\"bdpp-featured-meta\">\r\n\t\t\t\r\n\t\t\t\t<h2 class=\"bdpp-post-title\">\r\n\t\t\t\t\t<a href=\"https:\/\/cndesge.org\/?p=13845\">El CNDES y la ONCIGE mantienen una reuni\u00f3n de concertaci\u00f3n en el marco de la elaboraci\u00f3n de la Memoria Anual 2025<\/a>\r\n\t\t\t\t<\/h2>\r\n\r\n\t\t\t\t\t\t\t\t<div class=\"bdpp-post-meta bdpp-post-meta-up\">\r\n\t\t\t\t\t<span class=\"bdpp-post-meta-data bdpp-post-date\"><i class=\"fa fa-clock-o\"><\/i>marzo 5, 2026<\/span>\t\t\t\t<\/div>\r\n\t\t\t\t\t\t\t<\/div>\r\n\t\t<\/div>\r\n\t<\/div>\r\n<\/div><div class=\"bdpp-post-slide bdpp-post-13817 bdpp-post-standard bdpp-has-thumb\">\r\n\t<div class=\"bdpp-post-slider-content\">\r\n\t\t<a class=\"bdpp-post-linkoverlay\" href=\"https:\/\/cndesge.org\/?p=13817\"><\/a>\r\n\t\t<div class=\"bdpp-post-img-bg\" style=\"background-image:url(https:\/\/cndesge.org\/wp-content\/uploads\/2026\/03\/WhatsApp-Image-2026-03-06-at-18.56.32-2.jpeg);\">\r\n\t\t\t<div class=\"bdpp-featured-meta\">\r\n\t\t\t\r\n\t\t\t\t<h2 class=\"bdpp-post-title\">\r\n\t\t\t\t\t<a href=\"https:\/\/cndesge.org\/?p=13817\">El CNDES refuerza la concertaci\u00f3n con la C\u00e1mara de Comercio de la Regi\u00f3n Insular en el marco de la elaboraci\u00f3n de la Memoria Anual 2025<\/a>\r\n\t\t\t\t<\/h2>\r\n\r\n\t\t\t\t\t\t\t\t<div class=\"bdpp-post-meta bdpp-post-meta-up\">\r\n\t\t\t\t\t<span class=\"bdpp-post-meta-data bdpp-post-date\"><i class=\"fa fa-clock-o\"><\/i>marzo 5, 2026<\/span>\t\t\t\t<\/div>\r\n\t\t\t\t\t\t\t<\/div>\r\n\t\t<\/div>\r\n\t<\/div>\r\n<\/div><div class=\"bdpp-post-slide bdpp-post-13698 bdpp-post-standard bdpp-has-thumb\">\r\n\t<div class=\"bdpp-post-slider-content\">\r\n\t\t<a class=\"bdpp-post-linkoverlay\" href=\"https:\/\/cndesge.org\/?p=13698\"><\/a>\r\n\t\t<div class=\"bdpp-post-img-bg\" style=\"background-image:url(https:\/\/cndesge.org\/wp-content\/uploads\/2026\/03\/IMG_8340.jpeg);\">\r\n\t\t\t<div class=\"bdpp-featured-meta\">\r\n\t\t\t\r\n\t\t\t\t<h2 class=\"bdpp-post-title\">\r\n\t\t\t\t\t<a href=\"https:\/\/cndesge.org\/?p=13698\">El CNDES analiza los avances de la ZLECAF en el marco de la Memoria Anual 2025<\/a>\r\n\t\t\t\t<\/h2>\r\n\r\n\t\t\t\t\t\t\t\t<div class=\"bdpp-post-meta bdpp-post-meta-up\">\r\n\t\t\t\t\t<span class=\"bdpp-post-meta-data bdpp-post-date\"><i class=\"fa fa-clock-o\"><\/i>marzo 4, 2026<\/span>\t\t\t\t<\/div>\r\n\t\t\t\t\t\t\t<\/div>\r\n\t\t<\/div>\r\n\t<\/div>\r\n<\/div><div class=\"bdpp-post-slide bdpp-post-13688 bdpp-post-standard bdpp-has-thumb\">\r\n\t<div class=\"bdpp-post-slider-content\">\r\n\t\t<a class=\"bdpp-post-linkoverlay\" href=\"https:\/\/cndesge.org\/?p=13688\"><\/a>\r\n\t\t<div class=\"bdpp-post-img-bg\" style=\"background-image:url(https:\/\/cndesge.org\/wp-content\/uploads\/2026\/03\/27d0131b-3ed0-426c-ae29-6737b17d3fe9.jpeg);\">\r\n\t\t\t<div class=\"bdpp-featured-meta\">\r\n\t\t\t\r\n\t\t\t\t<h2 class=\"bdpp-post-title\">\r\n\t\t\t\t\t<a href=\"https:\/\/cndesge.org\/?p=13688\">El CNDES refuerza la concertaci\u00f3n ambiental con INCOMA en el marco de la Memoria Anual 2025<\/a>\r\n\t\t\t\t<\/h2>\r\n\r\n\t\t\t\t\t\t\t\t<div class=\"bdpp-post-meta bdpp-post-meta-up\">\r\n\t\t\t\t\t<span class=\"bdpp-post-meta-data bdpp-post-date\"><i class=\"fa fa-clock-o\"><\/i>marzo 3, 2026<\/span>\t\t\t\t<\/div>\r\n\t\t\t\t\t\t\t<\/div>\r\n\t\t<\/div>\r\n\t<\/div>\r\n<\/div><div class=\"bdpp-post-slide bdpp-post-13686 bdpp-post-standard bdpp-has-thumb\">\r\n\t<div class=\"bdpp-post-slider-content\">\r\n\t\t<a class=\"bdpp-post-linkoverlay\" href=\"https:\/\/cndesge.org\/?p=13686\"><\/a>\r\n\t\t<div class=\"bdpp-post-img-bg\" style=\"background-image:url(https:\/\/cndesge.org\/wp-content\/uploads\/2026\/03\/9c1b6104-848a-4a77-ac79-2b2395e7c395-scaled.jpeg);\">\r\n\t\t\t<div class=\"bdpp-featured-meta\">\r\n\t\t\t\r\n\t\t\t\t<h2 class=\"bdpp-post-title\">\r\n\t\t\t\t\t<a href=\"https:\/\/cndesge.org\/?p=13686\">Guinea Ecuatorial acoger\u00e1 por primera vez en \u00c1frica la Quinta Mesa Redonda entre Consejos Econ\u00f3micos africanos y China<\/a>\r\n\t\t\t\t<\/h2>\r\n\r\n\t\t\t\t\t\t\t\t<div class=\"bdpp-post-meta bdpp-post-meta-up\">\r\n\t\t\t\t\t<span class=\"bdpp-post-meta-data bdpp-post-date\"><i class=\"fa fa-clock-o\"><\/i>marzo 3, 2026<\/span>\t\t\t\t<\/div>\r\n\t\t\t\t\t\t\t<\/div>\r\n\t\t<\/div>\r\n\t<\/div>\r\n<\/div><div class=\"bdpp-post-slide bdpp-post-13674 bdpp-post-standard bdpp-has-thumb\">\r\n\t<div class=\"bdpp-post-slider-content\">\r\n\t\t<a class=\"bdpp-post-linkoverlay\" href=\"https:\/\/cndesge.org\/?p=13674\"><\/a>\r\n\t\t<div class=\"bdpp-post-img-bg\" style=\"background-image:url(https:\/\/cndesge.org\/wp-content\/uploads\/2026\/03\/2e082515-7bd5-4df7-b7b9-672aade52221-scaled.jpeg);\">\r\n\t\t\t<div class=\"bdpp-featured-meta\">\r\n\t\t\t\r\n\t\t\t\t<h2 class=\"bdpp-post-title\">\r\n\t\t\t\t\t<a href=\"https:\/\/cndesge.org\/?p=13674\">El CNDES mantiene una sesi\u00f3n de concertaci\u00f3n con ECOBANK en el marco de la elaboraci\u00f3n de la Memoria Anual 2025<\/a>\r\n\t\t\t\t<\/h2>\r\n\r\n\t\t\t\t\t\t\t\t<div class=\"bdpp-post-meta bdpp-post-meta-up\">\r\n\t\t\t\t\t<span class=\"bdpp-post-meta-data bdpp-post-date\"><i class=\"fa fa-clock-o\"><\/i>marzo 2, 2026<\/span>\t\t\t\t<\/div>\r\n\t\t\t\t\t\t\t<\/div>\r\n\t\t<\/div>\r\n\t<\/div>\r\n<\/div><div class=\"bdpp-post-slide bdpp-post-13649 bdpp-post-standard bdpp-has-thumb\">\r\n\t<div class=\"bdpp-post-slider-content\">\r\n\t\t<a class=\"bdpp-post-linkoverlay\" href=\"https:\/\/cndesge.org\/?p=13649\"><\/a>\r\n\t\t<div class=\"bdpp-post-img-bg\" style=\"background-image:url(https:\/\/cndesge.org\/wp-content\/uploads\/2026\/03\/ae130101-deb5-4726-b072-41e229e99fa5-scaled.jpeg);\">\r\n\t\t\t<div class=\"bdpp-featured-meta\">\r\n\t\t\t\r\n\t\t\t\t<h2 class=\"bdpp-post-title\">\r\n\t\t\t\t\t<a href=\"https:\/\/cndesge.org\/?p=13649\">El CNDES contin\u00faa las reuniones t\u00e9cnicas de concertaci\u00f3n con GEOGAM GAS para la elaboraci\u00f3n de la Memoria Anual 2025<\/a>\r\n\t\t\t\t<\/h2>\r\n\r\n\t\t\t\t\t\t\t\t<div class=\"bdpp-post-meta bdpp-post-meta-up\">\r\n\t\t\t\t\t<span class=\"bdpp-post-meta-data bdpp-post-date\"><i class=\"fa fa-clock-o\"><\/i>marzo 2, 2026<\/span>\t\t\t\t<\/div>\r\n\t\t\t\t\t\t\t<\/div>\r\n\t\t<\/div>\r\n\t<\/div>\r\n<\/div><div class=\"bdpp-post-slide bdpp-post-13642 bdpp-post-standard bdpp-has-thumb\">\r\n\t<div class=\"bdpp-post-slider-content\">\r\n\t\t<a class=\"bdpp-post-linkoverlay\" href=\"https:\/\/cndesge.org\/?p=13642\"><\/a>\r\n\t\t<div class=\"bdpp-post-img-bg\" style=\"background-image:url(https:\/\/cndesge.org\/wp-content\/uploads\/2026\/02\/IMG_7984.jpeg);\">\r\n\t\t\t<div class=\"bdpp-featured-meta\">\r\n\t\t\t\r\n\t\t\t\t<h2 class=\"bdpp-post-title\">\r\n\t\t\t\t\t<a href=\"https:\/\/cndesge.org\/?p=13642\">La Comisi\u00f3n T\u00e9cnica del Sector Laboral del Consejo Nacional para el Desarrollo Econ\u00f3mico y Social realiz\u00f3 una visita t\u00e9cnica a Riaba.<\/a>\r\n\t\t\t\t<\/h2>\r\n\r\n\t\t\t\t\t\t\t\t<div class=\"bdpp-post-meta bdpp-post-meta-up\">\r\n\t\t\t\t\t<span class=\"bdpp-post-meta-data bdpp-post-date\"><i class=\"fa fa-clock-o\"><\/i>febrero 27, 2026<\/span>\t\t\t\t<\/div>\r\n\t\t\t\t\t\t\t<\/div>\r\n\t\t<\/div>\r\n\t<\/div>\r\n<\/div><div class=\"bdpp-post-slide bdpp-post-13636 bdpp-post-standard bdpp-has-thumb\">\r\n\t<div class=\"bdpp-post-slider-content\">\r\n\t\t<a class=\"bdpp-post-linkoverlay\" href=\"https:\/\/cndesge.org\/?p=13636\"><\/a>\r\n\t\t<div class=\"bdpp-post-img-bg\" style=\"background-image:url(https:\/\/cndesge.org\/wp-content\/uploads\/2026\/02\/d9c596d3-1708-403e-9e0a-467be5564453.jpeg);\">\r\n\t\t\t<div class=\"bdpp-featured-meta\">\r\n\t\t\t\r\n\t\t\t\t<h2 class=\"bdpp-post-title\">\r\n\t\t\t\t\t<a href=\"https:\/\/cndesge.org\/?p=13636\">La Comisi\u00f3n T\u00e9cnica del Sector Laboral del Consejo Nacional para el Desarrollo Econ\u00f3mico y Social realiz\u00f3 una visita t\u00e9cnica a Moka.<\/a>\r\n\t\t\t\t<\/h2>\r\n\r\n\t\t\t\t\t\t\t\t<div class=\"bdpp-post-meta bdpp-post-meta-up\">\r\n\t\t\t\t\t<span class=\"bdpp-post-meta-data bdpp-post-date\"><i class=\"fa fa-clock-o\"><\/i>febrero 27, 2026<\/span>\t\t\t\t<\/div>\r\n\t\t\t\t\t\t\t<\/div>\r\n\t\t<\/div>\r\n\t<\/div>\r\n<\/div><div class=\"bdpp-post-slide bdpp-post-13616 bdpp-post-standard bdpp-has-thumb\">\r\n\t<div class=\"bdpp-post-slider-content\">\r\n\t\t<a class=\"bdpp-post-linkoverlay\" href=\"https:\/\/cndesge.org\/?p=13616\"><\/a>\r\n\t\t<div class=\"bdpp-post-img-bg\" style=\"background-image:url(https:\/\/cndesge.org\/wp-content\/uploads\/2026\/02\/de960599-d77c-440d-abaf-f1b72fd8bc48-scaled.jpeg);\">\r\n\t\t\t<div class=\"bdpp-featured-meta\">\r\n\t\t\t\r\n\t\t\t\t<h2 class=\"bdpp-post-title\">\r\n\t\t\t\t\t<a href=\"https:\/\/cndesge.org\/?p=13616\">El CNDES se ha reunido con CCEI BANK GE en el marco de la elaboraci\u00f3n de la memoria anual 2025.<\/a>\r\n\t\t\t\t<\/h2>\r\n\r\n\t\t\t\t\t\t\t\t<div class=\"bdpp-post-meta bdpp-post-meta-up\">\r\n\t\t\t\t\t<span class=\"bdpp-post-meta-data bdpp-post-date\"><i class=\"fa fa-clock-o\"><\/i>febrero 27, 2026<\/span>\t\t\t\t<\/div>\r\n\t\t\t\t\t\t\t<\/div>\r\n\t\t<\/div>\r\n\t<\/div>\r\n<\/div><div class=\"bdpp-post-slide bdpp-post-13610 bdpp-post-standard bdpp-has-thumb\">\r\n\t<div class=\"bdpp-post-slider-content\">\r\n\t\t<a class=\"bdpp-post-linkoverlay\" href=\"https:\/\/cndesge.org\/?p=13610\"><\/a>\r\n\t\t<div class=\"bdpp-post-img-bg\" style=\"background-image:url(https:\/\/cndesge.org\/wp-content\/uploads\/2026\/02\/a8cbb131-f14d-47a9-b6bd-55a025e0bceb.jpeg);\">\r\n\t\t\t<div class=\"bdpp-featured-meta\">\r\n\t\t\t\r\n\t\t\t\t<h2 class=\"bdpp-post-title\">\r\n\t\t\t\t\t<a href=\"https:\/\/cndesge.org\/?p=13610\">El CNDED ha mantenido una reuni\u00f3n de concertaci\u00f3n con Soci\u00e9t\u00e9 G\u00e9n\u00e9rale de Banques Guin\u00e9e Equatoriale (SGBGE).<\/a>\r\n\t\t\t\t<\/h2>\r\n\r\n\t\t\t\t\t\t\t\t<div class=\"bdpp-post-meta bdpp-post-meta-up\">\r\n\t\t\t\t\t<span class=\"bdpp-post-meta-data bdpp-post-date\"><i class=\"fa fa-clock-o\"><\/i>febrero 26, 2026<\/span>\t\t\t\t<\/div>\r\n\t\t\t\t\t\t\t<\/div>\r\n\t\t<\/div>\r\n\t<\/div>\r\n<\/div><div class=\"bdpp-post-slide bdpp-post-13582 bdpp-post-standard bdpp-has-thumb\">\r\n\t<div class=\"bdpp-post-slider-content\">\r\n\t\t<a class=\"bdpp-post-linkoverlay\" href=\"https:\/\/cndesge.org\/?p=13582\"><\/a>\r\n\t\t<div class=\"bdpp-post-img-bg\" style=\"background-image:url(https:\/\/cndesge.org\/wp-content\/uploads\/2026\/02\/IMG_7766.jpeg);\">\r\n\t\t\t<div class=\"bdpp-featured-meta\">\r\n\t\t\t\r\n\t\t\t\t<h2 class=\"bdpp-post-title\">\r\n\t\t\t\t\t<a href=\"https:\/\/cndesge.org\/?p=13582\">El CNDES mantiene una reuni\u00f3n de concertaci\u00f3n con la empresa HOLDING G.E. en el marco de la elaboraci\u00f3n de la Memoria Anual 2025.<\/a>\r\n\t\t\t\t<\/h2>\r\n\r\n\t\t\t\t\t\t\t\t<div class=\"bdpp-post-meta bdpp-post-meta-up\">\r\n\t\t\t\t\t<span class=\"bdpp-post-meta-data bdpp-post-date\"><i class=\"fa fa-clock-o\"><\/i>febrero 25, 2026<\/span>\t\t\t\t<\/div>\r\n\t\t\t\t\t\t\t<\/div>\r\n\t\t<\/div>\r\n\t<\/div>\r\n<\/div><div class=\"bdpp-post-slide bdpp-post-13577 bdpp-post-standard bdpp-has-thumb\">\r\n\t<div class=\"bdpp-post-slider-content\">\r\n\t\t<a class=\"bdpp-post-linkoverlay\" href=\"https:\/\/cndesge.org\/?p=13577\"><\/a>\r\n\t\t<div class=\"bdpp-post-img-bg\" style=\"background-image:url(https:\/\/cndesge.org\/wp-content\/uploads\/2026\/02\/30ccc32d-5cee-4451-bf83-cee893041792.jpeg);\">\r\n\t\t\t<div class=\"bdpp-featured-meta\">\r\n\t\t\t\r\n\t\t\t\t<h2 class=\"bdpp-post-title\">\r\n\t\t\t\t\t<a href=\"https:\/\/cndesge.org\/?p=13577\">El CNDES ha celebrado un Pleno Extraordinario para analizar el Proyecto de Ley de Finanzas P\u00fablicas y el Proyecto de Ley de Transparencia.<\/a>\r\n\t\t\t\t<\/h2>\r\n\r\n\t\t\t\t\t\t\t\t<div class=\"bdpp-post-meta bdpp-post-meta-up\">\r\n\t\t\t\t\t<span class=\"bdpp-post-meta-data bdpp-post-date\"><i class=\"fa fa-clock-o\"><\/i>febrero 24, 2026<\/span>\t\t\t\t<\/div>\r\n\t\t\t\t\t\t\t<\/div>\r\n\t\t<\/div>\r\n\t<\/div>\r\n<\/div><div class=\"bdpp-post-slide bdpp-post-13645 bdpp-post-standard bdpp-has-thumb\">\r\n\t<div class=\"bdpp-post-slider-content\">\r\n\t\t<a class=\"bdpp-post-linkoverlay\" href=\"https:\/\/cndesge.org\/?p=13645\"><\/a>\r\n\t\t<div class=\"bdpp-post-img-bg\" style=\"background-image:url(https:\/\/cndesge.org\/wp-content\/uploads\/2026\/02\/25faa88d-d065-41a2-8c6e-e02657511686.jpeg);\">\r\n\t\t\t<div class=\"bdpp-featured-meta\">\r\n\t\t\t\r\n\t\t\t\t<h2 class=\"bdpp-post-title\">\r\n\t\t\t\t\t<a href=\"https:\/\/cndesge.org\/?p=13645\">La Comisi\u00f3n T\u00e9cnica del Sector Laboral del Consejo Nacional para el Desarrollo Econ\u00f3mico y Social realiz\u00f3 una visita t\u00e9cnica a Baney<\/a>\r\n\t\t\t\t<\/h2>\r\n\r\n\t\t\t\t\t\t\t\t<div class=\"bdpp-post-meta bdpp-post-meta-up\">\r\n\t\t\t\t\t<span class=\"bdpp-post-meta-data bdpp-post-date\"><i class=\"fa fa-clock-o\"><\/i>febrero 23, 2026<\/span>\t\t\t\t<\/div>\r\n\t\t\t\t\t\t\t<\/div>\r\n\t\t<\/div>\r\n\t<\/div>\r\n<\/div><div class=\"bdpp-post-slide bdpp-post-13627 bdpp-post-standard bdpp-has-thumb\">\r\n\t<div class=\"bdpp-post-slider-content\">\r\n\t\t<a class=\"bdpp-post-linkoverlay\" href=\"https:\/\/cndesge.org\/?p=13627\"><\/a>\r\n\t\t<div class=\"bdpp-post-img-bg\" style=\"background-image:url(https:\/\/cndesge.org\/wp-content\/uploads\/2026\/02\/74f25920-5517-4772-afde-483ba1eb379d.jpeg);\">\r\n\t\t\t<div class=\"bdpp-featured-meta\">\r\n\t\t\t\r\n\t\t\t\t<h2 class=\"bdpp-post-title\">\r\n\t\t\t\t\t<a href=\"https:\/\/cndesge.org\/?p=13627\">La Comisi\u00f3n T\u00e9cnica del Sector Laboral del CNDES inici\u00f3 en Lub\u00e1 su gira nacional para la Memoria Anual 2025, recabando datos de empleo, seguridad social, emprendimiento e integraci\u00f3n laboral de la mujer.<\/a>\r\n\t\t\t\t<\/h2>\r\n\r\n\t\t\t\t\t\t\t\t<div class=\"bdpp-post-meta bdpp-post-meta-up\">\r\n\t\t\t\t\t<span class=\"bdpp-post-meta-data bdpp-post-date\"><i class=\"fa fa-clock-o\"><\/i>febrero 23, 2026<\/span>\t\t\t\t<\/div>\r\n\t\t\t\t\t\t\t<\/div>\r\n\t\t<\/div>\r\n\t<\/div>\r\n<\/div><div class=\"bdpp-post-slide bdpp-post-13572 bdpp-post-standard bdpp-has-thumb\">\r\n\t<div class=\"bdpp-post-slider-content\">\r\n\t\t<a class=\"bdpp-post-linkoverlay\" href=\"https:\/\/cndesge.org\/?p=13572\"><\/a>\r\n\t\t<div class=\"bdpp-post-img-bg\" style=\"background-image:url(https:\/\/cndesge.org\/wp-content\/uploads\/2026\/02\/1d183fa8-90fd-4272-83f3-5738d813820a.jpeg);\">\r\n\t\t\t<div class=\"bdpp-featured-meta\">\r\n\t\t\t\r\n\t\t\t\t<h2 class=\"bdpp-post-title\">\r\n\t\t\t\t\t<a href=\"https:\/\/cndesge.org\/?p=13572\">El CNDES se re\u00fane con la Farmacia La Roca en el marco de la elaboraci\u00f3n de la Memoria Anual 2025,<\/a>\r\n\t\t\t\t<\/h2>\r\n\r\n\t\t\t\t\t\t\t\t<div class=\"bdpp-post-meta bdpp-post-meta-up\">\r\n\t\t\t\t\t<span class=\"bdpp-post-meta-data bdpp-post-date\"><i class=\"fa fa-clock-o\"><\/i>febrero 23, 2026<\/span>\t\t\t\t<\/div>\r\n\t\t\t\t\t\t\t<\/div>\r\n\t\t<\/div>\r\n\t<\/div>\r\n<\/div><div class=\"bdpp-post-slide bdpp-post-13536 bdpp-post-standard bdpp-has-thumb\">\r\n\t<div class=\"bdpp-post-slider-content\">\r\n\t\t<a class=\"bdpp-post-linkoverlay\" href=\"https:\/\/cndesge.org\/?p=13536\"><\/a>\r\n\t\t<div class=\"bdpp-post-img-bg\" style=\"background-image:url(https:\/\/cndesge.org\/wp-content\/uploads\/2026\/02\/PHOTO-2026-02-23-14-20-46.jpg);\">\r\n\t\t\t<div class=\"bdpp-featured-meta\">\r\n\t\t\t\r\n\t\t\t\t<h2 class=\"bdpp-post-title\">\r\n\t\t\t\t\t<a href=\"https:\/\/cndesge.org\/?p=13536\">El CNDES se re\u00fane con la Sociedad Nacional de Minas y Canteras S.A. en el marco de la elaboraci\u00f3n de la memoria anual 2025.<\/a>\r\n\t\t\t\t<\/h2>\r\n\r\n\t\t\t\t\t\t\t\t<div class=\"bdpp-post-meta bdpp-post-meta-up\">\r\n\t\t\t\t\t<span class=\"bdpp-post-meta-data bdpp-post-date\"><i class=\"fa fa-clock-o\"><\/i>febrero 23, 2026<\/span>\t\t\t\t<\/div>\r\n\t\t\t\t\t\t\t<\/div>\r\n\t\t<\/div>\r\n\t<\/div>\r\n<\/div><div class=\"bdpp-post-slide bdpp-post-13533 bdpp-post-standard bdpp-has-thumb\">\r\n\t<div class=\"bdpp-post-slider-content\">\r\n\t\t<a class=\"bdpp-post-linkoverlay\" href=\"https:\/\/cndesge.org\/?p=13533\"><\/a>\r\n\t\t<div class=\"bdpp-post-img-bg\" style=\"background-image:url(https:\/\/cndesge.org\/wp-content\/uploads\/2025\/08\/4B06312D-F730-4AAB-8995-C4F9DDBC563F_L0_001-7_8_2025-14_49_01.png);\">\r\n\t\t\t<div class=\"bdpp-featured-meta\">\r\n\t\t\t\r\n\t\t\t\t<h2 class=\"bdpp-post-title\">\r\n\t\t\t\t\t<a href=\"https:\/\/cndesge.org\/?p=13533\">El CNDES reprograma la Segunda Edici\u00f3n de las JORNADEIS para finales de junio de 2026<\/a>\r\n\t\t\t\t<\/h2>\r\n\r\n\t\t\t\t\t\t\t\t<div class=\"bdpp-post-meta bdpp-post-meta-up\">\r\n\t\t\t\t\t<span class=\"bdpp-post-meta-data bdpp-post-date\"><i class=\"fa fa-clock-o\"><\/i>febrero 23, 2026<\/span>\t\t\t\t<\/div>\r\n\t\t\t\t\t\t\t<\/div>\r\n\t\t<\/div>\r\n\t<\/div>\r\n<\/div><div class=\"bdpp-post-slide bdpp-post-13516 bdpp-post-standard bdpp-has-thumb\">\r\n\t<div class=\"bdpp-post-slider-content\">\r\n\t\t<a class=\"bdpp-post-linkoverlay\" href=\"https:\/\/cndesge.org\/?p=13516\"><\/a>\r\n\t\t<div class=\"bdpp-post-img-bg\" style=\"background-image:url(https:\/\/cndesge.org\/wp-content\/uploads\/2026\/02\/63dcaeed-ed6b-4974-b6ca-c9aafef40cb8.jpeg);\">\r\n\t\t\t<div class=\"bdpp-featured-meta\">\r\n\t\t\t\r\n\t\t\t\t<h2 class=\"bdpp-post-title\">\r\n\t\t\t\t\t<a href=\"https:\/\/cndesge.org\/?p=13516\">Reuni\u00f3n de concertaci\u00f3n entre el CNDES y la ONG Autismo Guinea Ecuatorial<\/a>\r\n\t\t\t\t<\/h2>\r\n\r\n\t\t\t\t\t\t\t\t<div class=\"bdpp-post-meta bdpp-post-meta-up\">\r\n\t\t\t\t\t<span class=\"bdpp-post-meta-data bdpp-post-date\"><i class=\"fa fa-clock-o\"><\/i>febrero 20, 2026<\/span>\t\t\t\t<\/div>\r\n\t\t\t\t\t\t\t<\/div>\r\n\t\t<\/div>\r\n\t<\/div>\r\n<\/div><div class=\"bdpp-post-slide bdpp-post-13512 bdpp-post-standard bdpp-has-thumb\">\r\n\t<div class=\"bdpp-post-slider-content\">\r\n\t\t<a class=\"bdpp-post-linkoverlay\" href=\"https:\/\/cndesge.org\/?p=13512\"><\/a>\r\n\t\t<div class=\"bdpp-post-img-bg\" style=\"background-image:url(https:\/\/cndesge.org\/wp-content\/uploads\/2026\/02\/IMG_7460.jpeg);\">\r\n\t\t\t<div class=\"bdpp-featured-meta\">\r\n\t\t\t\r\n\t\t\t\t<h2 class=\"bdpp-post-title\">\r\n\t\t\t\t\t<a href=\"https:\/\/cndesge.org\/?p=13512\">El CNDES mantiene una reuni\u00f3n de concertaci\u00f3n con el Banco de Desarrollo de los Estados de \u00c1frica Central, en el marco de la elaboraci\u00f3n de la Memoria Anual 2025<\/a>\r\n\t\t\t\t<\/h2>\r\n\r\n\t\t\t\t\t\t\t\t<div class=\"bdpp-post-meta bdpp-post-meta-up\">\r\n\t\t\t\t\t<span class=\"bdpp-post-meta-data bdpp-post-date\"><i class=\"fa fa-clock-o\"><\/i>febrero 19, 2026<\/span>\t\t\t\t<\/div>\r\n\t\t\t\t\t\t\t<\/div>\r\n\t\t<\/div>\r\n\t<\/div>\r\n<\/div><div class=\"bdpp-post-slide bdpp-post-13508 bdpp-post-standard bdpp-has-thumb\">\r\n\t<div class=\"bdpp-post-slider-content\">\r\n\t\t<a class=\"bdpp-post-linkoverlay\" href=\"https:\/\/cndesge.org\/?p=13508\"><\/a>\r\n\t\t<div class=\"bdpp-post-img-bg\" style=\"background-image:url(https:\/\/cndesge.org\/wp-content\/uploads\/2026\/02\/b103dde8-caab-4d88-9ff8-5bcc9113c680.jpeg);\">\r\n\t\t\t<div class=\"bdpp-featured-meta\">\r\n\t\t\t\r\n\t\t\t\t<h2 class=\"bdpp-post-title\">\r\n\t\t\t\t\t<a href=\"https:\/\/cndesge.org\/?p=13508\">El CNDES mantiene una reuni\u00f3n de concertaci\u00f3n con la Caja Aut\u00f3noma de Amortizaci\u00f3n de la Deuda P\u00fablica de la Tesorer\u00eda General del Estado, en el marco de la elaboraci\u00f3n de la Memoria Anual 2025<\/a>\r\n\t\t\t\t<\/h2>\r\n\r\n\t\t\t\t\t\t\t\t<div class=\"bdpp-post-meta bdpp-post-meta-up\">\r\n\t\t\t\t\t<span class=\"bdpp-post-meta-data bdpp-post-date\"><i class=\"fa fa-clock-o\"><\/i>febrero 19, 2026<\/span>\t\t\t\t<\/div>\r\n\t\t\t\t\t\t\t<\/div>\r\n\t\t<\/div>\r\n\t<\/div>\r\n<\/div><div class=\"bdpp-post-slide bdpp-post-13486 bdpp-post-standard bdpp-has-thumb\">\r\n\t<div class=\"bdpp-post-slider-content\">\r\n\t\t<a class=\"bdpp-post-linkoverlay\" href=\"https:\/\/cndesge.org\/?p=13486\"><\/a>\r\n\t\t<div class=\"bdpp-post-img-bg\" style=\"background-image:url(https:\/\/cndesge.org\/wp-content\/uploads\/2026\/02\/IMG_7385-1.jpeg);\">\r\n\t\t\t<div class=\"bdpp-featured-meta\">\r\n\t\t\t\r\n\t\t\t\t<h2 class=\"bdpp-post-title\">\r\n\t\t\t\t\t<a href=\"https:\/\/cndesge.org\/?p=13486\">El CNDES mantiene una reuni\u00f3n de concertaci\u00f3n con SONAPESCA en el marco de la elaboraci\u00f3n de la Memoria Anual 2025<\/a>\r\n\t\t\t\t<\/h2>\r\n\r\n\t\t\t\t\t\t\t\t<div class=\"bdpp-post-meta bdpp-post-meta-up\">\r\n\t\t\t\t\t<span class=\"bdpp-post-meta-data bdpp-post-date\"><i class=\"fa fa-clock-o\"><\/i>febrero 18, 2026<\/span>\t\t\t\t<\/div>\r\n\t\t\t\t\t\t\t<\/div>\r\n\t\t<\/div>\r\n\t<\/div>\r\n<\/div><div class=\"bdpp-post-slide bdpp-post-13467 bdpp-post-standard bdpp-has-thumb\">\r\n\t<div class=\"bdpp-post-slider-content\">\r\n\t\t<a class=\"bdpp-post-linkoverlay\" href=\"https:\/\/cndesge.org\/?p=13467\"><\/a>\r\n\t\t<div class=\"bdpp-post-img-bg\" style=\"background-image:url(https:\/\/cndesge.org\/wp-content\/uploads\/2026\/02\/IMG_7370.jpeg);\">\r\n\t\t\t<div class=\"bdpp-featured-meta\">\r\n\t\t\t\r\n\t\t\t\t<h2 class=\"bdpp-post-title\">\r\n\t\t\t\t\t<a href=\"https:\/\/cndesge.org\/?p=13467\">El CNDES mantiene una reuni\u00f3n de concertaci\u00f3n con OFIVEGE en el marco de la elaboraci\u00f3n de la Memoria Anual 2025<\/a>\r\n\t\t\t\t<\/h2>\r\n\r\n\t\t\t\t\t\t\t\t<div class=\"bdpp-post-meta bdpp-post-meta-up\">\r\n\t\t\t\t\t<span class=\"bdpp-post-meta-data bdpp-post-date\"><i class=\"fa fa-clock-o\"><\/i>febrero 18, 2026<\/span>\t\t\t\t<\/div>\r\n\t\t\t\t\t\t\t<\/div>\r\n\t\t<\/div>\r\n\t<\/div>\r\n<\/div><div class=\"bdpp-post-slide bdpp-post-13437 bdpp-post-standard bdpp-has-thumb\">\r\n\t<div class=\"bdpp-post-slider-content\">\r\n\t\t<a class=\"bdpp-post-linkoverlay\" href=\"https:\/\/cndesge.org\/?p=13437\"><\/a>\r\n\t\t<div class=\"bdpp-post-img-bg\" style=\"background-image:url(https:\/\/cndesge.org\/wp-content\/uploads\/2026\/02\/208cbf6b-2937-4458-9d86-98bf04b57533.jpeg);\">\r\n\t\t\t<div class=\"bdpp-featured-meta\">\r\n\t\t\t\r\n\t\t\t\t<h2 class=\"bdpp-post-title\">\r\n\t\t\t\t\t<a href=\"https:\/\/cndesge.org\/?p=13437\">El CNDES mantiene una reuni\u00f3n de conertaci\u00f3n con Ceiba Intercontinental en el marco de la elaboraci\u00f3n de la Memoria Anual 2025<\/a>\r\n\t\t\t\t<\/h2>\r\n\r\n\t\t\t\t\t\t\t\t<div class=\"bdpp-post-meta bdpp-post-meta-up\">\r\n\t\t\t\t\t<span class=\"bdpp-post-meta-data bdpp-post-date\"><i class=\"fa fa-clock-o\"><\/i>febrero 18, 2026<\/span>\t\t\t\t<\/div>\r\n\t\t\t\t\t\t\t<\/div>\r\n\t\t<\/div>\r\n\t<\/div>\r\n<\/div><div class=\"bdpp-post-slide bdpp-post-13432 bdpp-post-standard bdpp-has-thumb\">\r\n\t<div class=\"bdpp-post-slider-content\">\r\n\t\t<a class=\"bdpp-post-linkoverlay\" href=\"https:\/\/cndesge.org\/?p=13432\"><\/a>\r\n\t\t<div class=\"bdpp-post-img-bg\" style=\"background-image:url(https:\/\/cndesge.org\/wp-content\/uploads\/2026\/02\/a2a94021-f318-4076-8359-af827f9c0b35-scaled.jpeg);\">\r\n\t\t\t<div class=\"bdpp-featured-meta\">\r\n\t\t\t\r\n\t\t\t\t<h2 class=\"bdpp-post-title\">\r\n\t\t\t\t\t<a href=\"https:\/\/cndesge.org\/?p=13432\">CNDES refuerza el di\u00e1logo estrat\u00e9gico con la Direcci\u00f3n General de Puertos y Marina Mercante<\/a>\r\n\t\t\t\t<\/h2>\r\n\r\n\t\t\t\t\t\t\t\t<div class=\"bdpp-post-meta bdpp-post-meta-up\">\r\n\t\t\t\t\t<span class=\"bdpp-post-meta-data bdpp-post-date\"><i class=\"fa fa-clock-o\"><\/i>febrero 16, 2026<\/span>\t\t\t\t<\/div>\r\n\t\t\t\t\t\t\t<\/div>\r\n\t\t<\/div>\r\n\t<\/div>\r\n<\/div><div class=\"bdpp-post-slide bdpp-post-13428 bdpp-post-standard bdpp-has-thumb\">\r\n\t<div class=\"bdpp-post-slider-content\">\r\n\t\t<a class=\"bdpp-post-linkoverlay\" href=\"https:\/\/cndesge.org\/?p=13428\"><\/a>\r\n\t\t<div class=\"bdpp-post-img-bg\" style=\"background-image:url(https:\/\/cndesge.org\/wp-content\/uploads\/2026\/02\/30b0fe45-f7a3-4c84-b5af-d2347d424d9a.jpeg);\">\r\n\t\t\t<div class=\"bdpp-featured-meta\">\r\n\t\t\t\r\n\t\t\t\t<h2 class=\"bdpp-post-title\">\r\n\t\t\t\t\t<a href=\"https:\/\/cndesge.org\/?p=13428\">El Consejo Nacional para el Desarrollo Econ\u00f3mico y Social (CNDES) ha celebrado una reuni\u00f3n t\u00e9cnica con COFARMA en el marco de la elaboraci\u00f3n de la memoria anual 2025.<\/a>\r\n\t\t\t\t<\/h2>\r\n\r\n\t\t\t\t\t\t\t\t<div class=\"bdpp-post-meta bdpp-post-meta-up\">\r\n\t\t\t\t\t<span class=\"bdpp-post-meta-data bdpp-post-date\"><i class=\"fa fa-clock-o\"><\/i>febrero 13, 2026<\/span>\t\t\t\t<\/div>\r\n\t\t\t\t\t\t\t<\/div>\r\n\t\t<\/div>\r\n\t<\/div>\r\n<\/div><div class=\"bdpp-post-slide bdpp-post-13389 bdpp-post-standard bdpp-has-thumb\">\r\n\t<div class=\"bdpp-post-slider-content\">\r\n\t\t<a class=\"bdpp-post-linkoverlay\" href=\"https:\/\/cndesge.org\/?p=13389\"><\/a>\r\n\t\t<div class=\"bdpp-post-img-bg\" style=\"background-image:url(https:\/\/cndesge.org\/wp-content\/uploads\/2026\/02\/IMG_7083.jpeg);\">\r\n\t\t\t<div class=\"bdpp-featured-meta\">\r\n\t\t\t\r\n\t\t\t\t<h2 class=\"bdpp-post-title\">\r\n\t\t\t\t\t<a href=\"https:\/\/cndesge.org\/?p=13389\">El CNDES y la Comisi\u00f3n de la CEMAC refuerzan su coordinaci\u00f3n para la organizaci\u00f3n de la segunda edici\u00f3n de las JORNADEIS<\/a>\r\n\t\t\t\t<\/h2>\r\n\r\n\t\t\t\t\t\t\t\t<div class=\"bdpp-post-meta bdpp-post-meta-up\">\r\n\t\t\t\t\t<span class=\"bdpp-post-meta-data bdpp-post-date\"><i class=\"fa fa-clock-o\"><\/i>febrero 11, 2026<\/span>\t\t\t\t<\/div>\r\n\t\t\t\t\t\t\t<\/div>\r\n\t\t<\/div>\r\n\t<\/div>\r\n<\/div><div class=\"bdpp-post-slide bdpp-post-13362 bdpp-post-standard bdpp-has-thumb\">\r\n\t<div class=\"bdpp-post-slider-content\">\r\n\t\t<a class=\"bdpp-post-linkoverlay\" href=\"https:\/\/cndesge.org\/?p=13362\"><\/a>\r\n\t\t<div class=\"bdpp-post-img-bg\" style=\"background-image:url(https:\/\/cndesge.org\/wp-content\/uploads\/2026\/02\/IMG_7054.jpeg);\">\r\n\t\t\t<div class=\"bdpp-featured-meta\">\r\n\t\t\t\r\n\t\t\t\t<h2 class=\"bdpp-post-title\">\r\n\t\t\t\t\t<a href=\"https:\/\/cndesge.org\/?p=13362\">El CNDES celebra su primera sesi\u00f3n ordinaria del Pleno correspondiente al a\u00f1o 2026.<\/a>\r\n\t\t\t\t<\/h2>\r\n\r\n\t\t\t\t\t\t\t\t<div class=\"bdpp-post-meta bdpp-post-meta-up\">\r\n\t\t\t\t\t<span class=\"bdpp-post-meta-data bdpp-post-date\"><i class=\"fa fa-clock-o\"><\/i>febrero 10, 2026<\/span>\t\t\t\t<\/div>\r\n\t\t\t\t\t\t\t<\/div>\r\n\t\t<\/div>\r\n\t<\/div>\r\n<\/div><div class=\"bdpp-post-slide bdpp-post-13357 bdpp-post-standard bdpp-has-thumb\">\r\n\t<div class=\"bdpp-post-slider-content\">\r\n\t\t<a class=\"bdpp-post-linkoverlay\" href=\"https:\/\/cndesge.org\/?p=13357\"><\/a>\r\n\t\t<div class=\"bdpp-post-img-bg\" style=\"background-image:url(https:\/\/cndesge.org\/wp-content\/uploads\/2026\/02\/7a373fdb-40e1-4100-ab33-c6d4ea05a721.jpeg);\">\r\n\t\t\t<div class=\"bdpp-featured-meta\">\r\n\t\t\t\r\n\t\t\t\t<h2 class=\"bdpp-post-title\">\r\n\t\t\t\t\t<a href=\"https:\/\/cndesge.org\/?p=13357\">Una delegaci\u00f3n del CNDES particip\u00f3 en la Segunda Edici\u00f3n de la Feria de Pesca, celebrada del 4 al 6 de febrero de 2026 en la ciudad de Dakhla, al sur del Reino de Marruecos,<\/a>\r\n\t\t\t\t<\/h2>\r\n\r\n\t\t\t\t\t\t\t\t<div class=\"bdpp-post-meta bdpp-post-meta-up\">\r\n\t\t\t\t\t<span class=\"bdpp-post-meta-data bdpp-post-date\"><i class=\"fa fa-clock-o\"><\/i>febrero 9, 2026<\/span>\t\t\t\t<\/div>\r\n\t\t\t\t\t\t\t<\/div>\r\n\t\t<\/div>\r\n\t<\/div>\r\n<\/div><div class=\"bdpp-post-slide bdpp-post-13352 bdpp-post-standard bdpp-has-thumb\">\r\n\t<div class=\"bdpp-post-slider-content\">\r\n\t\t<a class=\"bdpp-post-linkoverlay\" href=\"https:\/\/cndesge.org\/?p=13352\"><\/a>\r\n\t\t<div class=\"bdpp-post-img-bg\" style=\"background-image:url(https:\/\/cndesge.org\/wp-content\/uploads\/2026\/02\/IMG_6794.png);\">\r\n\t\t\t<div class=\"bdpp-featured-meta\">\r\n\t\t\t\r\n\t\t\t\t<h2 class=\"bdpp-post-title\">\r\n\t\t\t\t\t<a href=\"https:\/\/cndesge.org\/?p=13352\">El CNDES cerr\u00f3 este jueves el libro de condolencias abierto en honor al Excmo. Sr. Leoncio Amada Nze Nlang, Vicepresidente Segundo de esta alta instituci\u00f3n<\/a>\r\n\t\t\t\t<\/h2>\r\n\r\n\t\t\t\t\t\t\t\t<div class=\"bdpp-post-meta bdpp-post-meta-up\">\r\n\t\t\t\t\t<span class=\"bdpp-post-meta-data bdpp-post-date\"><i class=\"fa fa-clock-o\"><\/i>febrero 5, 2026<\/span>\t\t\t\t<\/div>\r\n\t\t\t\t\t\t\t<\/div>\r\n\t\t<\/div>\r\n\t<\/div>\r\n<\/div><div class=\"bdpp-post-slide bdpp-post-13304 bdpp-post-standard bdpp-has-thumb\">\r\n\t<div class=\"bdpp-post-slider-content\">\r\n\t\t<a class=\"bdpp-post-linkoverlay\" href=\"https:\/\/cndesge.org\/?p=13304\"><\/a>\r\n\t\t<div class=\"bdpp-post-img-bg\" style=\"background-image:url(https:\/\/cndesge.org\/wp-content\/uploads\/2026\/02\/IMG_6631.png);\">\r\n\t\t\t<div class=\"bdpp-featured-meta\">\r\n\t\t\t\r\n\t\t\t\t<h2 class=\"bdpp-post-title\">\r\n\t\t\t\t\t<a href=\"https:\/\/cndesge.org\/?p=13304\">El CNDE ha abierto este martes el libro de condolencias en memoria de su vicepresidente segundo, Leoncio Amada Nze Nlang, fallecido el pasado 24 de enero.<\/a>\r\n\t\t\t\t<\/h2>\r\n\r\n\t\t\t\t\t\t\t\t<div class=\"bdpp-post-meta bdpp-post-meta-up\">\r\n\t\t\t\t\t<span class=\"bdpp-post-meta-data bdpp-post-date\"><i class=\"fa fa-clock-o\"><\/i>febrero 4, 2026<\/span>\t\t\t\t<\/div>\r\n\t\t\t\t\t\t\t<\/div>\r\n\t\t<\/div>\r\n\t<\/div>\r\n<\/div><div class=\"bdpp-post-slide bdpp-post-13290 bdpp-post-standard bdpp-has-thumb\">\r\n\t<div class=\"bdpp-post-slider-content\">\r\n\t\t<a class=\"bdpp-post-linkoverlay\" href=\"https:\/\/cndesge.org\/?p=13290\"><\/a>\r\n\t\t<div class=\"bdpp-post-img-bg\" style=\"background-image:url(https:\/\/cndesge.org\/wp-content\/uploads\/2026\/01\/WhatsApp-Image-2026-01-25-at-21.24.28.jpeg);\">\r\n\t\t\t<div class=\"bdpp-featured-meta\">\r\n\t\t\t\r\n\t\t\t\t<h2 class=\"bdpp-post-title\">\r\n\t\t\t\t\t<a href=\"https:\/\/cndesge.org\/?p=13290\">Fallece el Excmo.Sr.D. Leoncio Amada Nz\u00e9 Nlang, Vicepresidente Segundo del CNDES\u200e<\/a>\r\n\t\t\t\t<\/h2>\r\n\r\n\t\t\t\t\t\t\t\t<div class=\"bdpp-post-meta bdpp-post-meta-up\">\r\n\t\t\t\t\t<span class=\"bdpp-post-meta-data bdpp-post-date\"><i class=\"fa fa-clock-o\"><\/i>enero 24, 2026<\/span>\t\t\t\t<\/div>\r\n\t\t\t\t\t\t\t<\/div>\r\n\t\t<\/div>\r\n\t<\/div>\r\n<\/div><div class=\"bdpp-post-slide bdpp-post-13250 bdpp-post-standard bdpp-has-thumb\">\r\n\t<div class=\"bdpp-post-slider-content\">\r\n\t\t<a class=\"bdpp-post-linkoverlay\" href=\"https:\/\/cndesge.org\/?p=13250\"><\/a>\r\n\t\t<div class=\"bdpp-post-img-bg\" style=\"background-image:url(https:\/\/cndesge.org\/wp-content\/uploads\/2026\/01\/7507be59-43eb-4bde-b6d9-aea2c2039ca5-scaled.jpeg);\">\r\n\t\t\t<div class=\"bdpp-featured-meta\">\r\n\t\t\t\r\n\t\t\t\t<h2 class=\"bdpp-post-title\">\r\n\t\t\t\t\t<a href=\"https:\/\/cndesge.org\/?p=13250\">El CNDES analiza la situaci\u00f3n del Hospital Psiqui\u00e1trico de Sampaka en reuni\u00f3n de concertaci\u00f3n.<\/a>\r\n\t\t\t\t<\/h2>\r\n\r\n\t\t\t\t\t\t\t\t<div class=\"bdpp-post-meta bdpp-post-meta-up\">\r\n\t\t\t\t\t<span class=\"bdpp-post-meta-data bdpp-post-date\"><i class=\"fa fa-clock-o\"><\/i>enero 23, 2026<\/span>\t\t\t\t<\/div>\r\n\t\t\t\t\t\t\t<\/div>\r\n\t\t<\/div>\r\n\t<\/div>\r\n<\/div><div class=\"bdpp-post-slide bdpp-post-13229 bdpp-post-standard bdpp-has-thumb\">\r\n\t<div class=\"bdpp-post-slider-content\">\r\n\t\t<a class=\"bdpp-post-linkoverlay\" href=\"https:\/\/cndesge.org\/?p=13229\"><\/a>\r\n\t\t<div class=\"bdpp-post-img-bg\" style=\"background-image:url(https:\/\/cndesge.org\/wp-content\/uploads\/2026\/01\/b85ff732-416b-480e-9be3-de521cb60de6.jpeg);\">\r\n\t\t\t<div class=\"bdpp-featured-meta\">\r\n\t\t\t\r\n\t\t\t\t<h2 class=\"bdpp-post-title\">\r\n\t\t\t\t\t<a href=\"https:\/\/cndesge.org\/?p=13229\">El CNDES mantiene una reuni\u00f3n de concertaci\u00f3n con SONAGAS en el marco de la Memoria Anual 2025<\/a>\r\n\t\t\t\t<\/h2>\r\n\r\n\t\t\t\t\t\t\t\t<div class=\"bdpp-post-meta bdpp-post-meta-up\">\r\n\t\t\t\t\t<span class=\"bdpp-post-meta-data bdpp-post-date\"><i class=\"fa fa-clock-o\"><\/i>enero 23, 2026<\/span>\t\t\t\t<\/div>\r\n\t\t\t\t\t\t\t<\/div>\r\n\t\t<\/div>\r\n\t<\/div>\r\n<\/div><div class=\"bdpp-post-slide bdpp-post-13225 bdpp-post-standard bdpp-has-thumb\">\r\n\t<div class=\"bdpp-post-slider-content\">\r\n\t\t<a class=\"bdpp-post-linkoverlay\" href=\"https:\/\/cndesge.org\/?p=13225\"><\/a>\r\n\t\t<div class=\"bdpp-post-img-bg\" style=\"background-image:url(https:\/\/cndesge.org\/wp-content\/uploads\/2026\/01\/IMG_5860.jpeg);\">\r\n\t\t\t<div class=\"bdpp-featured-meta\">\r\n\t\t\t\r\n\t\t\t\t<h2 class=\"bdpp-post-title\">\r\n\t\t\t\t\t<a href=\"https:\/\/cndesge.org\/?p=13225\">CNDES y INEGE sostienen reuni\u00f3n de coordinaci\u00f3n en el marco de la elaboraci\u00f3n de la Memoria Anual 2025.<\/a>\r\n\t\t\t\t<\/h2>\r\n\r\n\t\t\t\t\t\t\t\t<div class=\"bdpp-post-meta bdpp-post-meta-up\">\r\n\t\t\t\t\t<span class=\"bdpp-post-meta-data bdpp-post-date\"><i class=\"fa fa-clock-o\"><\/i>enero 22, 2026<\/span>\t\t\t\t<\/div>\r\n\t\t\t\t\t\t\t<\/div>\r\n\t\t<\/div>\r\n\t<\/div>\r\n<\/div><div class=\"bdpp-post-slide bdpp-post-13215 bdpp-post-standard bdpp-has-thumb\">\r\n\t<div class=\"bdpp-post-slider-content\">\r\n\t\t<a class=\"bdpp-post-linkoverlay\" href=\"https:\/\/cndesge.org\/?p=13215\"><\/a>\r\n\t\t<div class=\"bdpp-post-img-bg\" style=\"background-image:url(https:\/\/cndesge.org\/wp-content\/uploads\/2026\/01\/IMG_5867.jpeg);\">\r\n\t\t\t<div class=\"bdpp-featured-meta\">\r\n\t\t\t\r\n\t\t\t\t<h2 class=\"bdpp-post-title\">\r\n\t\t\t\t\t<a href=\"https:\/\/cndesge.org\/?p=13215\">Reuni\u00f3n de concertaci\u00f3n entre el CNDES y el INPAGE para la Memoria Anual 2025<\/a>\r\n\t\t\t\t<\/h2>\r\n\r\n\t\t\t\t\t\t\t\t<div class=\"bdpp-post-meta bdpp-post-meta-up\">\r\n\t\t\t\t\t<span class=\"bdpp-post-meta-data bdpp-post-date\"><i class=\"fa fa-clock-o\"><\/i>enero 22, 2026<\/span>\t\t\t\t<\/div>\r\n\t\t\t\t\t\t\t<\/div>\r\n\t\t<\/div>\r\n\t<\/div>\r\n<\/div><div class=\"bdpp-post-slide bdpp-post-13209 bdpp-post-standard bdpp-has-thumb\">\r\n\t<div class=\"bdpp-post-slider-content\">\r\n\t\t<a class=\"bdpp-post-linkoverlay\" href=\"https:\/\/cndesge.org\/?p=13209\"><\/a>\r\n\t\t<div class=\"bdpp-post-img-bg\" style=\"background-image:url(https:\/\/cndesge.org\/wp-content\/uploads\/2026\/01\/IMG_5754.jpeg);\">\r\n\t\t\t<div class=\"bdpp-featured-meta\">\r\n\t\t\t\r\n\t\t\t\t<h2 class=\"bdpp-post-title\">\r\n\t\t\t\t\t<a href=\"https:\/\/cndesge.org\/?p=13209\">El CNDES se re\u00fane con el Ballet Nacional Ceiba para abordar desaf\u00edos culturales.<\/a>\r\n\t\t\t\t<\/h2>\r\n\r\n\t\t\t\t\t\t\t\t<div class=\"bdpp-post-meta bdpp-post-meta-up\">\r\n\t\t\t\t\t<span class=\"bdpp-post-meta-data bdpp-post-date\"><i class=\"fa fa-clock-o\"><\/i>enero 21, 2026<\/span>\t\t\t\t<\/div>\r\n\t\t\t\t\t\t\t<\/div>\r\n\t\t<\/div>\r\n\t<\/div>\r\n<\/div><div class=\"bdpp-post-slide bdpp-post-13181 bdpp-post-standard bdpp-has-thumb\">\r\n\t<div class=\"bdpp-post-slider-content\">\r\n\t\t<a class=\"bdpp-post-linkoverlay\" href=\"https:\/\/cndesge.org\/?p=13181\"><\/a>\r\n\t\t<div class=\"bdpp-post-img-bg\" style=\"background-image:url(https:\/\/cndesge.org\/wp-content\/uploads\/2026\/01\/f1ed97f6-78b9-4526-97b3-f84c71bcf9e9.jpeg);\">\r\n\t\t\t<div class=\"bdpp-featured-meta\">\r\n\t\t\t\r\n\t\t\t\t<h2 class=\"bdpp-post-title\">\r\n\t\t\t\t\t<a href=\"https:\/\/cndesge.org\/?p=13181\">El CNDES y Comit\u00e9 Ol\u00edmpico analizan los retos del deporte nacional.<\/a>\r\n\t\t\t\t<\/h2>\r\n\r\n\t\t\t\t\t\t\t\t<div class=\"bdpp-post-meta bdpp-post-meta-up\">\r\n\t\t\t\t\t<span class=\"bdpp-post-meta-data bdpp-post-date\"><i class=\"fa fa-clock-o\"><\/i>enero 21, 2026<\/span>\t\t\t\t<\/div>\r\n\t\t\t\t\t\t\t<\/div>\r\n\t\t<\/div>\r\n\t<\/div>\r\n<\/div><div class=\"bdpp-post-slide bdpp-post-13142 bdpp-post-standard bdpp-has-thumb\">\r\n\t<div class=\"bdpp-post-slider-content\">\r\n\t\t<a class=\"bdpp-post-linkoverlay\" href=\"https:\/\/cndesge.org\/?p=13142\"><\/a>\r\n\t\t<div class=\"bdpp-post-img-bg\" style=\"background-image:url(https:\/\/cndesge.org\/wp-content\/uploads\/2026\/01\/b4780289-6b18-4455-b8e7-a330f237d1d3.jpeg);\">\r\n\t\t\t<div class=\"bdpp-featured-meta\">\r\n\t\t\t\r\n\t\t\t\t<h2 class=\"bdpp-post-title\">\r\n\t\t\t\t\t<a href=\"https:\/\/cndesge.org\/?p=13142\">CNDES refuerza el di\u00e1logo institucional con la Escuela de Pesca de Bidiba en el marco de la Memoria Anual 2025<\/a>\r\n\t\t\t\t<\/h2>\r\n\r\n\t\t\t\t\t\t\t\t<div class=\"bdpp-post-meta bdpp-post-meta-up\">\r\n\t\t\t\t\t<span class=\"bdpp-post-meta-data bdpp-post-date\"><i class=\"fa fa-clock-o\"><\/i>enero 20, 2026<\/span>\t\t\t\t<\/div>\r\n\t\t\t\t\t\t\t<\/div>\r\n\t\t<\/div>\r\n\t<\/div>\r\n<\/div><div class=\"bdpp-post-slide bdpp-post-13149 bdpp-post-standard bdpp-has-thumb\">\r\n\t<div class=\"bdpp-post-slider-content\">\r\n\t\t<a class=\"bdpp-post-linkoverlay\" href=\"https:\/\/cndesge.org\/?p=13149\"><\/a>\r\n\t\t<div class=\"bdpp-post-img-bg\" style=\"background-image:url(https:\/\/cndesge.org\/wp-content\/uploads\/2026\/01\/9abf6d37-f8fd-4878-b384-079ccc762cc0.jpeg);\">\r\n\t\t\t<div class=\"bdpp-featured-meta\">\r\n\t\t\t\r\n\t\t\t\t<h2 class=\"bdpp-post-title\">\r\n\t\t\t\t\t<a href=\"https:\/\/cndesge.org\/?p=13149\">SEGESA presenta su situaci\u00f3n operativa y financiera ante el CNDES en el marco de la Memoria Anual 2025<\/a>\r\n\t\t\t\t<\/h2>\r\n\r\n\t\t\t\t\t\t\t\t<div class=\"bdpp-post-meta bdpp-post-meta-up\">\r\n\t\t\t\t\t<span class=\"bdpp-post-meta-data bdpp-post-date\"><i class=\"fa fa-clock-o\"><\/i>enero 19, 2026<\/span>\t\t\t\t<\/div>\r\n\t\t\t\t\t\t\t<\/div>\r\n\t\t<\/div>\r\n\t<\/div>\r\n<\/div><div class=\"bdpp-post-slide bdpp-post-13145 bdpp-post-standard bdpp-has-thumb\">\r\n\t<div class=\"bdpp-post-slider-content\">\r\n\t\t<a class=\"bdpp-post-linkoverlay\" href=\"https:\/\/cndesge.org\/?p=13145\"><\/a>\r\n\t\t<div class=\"bdpp-post-img-bg\" style=\"background-image:url(https:\/\/cndesge.org\/wp-content\/uploads\/2026\/01\/7528f3c1-5ac5-4ed4-ac1f-03c3c97cfc60-scaled.jpeg);\">\r\n\t\t\t<div class=\"bdpp-featured-meta\">\r\n\t\t\t\r\n\t\t\t\t<h2 class=\"bdpp-post-title\">\r\n\t\t\t\t\t<a href=\"https:\/\/cndesge.org\/?p=13145\">TRADEX expone su plan de acci\u00f3n 2025 y su desempe\u00f1o operativo ante el CNDES<\/a>\r\n\t\t\t\t<\/h2>\r\n\r\n\t\t\t\t\t\t\t\t<div class=\"bdpp-post-meta bdpp-post-meta-up\">\r\n\t\t\t\t\t<span class=\"bdpp-post-meta-data bdpp-post-date\"><i class=\"fa fa-clock-o\"><\/i>enero 19, 2026<\/span>\t\t\t\t<\/div>\r\n\t\t\t\t\t\t\t<\/div>\r\n\t\t<\/div>\r\n\t<\/div>\r\n<\/div><div class=\"bdpp-post-slide bdpp-post-13116 bdpp-post-standard bdpp-has-thumb\">\r\n\t<div class=\"bdpp-post-slider-content\">\r\n\t\t<a class=\"bdpp-post-linkoverlay\" href=\"https:\/\/cndesge.org\/?p=13116\"><\/a>\r\n\t\t<div class=\"bdpp-post-img-bg\" style=\"background-image:url(https:\/\/cndesge.org\/wp-content\/uploads\/2026\/01\/7e658fb3-b00c-49c9-b5f8-1747263b76ef.jpeg);\">\r\n\t\t\t<div class=\"bdpp-featured-meta\">\r\n\t\t\t\r\n\t\t\t\t<h2 class=\"bdpp-post-title\">\r\n\t\t\t\t\t<a href=\"https:\/\/cndesge.org\/?p=13116\">El CNDES ha celebrado una reuni\u00f3n de concertaci\u00f3n con las subcomisiones implicadas en la organizaci\u00f3n de las pr\u00f3ximas JORNADEIS.<\/a>\r\n\t\t\t\t<\/h2>\r\n\r\n\t\t\t\t\t\t\t\t<div class=\"bdpp-post-meta bdpp-post-meta-up\">\r\n\t\t\t\t\t<span class=\"bdpp-post-meta-data bdpp-post-date\"><i class=\"fa fa-clock-o\"><\/i>enero 17, 2026<\/span>\t\t\t\t<\/div>\r\n\t\t\t\t\t\t\t<\/div>\r\n\t\t<\/div>\r\n\t<\/div>\r\n<\/div><div class=\"bdpp-post-slide bdpp-post-13157 bdpp-post-standard bdpp-has-thumb\">\r\n\t<div class=\"bdpp-post-slider-content\">\r\n\t\t<a class=\"bdpp-post-linkoverlay\" href=\"https:\/\/cndesge.org\/?p=13157\"><\/a>\r\n\t\t<div class=\"bdpp-post-img-bg\" style=\"background-image:url(https:\/\/cndesge.org\/wp-content\/uploads\/2026\/01\/0cb00f86-5b8d-419f-8f94-57e2ab8b783f-scaled.jpeg);\">\r\n\t\t\t<div class=\"bdpp-featured-meta\">\r\n\t\t\t\r\n\t\t\t\t<h2 class=\"bdpp-post-title\">\r\n\t\t\t\t\t<a href=\"https:\/\/cndesge.org\/?p=13157\">El CNDES analiza el plan de acci\u00f3n y los programas formativos del INAP para la Memoria Anual 2025<\/a>\r\n\t\t\t\t<\/h2>\r\n\r\n\t\t\t\t\t\t\t\t<div class=\"bdpp-post-meta bdpp-post-meta-up\">\r\n\t\t\t\t\t<span class=\"bdpp-post-meta-data bdpp-post-date\"><i class=\"fa fa-clock-o\"><\/i>enero 16, 2026<\/span>\t\t\t\t<\/div>\r\n\t\t\t\t\t\t\t<\/div>\r\n\t\t<\/div>\r\n\t<\/div>\r\n<\/div><div class=\"bdpp-post-slide bdpp-post-13153 bdpp-post-standard bdpp-has-thumb\">\r\n\t<div class=\"bdpp-post-slider-content\">\r\n\t\t<a class=\"bdpp-post-linkoverlay\" href=\"https:\/\/cndesge.org\/?p=13153\"><\/a>\r\n\t\t<div class=\"bdpp-post-img-bg\" style=\"background-image:url(https:\/\/cndesge.org\/wp-content\/uploads\/2026\/01\/5bad21f7-c827-4ba6-8dde-e887b7a6f26b-scaled.jpeg);\">\r\n\t\t\t<div class=\"bdpp-featured-meta\">\r\n\t\t\t\r\n\t\t\t\t<h2 class=\"bdpp-post-title\">\r\n\t\t\t\t\t<a href=\"https:\/\/cndesge.org\/?p=13153\">El CNDES se re\u00fane con CENTRAMED en el marco de la elaboraci\u00f3n de la Memoria Anual 2025<\/a>\r\n\t\t\t\t<\/h2>\r\n\r\n\t\t\t\t\t\t\t\t<div class=\"bdpp-post-meta bdpp-post-meta-up\">\r\n\t\t\t\t\t<span class=\"bdpp-post-meta-data bdpp-post-date\"><i class=\"fa fa-clock-o\"><\/i>enero 16, 2026<\/span>\t\t\t\t<\/div>\r\n\t\t\t\t\t\t\t<\/div>\r\n\t\t<\/div>\r\n\t<\/div>\r\n<\/div><div class=\"bdpp-post-slide bdpp-post-13111 bdpp-post-standard bdpp-has-thumb\">\r\n\t<div class=\"bdpp-post-slider-content\">\r\n\t\t<a class=\"bdpp-post-linkoverlay\" href=\"https:\/\/cndesge.org\/?p=13111\"><\/a>\r\n\t\t<div class=\"bdpp-post-img-bg\" style=\"background-image:url(https:\/\/cndesge.org\/wp-content\/uploads\/2026\/01\/395764ad-8449-4150-acc6-46e3908fc6cd.jpeg);\">\r\n\t\t\t<div class=\"bdpp-featured-meta\">\r\n\t\t\t\r\n\t\t\t\t<h2 class=\"bdpp-post-title\">\r\n\t\t\t\t\t<a href=\"https:\/\/cndesge.org\/?p=13111\">CNDES y la UNGE avanzan en la coordinaci\u00f3n para la Memoria Anual 2025<\/a>\r\n\t\t\t\t<\/h2>\r\n\r\n\t\t\t\t\t\t\t\t<div class=\"bdpp-post-meta bdpp-post-meta-up\">\r\n\t\t\t\t\t<span class=\"bdpp-post-meta-data bdpp-post-date\"><i class=\"fa fa-clock-o\"><\/i>enero 15, 2026<\/span>\t\t\t\t<\/div>\r\n\t\t\t\t\t\t\t<\/div>\r\n\t\t<\/div>\r\n\t<\/div>\r\n<\/div><div class=\"bdpp-post-slide bdpp-post-13106 bdpp-post-standard bdpp-has-thumb\">\r\n\t<div class=\"bdpp-post-slider-content\">\r\n\t\t<a class=\"bdpp-post-linkoverlay\" href=\"https:\/\/cndesge.org\/?p=13106\"><\/a>\r\n\t\t<div class=\"bdpp-post-img-bg\" style=\"background-image:url(https:\/\/cndesge.org\/wp-content\/uploads\/2026\/01\/ef895041-e6ac-4a02-9ddf-150805557db9-scaled.jpeg);\">\r\n\t\t\t<div class=\"bdpp-featured-meta\">\r\n\t\t\t\r\n\t\t\t\t<h2 class=\"bdpp-post-title\">\r\n\t\t\t\t\t<a href=\"https:\/\/cndesge.org\/?p=13106\">CNDES y GEPETROL refuerzan la coordinaci\u00f3n para la elaboraci\u00f3n de la Memoria Anual 2025<\/a>\r\n\t\t\t\t<\/h2>\r\n\r\n\t\t\t\t\t\t\t\t<div class=\"bdpp-post-meta bdpp-post-meta-up\">\r\n\t\t\t\t\t<span class=\"bdpp-post-meta-data bdpp-post-date\"><i class=\"fa fa-clock-o\"><\/i>enero 15, 2026<\/span>\t\t\t\t<\/div>\r\n\t\t\t\t\t\t\t<\/div>\r\n\t\t<\/div>\r\n\t<\/div>\r\n<\/div><div class=\"bdpp-post-slide bdpp-post-13102 bdpp-post-standard bdpp-has-thumb\">\r\n\t<div class=\"bdpp-post-slider-content\">\r\n\t\t<a class=\"bdpp-post-linkoverlay\" href=\"https:\/\/cndesge.org\/?p=13102\"><\/a>\r\n\t\t<div class=\"bdpp-post-img-bg\" style=\"background-image:url(https:\/\/cndesge.org\/wp-content\/uploads\/2026\/01\/4ed3018e-fd70-4332-bed7-7c6039049cb2.jpeg);\">\r\n\t\t\t<div class=\"bdpp-featured-meta\">\r\n\t\t\t\r\n\t\t\t\t<h2 class=\"bdpp-post-title\">\r\n\t\t\t\t\t<a href=\"https:\/\/cndesge.org\/?p=13102\">El Consejo Nacional para el Desarrollo Econ\u00f3mico y Social  (CNDES) ha mantenido una reuni\u00f3n de concertaci\u00f3n con el Ministerio de Aviaci\u00f3n Civil e Infraestructuras Aeroportuarias en el marco de los preparativos de la Elaboraci\u00f3n de la Memoria Anual 2025.<\/a>\r\n\t\t\t\t<\/h2>\r\n\r\n\t\t\t\t\t\t\t\t<div class=\"bdpp-post-meta bdpp-post-meta-up\">\r\n\t\t\t\t\t<span class=\"bdpp-post-meta-data bdpp-post-date\"><i class=\"fa fa-clock-o\"><\/i>enero 13, 2026<\/span>\t\t\t\t<\/div>\r\n\t\t\t\t\t\t\t<\/div>\r\n\t\t<\/div>\r\n\t<\/div>\r\n<\/div><div class=\"bdpp-post-slide bdpp-post-13084 bdpp-post-standard bdpp-has-thumb\">\r\n\t<div class=\"bdpp-post-slider-content\">\r\n\t\t<a class=\"bdpp-post-linkoverlay\" href=\"https:\/\/cndesge.org\/?p=13084\"><\/a>\r\n\t\t<div class=\"bdpp-post-img-bg\" style=\"background-image:url(https:\/\/cndesge.org\/wp-content\/uploads\/2026\/01\/88fa12aa-8b45-490a-9aaf-1352a3d48c44.jpeg);\">\r\n\t\t\t<div class=\"bdpp-featured-meta\">\r\n\t\t\t\r\n\t\t\t\t<h2 class=\"bdpp-post-title\">\r\n\t\t\t\t\t<a href=\"https:\/\/cndesge.org\/?p=13084\">El Consejo Nacional para el Desarrollo Econ\u00f3mico y Social  (CNDES) ha mantenido una reuni\u00f3n de concertaci\u00f3n con el Instituto de Seguridad Social (INSESO) en el marco de los preparativos de la Elaboraci\u00f3n de la Memoria Anual 2025.<\/a>\r\n\t\t\t\t<\/h2>\r\n\r\n\t\t\t\t\t\t\t\t<div class=\"bdpp-post-meta bdpp-post-meta-up\">\r\n\t\t\t\t\t<span class=\"bdpp-post-meta-data bdpp-post-date\"><i class=\"fa fa-clock-o\"><\/i>enero 13, 2026<\/span>\t\t\t\t<\/div>\r\n\t\t\t\t\t\t\t<\/div>\r\n\t\t<\/div>\r\n\t<\/div>\r\n<\/div><div class=\"bdpp-post-slide bdpp-post-13052 bdpp-post-standard bdpp-has-thumb\">\r\n\t<div class=\"bdpp-post-slider-content\">\r\n\t\t<a class=\"bdpp-post-linkoverlay\" href=\"https:\/\/cndesge.org\/?p=13052\"><\/a>\r\n\t\t<div class=\"bdpp-post-img-bg\" style=\"background-image:url(https:\/\/cndesge.org\/wp-content\/uploads\/2026\/01\/7b4e1ea6-9bad-4ab8-ba17-12a6a19251e6.jpeg);\">\r\n\t\t\t<div class=\"bdpp-featured-meta\">\r\n\t\t\t\r\n\t\t\t\t<h2 class=\"bdpp-post-title\">\r\n\t\t\t\t\t<a href=\"https:\/\/cndesge.org\/?p=13052\">El CNDES celebra una reuni\u00f3n de concertaci\u00f3n con las subcomisiones encargadas de la organizaci\u00f3n de la segunda edici\u00f3n de las  pr\u00f3ximas JORNADEIS.<\/a>\r\n\t\t\t\t<\/h2>\r\n\r\n\t\t\t\t\t\t\t\t<div class=\"bdpp-post-meta bdpp-post-meta-up\">\r\n\t\t\t\t\t<span class=\"bdpp-post-meta-data bdpp-post-date\"><i class=\"fa fa-clock-o\"><\/i>enero 9, 2026<\/span>\t\t\t\t<\/div>\r\n\t\t\t\t\t\t\t<\/div>\r\n\t\t<\/div>\r\n\t<\/div>\r\n<\/div><div class=\"bdpp-post-slide bdpp-post-13048 bdpp-post-standard bdpp-has-thumb\">\r\n\t<div class=\"bdpp-post-slider-content\">\r\n\t\t<a class=\"bdpp-post-linkoverlay\" href=\"https:\/\/cndesge.org\/?p=13048\"><\/a>\r\n\t\t<div class=\"bdpp-post-img-bg\" style=\"background-image:url(https:\/\/cndesge.org\/wp-content\/uploads\/2026\/01\/383d9866-78bb-4899-bc2b-cc1b0611e30e.jpeg);\">\r\n\t\t\t<div class=\"bdpp-featured-meta\">\r\n\t\t\t\r\n\t\t\t\t<h2 class=\"bdpp-post-title\">\r\n\t\t\t\t\t<a href=\"https:\/\/cndesge.org\/?p=13048\">El CNDES y el Ministerio de Agricultura, Ganader\u00eda, Bosques, Pesca y Medio Ambiente han avanzado con los preparativos de la Segunda Edici\u00f3n de las Jornadas de Reflexi\u00f3n Econ\u00f3mica e Inclusi\u00f3n Social<\/a>\r\n\t\t\t\t<\/h2>\r\n\r\n\t\t\t\t\t\t\t\t<div class=\"bdpp-post-meta bdpp-post-meta-up\">\r\n\t\t\t\t\t<span class=\"bdpp-post-meta-data bdpp-post-date\"><i class=\"fa fa-clock-o\"><\/i>enero 7, 2026<\/span>\t\t\t\t<\/div>\r\n\t\t\t\t\t\t\t<\/div>\r\n\t\t<\/div>\r\n\t<\/div>\r\n<\/div><div class=\"bdpp-post-slide bdpp-post-13032 bdpp-post-standard bdpp-has-thumb\">\r\n\t<div class=\"bdpp-post-slider-content\">\r\n\t\t<a class=\"bdpp-post-linkoverlay\" href=\"https:\/\/cndesge.org\/?p=13032\"><\/a>\r\n\t\t<div class=\"bdpp-post-img-bg\" style=\"background-image:url(https:\/\/cndesge.org\/wp-content\/uploads\/2026\/01\/ca6e2b72-890f-489c-b97f-be0f325e99b7-scaled.jpeg);\">\r\n\t\t\t<div class=\"bdpp-featured-meta\">\r\n\t\t\t\r\n\t\t\t\t<h2 class=\"bdpp-post-title\">\r\n\t\t\t\t\t<a href=\"https:\/\/cndesge.org\/?p=13032\">CNDES y el Sistema de las Naciones Unidas coordinan acciones para las Segundas Jornadas de Reflexi\u00f3n sobre Diversificaci\u00f3n Econ\u00f3mica e Inclusi\u00f3n Social (JORNADEIS) en los sectores de Turismo y Pesca.<\/a>\r\n\t\t\t\t<\/h2>\r\n\r\n\t\t\t\t\t\t\t\t<div class=\"bdpp-post-meta bdpp-post-meta-up\">\r\n\t\t\t\t\t<span class=\"bdpp-post-meta-data bdpp-post-date\"><i class=\"fa fa-clock-o\"><\/i>enero 6, 2026<\/span>\t\t\t\t<\/div>\r\n\t\t\t\t\t\t\t<\/div>\r\n\t\t<\/div>\r\n\t<\/div>\r\n<\/div><div class=\"bdpp-post-slide bdpp-post-13000 bdpp-post-standard bdpp-has-thumb\">\r\n\t<div class=\"bdpp-post-slider-content\">\r\n\t\t<a class=\"bdpp-post-linkoverlay\" href=\"https:\/\/cndesge.org\/?p=13000\"><\/a>\r\n\t\t<div class=\"bdpp-post-img-bg\" style=\"background-image:url(https:\/\/cndesge.org\/wp-content\/uploads\/2025\/12\/484409cc-35aa-42a4-b09f-9af6ba94ef7f.jpeg);\">\r\n\t\t\t<div class=\"bdpp-featured-meta\">\r\n\t\t\t\r\n\t\t\t\t<h2 class=\"bdpp-post-title\">\r\n\t\t\t\t\t<a href=\"https:\/\/cndesge.org\/?p=13000\">Evaluaci\u00f3n de Avances y Coordinaci\u00f3n para las Jornadas de Reflexi\u00f3n sobre Diversificaci\u00f3n Econ\u00f3mica e Inclusi\u00f3n Social en los sectores Pesca y Turismo.<\/a>\r\n\t\t\t\t<\/h2>\r\n\r\n\t\t\t\t\t\t\t\t<div class=\"bdpp-post-meta bdpp-post-meta-up\">\r\n\t\t\t\t\t<span class=\"bdpp-post-meta-data bdpp-post-date\"><i class=\"fa fa-clock-o\"><\/i>diciembre 30, 2025<\/span>\t\t\t\t<\/div>\r\n\t\t\t\t\t\t\t<\/div>\r\n\t\t<\/div>\r\n\t<\/div>\r\n<\/div><div class=\"bdpp-post-slide bdpp-post-12975 bdpp-post-standard bdpp-has-thumb\">\r\n\t<div class=\"bdpp-post-slider-content\">\r\n\t\t<a class=\"bdpp-post-linkoverlay\" href=\"https:\/\/cndesge.org\/?p=12975\"><\/a>\r\n\t\t<div class=\"bdpp-post-img-bg\" style=\"background-image:url(https:\/\/cndesge.org\/wp-content\/uploads\/2025\/12\/e818e7bd-224d-4a39-834a-81090bcb8f47-scaled.jpeg);\">\r\n\t\t\t<div class=\"bdpp-featured-meta\">\r\n\t\t\t\r\n\t\t\t\t<h2 class=\"bdpp-post-title\">\r\n\t\t\t\t\t<a href=\"https:\/\/cndesge.org\/?p=12975\">El CNDES avanza en la concertaci\u00f3n con el sector bancario e instituciones internacionales para la organizaci\u00f3n de las JORNADEIS 2026.<\/a>\r\n\t\t\t\t<\/h2>\r\n\r\n\t\t\t\t\t\t\t\t<div class=\"bdpp-post-meta bdpp-post-meta-up\">\r\n\t\t\t\t\t<span class=\"bdpp-post-meta-data bdpp-post-date\"><i class=\"fa fa-clock-o\"><\/i>diciembre 22, 2025<\/span>\t\t\t\t<\/div>\r\n\t\t\t\t\t\t\t<\/div>\r\n\t\t<\/div>\r\n\t<\/div>\r\n<\/div><div class=\"bdpp-post-slide bdpp-post-12924 bdpp-post-standard bdpp-has-thumb\">\r\n\t<div class=\"bdpp-post-slider-content\">\r\n\t\t<a class=\"bdpp-post-linkoverlay\" href=\"https:\/\/cndesge.org\/?p=12924\"><\/a>\r\n\t\t<div class=\"bdpp-post-img-bg\" style=\"background-image:url(https:\/\/cndesge.org\/wp-content\/uploads\/2025\/12\/0fd7ab1e-bb7d-4f28-aee3-0a4c6162b266-scaled.jpeg);\">\r\n\t\t\t<div class=\"bdpp-featured-meta\">\r\n\t\t\t\r\n\t\t\t\t<h2 class=\"bdpp-post-title\">\r\n\t\t\t\t\t<a href=\"https:\/\/cndesge.org\/?p=12924\">El CNDES contin\u00faa con las reuniones de concertaci\u00f3n con las subcomisiones encargadas de la organizaci\u00f3n de las Segundas Jornadas de Reflexi\u00f3n sobre la Diversificaci\u00f3n Econ\u00f3mica e Inclusi\u00f3n Social (JORNADEIS), centradas en los sectores de Turismo y Pesca.<\/a>\r\n\t\t\t\t<\/h2>\r\n\r\n\t\t\t\t\t\t\t\t<div class=\"bdpp-post-meta bdpp-post-meta-up\">\r\n\t\t\t\t\t<span class=\"bdpp-post-meta-data bdpp-post-date\"><i class=\"fa fa-clock-o\"><\/i>diciembre 18, 2025<\/span>\t\t\t\t<\/div>\r\n\t\t\t\t\t\t\t<\/div>\r\n\t\t<\/div>\r\n\t<\/div>\r\n<\/div><div class=\"bdpp-post-slide bdpp-post-12919 bdpp-post-standard bdpp-has-thumb\">\r\n\t<div class=\"bdpp-post-slider-content\">\r\n\t\t<a class=\"bdpp-post-linkoverlay\" href=\"https:\/\/cndesge.org\/?p=12919\"><\/a>\r\n\t\t<div class=\"bdpp-post-img-bg\" style=\"background-image:url(https:\/\/cndesge.org\/wp-content\/uploads\/2025\/12\/905ac9cf-2f19-4c4e-85a1-d4a584d410c0-scaled.jpeg);\">\r\n\t\t\t<div class=\"bdpp-featured-meta\">\r\n\t\t\t\r\n\t\t\t\t<h2 class=\"bdpp-post-title\">\r\n\t\t\t\t\t<a href=\"https:\/\/cndesge.org\/?p=12919\">El CNDES celebra la primera reuni\u00f3n de concertaci\u00f3n espec\u00edfica con el Ministerio de Turismo e Infraestructuras Tur\u00edsticas, en el marco de los preparativos de las JORNADEIS.<\/a>\r\n\t\t\t\t<\/h2>\r\n\r\n\t\t\t\t\t\t\t\t<div class=\"bdpp-post-meta bdpp-post-meta-up\">\r\n\t\t\t\t\t<span class=\"bdpp-post-meta-data bdpp-post-date\"><i class=\"fa fa-clock-o\"><\/i>diciembre 18, 2025<\/span>\t\t\t\t<\/div>\r\n\t\t\t\t\t\t\t<\/div>\r\n\t\t<\/div>\r\n\t<\/div>\r\n<\/div><div class=\"bdpp-post-slide bdpp-post-12896 bdpp-post-standard bdpp-has-thumb\">\r\n\t<div class=\"bdpp-post-slider-content\">\r\n\t\t<a class=\"bdpp-post-linkoverlay\" href=\"https:\/\/cndesge.org\/?p=12896\"><\/a>\r\n\t\t<div class=\"bdpp-post-img-bg\" style=\"background-image:url(https:\/\/cndesge.org\/wp-content\/uploads\/2025\/12\/2c7b6961-3fb4-4bac-a4b9-9a352ac3aef4.jpeg);\">\r\n\t\t\t<div class=\"bdpp-featured-meta\">\r\n\t\t\t\r\n\t\t\t\t<h2 class=\"bdpp-post-title\">\r\n\t\t\t\t\t<a href=\"https:\/\/cndesge.org\/?p=12896\">La Vicepresidenta Primera se re\u00fane con el Coordinador Residente del Sistema de las Naciones Unidas en el marco de la organizaci\u00f3n de las pr\u00f3ximas Jornadas de Reflexi\u00f3n sobre Diversificaci\u00f3n Econ\u00f3mica e Inclusi\u00f3n Social<\/a>\r\n\t\t\t\t<\/h2>\r\n\r\n\t\t\t\t\t\t\t\t<div class=\"bdpp-post-meta bdpp-post-meta-up\">\r\n\t\t\t\t\t<span class=\"bdpp-post-meta-data bdpp-post-date\"><i class=\"fa fa-clock-o\"><\/i>diciembre 17, 2025<\/span>\t\t\t\t<\/div>\r\n\t\t\t\t\t\t\t<\/div>\r\n\t\t<\/div>\r\n\t<\/div>\r\n<\/div><div class=\"bdpp-post-slide bdpp-post-12853 bdpp-post-standard bdpp-has-thumb\">\r\n\t<div class=\"bdpp-post-slider-content\">\r\n\t\t<a class=\"bdpp-post-linkoverlay\" href=\"https:\/\/cndesge.org\/?p=12853\"><\/a>\r\n\t\t<div class=\"bdpp-post-img-bg\" style=\"background-image:url(https:\/\/cndesge.org\/wp-content\/uploads\/2025\/12\/cdc67e04-9bc1-450e-bea5-efe3aad93f89-1.jpeg);\">\r\n\t\t\t<div class=\"bdpp-featured-meta\">\r\n\t\t\t\r\n\t\t\t\t<h2 class=\"bdpp-post-title\">\r\n\t\t\t\t\t<a href=\"https:\/\/cndesge.org\/?p=12853\">El CNDES realiza una visita de trabajo al Reino de Marruecos para fortalecer la cooperaci\u00f3n bilateral<\/a>\r\n\t\t\t\t<\/h2>\r\n\r\n\t\t\t\t\t\t\t\t<div class=\"bdpp-post-meta bdpp-post-meta-up\">\r\n\t\t\t\t\t<span class=\"bdpp-post-meta-data bdpp-post-date\"><i class=\"fa fa-clock-o\"><\/i>diciembre 14, 2025<\/span>\t\t\t\t<\/div>\r\n\t\t\t\t\t\t\t<\/div>\r\n\t\t<\/div>\r\n\t<\/div>\r\n<\/div><div class=\"bdpp-post-slide bdpp-post-12848 bdpp-post-standard bdpp-has-thumb\">\r\n\t<div class=\"bdpp-post-slider-content\">\r\n\t\t<a class=\"bdpp-post-linkoverlay\" href=\"https:\/\/cndesge.org\/?p=12848\"><\/a>\r\n\t\t<div class=\"bdpp-post-img-bg\" style=\"background-image:url(https:\/\/cndesge.org\/wp-content\/uploads\/2025\/12\/5acc336a-ca01-402e-ab54-aa5a3a1cbb77-scaled.jpeg);\">\r\n\t\t\t<div class=\"bdpp-featured-meta\">\r\n\t\t\t\r\n\t\t\t\t<h2 class=\"bdpp-post-title\">\r\n\t\t\t\t\t<a href=\"https:\/\/cndesge.org\/?p=12848\">El CNDES mantiene una reuni\u00f3n de concertaci\u00f3n con una misi\u00f3n del Grupo Banco Mundial para analizar la situaci\u00f3n del Sector de Agua en el pa\u00eds y explorar posibles \u00e1reas de apoyo t\u00e9cnico.<\/a>\r\n\t\t\t\t<\/h2>\r\n\r\n\t\t\t\t\t\t\t\t<div class=\"bdpp-post-meta bdpp-post-meta-up\">\r\n\t\t\t\t\t<span class=\"bdpp-post-meta-data bdpp-post-date\"><i class=\"fa fa-clock-o\"><\/i>diciembre 12, 2025<\/span>\t\t\t\t<\/div>\r\n\t\t\t\t\t\t\t<\/div>\r\n\t\t<\/div>\r\n\t<\/div>\r\n<\/div><div class=\"bdpp-post-slide bdpp-post-12837 bdpp-post-standard bdpp-has-thumb\">\r\n\t<div class=\"bdpp-post-slider-content\">\r\n\t\t<a class=\"bdpp-post-linkoverlay\" href=\"https:\/\/cndesge.org\/?p=12837\"><\/a>\r\n\t\t<div class=\"bdpp-post-img-bg\" style=\"background-image:url(https:\/\/cndesge.org\/wp-content\/uploads\/2025\/12\/6c8bd30b-c6f6-43e5-a88c-0ad638168847-scaled.jpeg);\">\r\n\t\t\t<div class=\"bdpp-featured-meta\">\r\n\t\t\t\r\n\t\t\t\t<h2 class=\"bdpp-post-title\">\r\n\t\t\t\t\t<a href=\"https:\/\/cndesge.org\/?p=12837\">Reuni\u00f3n de concertaci\u00f3n entre el CNDES y el Ministerio de Electricidad y Energ\u00edas Renovables de cara a la elaboraci\u00f3n de la Memoria Anual 2025.<\/a>\r\n\t\t\t\t<\/h2>\r\n\r\n\t\t\t\t\t\t\t\t<div class=\"bdpp-post-meta bdpp-post-meta-up\">\r\n\t\t\t\t\t<span class=\"bdpp-post-meta-data bdpp-post-date\"><i class=\"fa fa-clock-o\"><\/i>diciembre 9, 2025<\/span>\t\t\t\t<\/div>\r\n\t\t\t\t\t\t\t<\/div>\r\n\t\t<\/div>\r\n\t<\/div>\r\n<\/div><div class=\"bdpp-post-slide bdpp-post-12830 bdpp-post-standard bdpp-has-thumb\">\r\n\t<div class=\"bdpp-post-slider-content\">\r\n\t\t<a class=\"bdpp-post-linkoverlay\" href=\"https:\/\/cndesge.org\/?p=12830\"><\/a>\r\n\t\t<div class=\"bdpp-post-img-bg\" style=\"background-image:url(https:\/\/cndesge.org\/wp-content\/uploads\/2025\/12\/IMG_3170.jpeg);\">\r\n\t\t\t<div class=\"bdpp-featured-meta\">\r\n\t\t\t\r\n\t\t\t\t<h2 class=\"bdpp-post-title\">\r\n\t\t\t\t\t<a href=\"https:\/\/cndesge.org\/?p=12830\">Reuni\u00f3n de concertaci\u00f3n entre el CNDES y el Ministerio de Educaci\u00f3n, Ciencia, Ense\u00f1anza Profesional y Deportes de cara a la elaboraci\u00f3n de la Memoria Anual 2025.<\/a>\r\n\t\t\t\t<\/h2>\r\n\r\n\t\t\t\t\t\t\t\t<div class=\"bdpp-post-meta bdpp-post-meta-up\">\r\n\t\t\t\t\t<span class=\"bdpp-post-meta-data bdpp-post-date\"><i class=\"fa fa-clock-o\"><\/i>diciembre 9, 2025<\/span>\t\t\t\t<\/div>\r\n\t\t\t\t\t\t\t<\/div>\r\n\t\t<\/div>\r\n\t<\/div>\r\n<\/div><div class=\"bdpp-post-slide bdpp-post-12791 bdpp-post-standard bdpp-has-thumb\">\r\n\t<div class=\"bdpp-post-slider-content\">\r\n\t\t<a class=\"bdpp-post-linkoverlay\" href=\"https:\/\/cndesge.org\/?p=12791\"><\/a>\r\n\t\t<div class=\"bdpp-post-img-bg\" style=\"background-image:url(https:\/\/cndesge.org\/wp-content\/uploads\/2025\/12\/ab9d3840-ad98-4f4a-8d53-75e91e743c56.jpeg);\">\r\n\t\t\t<div class=\"bdpp-featured-meta\">\r\n\t\t\t\r\n\t\t\t\t<h2 class=\"bdpp-post-title\">\r\n\t\t\t\t\t<a href=\"https:\/\/cndesge.org\/?p=12791\">Reuni\u00f3n de concertaci\u00f3n entre el Consejo  Nacional para el Desarrollo Econ\u00f3mico y Social y el Ministerio de Informaci\u00f3n, Prensa y Cultura en el marco de las consultas sectoriales previas a la elaboraci\u00f3n de la Memoria Anual 2025.<\/a>\r\n\t\t\t\t<\/h2>\r\n\r\n\t\t\t\t\t\t\t\t<div class=\"bdpp-post-meta bdpp-post-meta-up\">\r\n\t\t\t\t\t<span class=\"bdpp-post-meta-data bdpp-post-date\"><i class=\"fa fa-clock-o\"><\/i>diciembre 4, 2025<\/span>\t\t\t\t<\/div>\r\n\t\t\t\t\t\t\t<\/div>\r\n\t\t<\/div>\r\n\t<\/div>\r\n<\/div><div class=\"bdpp-post-slide bdpp-post-12788 bdpp-post-standard bdpp-has-thumb\">\r\n\t<div class=\"bdpp-post-slider-content\">\r\n\t\t<a class=\"bdpp-post-linkoverlay\" href=\"https:\/\/cndesge.org\/?p=12788\"><\/a>\r\n\t\t<div class=\"bdpp-post-img-bg\" style=\"background-image:url(https:\/\/cndesge.org\/wp-content\/uploads\/2025\/12\/95d16763-f6c6-4f1c-8ef3-271d4be48c68.jpeg);\">\r\n\t\t\t<div class=\"bdpp-featured-meta\">\r\n\t\t\t\r\n\t\t\t\t<h2 class=\"bdpp-post-title\">\r\n\t\t\t\t\t<a href=\"https:\/\/cndesge.org\/?p=12788\">Reuni\u00f3n de concertaci\u00f3n entre el CNDES y los Organizadores de la Feria \u201cEmprende 2025\u201d.<\/a>\r\n\t\t\t\t<\/h2>\r\n\r\n\t\t\t\t\t\t\t\t<div class=\"bdpp-post-meta bdpp-post-meta-up\">\r\n\t\t\t\t\t<span class=\"bdpp-post-meta-data bdpp-post-date\"><i class=\"fa fa-clock-o\"><\/i>diciembre 4, 2025<\/span>\t\t\t\t<\/div>\r\n\t\t\t\t\t\t\t<\/div>\r\n\t\t<\/div>\r\n\t<\/div>\r\n<\/div><div class=\"bdpp-post-slide bdpp-post-12756 bdpp-post-standard bdpp-has-thumb\">\r\n\t<div class=\"bdpp-post-slider-content\">\r\n\t\t<a class=\"bdpp-post-linkoverlay\" href=\"https:\/\/cndesge.org\/?p=12756\"><\/a>\r\n\t\t<div class=\"bdpp-post-img-bg\" style=\"background-image:url(https:\/\/cndesge.org\/wp-content\/uploads\/2025\/12\/280c624e-5c6b-422c-b4bd-dfed38e03a9d.jpeg);\">\r\n\t\t\t<div class=\"bdpp-featured-meta\">\r\n\t\t\t\r\n\t\t\t\t<h2 class=\"bdpp-post-title\">\r\n\t\t\t\t\t<a href=\"https:\/\/cndesge.org\/?p=12756\">Reuni\u00f3n de Coordinaci\u00f3n entre la Comisi\u00f3n T\u00e9cnica del Sector Cultural del CNDES y la Asociaci\u00f3n Nacional de M\u00fasicos de Guinea Ecuatorial (ASNAMUGE).<\/a>\r\n\t\t\t\t<\/h2>\r\n\r\n\t\t\t\t\t\t\t\t<div class=\"bdpp-post-meta bdpp-post-meta-up\">\r\n\t\t\t\t\t<span class=\"bdpp-post-meta-data bdpp-post-date\"><i class=\"fa fa-clock-o\"><\/i>diciembre 3, 2025<\/span>\t\t\t\t<\/div>\r\n\t\t\t\t\t\t\t<\/div>\r\n\t\t<\/div>\r\n\t<\/div>\r\n<\/div><div class=\"bdpp-post-slide bdpp-post-12751 bdpp-post-standard bdpp-has-thumb\">\r\n\t<div class=\"bdpp-post-slider-content\">\r\n\t\t<a class=\"bdpp-post-linkoverlay\" href=\"https:\/\/cndesge.org\/?p=12751\"><\/a>\r\n\t\t<div class=\"bdpp-post-img-bg\" style=\"background-image:url(https:\/\/cndesge.org\/wp-content\/uploads\/2025\/12\/008b23a0-5aef-4503-85e8-370b29388119.jpeg);\">\r\n\t\t\t<div class=\"bdpp-featured-meta\">\r\n\t\t\t\r\n\t\t\t\t<h2 class=\"bdpp-post-title\">\r\n\t\t\t\t\t<a href=\"https:\/\/cndesge.org\/?p=12751\">El CNDES destaca en Adis Abeba y logra la Vicepresidencia Primera del Comit\u00e9 de Pol\u00edtica Social, Pobreza y G\u00e9nero de la Comisi\u00f3n Econ\u00f3mica de la para \u00c1frica (ECA) 2025-2027<\/a>\r\n\t\t\t\t<\/h2>\r\n\r\n\t\t\t\t\t\t\t\t<div class=\"bdpp-post-meta bdpp-post-meta-up\">\r\n\t\t\t\t\t<span class=\"bdpp-post-meta-data bdpp-post-date\"><i class=\"fa fa-clock-o\"><\/i>diciembre 3, 2025<\/span>\t\t\t\t<\/div>\r\n\t\t\t\t\t\t\t<\/div>\r\n\t\t<\/div>\r\n\t<\/div>\r\n<\/div><div class=\"bdpp-post-slide bdpp-post-12747 bdpp-post-standard bdpp-has-thumb\">\r\n\t<div class=\"bdpp-post-slider-content\">\r\n\t\t<a class=\"bdpp-post-linkoverlay\" href=\"https:\/\/cndesge.org\/?p=12747\"><\/a>\r\n\t\t<div class=\"bdpp-post-img-bg\" style=\"background-image:url(https:\/\/cndesge.org\/wp-content\/uploads\/2025\/12\/a1533af0-890e-4efe-9833-c62710f47d40.jpeg);\">\r\n\t\t\t<div class=\"bdpp-featured-meta\">\r\n\t\t\t\r\n\t\t\t\t<h2 class=\"bdpp-post-title\">\r\n\t\t\t\t\t<a href=\"https:\/\/cndesge.org\/?p=12747\">Intervenci\u00f3n del Vicepresidente Segundo del Consejo Nacional para el Desarrollo Econ\u00f3mico y Social en la Mesa Redonda sobre Think Tanks y el Sur Global en Shanghai \u2013 China.<\/a>\r\n\t\t\t\t<\/h2>\r\n\r\n\t\t\t\t\t\t\t\t<div class=\"bdpp-post-meta bdpp-post-meta-up\">\r\n\t\t\t\t\t<span class=\"bdpp-post-meta-data bdpp-post-date\"><i class=\"fa fa-clock-o\"><\/i>diciembre 3, 2025<\/span>\t\t\t\t<\/div>\r\n\t\t\t\t\t\t\t<\/div>\r\n\t\t<\/div>\r\n\t<\/div>\r\n<\/div><div class=\"bdpp-post-slide bdpp-post-12741 bdpp-post-standard bdpp-has-thumb\">\r\n\t<div class=\"bdpp-post-slider-content\">\r\n\t\t<a class=\"bdpp-post-linkoverlay\" href=\"https:\/\/cndesge.org\/?p=12741\"><\/a>\r\n\t\t<div class=\"bdpp-post-img-bg\" style=\"background-image:url(https:\/\/cndesge.org\/wp-content\/uploads\/2025\/12\/d4659edc-a891-49b1-9262-5b4ba2a05c11.jpeg);\">\r\n\t\t\t<div class=\"bdpp-featured-meta\">\r\n\t\t\t\r\n\t\t\t\t<h2 class=\"bdpp-post-title\">\r\n\t\t\t\t\t<a href=\"https:\/\/cndesge.org\/?p=12741\">El CNDES fortalece la cooperaci\u00f3n internacional en materia de planificaci\u00f3n urbana durante su visita oficial a Shangh\u00e1i<\/a>\r\n\t\t\t\t<\/h2>\r\n\r\n\t\t\t\t\t\t\t\t<div class=\"bdpp-post-meta bdpp-post-meta-up\">\r\n\t\t\t\t\t<span class=\"bdpp-post-meta-data bdpp-post-date\"><i class=\"fa fa-clock-o\"><\/i>diciembre 2, 2025<\/span>\t\t\t\t<\/div>\r\n\t\t\t\t\t\t\t<\/div>\r\n\t\t<\/div>\r\n\t<\/div>\r\n<\/div><div class=\"bdpp-post-slide bdpp-post-12717 bdpp-post-standard bdpp-has-thumb\">\r\n\t<div class=\"bdpp-post-slider-content\">\r\n\t\t<a class=\"bdpp-post-linkoverlay\" href=\"https:\/\/cndesge.org\/?p=12717\"><\/a>\r\n\t\t<div class=\"bdpp-post-img-bg\" style=\"background-image:url(https:\/\/cndesge.org\/wp-content\/uploads\/2025\/12\/11b0a2a3-98df-4824-90f8-f9df18226565.jpeg);\">\r\n\t\t\t<div class=\"bdpp-featured-meta\">\r\n\t\t\t\r\n\t\t\t\t<h2 class=\"bdpp-post-title\">\r\n\t\t\t\t\t<a href=\"https:\/\/cndesge.org\/?p=12717\">La Vicepresidenta Primera del CNDES participa en el lanzamiento de \u201cAGROBUSINESS\u201d, la nueva apuesta de BANGE para impulsar la transformaci\u00f3n agr\u00edcola.<\/a>\r\n\t\t\t\t<\/h2>\r\n\r\n\t\t\t\t\t\t\t\t<div class=\"bdpp-post-meta bdpp-post-meta-up\">\r\n\t\t\t\t\t<span class=\"bdpp-post-meta-data bdpp-post-date\"><i class=\"fa fa-clock-o\"><\/i>diciembre 1, 2025<\/span>\t\t\t\t<\/div>\r\n\t\t\t\t\t\t\t<\/div>\r\n\t\t<\/div>\r\n\t<\/div>\r\n<\/div><div class=\"bdpp-post-slide bdpp-post-12685 bdpp-post-standard bdpp-has-thumb\">\r\n\t<div class=\"bdpp-post-slider-content\">\r\n\t\t<a class=\"bdpp-post-linkoverlay\" href=\"https:\/\/cndesge.org\/?p=12685\"><\/a>\r\n\t\t<div class=\"bdpp-post-img-bg\" style=\"background-image:url(https:\/\/cndesge.org\/wp-content\/uploads\/2025\/11\/20ea0ef7-59c5-40bd-9dcb-6e5017b0fcce-scaled.jpeg);\">\r\n\t\t\t<div class=\"bdpp-featured-meta\">\r\n\t\t\t\r\n\t\t\t\t<h2 class=\"bdpp-post-title\">\r\n\t\t\t\t\t<a href=\"https:\/\/cndesge.org\/?p=12685\">El CNDES mantiene la primera reuni\u00f3n de concertaci\u00f3n con las subcomisiones encargadas de organizar la SEGUNDA  EDICI\u00d3N de las JORNADAS DE REFLEXI\u00d3N SOBRE DIVERSIFICACI\u00d3N ECON\u00d3MICA e INCLUSI\u00d3N SOCIAL en los sectores de Pesca y Turismo.<\/a>\r\n\t\t\t\t<\/h2>\r\n\r\n\t\t\t\t\t\t\t\t<div class=\"bdpp-post-meta bdpp-post-meta-up\">\r\n\t\t\t\t\t<span class=\"bdpp-post-meta-data bdpp-post-date\"><i class=\"fa fa-clock-o\"><\/i>noviembre 28, 2025<\/span>\t\t\t\t<\/div>\r\n\t\t\t\t\t\t\t<\/div>\r\n\t\t<\/div>\r\n\t<\/div>\r\n<\/div><div class=\"bdpp-post-slide bdpp-post-12600 bdpp-post-standard bdpp-has-thumb\">\r\n\t<div class=\"bdpp-post-slider-content\">\r\n\t\t<a class=\"bdpp-post-linkoverlay\" href=\"https:\/\/cndesge.org\/?p=12600\"><\/a>\r\n\t\t<div class=\"bdpp-post-img-bg\" style=\"background-image:url(https:\/\/cndesge.org\/wp-content\/uploads\/2025\/11\/11a52a34-90a3-4745-bb8b-a8150a42e2d4-scaled.jpeg);\">\r\n\t\t\t<div class=\"bdpp-featured-meta\">\r\n\t\t\t\r\n\t\t\t\t<h2 class=\"bdpp-post-title\">\r\n\t\t\t\t\t<a href=\"https:\/\/cndesge.org\/?p=12600\">El Consejo Nacional para el Desarrollo Econ\u00f3mico y Social de Guinea Ecuatorial ha mantenido su Cuarta Sesi\u00f3n Extraordinaria del Pleno del a\u00f1o 2025.<\/a>\r\n\t\t\t\t<\/h2>\r\n\r\n\t\t\t\t\t\t\t\t<div class=\"bdpp-post-meta bdpp-post-meta-up\">\r\n\t\t\t\t\t<span class=\"bdpp-post-meta-data bdpp-post-date\"><i class=\"fa fa-clock-o\"><\/i>noviembre 27, 2025<\/span>\t\t\t\t<\/div>\r\n\t\t\t\t\t\t\t<\/div>\r\n\t\t<\/div>\r\n\t<\/div>\r\n<\/div><div class=\"bdpp-post-slide bdpp-post-12582 bdpp-post-standard bdpp-has-thumb\">\r\n\t<div class=\"bdpp-post-slider-content\">\r\n\t\t<a class=\"bdpp-post-linkoverlay\" href=\"https:\/\/cndesge.org\/?p=12582\"><\/a>\r\n\t\t<div class=\"bdpp-post-img-bg\" style=\"background-image:url(https:\/\/cndesge.org\/wp-content\/uploads\/2025\/11\/3b51647d-a3e3-4fb1-9f19-283354ff995e.jpeg);\">\r\n\t\t\t<div class=\"bdpp-featured-meta\">\r\n\t\t\t\r\n\t\t\t\t<h2 class=\"bdpp-post-title\">\r\n\t\t\t\t\t<a href=\"https:\/\/cndesge.org\/?p=12582\">Participaci\u00f3n de una delegaci\u00f3n del CNDES en la TRIG\u00c9SIMA CONFERENCIA DE LAS PARTES (COP30) \u201cbajo la convenci\u00f3n marco de las Naciones Unidas sobre cambio Clim\u00e1tico (CMNUCC)\u201d<\/a>\r\n\t\t\t\t<\/h2>\r\n\r\n\t\t\t\t\t\t\t\t<div class=\"bdpp-post-meta bdpp-post-meta-up\">\r\n\t\t\t\t\t<span class=\"bdpp-post-meta-data bdpp-post-date\"><i class=\"fa fa-clock-o\"><\/i>noviembre 26, 2025<\/span>\t\t\t\t<\/div>\r\n\t\t\t\t\t\t\t<\/div>\r\n\t\t<\/div>\r\n\t<\/div>\r\n<\/div><div class=\"bdpp-post-slide bdpp-post-12574 bdpp-post-standard bdpp-has-thumb\">\r\n\t<div class=\"bdpp-post-slider-content\">\r\n\t\t<a class=\"bdpp-post-linkoverlay\" href=\"https:\/\/cndesge.org\/?p=12574\"><\/a>\r\n\t\t<div class=\"bdpp-post-img-bg\" style=\"background-image:url(https:\/\/cndesge.org\/wp-content\/uploads\/2025\/11\/b1cd10cd-dd6b-4285-846b-8c4fd4362256.jpeg);\">\r\n\t\t\t<div class=\"bdpp-featured-meta\">\r\n\t\t\t\r\n\t\t\t\t<h2 class=\"bdpp-post-title\">\r\n\t\t\t\t\t<a href=\"https:\/\/cndesge.org\/?p=12574\">Reuni\u00f3n de Concertaci\u00f3n entre el CNDES y el Ministerio de Turismo e Infraestructuras Tur\u00edsticas de cara a la elaboraci\u00f3n de la Memoria Anual 2025 sobre la situaci\u00f3n socioecon\u00f3mica del pa\u00eds.<\/a>\r\n\t\t\t\t<\/h2>\r\n\r\n\t\t\t\t\t\t\t\t<div class=\"bdpp-post-meta bdpp-post-meta-up\">\r\n\t\t\t\t\t<span class=\"bdpp-post-meta-data bdpp-post-date\"><i class=\"fa fa-clock-o\"><\/i>noviembre 21, 2025<\/span>\t\t\t\t<\/div>\r\n\t\t\t\t\t\t\t<\/div>\r\n\t\t<\/div>\r\n\t<\/div>\r\n<\/div><div class=\"bdpp-post-slide bdpp-post-12570 bdpp-post-standard bdpp-has-thumb\">\r\n\t<div class=\"bdpp-post-slider-content\">\r\n\t\t<a class=\"bdpp-post-linkoverlay\" href=\"https:\/\/cndesge.org\/?p=12570\"><\/a>\r\n\t\t<div class=\"bdpp-post-img-bg\" style=\"background-image:url(https:\/\/cndesge.org\/wp-content\/uploads\/2025\/11\/db34c16f-66b1-4433-b283-f10f85b538e4.jpeg);\">\r\n\t\t\t<div class=\"bdpp-featured-meta\">\r\n\t\t\t\r\n\t\t\t\t<h2 class=\"bdpp-post-title\">\r\n\t\t\t\t\t<a href=\"https:\/\/cndesge.org\/?p=12570\">Reuni\u00f3n de Concertaci\u00f3n entre el CNDES y el Departamento de Catastro y Ordenaci\u00f3n de Tierras de cara a la elaboraci\u00f3n de la Memoria Anual 2025 sobre la situaci\u00f3n socioecon\u00f3mica del pa\u00eds.<\/a>\r\n\t\t\t\t<\/h2>\r\n\r\n\t\t\t\t\t\t\t\t<div class=\"bdpp-post-meta bdpp-post-meta-up\">\r\n\t\t\t\t\t<span class=\"bdpp-post-meta-data bdpp-post-date\"><i class=\"fa fa-clock-o\"><\/i>noviembre 21, 2025<\/span>\t\t\t\t<\/div>\r\n\t\t\t\t\t\t\t<\/div>\r\n\t\t<\/div>\r\n\t<\/div>\r\n<\/div><div class=\"bdpp-post-slide bdpp-post-12549 bdpp-post-standard bdpp-has-thumb\">\r\n\t<div class=\"bdpp-post-slider-content\">\r\n\t\t<a class=\"bdpp-post-linkoverlay\" href=\"https:\/\/cndesge.org\/?p=12549\"><\/a>\r\n\t\t<div class=\"bdpp-post-img-bg\" style=\"background-image:url(https:\/\/cndesge.org\/wp-content\/uploads\/2025\/11\/2bd953b0-7ad9-4c62-8c91-d219aa592ca4.jpeg);\">\r\n\t\t\t<div class=\"bdpp-featured-meta\">\r\n\t\t\t\r\n\t\t\t\t<h2 class=\"bdpp-post-title\">\r\n\t\t\t\t\t<a href=\"https:\/\/cndesge.org\/?p=12549\">El CNDES mantiene una reuni\u00f3n de concertaci\u00f3n con el Ministerio de Asuntos Exteriores, Cooperaci\u00f3n Internacional y Di\u00e1spora de cara a la elaboraci\u00f3n de la Memoria Anual 2025<\/a>\r\n\t\t\t\t<\/h2>\r\n\r\n\t\t\t\t\t\t\t\t<div class=\"bdpp-post-meta bdpp-post-meta-up\">\r\n\t\t\t\t\t<span class=\"bdpp-post-meta-data bdpp-post-date\"><i class=\"fa fa-clock-o\"><\/i>noviembre 20, 2025<\/span>\t\t\t\t<\/div>\r\n\t\t\t\t\t\t\t<\/div>\r\n\t\t<\/div>\r\n\t<\/div>\r\n<\/div><div class=\"bdpp-post-slide bdpp-post-12545 bdpp-post-standard bdpp-has-thumb\">\r\n\t<div class=\"bdpp-post-slider-content\">\r\n\t\t<a class=\"bdpp-post-linkoverlay\" href=\"https:\/\/cndesge.org\/?p=12545\"><\/a>\r\n\t\t<div class=\"bdpp-post-img-bg\" style=\"background-image:url(https:\/\/cndesge.org\/wp-content\/uploads\/2025\/11\/b0756d9b-c65f-4be2-9ff8-b28404fc24c4.jpeg);\">\r\n\t\t\t<div class=\"bdpp-featured-meta\">\r\n\t\t\t\r\n\t\t\t\t<h2 class=\"bdpp-post-title\">\r\n\t\t\t\t\t<a href=\"https:\/\/cndesge.org\/?p=12545\">El CNDES ha mantenido una reuni\u00f3n de concertaci\u00f3n con el Ministerio de Transportes, Telecomunicaciones y Sistema de Inteligencia Artificial.<\/a>\r\n\t\t\t\t<\/h2>\r\n\r\n\t\t\t\t\t\t\t\t<div class=\"bdpp-post-meta bdpp-post-meta-up\">\r\n\t\t\t\t\t<span class=\"bdpp-post-meta-data bdpp-post-date\"><i class=\"fa fa-clock-o\"><\/i>noviembre 20, 2025<\/span>\t\t\t\t<\/div>\r\n\t\t\t\t\t\t\t<\/div>\r\n\t\t<\/div>\r\n\t<\/div>\r\n<\/div><div class=\"bdpp-post-slide bdpp-post-12541 bdpp-post-standard bdpp-has-thumb\">\r\n\t<div class=\"bdpp-post-slider-content\">\r\n\t\t<a class=\"bdpp-post-linkoverlay\" href=\"https:\/\/cndesge.org\/?p=12541\"><\/a>\r\n\t\t<div class=\"bdpp-post-img-bg\" style=\"background-image:url(https:\/\/cndesge.org\/wp-content\/uploads\/2025\/11\/ab320116-6a3b-47e0-a2fb-f504c9d3b76c.jpeg);\">\r\n\t\t\t<div class=\"bdpp-featured-meta\">\r\n\t\t\t\r\n\t\t\t\t<h2 class=\"bdpp-post-title\">\r\n\t\t\t\t\t<a href=\"https:\/\/cndesge.org\/?p=12541\">El CNDES mantiene una reuni\u00f3n de concertaci\u00f3n con el Ministerio de Sanidad, Bienestar Social e Infraestructuras Sanitarias de cara a la elaboraci\u00f3n de la Memoria Anual del presente a\u00f1o 2025<\/a>\r\n\t\t\t\t<\/h2>\r\n\r\n\t\t\t\t\t\t\t\t<div class=\"bdpp-post-meta bdpp-post-meta-up\">\r\n\t\t\t\t\t<span class=\"bdpp-post-meta-data bdpp-post-date\"><i class=\"fa fa-clock-o\"><\/i>noviembre 20, 2025<\/span>\t\t\t\t<\/div>\r\n\t\t\t\t\t\t\t<\/div>\r\n\t\t<\/div>\r\n\t<\/div>\r\n<\/div><div class=\"bdpp-post-slide bdpp-post-12537 bdpp-post-standard bdpp-has-thumb\">\r\n\t<div class=\"bdpp-post-slider-content\">\r\n\t\t<a class=\"bdpp-post-linkoverlay\" href=\"https:\/\/cndesge.org\/?p=12537\"><\/a>\r\n\t\t<div class=\"bdpp-post-img-bg\" style=\"background-image:url(https:\/\/cndesge.org\/wp-content\/uploads\/2025\/11\/36d93d18-e087-4c7e-8e46-d51bdeb6e176.jpeg);\">\r\n\t\t\t<div class=\"bdpp-featured-meta\">\r\n\t\t\t\r\n\t\t\t\t<h2 class=\"bdpp-post-title\">\r\n\t\t\t\t\t<a href=\"https:\/\/cndesge.org\/?p=12537\">Reuni\u00f3n de concertaci\u00f3n entre el CNDES y el Ministerio del Interior y Administraci\u00f3n Local  de cara a la elaboraci\u00f3n de la Memoria Anual 2025 sobre la situaci\u00f3n socioecon\u00f3mica del pa\u00eds.<\/a>\r\n\t\t\t\t<\/h2>\r\n\r\n\t\t\t\t\t\t\t\t<div class=\"bdpp-post-meta bdpp-post-meta-up\">\r\n\t\t\t\t\t<span class=\"bdpp-post-meta-data bdpp-post-date\"><i class=\"fa fa-clock-o\"><\/i>noviembre 18, 2025<\/span>\t\t\t\t<\/div>\r\n\t\t\t\t\t\t\t<\/div>\r\n\t\t<\/div>\r\n\t<\/div>\r\n<\/div><div class=\"bdpp-post-slide bdpp-post-12534 bdpp-post-standard bdpp-has-thumb\">\r\n\t<div class=\"bdpp-post-slider-content\">\r\n\t\t<a class=\"bdpp-post-linkoverlay\" href=\"https:\/\/cndesge.org\/?p=12534\"><\/a>\r\n\t\t<div class=\"bdpp-post-img-bg\" style=\"background-image:url(https:\/\/cndesge.org\/wp-content\/uploads\/2025\/11\/4abdc8f7-79c9-4510-8c3a-a895c4dd84b8.jpeg);\">\r\n\t\t\t<div class=\"bdpp-featured-meta\">\r\n\t\t\t\r\n\t\t\t\t<h2 class=\"bdpp-post-title\">\r\n\t\t\t\t\t<a href=\"https:\/\/cndesge.org\/?p=12534\">Reuni\u00f3n de concertaci\u00f3n entre el CNDES y el Ministerio de Hidrocarburos y Desarrollo Minero de  cara a la elaboraci\u00f3n de la Memoria Anual 2025 sobre la situaci\u00f3n socioecon\u00f3mica del pa\u00eds.<\/a>\r\n\t\t\t\t<\/h2>\r\n\r\n\t\t\t\t\t\t\t\t<div class=\"bdpp-post-meta bdpp-post-meta-up\">\r\n\t\t\t\t\t<span class=\"bdpp-post-meta-data bdpp-post-date\"><i class=\"fa fa-clock-o\"><\/i>noviembre 18, 2025<\/span>\t\t\t\t<\/div>\r\n\t\t\t\t\t\t\t<\/div>\r\n\t\t<\/div>\r\n\t<\/div>\r\n<\/div><div class=\"bdpp-post-slide bdpp-post-12531 bdpp-post-standard bdpp-has-thumb\">\r\n\t<div class=\"bdpp-post-slider-content\">\r\n\t\t<a class=\"bdpp-post-linkoverlay\" href=\"https:\/\/cndesge.org\/?p=12531\"><\/a>\r\n\t\t<div class=\"bdpp-post-img-bg\" style=\"background-image:url(https:\/\/cndesge.org\/wp-content\/uploads\/2025\/11\/d8cd1333-39a2-4096-bb93-abde4472bace.jpeg);\">\r\n\t\t\t<div class=\"bdpp-featured-meta\">\r\n\t\t\t\r\n\t\t\t\t<h2 class=\"bdpp-post-title\">\r\n\t\t\t\t\t<a href=\"https:\/\/cndesge.org\/?p=12531\">Reuni\u00f3n de concertaci\u00f3n entre el CNDES  y el Ministerio de Hacienda, Planificaci\u00f3n  y Desarrollo Econ\u00f3mico, de cara a la elaboraci\u00f3n de la memoria anual 2025 sobre la situaci\u00f3n socioecon\u00f3mica del pa\u00eds<\/a>\r\n\t\t\t\t<\/h2>\r\n\r\n\t\t\t\t\t\t\t\t<div class=\"bdpp-post-meta bdpp-post-meta-up\">\r\n\t\t\t\t\t<span class=\"bdpp-post-meta-data bdpp-post-date\"><i class=\"fa fa-clock-o\"><\/i>noviembre 18, 2025<\/span>\t\t\t\t<\/div>\r\n\t\t\t\t\t\t\t<\/div>\r\n\t\t<\/div>\r\n\t<\/div>\r\n<\/div><div class=\"bdpp-post-slide bdpp-post-12516 bdpp-post-standard bdpp-has-thumb\">\r\n\t<div class=\"bdpp-post-slider-content\">\r\n\t\t<a class=\"bdpp-post-linkoverlay\" href=\"https:\/\/cndesge.org\/?p=12516\"><\/a>\r\n\t\t<div class=\"bdpp-post-img-bg\" style=\"background-image:url(https:\/\/cndesge.org\/wp-content\/uploads\/2025\/11\/2e3c83cd-f98d-473f-b45f-f6e1705272f8.jpeg);\">\r\n\t\t\t<div class=\"bdpp-featured-meta\">\r\n\t\t\t\r\n\t\t\t\t<h2 class=\"bdpp-post-title\">\r\n\t\t\t\t\t<a href=\"https:\/\/cndesge.org\/?p=12516\">La Organizaci\u00f3n Mundial de Comercio solicita el apoyo del Consejo Nacional para el Desarrollo Econ\u00f3mico y Social para trabajar juntos en el proceso de la adhesi\u00f3n de guinea ecuatorial en la OMC.<\/a>\r\n\t\t\t\t<\/h2>\r\n\r\n\t\t\t\t\t\t\t\t<div class=\"bdpp-post-meta bdpp-post-meta-up\">\r\n\t\t\t\t\t<span class=\"bdpp-post-meta-data bdpp-post-date\"><i class=\"fa fa-clock-o\"><\/i>noviembre 18, 2025<\/span>\t\t\t\t<\/div>\r\n\t\t\t\t\t\t\t<\/div>\r\n\t\t<\/div>\r\n\t<\/div>\r\n<\/div><div class=\"bdpp-post-slide bdpp-post-12511 bdpp-post-standard bdpp-has-thumb\">\r\n\t<div class=\"bdpp-post-slider-content\">\r\n\t\t<a class=\"bdpp-post-linkoverlay\" href=\"https:\/\/cndesge.org\/?p=12511\"><\/a>\r\n\t\t<div class=\"bdpp-post-img-bg\" style=\"background-image:url(https:\/\/cndesge.org\/wp-content\/uploads\/2025\/11\/78bf77e1-7933-4d84-b43f-2f4231df25fa.jpeg);\">\r\n\t\t\t<div class=\"bdpp-featured-meta\">\r\n\t\t\t\r\n\t\t\t\t<h2 class=\"bdpp-post-title\">\r\n\t\t\t\t\t<a href=\"https:\/\/cndesge.org\/?p=12511\">Reuni\u00f3n de concertaci\u00f3n entre el CNDES y el Ministerio de Igualdad de G\u00e9nero, Asuntos Sociales y Artesan\u00eda de cara a la elaboraci\u00f3n de la Memoria Anual 2025 sobre la situaci\u00f3n socioecon\u00f3mica del Pa\u00eds.<\/a>\r\n\t\t\t\t<\/h2>\r\n\r\n\t\t\t\t\t\t\t\t<div class=\"bdpp-post-meta bdpp-post-meta-up\">\r\n\t\t\t\t\t<span class=\"bdpp-post-meta-data bdpp-post-date\"><i class=\"fa fa-clock-o\"><\/i>noviembre 14, 2025<\/span>\t\t\t\t<\/div>\r\n\t\t\t\t\t\t\t<\/div>\r\n\t\t<\/div>\r\n\t<\/div>\r\n<\/div><div class=\"bdpp-post-slide bdpp-post-12478 bdpp-post-standard bdpp-has-thumb\">\r\n\t<div class=\"bdpp-post-slider-content\">\r\n\t\t<a class=\"bdpp-post-linkoverlay\" href=\"https:\/\/cndesge.org\/?p=12478\"><\/a>\r\n\t\t<div class=\"bdpp-post-img-bg\" style=\"background-image:url(https:\/\/cndesge.org\/wp-content\/uploads\/2025\/11\/68aec9ee-e1cd-472e-8267-259806ac10c4.jpeg);\">\r\n\t\t\t<div class=\"bdpp-featured-meta\">\r\n\t\t\t\r\n\t\t\t\t<h2 class=\"bdpp-post-title\">\r\n\t\t\t\t\t<a href=\"https:\/\/cndesge.org\/?p=12478\">Reuni\u00f3n de concertaci\u00f3n entre el CNDES y Ministerio de la Funci\u00f3n P\u00fablica, Reforma Administrativa y Seguridad Social de cara a la elaboraci\u00f3n de la Memoria Anual 2025 sobre la situaci\u00f3n socioecon\u00f3mica del Pa\u00eds.<\/a>\r\n\t\t\t\t<\/h2>\r\n\r\n\t\t\t\t\t\t\t\t<div class=\"bdpp-post-meta bdpp-post-meta-up\">\r\n\t\t\t\t\t<span class=\"bdpp-post-meta-data bdpp-post-date\"><i class=\"fa fa-clock-o\"><\/i>noviembre 14, 2025<\/span>\t\t\t\t<\/div>\r\n\t\t\t\t\t\t\t<\/div>\r\n\t\t<\/div>\r\n\t<\/div>\r\n<\/div><div class=\"bdpp-post-slide bdpp-post-12449 bdpp-post-standard bdpp-has-thumb\">\r\n\t<div class=\"bdpp-post-slider-content\">\r\n\t\t<a class=\"bdpp-post-linkoverlay\" href=\"https:\/\/cndesge.org\/?p=12449\"><\/a>\r\n\t\t<div class=\"bdpp-post-img-bg\" style=\"background-image:url(https:\/\/cndesge.org\/wp-content\/uploads\/2025\/11\/IMG_1088.jpeg);\">\r\n\t\t\t<div class=\"bdpp-featured-meta\">\r\n\t\t\t\r\n\t\t\t\t<h2 class=\"bdpp-post-title\">\r\n\t\t\t\t\t<a href=\"https:\/\/cndesge.org\/?p=12449\">Reuni\u00f3n de concertaci\u00f3n entre el CNDES y el Ministerio de Comercio Promoci\u00f3n de Empresas e Industrias de cara a la elaboraci\u00f3n de la Memoria Anual 2025 sobre la situaci\u00f3n socioecon\u00f3mica del Pa\u00eds.<\/a>\r\n\t\t\t\t<\/h2>\r\n\r\n\t\t\t\t\t\t\t\t<div class=\"bdpp-post-meta bdpp-post-meta-up\">\r\n\t\t\t\t\t<span class=\"bdpp-post-meta-data bdpp-post-date\"><i class=\"fa fa-clock-o\"><\/i>noviembre 11, 2025<\/span>\t\t\t\t<\/div>\r\n\t\t\t\t\t\t\t<\/div>\r\n\t\t<\/div>\r\n\t<\/div>\r\n<\/div><div class=\"bdpp-post-slide bdpp-post-12472 bdpp-post-standard bdpp-has-thumb\">\r\n\t<div class=\"bdpp-post-slider-content\">\r\n\t\t<a class=\"bdpp-post-linkoverlay\" href=\"https:\/\/cndesge.org\/?p=12472\"><\/a>\r\n\t\t<div class=\"bdpp-post-img-bg\" style=\"background-image:url(https:\/\/cndesge.org\/wp-content\/uploads\/2025\/11\/786a2f35-98cc-445a-9bca-5960803a953c.jpeg);\">\r\n\t\t\t<div class=\"bdpp-featured-meta\">\r\n\t\t\t\r\n\t\t\t\t<h2 class=\"bdpp-post-title\">\r\n\t\t\t\t\t<a href=\"https:\/\/cndesge.org\/?p=12472\">El CNDES inicia las reuniones preparatorias de la segunda edici\u00f3n de las Jornadas de Reflexi\u00f3n  sobre Diversificaci\u00f3n Econ\u00f3mica y Social (JORNADEIS) centradas en pesca y turismo.<\/a>\r\n\t\t\t\t<\/h2>\r\n\r\n\t\t\t\t\t\t\t\t<div class=\"bdpp-post-meta bdpp-post-meta-up\">\r\n\t\t\t\t\t<span class=\"bdpp-post-meta-data bdpp-post-date\"><i class=\"fa fa-clock-o\"><\/i>noviembre 11, 2025<\/span>\t\t\t\t<\/div>\r\n\t\t\t\t\t\t\t<\/div>\r\n\t\t<\/div>\r\n\t<\/div>\r\n<\/div><div class=\"bdpp-post-slide bdpp-post-12432 bdpp-post-standard bdpp-has-thumb\">\r\n\t<div class=\"bdpp-post-slider-content\">\r\n\t\t<a class=\"bdpp-post-linkoverlay\" href=\"https:\/\/cndesge.org\/?p=12432\"><\/a>\r\n\t\t<div class=\"bdpp-post-img-bg\" style=\"background-image:url(https:\/\/cndesge.org\/wp-content\/uploads\/2025\/11\/IMG_0964.jpeg);\">\r\n\t\t\t<div class=\"bdpp-featured-meta\">\r\n\t\t\t\r\n\t\t\t\t<h2 class=\"bdpp-post-title\">\r\n\t\t\t\t\t<a href=\"https:\/\/cndesge.org\/?p=12432\">Una delegaci\u00f3n del CNDES participa en la Segunda Cumbre Mundial sobre Desarrollo Social en Doha (Catar)<\/a>\r\n\t\t\t\t<\/h2>\r\n\r\n\t\t\t\t\t\t\t\t<div class=\"bdpp-post-meta bdpp-post-meta-up\">\r\n\t\t\t\t\t<span class=\"bdpp-post-meta-data bdpp-post-date\"><i class=\"fa fa-clock-o\"><\/i>noviembre 7, 2025<\/span>\t\t\t\t<\/div>\r\n\t\t\t\t\t\t\t<\/div>\r\n\t\t<\/div>\r\n\t<\/div>\r\n<\/div><div class=\"bdpp-post-slide bdpp-post-12406 bdpp-post-standard bdpp-has-thumb\">\r\n\t<div class=\"bdpp-post-slider-content\">\r\n\t\t<a class=\"bdpp-post-linkoverlay\" href=\"https:\/\/cndesge.org\/?p=12406\"><\/a>\r\n\t\t<div class=\"bdpp-post-img-bg\" style=\"background-image:url(https:\/\/cndesge.org\/wp-content\/uploads\/2025\/11\/c4df5feb-38e7-4cb5-b6e0-5ed6a7684383.jpeg);\">\r\n\t\t\t<div class=\"bdpp-featured-meta\">\r\n\t\t\t\r\n\t\t\t\t<h2 class=\"bdpp-post-title\">\r\n\t\t\t\t\t<a href=\"https:\/\/cndesge.org\/?p=12406\">Reuni\u00f3n de Concertaci\u00f3n entre el CNDES Y el Departamento de AUDITOR\u00cdAS de cara a la elaboraci\u00f3n de la Memoria Anual 2025 sobre la situaci\u00f3n Socioecon\u00f3mica del Pa\u00eds.<\/a>\r\n\t\t\t\t<\/h2>\r\n\r\n\t\t\t\t\t\t\t\t<div class=\"bdpp-post-meta bdpp-post-meta-up\">\r\n\t\t\t\t\t<span class=\"bdpp-post-meta-data bdpp-post-date\"><i class=\"fa fa-clock-o\"><\/i>noviembre 6, 2025<\/span>\t\t\t\t<\/div>\r\n\t\t\t\t\t\t\t<\/div>\r\n\t\t<\/div>\r\n\t<\/div>\r\n<\/div><div class=\"bdpp-post-slide bdpp-post-12376 bdpp-post-standard bdpp-has-thumb\">\r\n\t<div class=\"bdpp-post-slider-content\">\r\n\t\t<a class=\"bdpp-post-linkoverlay\" href=\"https:\/\/cndesge.org\/?p=12376\"><\/a>\r\n\t\t<div class=\"bdpp-post-img-bg\" style=\"background-image:url(https:\/\/cndesge.org\/wp-content\/uploads\/2025\/11\/70e77e56-c7b5-446a-aa7c-690a7081b050.jpeg);\">\r\n\t\t\t<div class=\"bdpp-featured-meta\">\r\n\t\t\t\r\n\t\t\t\t<h2 class=\"bdpp-post-title\">\r\n\t\t\t\t\t<a href=\"https:\/\/cndesge.org\/?p=12376\">Reuni\u00f3n de Concertaci\u00f3n entre el CNDES Y el Departamento de la Tesorer\u00eda General y Patrimonio del Estado de cara a la elaboraci\u00f3n de la Memoria Anual 2025 sobre la situaci\u00f3n Socioecon\u00f3mica del Pa\u00eds.<\/a>\r\n\t\t\t\t<\/h2>\r\n\r\n\t\t\t\t\t\t\t\t<div class=\"bdpp-post-meta bdpp-post-meta-up\">\r\n\t\t\t\t\t<span class=\"bdpp-post-meta-data bdpp-post-date\"><i class=\"fa fa-clock-o\"><\/i>noviembre 5, 2025<\/span>\t\t\t\t<\/div>\r\n\t\t\t\t\t\t\t<\/div>\r\n\t\t<\/div>\r\n\t<\/div>\r\n<\/div><div class=\"bdpp-post-slide bdpp-post-12351 bdpp-post-standard bdpp-has-thumb\">\r\n\t<div class=\"bdpp-post-slider-content\">\r\n\t\t<a class=\"bdpp-post-linkoverlay\" href=\"https:\/\/cndesge.org\/?p=12351\"><\/a>\r\n\t\t<div class=\"bdpp-post-img-bg\" style=\"background-image:url(https:\/\/cndesge.org\/wp-content\/uploads\/2025\/10\/348d8746-bc76-4ed3-b91d-03bb759a36f0.jpeg);\">\r\n\t\t\t<div class=\"bdpp-featured-meta\">\r\n\t\t\t\r\n\t\t\t\t<h2 class=\"bdpp-post-title\">\r\n\t\t\t\t\t<a href=\"https:\/\/cndesge.org\/?p=12351\">El CNDES celebra su Tercera Sesi\u00f3n Extraordinaria del Pleno concerniente al presente a\u00f1o 2025<\/a>\r\n\t\t\t\t<\/h2>\r\n\r\n\t\t\t\t\t\t\t\t<div class=\"bdpp-post-meta bdpp-post-meta-up\">\r\n\t\t\t\t\t<span class=\"bdpp-post-meta-data bdpp-post-date\"><i class=\"fa fa-clock-o\"><\/i>octubre 28, 2025<\/span>\t\t\t\t<\/div>\r\n\t\t\t\t\t\t\t<\/div>\r\n\t\t<\/div>\r\n\t<\/div>\r\n<\/div><div class=\"bdpp-post-slide bdpp-post-12333 bdpp-post-standard bdpp-has-thumb\">\r\n\t<div class=\"bdpp-post-slider-content\">\r\n\t\t<a class=\"bdpp-post-linkoverlay\" href=\"https:\/\/cndesge.org\/?p=12333\"><\/a>\r\n\t\t<div class=\"bdpp-post-img-bg\" style=\"background-image:url(https:\/\/cndesge.org\/wp-content\/uploads\/2025\/10\/9c2476a2-310a-441f-8569-96d94f3b5eb6.jpeg);\">\r\n\t\t\t<div class=\"bdpp-featured-meta\">\r\n\t\t\t\r\n\t\t\t\t<h2 class=\"bdpp-post-title\">\r\n\t\t\t\t\t<a href=\"https:\/\/cndesge.org\/?p=12333\">CNDES participa en una videoconferencia con la Uni\u00f3n de Consejos Econ\u00f3micos y Sociales Africanos (UCESA)<\/a>\r\n\t\t\t\t<\/h2>\r\n\r\n\t\t\t\t\t\t\t\t<div class=\"bdpp-post-meta bdpp-post-meta-up\">\r\n\t\t\t\t\t<span class=\"bdpp-post-meta-data bdpp-post-date\"><i class=\"fa fa-clock-o\"><\/i>octubre 24, 2025<\/span>\t\t\t\t<\/div>\r\n\t\t\t\t\t\t\t<\/div>\r\n\t\t<\/div>\r\n\t<\/div>\r\n<\/div><div class=\"bdpp-post-slide bdpp-post-12319 bdpp-post-standard bdpp-has-thumb\">\r\n\t<div class=\"bdpp-post-slider-content\">\r\n\t\t<a class=\"bdpp-post-linkoverlay\" href=\"https:\/\/cndesge.org\/?p=12319\"><\/a>\r\n\t\t<div class=\"bdpp-post-img-bg\" style=\"background-image:url(https:\/\/cndesge.org\/wp-content\/uploads\/2025\/10\/33563cd8-64c0-460c-90ef-f60107e3ffde.jpeg);\">\r\n\t\t\t<div class=\"bdpp-featured-meta\">\r\n\t\t\t\r\n\t\t\t\t<h2 class=\"bdpp-post-title\">\r\n\t\t\t\t\t<a href=\"https:\/\/cndesge.org\/?p=12319\">El IDEP celebra su 60\u00aa Sesi\u00f3n del Consejo de Administraci\u00f3n, con la participaci\u00f3n del CNDES.<\/a>\r\n\t\t\t\t<\/h2>\r\n\r\n\t\t\t\t\t\t\t\t<div class=\"bdpp-post-meta bdpp-post-meta-up\">\r\n\t\t\t\t\t<span class=\"bdpp-post-meta-data bdpp-post-date\"><i class=\"fa fa-clock-o\"><\/i>octubre 24, 2025<\/span>\t\t\t\t<\/div>\r\n\t\t\t\t\t\t\t<\/div>\r\n\t\t<\/div>\r\n\t<\/div>\r\n<\/div><div class=\"bdpp-post-slide bdpp-post-12288 bdpp-post-standard bdpp-has-thumb\">\r\n\t<div class=\"bdpp-post-slider-content\">\r\n\t\t<a class=\"bdpp-post-linkoverlay\" href=\"https:\/\/cndesge.org\/?p=12288\"><\/a>\r\n\t\t<div class=\"bdpp-post-img-bg\" style=\"background-image:url(https:\/\/cndesge.org\/wp-content\/uploads\/2025\/10\/c26f4808-41a0-4f5b-82a5-90bca0b35910.jpeg);\">\r\n\t\t\t<div class=\"bdpp-featured-meta\">\r\n\t\t\t\r\n\t\t\t\t<h2 class=\"bdpp-post-title\">\r\n\t\t\t\t\t<a href=\"https:\/\/cndesge.org\/?p=12288\">Reuni\u00f3n de concertaci\u00f3n sobre el Proyecto de Cultivo de Cannabis con Fines Sanitarios y Cient\u00edficos en Guinea Ecuatorial<\/a>\r\n\t\t\t\t<\/h2>\r\n\r\n\t\t\t\t\t\t\t\t<div class=\"bdpp-post-meta bdpp-post-meta-up\">\r\n\t\t\t\t\t<span class=\"bdpp-post-meta-data bdpp-post-date\"><i class=\"fa fa-clock-o\"><\/i>octubre 21, 2025<\/span>\t\t\t\t<\/div>\r\n\t\t\t\t\t\t\t<\/div>\r\n\t\t<\/div>\r\n\t<\/div>\r\n<\/div><div class=\"bdpp-post-slide bdpp-post-12285 bdpp-post-standard bdpp-has-thumb\">\r\n\t<div class=\"bdpp-post-slider-content\">\r\n\t\t<a class=\"bdpp-post-linkoverlay\" href=\"https:\/\/cndesge.org\/?p=12285\"><\/a>\r\n\t\t<div class=\"bdpp-post-img-bg\" style=\"background-image:url(https:\/\/cndesge.org\/wp-content\/uploads\/2025\/10\/568bbcf8-520f-4afa-b394-6f16e0716d09.jpeg);\">\r\n\t\t\t<div class=\"bdpp-featured-meta\">\r\n\t\t\t\r\n\t\t\t\t<h2 class=\"bdpp-post-title\">\r\n\t\t\t\t\t<a href=\"https:\/\/cndesge.org\/?p=12285\">SEGESA y el CNDES analizan los impagos de consumo el\u00e9ctrico por parte de entidades p\u00fablicas<\/a>\r\n\t\t\t\t<\/h2>\r\n\r\n\t\t\t\t\t\t\t\t<div class=\"bdpp-post-meta bdpp-post-meta-up\">\r\n\t\t\t\t\t<span class=\"bdpp-post-meta-data bdpp-post-date\"><i class=\"fa fa-clock-o\"><\/i>octubre 21, 2025<\/span>\t\t\t\t<\/div>\r\n\t\t\t\t\t\t\t<\/div>\r\n\t\t<\/div>\r\n\t<\/div>\r\n<\/div><div class=\"bdpp-post-slide bdpp-post-12219 bdpp-post-standard bdpp-has-thumb\">\r\n\t<div class=\"bdpp-post-slider-content\">\r\n\t\t<a class=\"bdpp-post-linkoverlay\" href=\"https:\/\/cndesge.org\/?p=12219\"><\/a>\r\n\t\t<div class=\"bdpp-post-img-bg\" style=\"background-image:url(https:\/\/cndesge.org\/wp-content\/uploads\/2025\/10\/PHOTO-2025-10-17-11-07-46.jpg);\">\r\n\t\t\t<div class=\"bdpp-featured-meta\">\r\n\t\t\t\r\n\t\t\t\t<h2 class=\"bdpp-post-title\">\r\n\t\t\t\t\t<a href=\"https:\/\/cndesge.org\/?p=12219\">Clausura de la gira nacional del sector medioambiental del Consejo nacional para el Desarrollo Econ\u00f3mico y Social<\/a>\r\n\t\t\t\t<\/h2>\r\n\r\n\t\t\t\t\t\t\t\t<div class=\"bdpp-post-meta bdpp-post-meta-up\">\r\n\t\t\t\t\t<span class=\"bdpp-post-meta-data bdpp-post-date\"><i class=\"fa fa-clock-o\"><\/i>octubre 17, 2025<\/span>\t\t\t\t<\/div>\r\n\t\t\t\t\t\t\t<\/div>\r\n\t\t<\/div>\r\n\t<\/div>\r\n<\/div><div class=\"bdpp-post-slide bdpp-post-12180 bdpp-post-standard bdpp-has-thumb\">\r\n\t<div class=\"bdpp-post-slider-content\">\r\n\t\t<a class=\"bdpp-post-linkoverlay\" href=\"https:\/\/cndesge.org\/?p=12180\"><\/a>\r\n\t\t<div class=\"bdpp-post-img-bg\" style=\"background-image:url(https:\/\/cndesge.org\/wp-content\/uploads\/2025\/10\/88a67eb6-1f04-48f7-b8e3-5b9785b43c5b.jpeg);\">\r\n\t\t\t<div class=\"bdpp-featured-meta\">\r\n\t\t\t\r\n\t\t\t\t<h2 class=\"bdpp-post-title\">\r\n\t\t\t\t\t<a href=\"https:\/\/cndesge.org\/?p=12180\">Guinea Ecuatorial podr\u00eda acoger la Quinta Mesa Redonda \u00c1frica-China<\/a>\r\n\t\t\t\t<\/h2>\r\n\r\n\t\t\t\t\t\t\t\t<div class=\"bdpp-post-meta bdpp-post-meta-up\">\r\n\t\t\t\t\t<span class=\"bdpp-post-meta-data bdpp-post-date\"><i class=\"fa fa-clock-o\"><\/i>octubre 15, 2025<\/span>\t\t\t\t<\/div>\r\n\t\t\t\t\t\t\t<\/div>\r\n\t\t<\/div>\r\n\t<\/div>\r\n<\/div><div class=\"bdpp-post-slide bdpp-post-12167 bdpp-post-standard bdpp-has-thumb\">\r\n\t<div class=\"bdpp-post-slider-content\">\r\n\t\t<a class=\"bdpp-post-linkoverlay\" href=\"https:\/\/cndesge.org\/?p=12167\"><\/a>\r\n\t\t<div class=\"bdpp-post-img-bg\" style=\"background-image:url(https:\/\/cndesge.org\/wp-content\/uploads\/2025\/10\/4de55e84-04f8-4890-8a24-afd04c76a14a.jpeg);\">\r\n\t\t\t<div class=\"bdpp-featured-meta\">\r\n\t\t\t\r\n\t\t\t\t<h2 class=\"bdpp-post-title\">\r\n\t\t\t\t\t<a href=\"https:\/\/cndesge.org\/?p=12167\">El CNDES inicia una gira nacional para la elaboraci\u00f3n de la Pol\u00edtica Medioambiental de Guinea Ecuatorial<\/a>\r\n\t\t\t\t<\/h2>\r\n\r\n\t\t\t\t\t\t\t\t<div class=\"bdpp-post-meta bdpp-post-meta-up\">\r\n\t\t\t\t\t<span class=\"bdpp-post-meta-data bdpp-post-date\"><i class=\"fa fa-clock-o\"><\/i>octubre 13, 2025<\/span>\t\t\t\t<\/div>\r\n\t\t\t\t\t\t\t<\/div>\r\n\t\t<\/div>\r\n\t<\/div>\r\n<\/div><div class=\"bdpp-post-slide bdpp-post-12164 bdpp-post-standard bdpp-has-thumb\">\r\n\t<div class=\"bdpp-post-slider-content\">\r\n\t\t<a class=\"bdpp-post-linkoverlay\" href=\"https:\/\/cndesge.org\/?p=12164\"><\/a>\r\n\t\t<div class=\"bdpp-post-img-bg\" style=\"background-image:url(https:\/\/cndesge.org\/wp-content\/uploads\/2025\/10\/c316be20-3f6f-44ce-ba80-caba2c0d81c4.jpeg);\">\r\n\t\t\t<div class=\"bdpp-featured-meta\">\r\n\t\t\t\r\n\t\t\t\t<h2 class=\"bdpp-post-title\">\r\n\t\t\t\t\t<a href=\"https:\/\/cndesge.org\/?p=12164\">Encuentro CNDES\u2013CESE: Fortaleciendo la cooperaci\u00f3n entre Guinea Ecuatorial y Marruecos<\/a>\r\n\t\t\t\t<\/h2>\r\n\r\n\t\t\t\t\t\t\t\t<div class=\"bdpp-post-meta bdpp-post-meta-up\">\r\n\t\t\t\t\t<span class=\"bdpp-post-meta-data bdpp-post-date\"><i class=\"fa fa-clock-o\"><\/i>octubre 13, 2025<\/span>\t\t\t\t<\/div>\r\n\t\t\t\t\t\t\t<\/div>\r\n\t\t<\/div>\r\n\t<\/div>\r\n<\/div><div class=\"bdpp-post-slide bdpp-post-12089 bdpp-post-standard bdpp-has-thumb\">\r\n\t<div class=\"bdpp-post-slider-content\">\r\n\t\t<a class=\"bdpp-post-linkoverlay\" href=\"https:\/\/cndesge.org\/?p=12089\"><\/a>\r\n\t\t<div class=\"bdpp-post-img-bg\" style=\"background-image:url(https:\/\/cndesge.org\/wp-content\/uploads\/2025\/10\/b34663a5-a48a-41d2-bac5-6de22855ae61.jpeg);\">\r\n\t\t\t<div class=\"bdpp-featured-meta\">\r\n\t\t\t\r\n\t\t\t\t<h2 class=\"bdpp-post-title\">\r\n\t\t\t\t\t<a href=\"https:\/\/cndesge.org\/?p=12089\">El CNDES avanza en la organizaci\u00f3n de las pr\u00f3ximas Jornadas de Reflexi\u00f3n sobre Diversificaci\u00f3n Econ\u00f3mica e Inclusi\u00f3n Social<\/a>\r\n\t\t\t\t<\/h2>\r\n\r\n\t\t\t\t\t\t\t\t<div class=\"bdpp-post-meta bdpp-post-meta-up\">\r\n\t\t\t\t\t<span class=\"bdpp-post-meta-data bdpp-post-date\"><i class=\"fa fa-clock-o\"><\/i>octubre 2, 2025<\/span>\t\t\t\t<\/div>\r\n\t\t\t\t\t\t\t<\/div>\r\n\t\t<\/div>\r\n\t<\/div>\r\n<\/div><div class=\"bdpp-post-slide bdpp-post-12086 bdpp-post-standard bdpp-has-thumb\">\r\n\t<div class=\"bdpp-post-slider-content\">\r\n\t\t<a class=\"bdpp-post-linkoverlay\" href=\"https:\/\/cndesge.org\/?p=12086\"><\/a>\r\n\t\t<div class=\"bdpp-post-img-bg\" style=\"background-image:url(https:\/\/cndesge.org\/wp-content\/uploads\/2025\/10\/466a534f-d55c-4212-b9e0-f483800f1ddf.jpeg);\">\r\n\t\t\t<div class=\"bdpp-featured-meta\">\r\n\t\t\t\r\n\t\t\t\t<h2 class=\"bdpp-post-title\">\r\n\t\t\t\t\t<a href=\"https:\/\/cndesge.org\/?p=12086\">Reuni\u00f3n de Concertaci\u00f3n entre el CNDES y el Sistema de las Naciones Unidas<\/a>\r\n\t\t\t\t<\/h2>\r\n\r\n\t\t\t\t\t\t\t\t<div class=\"bdpp-post-meta bdpp-post-meta-up\">\r\n\t\t\t\t\t<span class=\"bdpp-post-meta-data bdpp-post-date\"><i class=\"fa fa-clock-o\"><\/i>octubre 2, 2025<\/span>\t\t\t\t<\/div>\r\n\t\t\t\t\t\t\t<\/div>\r\n\t\t<\/div>\r\n\t<\/div>\r\n<\/div><div class=\"bdpp-post-slide bdpp-post-12049 bdpp-post-standard bdpp-has-thumb\">\r\n\t<div class=\"bdpp-post-slider-content\">\r\n\t\t<a class=\"bdpp-post-linkoverlay\" href=\"https:\/\/cndesge.org\/?p=12049\"><\/a>\r\n\t\t<div class=\"bdpp-post-img-bg\" style=\"background-image:url(https:\/\/cndesge.org\/wp-content\/uploads\/2025\/10\/IMG_0181-scaled.jpeg);\">\r\n\t\t\t<div class=\"bdpp-featured-meta\">\r\n\t\t\t\r\n\t\t\t\t<h2 class=\"bdpp-post-title\">\r\n\t\t\t\t\t<a href=\"https:\/\/cndesge.org\/?p=12049\">Reuni\u00f3n de Concertaci\u00f3n Institucional en el CNDES presidida por el Excmo. Marcelino Owono Edu, Presidente de la Instituci\u00f3n<\/a>\r\n\t\t\t\t<\/h2>\r\n\r\n\t\t\t\t\t\t\t\t<div class=\"bdpp-post-meta bdpp-post-meta-up\">\r\n\t\t\t\t\t<span class=\"bdpp-post-meta-data bdpp-post-date\"><i class=\"fa fa-clock-o\"><\/i>octubre 1, 2025<\/span>\t\t\t\t<\/div>\r\n\t\t\t\t\t\t\t<\/div>\r\n\t\t<\/div>\r\n\t<\/div>\r\n<\/div><div class=\"bdpp-post-slide bdpp-post-12036 bdpp-post-standard bdpp-has-thumb\">\r\n\t<div class=\"bdpp-post-slider-content\">\r\n\t\t<a class=\"bdpp-post-linkoverlay\" href=\"https:\/\/cndesge.org\/?p=12036\"><\/a>\r\n\t\t<div class=\"bdpp-post-img-bg\" style=\"background-image:url(https:\/\/cndesge.org\/wp-content\/uploads\/2025\/09\/IMG_9756-scaled.jpeg);\">\r\n\t\t\t<div class=\"bdpp-featured-meta\">\r\n\t\t\t\r\n\t\t\t\t<h2 class=\"bdpp-post-title\">\r\n\t\t\t\t\t<a href=\"https:\/\/cndesge.org\/?p=12036\">Presentaci\u00f3n de los Excmos. Vicepresidentes,  nuevos Miembros, Consejeros y Directores Generales nombrados en el Consejo Nacional para el Desarrollo Econ\u00f3mico y Social.<\/a>\r\n\t\t\t\t<\/h2>\r\n\r\n\t\t\t\t\t\t\t\t<div class=\"bdpp-post-meta bdpp-post-meta-up\">\r\n\t\t\t\t\t<span class=\"bdpp-post-meta-data bdpp-post-date\"><i class=\"fa fa-clock-o\"><\/i>septiembre 23, 2025<\/span>\t\t\t\t<\/div>\r\n\t\t\t\t\t\t\t<\/div>\r\n\t\t<\/div>\r\n\t<\/div>\r\n<\/div><div class=\"bdpp-post-slide bdpp-post-12024 bdpp-post-standard bdpp-has-thumb\">\r\n\t<div class=\"bdpp-post-slider-content\">\r\n\t\t<a class=\"bdpp-post-linkoverlay\" href=\"https:\/\/cndesge.org\/?p=12024\"><\/a>\r\n\t\t<div class=\"bdpp-post-img-bg\" style=\"background-image:url(https:\/\/cndesge.org\/wp-content\/uploads\/2025\/04\/IMG_0077-scaled-e1754920917954.jpg);\">\r\n\t\t\t<div class=\"bdpp-featured-meta\">\r\n\t\t\t\r\n\t\t\t\t<h2 class=\"bdpp-post-title\">\r\n\t\t\t\t\t<a href=\"https:\/\/cndesge.org\/?p=12024\">Nombramientos en el Consejo Nacional para el Desarrollo Econ\u00f3mico y Social<\/a>\r\n\t\t\t\t<\/h2>\r\n\r\n\t\t\t\t\t\t\t\t<div class=\"bdpp-post-meta bdpp-post-meta-up\">\r\n\t\t\t\t\t<span class=\"bdpp-post-meta-data bdpp-post-date\"><i class=\"fa fa-clock-o\"><\/i>septiembre 20, 2025<\/span>\t\t\t\t<\/div>\r\n\t\t\t\t\t\t\t<\/div>\r\n\t\t<\/div>\r\n\t<\/div>\r\n<\/div><div class=\"bdpp-post-slide bdpp-post-12021 bdpp-post-standard bdpp-has-thumb\">\r\n\t<div class=\"bdpp-post-slider-content\">\r\n\t\t<a class=\"bdpp-post-linkoverlay\" href=\"https:\/\/cndesge.org\/?p=12021\"><\/a>\r\n\t\t<div class=\"bdpp-post-img-bg\" style=\"background-image:url(https:\/\/cndesge.org\/wp-content\/uploads\/2025\/09\/IMG_9316-scaled.jpeg);\">\r\n\t\t\t<div class=\"bdpp-featured-meta\">\r\n\t\t\t\r\n\t\t\t\t<h2 class=\"bdpp-post-title\">\r\n\t\t\t\t\t<a href=\"https:\/\/cndesge.org\/?p=12021\">Reuni\u00f3n de trabajo con la Directora General de Juventud<\/a>\r\n\t\t\t\t<\/h2>\r\n\r\n\t\t\t\t\t\t\t\t<div class=\"bdpp-post-meta bdpp-post-meta-up\">\r\n\t\t\t\t\t<span class=\"bdpp-post-meta-data bdpp-post-date\"><i class=\"fa fa-clock-o\"><\/i>septiembre 19, 2025<\/span>\t\t\t\t<\/div>\r\n\t\t\t\t\t\t\t<\/div>\r\n\t\t<\/div>\r\n\t<\/div>\r\n<\/div><div class=\"bdpp-post-slide bdpp-post-12018 bdpp-post-standard bdpp-has-thumb\">\r\n\t<div class=\"bdpp-post-slider-content\">\r\n\t\t<a class=\"bdpp-post-linkoverlay\" href=\"https:\/\/cndesge.org\/?p=12018\"><\/a>\r\n\t\t<div class=\"bdpp-post-img-bg\" style=\"background-image:url(https:\/\/cndesge.org\/wp-content\/uploads\/2025\/09\/IMG_8951.jpeg);\">\r\n\t\t\t<div class=\"bdpp-featured-meta\">\r\n\t\t\t\r\n\t\t\t\t<h2 class=\"bdpp-post-title\">\r\n\t\t\t\t\t<a href=\"https:\/\/cndesge.org\/?p=12018\">REUNI\u00d3N ENTRE EL CONSEJO NACIONAL PARA EL DESARROLLO ECON\u00d3MICO Y SOCIAL DE GUINEA ECUATORIAL Y EL OFICIAL DE ENLACE DEL FONDO VERDE (GREEN CLIMATE FUND) PARA EL CLIMA, PARA GUINEA ECUATORIAL.<\/a>\r\n\t\t\t\t<\/h2>\r\n\r\n\t\t\t\t\t\t\t\t<div class=\"bdpp-post-meta bdpp-post-meta-up\">\r\n\t\t\t\t\t<span class=\"bdpp-post-meta-data bdpp-post-date\"><i class=\"fa fa-clock-o\"><\/i>septiembre 19, 2025<\/span>\t\t\t\t<\/div>\r\n\t\t\t\t\t\t\t<\/div>\r\n\t\t<\/div>\r\n\t<\/div>\r\n<\/div><div class=\"bdpp-post-slide bdpp-post-12003 bdpp-post-standard bdpp-has-thumb\">\r\n\t<div class=\"bdpp-post-slider-content\">\r\n\t\t<a class=\"bdpp-post-linkoverlay\" href=\"https:\/\/cndesge.org\/?p=12003\"><\/a>\r\n\t\t<div class=\"bdpp-post-img-bg\" style=\"background-image:url(https:\/\/cndesge.org\/wp-content\/uploads\/2025\/09\/48f651d3-0351-4fd2-9a70-90abc6c4bbe6.jpg);\">\r\n\t\t\t<div class=\"bdpp-featured-meta\">\r\n\t\t\t\r\n\t\t\t\t<h2 class=\"bdpp-post-title\">\r\n\t\t\t\t\t<a href=\"https:\/\/cndesge.org\/?p=12003\">Reuni\u00f3n de concertaci\u00f3n entre Sector Laboral del CNDES e INPYDE.<\/a>\r\n\t\t\t\t<\/h2>\r\n\r\n\t\t\t\t\t\t\t\t<div class=\"bdpp-post-meta bdpp-post-meta-up\">\r\n\t\t\t\t\t<span class=\"bdpp-post-meta-data bdpp-post-date\"><i class=\"fa fa-clock-o\"><\/i>septiembre 11, 2025<\/span>\t\t\t\t<\/div>\r\n\t\t\t\t\t\t\t<\/div>\r\n\t\t<\/div>\r\n\t<\/div>\r\n<\/div><div class=\"bdpp-post-slide bdpp-post-11811 bdpp-post-standard bdpp-has-thumb\">\r\n\t<div class=\"bdpp-post-slider-content\">\r\n\t\t<a class=\"bdpp-post-linkoverlay\" href=\"https:\/\/cndesge.org\/?p=11811\"><\/a>\r\n\t\t<div class=\"bdpp-post-img-bg\" style=\"background-image:url(https:\/\/cndesge.org\/wp-content\/uploads\/2025\/08\/bcd9cffb-755f-4f66-81b6-de86bf767ee2.jpg);\">\r\n\t\t\t<div class=\"bdpp-featured-meta\">\r\n\t\t\t\r\n\t\t\t\t<h2 class=\"bdpp-post-title\">\r\n\t\t\t\t\t<a href=\"https:\/\/cndesge.org\/?p=11811\">Se ha clausurado la primera edici\u00f3n de las Jornadas de Reflexi\u00f3n sobre Diversificaci\u00f3n Econ\u00f3mica e Inclusi\u00f3n Social<\/a>\r\n\t\t\t\t<\/h2>\r\n\r\n\t\t\t\t\t\t\t\t<div class=\"bdpp-post-meta bdpp-post-meta-up\">\r\n\t\t\t\t\t<span class=\"bdpp-post-meta-data bdpp-post-date\"><i class=\"fa fa-clock-o\"><\/i>agosto 14, 2025<\/span>\t\t\t\t<\/div>\r\n\t\t\t\t\t\t\t<\/div>\r\n\t\t<\/div>\r\n\t<\/div>\r\n<\/div><div class=\"bdpp-post-slide bdpp-post-11684 bdpp-post-standard bdpp-has-thumb\">\r\n\t<div class=\"bdpp-post-slider-content\">\r\n\t\t<a class=\"bdpp-post-linkoverlay\" href=\"https:\/\/cndesge.org\/?p=11684\"><\/a>\r\n\t\t<div class=\"bdpp-post-img-bg\" style=\"background-image:url(https:\/\/cndesge.org\/wp-content\/uploads\/2025\/08\/52a72074-cd9a-4a7c-9901-b6c780ef8947.jpg);\">\r\n\t\t\t<div class=\"bdpp-featured-meta\">\r\n\t\t\t\r\n\t\t\t\t<h2 class=\"bdpp-post-title\">\r\n\t\t\t\t\t<a href=\"https:\/\/cndesge.org\/?p=11684\">Palabras de bienvenida del Presidente del Consejo Nacional para el Desarrollo Econ\u00f3mico y Social, en la apertura de las Jornadas Permanentes de Reflexi\u00f3n sobre la Diversificaci\u00f3n Econ\u00f3mica e Inclusi\u00f3n Social.<\/a>\r\n\t\t\t\t<\/h2>\r\n\r\n\t\t\t\t\t\t\t\t<div class=\"bdpp-post-meta bdpp-post-meta-up\">\r\n\t\t\t\t\t<span class=\"bdpp-post-meta-data bdpp-post-date\"><i class=\"fa fa-clock-o\"><\/i>agosto 12, 2025<\/span>\t\t\t\t<\/div>\r\n\t\t\t\t\t\t\t<\/div>\r\n\t\t<\/div>\r\n\t<\/div>\r\n<\/div><div class=\"bdpp-post-slide bdpp-post-11636 bdpp-post-standard bdpp-has-thumb\">\r\n\t<div class=\"bdpp-post-slider-content\">\r\n\t\t<a class=\"bdpp-post-linkoverlay\" href=\"https:\/\/cndesge.org\/?p=11636\"><\/a>\r\n\t\t<div class=\"bdpp-post-img-bg\" style=\"background-image:url(https:\/\/cndesge.org\/wp-content\/uploads\/2025\/08\/D75F0383-4DC8-4827-BB27-8A7AD3093EFB.jpg);\">\r\n\t\t\t<div class=\"bdpp-featured-meta\">\r\n\t\t\t\r\n\t\t\t\t<h2 class=\"bdpp-post-title\">\r\n\t\t\t\t\t<a href=\"https:\/\/cndesge.org\/?p=11636\">Malabo acoge la primera edici\u00f3n de JORNADEIS: Jornadas de Reflexi\u00f3n sobre Diversificaci\u00f3n Econ\u00f3mica e Inclusi\u00f3n Social 2025<\/a>\r\n\t\t\t\t<\/h2>\r\n\r\n\t\t\t\t\t\t\t\t<div class=\"bdpp-post-meta bdpp-post-meta-up\">\r\n\t\t\t\t\t<span class=\"bdpp-post-meta-data bdpp-post-date\"><i class=\"fa fa-clock-o\"><\/i>agosto 12, 2025<\/span>\t\t\t\t<\/div>\r\n\t\t\t\t\t\t\t<\/div>\r\n\t\t<\/div>\r\n\t<\/div>\r\n<\/div><div class=\"bdpp-post-slide bdpp-post-11488 bdpp-post-standard bdpp-has-thumb\">\r\n\t<div class=\"bdpp-post-slider-content\">\r\n\t\t<a class=\"bdpp-post-linkoverlay\" href=\"https:\/\/cndesge.org\/?p=11488\"><\/a>\r\n\t\t<div class=\"bdpp-post-img-bg\" style=\"background-image:url(https:\/\/cndesge.org\/wp-content\/uploads\/2025\/07\/IMG_5173.jpeg);\">\r\n\t\t\t<div class=\"bdpp-featured-meta\">\r\n\t\t\t\r\n\t\t\t\t<h2 class=\"bdpp-post-title\">\r\n\t\t\t\t\t<a href=\"https:\/\/cndesge.org\/?p=11488\">La Delegaci\u00f3n de Guinea Ecuatorial, encabezada por el Presidente del Consejo Nacional para el Desarrollo Econ\u00f3mico y Social, Excmo. Sr. Marcelino Owono Edu, fue recibida en audiencia por el Excmo. Sr. Bob Rae, Presidente del Consejo Econ\u00f3mico y Social de las Naciones Unidas (ECOSOC).<\/a>\r\n\t\t\t\t<\/h2>\r\n\r\n\t\t\t\t\t\t\t\t<div class=\"bdpp-post-meta bdpp-post-meta-up\">\r\n\t\t\t\t\t<span class=\"bdpp-post-meta-data bdpp-post-date\"><i class=\"fa fa-clock-o\"><\/i>julio 31, 2025<\/span>\t\t\t\t<\/div>\r\n\t\t\t\t\t\t\t<\/div>\r\n\t\t<\/div>\r\n\t<\/div>\r\n<\/div><div class=\"bdpp-post-slide bdpp-post-11467 bdpp-post-standard bdpp-has-thumb\">\r\n\t<div class=\"bdpp-post-slider-content\">\r\n\t\t<a class=\"bdpp-post-linkoverlay\" href=\"https:\/\/cndesge.org\/?p=11467\"><\/a>\r\n\t\t<div class=\"bdpp-post-img-bg\" style=\"background-image:url(https:\/\/cndesge.org\/wp-content\/uploads\/2025\/07\/b2430b4e-200a-47c8-8e99-00de7330c183.jpg);\">\r\n\t\t\t<div class=\"bdpp-featured-meta\">\r\n\t\t\t\r\n\t\t\t\t<h2 class=\"bdpp-post-title\">\r\n\t\t\t\t\t<a href=\"https:\/\/cndesge.org\/?p=11467\">El Consejo Nacional para el Desarrollo Econ\u00f3mico y Social de Guinea Ecuatorial organiza unas JORNADAS DE REFLEXI\u00d3N SOBRE DIVERSIFICACI\u00d3N ECON\u00d3MICA E INCLUSI\u00d3N SOCIAL (JORNADEIS) enfoc\u00e1ndose en el SECTOR AGROPECUARIO.<\/a>\r\n\t\t\t\t<\/h2>\r\n\r\n\t\t\t\t\t\t\t\t<div class=\"bdpp-post-meta bdpp-post-meta-up\">\r\n\t\t\t\t\t<span class=\"bdpp-post-meta-data bdpp-post-date\"><i class=\"fa fa-clock-o\"><\/i>julio 31, 2025<\/span>\t\t\t\t<\/div>\r\n\t\t\t\t\t\t\t<\/div>\r\n\t\t<\/div>\r\n\t<\/div>\r\n<\/div><div class=\"bdpp-post-slide bdpp-post-11464 bdpp-post-standard bdpp-has-thumb\">\r\n\t<div class=\"bdpp-post-slider-content\">\r\n\t\t<a class=\"bdpp-post-linkoverlay\" href=\"https:\/\/cndesge.org\/?p=11464\"><\/a>\r\n\t\t<div class=\"bdpp-post-img-bg\" style=\"background-image:url(https:\/\/cndesge.org\/wp-content\/uploads\/2025\/07\/IMG_9912-scaled.jpeg);\">\r\n\t\t\t<div class=\"bdpp-featured-meta\">\r\n\t\t\t\r\n\t\t\t\t<h2 class=\"bdpp-post-title\">\r\n\t\t\t\t\t<a href=\"https:\/\/cndesge.org\/?p=11464\">El CNDES participa en una reuni\u00f3n virtual organizada por la Uni\u00f3n de Consejos Econ\u00f3micos (UCESA) donde se abordaron tema concernientes a la seguridad energ\u00e9tica e industrializaci\u00f3n de \u00c1frica.<\/a>\r\n\t\t\t\t<\/h2>\r\n\r\n\t\t\t\t\t\t\t\t<div class=\"bdpp-post-meta bdpp-post-meta-up\">\r\n\t\t\t\t\t<span class=\"bdpp-post-meta-data bdpp-post-date\"><i class=\"fa fa-clock-o\"><\/i>julio 31, 2025<\/span>\t\t\t\t<\/div>\r\n\t\t\t\t\t\t\t<\/div>\r\n\t\t<\/div>\r\n\t<\/div>\r\n<\/div><div class=\"bdpp-post-slide bdpp-post-11339 bdpp-post-standard bdpp-has-thumb\">\r\n\t<div class=\"bdpp-post-slider-content\">\r\n\t\t<a class=\"bdpp-post-linkoverlay\" href=\"https:\/\/cndesge.org\/?p=11339\"><\/a>\r\n\t\t<div class=\"bdpp-post-img-bg\" style=\"background-image:url(https:\/\/cndesge.org\/wp-content\/uploads\/2025\/07\/2ac13380-106f-48a6-b4ee-fbcecaca3f45.jpeg);\">\r\n\t\t\t<div class=\"bdpp-featured-meta\">\r\n\t\t\t\r\n\t\t\t\t<h2 class=\"bdpp-post-title\">\r\n\t\t\t\t\t<a href=\"https:\/\/cndesge.org\/?p=11339\">El Presidente del CNDES pronunci\u00f3 un discurso en el Foro Pol\u00edtico de Alto Nivel de ecosoc en el que resaltaba la iniciativa de Su Excelencia Obiang Nguema Mbasogo en la creaci\u00f3n del Consejo Nacional para el Desarrollo Econ\u00f3mico y Social en Guinea Ecuatorial.<\/a>\r\n\t\t\t\t<\/h2>\r\n\r\n\t\t\t\t\t\t\t\t<div class=\"bdpp-post-meta bdpp-post-meta-up\">\r\n\t\t\t\t\t<span class=\"bdpp-post-meta-data bdpp-post-date\"><i class=\"fa fa-clock-o\"><\/i>julio 24, 2025<\/span>\t\t\t\t<\/div>\r\n\t\t\t\t\t\t\t<\/div>\r\n\t\t<\/div>\r\n\t<\/div>\r\n<\/div><div class=\"bdpp-post-slide bdpp-post-11293 bdpp-post-standard bdpp-has-thumb\">\r\n\t<div class=\"bdpp-post-slider-content\">\r\n\t\t<a class=\"bdpp-post-linkoverlay\" href=\"https:\/\/cndesge.org\/?p=11293\"><\/a>\r\n\t\t<div class=\"bdpp-post-img-bg\" style=\"background-image:url(https:\/\/cndesge.org\/wp-content\/uploads\/2025\/07\/4e57219c-9b59-4977-a165-51d1d4032897.jpeg);\">\r\n\t\t\t<div class=\"bdpp-featured-meta\">\r\n\t\t\t\r\n\t\t\t\t<h2 class=\"bdpp-post-title\">\r\n\t\t\t\t\t<a href=\"https:\/\/cndesge.org\/?p=11293\">Intervenci\u00f3n del Presidente del Consejo Nacional para el Desarrollo Econ\u00f3mico y Social de Guinea Ecuatorial en el Foro Pol\u00edtico de Alto Nivel del Consejo Econ\u00f3mico de las Naciones Unidas (ECOSOC)<\/a>\r\n\t\t\t\t<\/h2>\r\n\r\n\t\t\t\t\t\t\t\t<div class=\"bdpp-post-meta bdpp-post-meta-up\">\r\n\t\t\t\t\t<span class=\"bdpp-post-meta-data bdpp-post-date\"><i class=\"fa fa-clock-o\"><\/i>julio 22, 2025<\/span>\t\t\t\t<\/div>\r\n\t\t\t\t\t\t\t<\/div>\r\n\t\t<\/div>\r\n\t<\/div>\r\n<\/div><div class=\"bdpp-post-slide bdpp-post-11251 bdpp-post-standard bdpp-has-thumb\">\r\n\t<div class=\"bdpp-post-slider-content\">\r\n\t\t<a class=\"bdpp-post-linkoverlay\" href=\"https:\/\/cndesge.org\/?p=11251\"><\/a>\r\n\t\t<div class=\"bdpp-post-img-bg\" style=\"background-image:url(https:\/\/cndesge.org\/wp-content\/uploads\/2025\/07\/9a109951-8727-471d-a635-95b2ac29c5cb-e1753697854719.jpeg);\">\r\n\t\t\t<div class=\"bdpp-featured-meta\">\r\n\t\t\t\r\n\t\t\t\t<h2 class=\"bdpp-post-title\">\r\n\t\t\t\t\t<a href=\"https:\/\/cndesge.org\/?p=11251\">El Consejo Nacional para el Desarrollo Econ\u00f3mico y Social celebr\u00f3 la primera reuni\u00f3n del Comit\u00e9 de Coordinaci\u00f3n del sector de hidrocarburos junto a representantes de las principales empresas estatales del sector.<\/a>\r\n\t\t\t\t<\/h2>\r\n\r\n\t\t\t\t\t\t\t\t<div class=\"bdpp-post-meta bdpp-post-meta-up\">\r\n\t\t\t\t\t<span class=\"bdpp-post-meta-data bdpp-post-date\"><i class=\"fa fa-clock-o\"><\/i>julio 17, 2025<\/span>\t\t\t\t<\/div>\r\n\t\t\t\t\t\t\t<\/div>\r\n\t\t<\/div>\r\n\t<\/div>\r\n<\/div><div class=\"bdpp-post-slide bdpp-post-11116 bdpp-post-standard bdpp-has-thumb\">\r\n\t<div class=\"bdpp-post-slider-content\">\r\n\t\t<a class=\"bdpp-post-linkoverlay\" href=\"https:\/\/cndesge.org\/?p=11116\"><\/a>\r\n\t\t<div class=\"bdpp-post-img-bg\" style=\"background-image:url(https:\/\/cndesge.org\/wp-content\/uploads\/2025\/07\/dc21aaca-f409-47cd-a382-7fd87e5a98df.jpeg);\">\r\n\t\t\t<div class=\"bdpp-featured-meta\">\r\n\t\t\t\r\n\t\t\t\t<h2 class=\"bdpp-post-title\">\r\n\t\t\t\t\t<a href=\"https:\/\/cndesge.org\/?p=11116\">Di\u00e1logo de alto nivel entre el Consejo Nacional para el Desarrollo Econ\u00f3mico y Social de guinea ecuatorial y las Naciones Unidas, representada por la Comisi\u00f3n Econ\u00f3mica para \u00c1frica (UNECA).<\/a>\r\n\t\t\t\t<\/h2>\r\n\r\n\t\t\t\t\t\t\t\t<div class=\"bdpp-post-meta bdpp-post-meta-up\">\r\n\t\t\t\t\t<span class=\"bdpp-post-meta-data bdpp-post-date\"><i class=\"fa fa-clock-o\"><\/i>julio 11, 2025<\/span>\t\t\t\t<\/div>\r\n\t\t\t\t\t\t\t<\/div>\r\n\t\t<\/div>\r\n\t<\/div>\r\n<\/div><div class=\"bdpp-post-slide bdpp-post-11088 bdpp-post-standard bdpp-has-thumb\">\r\n\t<div class=\"bdpp-post-slider-content\">\r\n\t\t<a class=\"bdpp-post-linkoverlay\" href=\"https:\/\/cndesge.org\/?p=11088\"><\/a>\r\n\t\t<div class=\"bdpp-post-img-bg\" style=\"background-image:url(https:\/\/cndesge.org\/wp-content\/uploads\/2025\/06\/53c7c1ce-f1fd-46fc-a92f-8ebb4c188d13.jpeg);\">\r\n\t\t\t<div class=\"bdpp-featured-meta\">\r\n\t\t\t\r\n\t\t\t\t<h2 class=\"bdpp-post-title\">\r\n\t\t\t\t\t<a href=\"https:\/\/cndesge.org\/?p=11088\">Reuni\u00f3n entre el Consejo Nacional para el Desarrollo Econ\u00f3mico y Social de Guinea Ecuatorial y el FMI<\/a>\r\n\t\t\t\t<\/h2>\r\n\r\n\t\t\t\t\t\t\t\t<div class=\"bdpp-post-meta bdpp-post-meta-up\">\r\n\t\t\t\t\t<span class=\"bdpp-post-meta-data bdpp-post-date\"><i class=\"fa fa-clock-o\"><\/i>junio 27, 2025<\/span>\t\t\t\t<\/div>\r\n\t\t\t\t\t\t\t<\/div>\r\n\t\t<\/div>\r\n\t<\/div>\r\n<\/div><div class=\"bdpp-post-slide bdpp-post-11084 bdpp-post-standard bdpp-has-thumb\">\r\n\t<div class=\"bdpp-post-slider-content\">\r\n\t\t<a class=\"bdpp-post-linkoverlay\" href=\"https:\/\/cndesge.org\/?p=11084\"><\/a>\r\n\t\t<div class=\"bdpp-post-img-bg\" style=\"background-image:url(https:\/\/cndesge.org\/wp-content\/uploads\/2025\/06\/64f18602-0587-4cd4-b3d7-96f855a6a9a5.jpeg);\">\r\n\t\t\t<div class=\"bdpp-featured-meta\">\r\n\t\t\t\r\n\t\t\t\t<h2 class=\"bdpp-post-title\">\r\n\t\t\t\t\t<a href=\"https:\/\/cndesge.org\/?p=11084\">El CNDES llev\u00f3 a cabo una reuni\u00f3n virtual con el Consejo Econ\u00f3mico, Social y Medioambiental de Grecia para explorar \u00e1reas de cooperaci\u00f3n en los sectores energ\u00e9tico, industrial, agr\u00edcola, tur\u00edstico y de nuevas tecnolog\u00edas.<\/a>\r\n\t\t\t\t<\/h2>\r\n\r\n\t\t\t\t\t\t\t\t<div class=\"bdpp-post-meta bdpp-post-meta-up\">\r\n\t\t\t\t\t<span class=\"bdpp-post-meta-data bdpp-post-date\"><i class=\"fa fa-clock-o\"><\/i>junio 12, 2025<\/span>\t\t\t\t<\/div>\r\n\t\t\t\t\t\t\t<\/div>\r\n\t\t<\/div>\r\n\t<\/div>\r\n<\/div><div class=\"bdpp-post-slide bdpp-post-11069 bdpp-post-standard bdpp-has-thumb\">\r\n\t<div class=\"bdpp-post-slider-content\">\r\n\t\t<a class=\"bdpp-post-linkoverlay\" href=\"https:\/\/cndesge.org\/?p=11069\"><\/a>\r\n\t\t<div class=\"bdpp-post-img-bg\" style=\"background-image:url(https:\/\/cndesge.org\/wp-content\/uploads\/2025\/06\/6c047cbb-face-4cf2-a7c7-9f8dfdc451ac-e1754920804452.jpeg);\">\r\n\t\t\t<div class=\"bdpp-featured-meta\">\r\n\t\t\t\r\n\t\t\t\t<h2 class=\"bdpp-post-title\">\r\n\t\t\t\t\t<a href=\"https:\/\/cndesge.org\/?p=11069\">Reuni\u00f3n de coordinaci\u00f3n con CICTE, AAUCA, UNGE, Consejo de la Rep\u00fablica y FCMNO sobre las Jornadas Permanentes de reflexi\u00f3n sobre diversificaci\u00f3n econ\u00f3mica e inclusi\u00f3n social en Guinea Ecuatorial.<\/a>\r\n\t\t\t\t<\/h2>\r\n\r\n\t\t\t\t\t\t\t\t<div class=\"bdpp-post-meta bdpp-post-meta-up\">\r\n\t\t\t\t\t<span class=\"bdpp-post-meta-data bdpp-post-date\"><i class=\"fa fa-clock-o\"><\/i>junio 11, 2025<\/span>\t\t\t\t<\/div>\r\n\t\t\t\t\t\t\t<\/div>\r\n\t\t<\/div>\r\n\t<\/div>\r\n<\/div><div class=\"bdpp-post-slide bdpp-post-10981 bdpp-post-standard bdpp-has-thumb\">\r\n\t<div class=\"bdpp-post-slider-content\">\r\n\t\t<a class=\"bdpp-post-linkoverlay\" href=\"https:\/\/cndesge.org\/?p=10981\"><\/a>\r\n\t\t<div class=\"bdpp-post-img-bg\" style=\"background-image:url(https:\/\/cndesge.org\/wp-content\/uploads\/2025\/06\/PHOTO-2025-06-11-08-44-24.jpg);\">\r\n\t\t\t<div class=\"bdpp-featured-meta\">\r\n\t\t\t\r\n\t\t\t\t<h2 class=\"bdpp-post-title\">\r\n\t\t\t\t\t<a href=\"https:\/\/cndesge.org\/?p=10981\">Se ha desarrollado en la sede del CNDES una reuni\u00f3n del Pleno correspondiente al mes de junio 2025.<\/a>\r\n\t\t\t\t<\/h2>\r\n\r\n\t\t\t\t\t\t\t\t<div class=\"bdpp-post-meta bdpp-post-meta-up\">\r\n\t\t\t\t\t<span class=\"bdpp-post-meta-data bdpp-post-date\"><i class=\"fa fa-clock-o\"><\/i>junio 9, 2025<\/span>\t\t\t\t<\/div>\r\n\t\t\t\t\t\t\t<\/div>\r\n\t\t<\/div>\r\n\t<\/div>\r\n<\/div><div class=\"bdpp-post-slide bdpp-post-10978 bdpp-post-standard bdpp-has-thumb\">\r\n\t<div class=\"bdpp-post-slider-content\">\r\n\t\t<a class=\"bdpp-post-linkoverlay\" href=\"https:\/\/cndesge.org\/?p=10978\"><\/a>\r\n\t\t<div class=\"bdpp-post-img-bg\" style=\"background-image:url(https:\/\/cndesge.org\/wp-content\/uploads\/2025\/06\/0d0c915c-a378-45e3-943f-e03dfd7023eb.jpg);\">\r\n\t\t\t<div class=\"bdpp-featured-meta\">\r\n\t\t\t\r\n\t\t\t\t<h2 class=\"bdpp-post-title\">\r\n\t\t\t\t\t<a href=\"https:\/\/cndesge.org\/?p=10978\">Taller conmemorativo del Natalicio de S.E OBIANG NGUEMA MBASOGO y d\u00eda Mundial del Medio Ambiente<\/a>\r\n\t\t\t\t<\/h2>\r\n\r\n\t\t\t\t\t\t\t\t<div class=\"bdpp-post-meta bdpp-post-meta-up\">\r\n\t\t\t\t\t<span class=\"bdpp-post-meta-data bdpp-post-date\"><i class=\"fa fa-clock-o\"><\/i>junio 4, 2025<\/span>\t\t\t\t<\/div>\r\n\t\t\t\t\t\t\t<\/div>\r\n\t\t<\/div>\r\n\t<\/div>\r\n<\/div><div class=\"bdpp-post-slide bdpp-post-10975 bdpp-post-standard bdpp-has-thumb\">\r\n\t<div class=\"bdpp-post-slider-content\">\r\n\t\t<a class=\"bdpp-post-linkoverlay\" href=\"https:\/\/cndesge.org\/?p=10975\"><\/a>\r\n\t\t<div class=\"bdpp-post-img-bg\" style=\"background-image:url(https:\/\/cndesge.org\/wp-content\/uploads\/2025\/05\/8da8b99b-8555-461e-a05a-c9dd31aaa0aa.jpeg);\">\r\n\t\t\t<div class=\"bdpp-featured-meta\">\r\n\t\t\t\r\n\t\t\t\t<h2 class=\"bdpp-post-title\">\r\n\t\t\t\t\t<a href=\"https:\/\/cndesge.org\/?p=10975\">Durante la Cumbre de Abidjan, Costa de Marfil, el CNDES enfatiza la necesidad de intensificar intercambios positivos entre pa\u00edses, tendentes a promover el desarrollo socioecon\u00f3mico sostenible del continente africano.<\/a>\r\n\t\t\t\t<\/h2>\r\n\r\n\t\t\t\t\t\t\t\t<div class=\"bdpp-post-meta bdpp-post-meta-up\">\r\n\t\t\t\t\t<span class=\"bdpp-post-meta-data bdpp-post-date\"><i class=\"fa fa-clock-o\"><\/i>mayo 26, 2025<\/span>\t\t\t\t<\/div>\r\n\t\t\t\t\t\t\t<\/div>\r\n\t\t<\/div>\r\n\t<\/div>\r\n<\/div><div class=\"bdpp-post-slide bdpp-post-10972 bdpp-post-standard bdpp-has-thumb\">\r\n\t<div class=\"bdpp-post-slider-content\">\r\n\t\t<a class=\"bdpp-post-linkoverlay\" href=\"https:\/\/cndesge.org\/?p=10972\"><\/a>\r\n\t\t<div class=\"bdpp-post-img-bg\" style=\"background-image:url(https:\/\/cndesge.org\/wp-content\/uploads\/2025\/05\/c7e5a781-209a-47ea-bb0a-95e506219a08.jpeg);\">\r\n\t\t\t<div class=\"bdpp-featured-meta\">\r\n\t\t\t\r\n\t\t\t\t<h2 class=\"bdpp-post-title\">\r\n\t\t\t\t\t<a href=\"https:\/\/cndesge.org\/?p=10972\">El Excmo Leoncio Amada NZ\u00c9 , Miembro del CNDES que encabeza la delegaci\u00f3n de Guinea Ecuatorial, acude a la cumbre de Consejos Econ\u00f3micos de \u00c1frica que se celebra en Abidjan, Costa de Marfil.<\/a>\r\n\t\t\t\t<\/h2>\r\n\r\n\t\t\t\t\t\t\t\t<div class=\"bdpp-post-meta bdpp-post-meta-up\">\r\n\t\t\t\t\t<span class=\"bdpp-post-meta-data bdpp-post-date\"><i class=\"fa fa-clock-o\"><\/i>mayo 24, 2025<\/span>\t\t\t\t<\/div>\r\n\t\t\t\t\t\t\t<\/div>\r\n\t\t<\/div>\r\n\t<\/div>\r\n<\/div><div class=\"bdpp-post-slide bdpp-post-10955 bdpp-post-standard bdpp-has-thumb\">\r\n\t<div class=\"bdpp-post-slider-content\">\r\n\t\t<a class=\"bdpp-post-linkoverlay\" href=\"https:\/\/cndesge.org\/?p=10955\"><\/a>\r\n\t\t<div class=\"bdpp-post-img-bg\" style=\"background-image:url(https:\/\/cndesge.org\/wp-content\/uploads\/2025\/05\/cd206930-49b1-4a38-81b6-2d6d2c68cd83.jpg);\">\r\n\t\t\t<div class=\"bdpp-featured-meta\">\r\n\t\t\t\r\n\t\t\t\t<h2 class=\"bdpp-post-title\">\r\n\t\t\t\t\t<a href=\"https:\/\/cndesge.org\/?p=10955\">Reuni\u00f3n de Trabajo entre el CNDES, el Ministerio de Comercio, Promoci\u00f3n de Empresas e Industria y la Empresa LOMAN sobre la Implementaci\u00f3n de una F\u00e1brica de Aceite de Coco en Guinea Ecuatorial.<\/a>\r\n\t\t\t\t<\/h2>\r\n\r\n\t\t\t\t\t\t\t\t<div class=\"bdpp-post-meta bdpp-post-meta-up\">\r\n\t\t\t\t\t<span class=\"bdpp-post-meta-data bdpp-post-date\"><i class=\"fa fa-clock-o\"><\/i>mayo 19, 2025<\/span>\t\t\t\t<\/div>\r\n\t\t\t\t\t\t\t<\/div>\r\n\t\t<\/div>\r\n\t<\/div>\r\n<\/div><div class=\"bdpp-post-slide bdpp-post-10949 bdpp-post-standard bdpp-has-thumb\">\r\n\t<div class=\"bdpp-post-slider-content\">\r\n\t\t<a class=\"bdpp-post-linkoverlay\" href=\"https:\/\/cndesge.org\/?p=10949\"><\/a>\r\n\t\t<div class=\"bdpp-post-img-bg\" style=\"background-image:url(https:\/\/cndesge.org\/wp-content\/uploads\/2025\/05\/f4463dc0-fb32-455e-82e7-27e2ebb410e7.jpeg);\">\r\n\t\t\t<div class=\"bdpp-featured-meta\">\r\n\t\t\t\r\n\t\t\t\t<h2 class=\"bdpp-post-title\">\r\n\t\t\t\t\t<a href=\"https:\/\/cndesge.org\/?p=10949\">Reuni\u00f3n de Concertaci\u00f3n entre el CNDES y el Ministerio de Hacienda, Planificaci\u00f3n y Desarrollo Econ\u00f3mico sobre los trabajos realizados durante su visita a Washington ante el FMI.<\/a>\r\n\t\t\t\t<\/h2>\r\n\r\n\t\t\t\t\t\t\t\t<div class=\"bdpp-post-meta bdpp-post-meta-up\">\r\n\t\t\t\t\t<span class=\"bdpp-post-meta-data bdpp-post-date\"><i class=\"fa fa-clock-o\"><\/i>mayo 15, 2025<\/span>\t\t\t\t<\/div>\r\n\t\t\t\t\t\t\t<\/div>\r\n\t\t<\/div>\r\n\t<\/div>\r\n<\/div><div class=\"bdpp-post-slide bdpp-post-10927 bdpp-post-standard bdpp-has-thumb\">\r\n\t<div class=\"bdpp-post-slider-content\">\r\n\t\t<a class=\"bdpp-post-linkoverlay\" href=\"https:\/\/cndesge.org\/?p=10927\"><\/a>\r\n\t\t<div class=\"bdpp-post-img-bg\" style=\"background-image:url(https:\/\/cndesge.org\/wp-content\/uploads\/2025\/05\/IMG_3765-scaled.jpeg);\">\r\n\t\t\t<div class=\"bdpp-featured-meta\">\r\n\t\t\t\r\n\t\t\t\t<h2 class=\"bdpp-post-title\">\r\n\t\t\t\t\t<a href=\"https:\/\/cndesge.org\/?p=10927\">Se mantiene una segunda reuni\u00f3n en la sede del alto \u00d3rgano del Estado entre el CNDES y el INEGE<\/a>\r\n\t\t\t\t<\/h2>\r\n\r\n\t\t\t\t\t\t\t\t<div class=\"bdpp-post-meta bdpp-post-meta-up\">\r\n\t\t\t\t\t<span class=\"bdpp-post-meta-data bdpp-post-date\"><i class=\"fa fa-clock-o\"><\/i>mayo 6, 2025<\/span>\t\t\t\t<\/div>\r\n\t\t\t\t\t\t\t<\/div>\r\n\t\t<\/div>\r\n\t<\/div>\r\n<\/div><div class=\"bdpp-post-slide bdpp-post-10888 bdpp-post-standard bdpp-has-thumb\">\r\n\t<div class=\"bdpp-post-slider-content\">\r\n\t\t<a class=\"bdpp-post-linkoverlay\" href=\"https:\/\/cndesge.org\/?p=10888\"><\/a>\r\n\t\t<div class=\"bdpp-post-img-bg\" style=\"background-image:url(https:\/\/cndesge.org\/wp-content\/uploads\/2025\/04\/IMG_0636-scaled.jpeg);\">\r\n\t\t\t<div class=\"bdpp-featured-meta\">\r\n\t\t\t\r\n\t\t\t\t<h2 class=\"bdpp-post-title\">\r\n\t\t\t\t\t<a href=\"https:\/\/cndesge.org\/?p=10888\">El CNDES mantiene una segunda reuni\u00f3n de preparaci\u00f3n de las semanas cient\u00edficas con la AAUCA, la UNGE, CICTE y La Fundaci\u00f3n Constancia Mangue Nsue Okomo<\/a>\r\n\t\t\t\t<\/h2>\r\n\r\n\t\t\t\t\t\t\t\t<div class=\"bdpp-post-meta bdpp-post-meta-up\">\r\n\t\t\t\t\t<span class=\"bdpp-post-meta-data bdpp-post-date\"><i class=\"fa fa-clock-o\"><\/i>abril 28, 2025<\/span>\t\t\t\t<\/div>\r\n\t\t\t\t\t\t\t<\/div>\r\n\t\t<\/div>\r\n\t<\/div>\r\n<\/div><div class=\"bdpp-post-slide bdpp-post-10878 bdpp-post-standard bdpp-has-thumb\">\r\n\t<div class=\"bdpp-post-slider-content\">\r\n\t\t<a class=\"bdpp-post-linkoverlay\" href=\"https:\/\/cndesge.org\/?p=10878\"><\/a>\r\n\t\t<div class=\"bdpp-post-img-bg\" style=\"background-image:url(https:\/\/cndesge.org\/wp-content\/uploads\/2025\/04\/IMG_1419-scaled.jpeg);\">\r\n\t\t\t<div class=\"bdpp-featured-meta\">\r\n\t\t\t\r\n\t\t\t\t<h2 class=\"bdpp-post-title\">\r\n\t\t\t\t\t<a href=\"https:\/\/cndesge.org\/?p=10878\">El CNDES mantiene una reuni\u00f3n de coordinaci\u00f3n con CICTE, la AAUCA, la UNGE y la Fundaci\u00f3n Constancia Mangue (F.C.M.N.O) sobre los preparativos de las semanas cient\u00edficas que organizar\u00e1 el Consejo<\/a>\r\n\t\t\t\t<\/h2>\r\n\r\n\t\t\t\t\t\t\t\t<div class=\"bdpp-post-meta bdpp-post-meta-up\">\r\n\t\t\t\t\t<span class=\"bdpp-post-meta-data bdpp-post-date\"><i class=\"fa fa-clock-o\"><\/i>abril 24, 2025<\/span>\t\t\t\t<\/div>\r\n\t\t\t\t\t\t\t<\/div>\r\n\t\t<\/div>\r\n\t<\/div>\r\n<\/div><div class=\"bdpp-post-slide bdpp-post-10871 bdpp-post-standard bdpp-has-thumb\">\r\n\t<div class=\"bdpp-post-slider-content\">\r\n\t\t<a class=\"bdpp-post-linkoverlay\" href=\"https:\/\/cndesge.org\/?p=10871\"><\/a>\r\n\t\t<div class=\"bdpp-post-img-bg\" style=\"background-image:url(https:\/\/cndesge.org\/wp-content\/uploads\/2025\/04\/PORTADA-NOTICIAS-CNDES-GE.png);\">\r\n\t\t\t<div class=\"bdpp-featured-meta\">\r\n\t\t\t\r\n\t\t\t\t<h2 class=\"bdpp-post-title\">\r\n\t\t\t\t\t<a href=\"https:\/\/cndesge.org\/?p=10871\">EL Consejo Nacional Para El Desarrollo Econ\u00f3mico Y Social Participa En Una Reuni\u00f3n Virtual Organizada Por La Uni\u00f3n De Consejos Econ\u00f3micos Y Sociales De \u00c1frica (UCESA)<\/a>\r\n\t\t\t\t<\/h2>\r\n\r\n\t\t\t\t\t\t\t\t<div class=\"bdpp-post-meta bdpp-post-meta-up\">\r\n\t\t\t\t\t<span class=\"bdpp-post-meta-data bdpp-post-date\"><i class=\"fa fa-clock-o\"><\/i>abril 15, 2025<\/span>\t\t\t\t<\/div>\r\n\t\t\t\t\t\t\t<\/div>\r\n\t\t<\/div>\r\n\t<\/div>\r\n<\/div><div class=\"bdpp-post-slide bdpp-post-10747 bdpp-post-standard bdpp-has-thumb\">\r\n\t<div class=\"bdpp-post-slider-content\">\r\n\t\t<a class=\"bdpp-post-linkoverlay\" href=\"https:\/\/cndesge.org\/?p=10747\"><\/a>\r\n\t\t<div class=\"bdpp-post-img-bg\" style=\"background-image:url(https:\/\/cndesge.org\/wp-content\/uploads\/2025\/04\/56b166f3-23da-42fc-8399-5f70fa03947e.jpeg);\">\r\n\t\t\t<div class=\"bdpp-featured-meta\">\r\n\t\t\t\r\n\t\t\t\t<h2 class=\"bdpp-post-title\">\r\n\t\t\t\t\t<a href=\"https:\/\/cndesge.org\/?p=10747\">Presentaci\u00f3n de la Memoria Anual del Consejo Nacional para el Desarrollo Econ\u00f3mico y Social de Guinea Ecuatorial.<\/a>\r\n\t\t\t\t<\/h2>\r\n\r\n\t\t\t\t\t\t\t\t<div class=\"bdpp-post-meta bdpp-post-meta-up\">\r\n\t\t\t\t\t<span class=\"bdpp-post-meta-data bdpp-post-date\"><i class=\"fa fa-clock-o\"><\/i>abril 3, 2025<\/span>\t\t\t\t<\/div>\r\n\t\t\t\t\t\t\t<\/div>\r\n\t\t<\/div>\r\n\t<\/div>\r\n<\/div><div class=\"bdpp-post-slide bdpp-post-10632 bdpp-post-standard bdpp-has-thumb\">\r\n\t<div class=\"bdpp-post-slider-content\">\r\n\t\t<a class=\"bdpp-post-linkoverlay\" href=\"https:\/\/cndesge.org\/?p=10632\"><\/a>\r\n\t\t<div class=\"bdpp-post-img-bg\" style=\"background-image:url(https:\/\/cndesge.org\/wp-content\/uploads\/2025\/03\/WhatsApp-Image-2025-03-20-at-17.20.28.jpeg);\">\r\n\t\t\t<div class=\"bdpp-featured-meta\">\r\n\t\t\t\r\n\t\t\t\t<h2 class=\"bdpp-post-title\">\r\n\t\t\t\t\t<a href=\"https:\/\/cndesge.org\/?p=10632\">Reuni\u00f3n entre el El Consejo Nacional para el Desarrollo Econ\u00f3mico y Social (CNDES) y el Consejo de Investigaciones Cient\u00edficas y Tecnol\u00f3gicas (CICTE)<\/a>\r\n\t\t\t\t<\/h2>\r\n\r\n\t\t\t\t\t\t\t\t<div class=\"bdpp-post-meta bdpp-post-meta-up\">\r\n\t\t\t\t\t<span class=\"bdpp-post-meta-data bdpp-post-date\"><i class=\"fa fa-clock-o\"><\/i>marzo 29, 2025<\/span>\t\t\t\t<\/div>\r\n\t\t\t\t\t\t\t<\/div>\r\n\t\t<\/div>\r\n\t<\/div>\r\n<\/div><div class=\"bdpp-post-slide bdpp-post-10564 bdpp-post-standard bdpp-has-thumb\">\r\n\t<div class=\"bdpp-post-slider-content\">\r\n\t\t<a class=\"bdpp-post-linkoverlay\" href=\"https:\/\/cndesge.org\/?p=10564\"><\/a>\r\n\t\t<div class=\"bdpp-post-img-bg\" style=\"background-image:url(https:\/\/cndesge.org\/wp-content\/uploads\/2025\/03\/WhatsApp-Image-2025-03-26-at-16.11.30.jpeg);\">\r\n\t\t\t<div class=\"bdpp-featured-meta\">\r\n\t\t\t\r\n\t\t\t\t<h2 class=\"bdpp-post-title\">\r\n\t\t\t\t\t<a href=\"https:\/\/cndesge.org\/?p=10564\">Aprobaci\u00f3n de la Memoria Anual y del Reglamento Org\u00e1nico Interno.<\/a>\r\n\t\t\t\t<\/h2>\r\n\r\n\t\t\t\t\t\t\t\t<div class=\"bdpp-post-meta bdpp-post-meta-up\">\r\n\t\t\t\t\t<span class=\"bdpp-post-meta-data bdpp-post-date\"><i class=\"fa fa-clock-o\"><\/i>marzo 25, 2025<\/span>\t\t\t\t<\/div>\r\n\t\t\t\t\t\t\t<\/div>\r\n\t\t<\/div>\r\n\t<\/div>\r\n<\/div><div class=\"bdpp-post-slide bdpp-post-9070 bdpp-post-standard bdpp-has-thumb\">\r\n\t<div class=\"bdpp-post-slider-content\">\r\n\t\t<a class=\"bdpp-post-linkoverlay\" href=\"https:\/\/cndesge.org\/?p=9070\"><\/a>\r\n\t\t<div class=\"bdpp-post-img-bg\" style=\"background-image:url(https:\/\/cndesge.org\/wp-content\/uploads\/2025\/03\/Diseno-sin-titulo-4.png);\">\r\n\t\t\t<div class=\"bdpp-featured-meta\">\r\n\t\t\t\r\n\t\t\t\t<h2 class=\"bdpp-post-title\">\r\n\t\t\t\t\t<a href=\"https:\/\/cndesge.org\/?p=9070\">D\u00eda Internacional de la Mujer &#8211; Entrevista Especial<\/a>\r\n\t\t\t\t<\/h2>\r\n\r\n\t\t\t\t\t\t\t\t<div class=\"bdpp-post-meta bdpp-post-meta-up\">\r\n\t\t\t\t\t<span class=\"bdpp-post-meta-data bdpp-post-date\"><i class=\"fa fa-clock-o\"><\/i>marzo 8, 2025<\/span>\t\t\t\t<\/div>\r\n\t\t\t\t\t\t\t<\/div>\r\n\t\t<\/div>\r\n\t<\/div>\r\n<\/div><div class=\"bdpp-post-slide bdpp-post-9029 bdpp-post-standard bdpp-has-thumb\">\r\n\t<div class=\"bdpp-post-slider-content\">\r\n\t\t<a class=\"bdpp-post-linkoverlay\" href=\"https:\/\/cndesge.org\/?p=9029\"><\/a>\r\n\t\t<div class=\"bdpp-post-img-bg\" style=\"background-image:url(https:\/\/cndesge.org\/wp-content\/uploads\/2025\/02\/Diseno-sin-titulo-7.png);\">\r\n\t\t\t<div class=\"bdpp-featured-meta\">\r\n\t\t\t\r\n\t\t\t\t<h2 class=\"bdpp-post-title\">\r\n\t\t\t\t\t<a href=\"https:\/\/cndesge.org\/?p=9029\">El Consejo Nacional para el Desarrollo Econ\u00f3mico y Social se re\u00fane con la African Energy Chamber para explorar \u00e1reas de cooperaci\u00f3n que beneficien al sector energ\u00e9tico de Guinea Ecuatorial.<\/a>\r\n\t\t\t\t<\/h2>\r\n\r\n\t\t\t\t\t\t\t\t<div class=\"bdpp-post-meta bdpp-post-meta-up\">\r\n\t\t\t\t\t<span class=\"bdpp-post-meta-data bdpp-post-date\"><i class=\"fa fa-clock-o\"><\/i>febrero 28, 2025<\/span>\t\t\t\t<\/div>\r\n\t\t\t\t\t\t\t<\/div>\r\n\t\t<\/div>\r\n\t<\/div>\r\n<\/div><div class=\"bdpp-post-slide bdpp-post-9011 bdpp-post-standard bdpp-has-thumb\">\r\n\t<div class=\"bdpp-post-slider-content\">\r\n\t\t<a class=\"bdpp-post-linkoverlay\" href=\"https:\/\/cndesge.org\/?p=9011\"><\/a>\r\n\t\t<div class=\"bdpp-post-img-bg\" style=\"background-image:url(https:\/\/cndesge.org\/wp-content\/uploads\/2025\/02\/8BA30DC0-1092-443B-AB59-27D005449BD7_L0_001-19_2_2025-14_44_17.jpg);\">\r\n\t\t\t<div class=\"bdpp-featured-meta\">\r\n\t\t\t\r\n\t\t\t\t<h2 class=\"bdpp-post-title\">\r\n\t\t\t\t\t<a href=\"https:\/\/cndesge.org\/?p=9011\">El Consejo Nacional para el Desarrollo Econ\u00f3mico y Social de Guinea Ecuatorial se re\u00fane con la FAO<\/a>\r\n\t\t\t\t<\/h2>\r\n\r\n\t\t\t\t\t\t\t\t<div class=\"bdpp-post-meta bdpp-post-meta-up\">\r\n\t\t\t\t\t<span class=\"bdpp-post-meta-data bdpp-post-date\"><i class=\"fa fa-clock-o\"><\/i>febrero 18, 2025<\/span>\t\t\t\t<\/div>\r\n\t\t\t\t\t\t\t<\/div>\r\n\t\t<\/div>\r\n\t<\/div>\r\n<\/div><div class=\"bdpp-post-slide bdpp-post-8988 bdpp-post-standard bdpp-has-thumb\">\r\n\t<div class=\"bdpp-post-slider-content\">\r\n\t\t<a class=\"bdpp-post-linkoverlay\" href=\"https:\/\/cndesge.org\/?p=8988\"><\/a>\r\n\t\t<div class=\"bdpp-post-img-bg\" style=\"background-image:url(https:\/\/cndesge.org\/wp-content\/uploads\/2025\/02\/Diseno-sin-titulo-3.png);\">\r\n\t\t\t<div class=\"bdpp-featured-meta\">\r\n\t\t\t\r\n\t\t\t\t<h2 class=\"bdpp-post-title\">\r\n\t\t\t\t\t<a href=\"https:\/\/cndesge.org\/?p=8988\">El Consejo Nacional para el Desarrollo Econ\u00f3mico y Social ha participado virtualmente en las reuniones de trabajo de la Uni\u00f3n de Consejos Econ\u00f3micos Africanos (UCESA).<\/a>\r\n\t\t\t\t<\/h2>\r\n\r\n\t\t\t\t\t\t\t\t<div class=\"bdpp-post-meta bdpp-post-meta-up\">\r\n\t\t\t\t\t<span class=\"bdpp-post-meta-data bdpp-post-date\"><i class=\"fa fa-clock-o\"><\/i>febrero 7, 2025<\/span>\t\t\t\t<\/div>\r\n\t\t\t\t\t\t\t<\/div>\r\n\t\t<\/div>\r\n\t<\/div>\r\n<\/div><div class=\"bdpp-post-slide bdpp-post-8979 bdpp-post-standard bdpp-has-thumb\">\r\n\t<div class=\"bdpp-post-slider-content\">\r\n\t\t<a class=\"bdpp-post-linkoverlay\" href=\"https:\/\/cndesge.org\/?p=8979\"><\/a>\r\n\t\t<div class=\"bdpp-post-img-bg\" style=\"background-image:url(https:\/\/cndesge.org\/wp-content\/uploads\/2025\/02\/Diseno-sin-titulo-5.png);\">\r\n\t\t\t<div class=\"bdpp-featured-meta\">\r\n\t\t\t\r\n\t\t\t\t<h2 class=\"bdpp-post-title\">\r\n\t\t\t\t\t<a href=\"https:\/\/cndesge.org\/?p=8979\">La Excma.Sra Mar\u00eda del Mar Bonkanka Tabares, acompa\u00f1ada del Embajador de Guinea Ecuatorial en Cuba, se re\u00fanen con las representantes del centro de investigaciones psicol\u00f3gicas y sociol\u00f3gicas cubano.<\/a>\r\n\t\t\t\t<\/h2>\r\n\r\n\t\t\t\t\t\t\t\t<div class=\"bdpp-post-meta bdpp-post-meta-up\">\r\n\t\t\t\t\t<span class=\"bdpp-post-meta-data bdpp-post-date\"><i class=\"fa fa-clock-o\"><\/i>febrero 5, 2025<\/span>\t\t\t\t<\/div>\r\n\t\t\t\t\t\t\t<\/div>\r\n\t\t<\/div>\r\n\t<\/div>\r\n<\/div><div class=\"bdpp-post-slide bdpp-post-8971 bdpp-post-standard bdpp-has-thumb\">\r\n\t<div class=\"bdpp-post-slider-content\">\r\n\t\t<a class=\"bdpp-post-linkoverlay\" href=\"https:\/\/cndesge.org\/?p=8971\"><\/a>\r\n\t\t<div class=\"bdpp-post-img-bg\" style=\"background-image:url(https:\/\/cndesge.org\/wp-content\/uploads\/2025\/01\/Diseno-sin-titulo-6.png);\">\r\n\t\t\t<div class=\"bdpp-featured-meta\">\r\n\t\t\t\r\n\t\t\t\t<h2 class=\"bdpp-post-title\">\r\n\t\t\t\t\t<a href=\"https:\/\/cndesge.org\/?p=8971\">Participaci\u00f3n de una Delegaci\u00f3n del Consejo Nacional para el Desarrollo Econ\u00f3mico y Social En La VI Conferencia Internacional por el Equilibrio del Mundo \u201cCON TODOS Y PARA EL BIEN DE TODOS\u201d.<\/a>\r\n\t\t\t\t<\/h2>\r\n\r\n\t\t\t\t\t\t\t\t<div class=\"bdpp-post-meta bdpp-post-meta-up\">\r\n\t\t\t\t\t<span class=\"bdpp-post-meta-data bdpp-post-date\"><i class=\"fa fa-clock-o\"><\/i>enero 31, 2025<\/span>\t\t\t\t<\/div>\r\n\t\t\t\t\t\t\t<\/div>\r\n\t\t<\/div>\r\n\t<\/div>\r\n<\/div><div class=\"bdpp-post-slide bdpp-post-8934 bdpp-post-standard bdpp-has-thumb\">\r\n\t<div class=\"bdpp-post-slider-content\">\r\n\t\t<a class=\"bdpp-post-linkoverlay\" href=\"https:\/\/cndesge.org\/?p=8934\"><\/a>\r\n\t\t<div class=\"bdpp-post-img-bg\" style=\"background-image:url(https:\/\/cndesge.org\/wp-content\/uploads\/2025\/01\/WhatsApp-Image-2025-03-30-at-14.07.30.jpeg);\">\r\n\t\t\t<div class=\"bdpp-featured-meta\">\r\n\t\t\t\r\n\t\t\t\t<h2 class=\"bdpp-post-title\">\r\n\t\t\t\t\t<a href=\"https:\/\/cndesge.org\/?p=8934\">El CNDES recibe la visita de una Delegaci\u00f3n del Consejo Econ\u00f3mico,\u00a0Social y Medioambiental de MARRUECOS, liderada por su Secretario General , Younnes Bennakki.<\/a>\r\n\t\t\t\t<\/h2>\r\n\r\n\t\t\t\t\t\t\t\t<div class=\"bdpp-post-meta bdpp-post-meta-up\">\r\n\t\t\t\t\t<span class=\"bdpp-post-meta-data bdpp-post-date\"><i class=\"fa fa-clock-o\"><\/i>enero 17, 2025<\/span>\t\t\t\t<\/div>\r\n\t\t\t\t\t\t\t<\/div>\r\n\t\t<\/div>\r\n\t<\/div>\r\n<\/div><div class=\"bdpp-post-slide bdpp-post-8917 bdpp-post-standard bdpp-has-thumb\">\r\n\t<div class=\"bdpp-post-slider-content\">\r\n\t\t<a class=\"bdpp-post-linkoverlay\" href=\"https:\/\/cndesge.org\/?p=8917\"><\/a>\r\n\t\t<div class=\"bdpp-post-img-bg\" style=\"background-image:url(https:\/\/cndesge.org\/wp-content\/uploads\/2025\/01\/WhatsApp-Image-2025-03-30-at-14.13.08-1.jpeg);\">\r\n\t\t\t<div class=\"bdpp-featured-meta\">\r\n\t\t\t\r\n\t\t\t\t<h2 class=\"bdpp-post-title\">\r\n\t\t\t\t\t<a href=\"https:\/\/cndesge.org\/?p=8917\">Primera reuni\u00f3n del Pleno del Consejo Nacional para el Desarrollo Econ\u00f3mico y Social de Guinea Ecuatorial del a\u00f1o 2025.<\/a>\r\n\t\t\t\t<\/h2>\r\n\r\n\t\t\t\t\t\t\t\t<div class=\"bdpp-post-meta bdpp-post-meta-up\">\r\n\t\t\t\t\t<span class=\"bdpp-post-meta-data bdpp-post-date\"><i class=\"fa fa-clock-o\"><\/i>enero 16, 2025<\/span>\t\t\t\t<\/div>\r\n\t\t\t\t\t\t\t<\/div>\r\n\t\t<\/div>\r\n\t<\/div>\r\n<\/div><div class=\"bdpp-post-slide bdpp-post-8903 bdpp-post-standard bdpp-has-thumb\">\r\n\t<div class=\"bdpp-post-slider-content\">\r\n\t\t<a class=\"bdpp-post-linkoverlay\" href=\"https:\/\/cndesge.org\/?p=8903\"><\/a>\r\n\t\t<div class=\"bdpp-post-img-bg\" style=\"background-image:url(https:\/\/cndesge.org\/wp-content\/uploads\/2024\/12\/WhatsApp-Image-2025-03-30-at-14.18.20.jpeg);\">\r\n\t\t\t<div class=\"bdpp-featured-meta\">\r\n\t\t\t\r\n\t\t\t\t<h2 class=\"bdpp-post-title\">\r\n\t\t\t\t\t<a href=\"https:\/\/cndesge.org\/?p=8903\">El Dr. Teodoro Ondo MBA se re\u00fane con t\u00e9cnicos del CNDES para compartir recomendaciones de la tercera Conferencia Econ\u00f3mica Nacional<\/a>\r\n\t\t\t\t<\/h2>\r\n\r\n\t\t\t\t\t\t\t\t<div class=\"bdpp-post-meta bdpp-post-meta-up\">\r\n\t\t\t\t\t<span class=\"bdpp-post-meta-data bdpp-post-date\"><i class=\"fa fa-clock-o\"><\/i>diciembre 27, 2024<\/span>\t\t\t\t<\/div>\r\n\t\t\t\t\t\t\t<\/div>\r\n\t\t<\/div>\r\n\t<\/div>\r\n<\/div><div class=\"bdpp-post-slide bdpp-post-8897 bdpp-post-standard bdpp-has-thumb\">\r\n\t<div class=\"bdpp-post-slider-content\">\r\n\t\t<a class=\"bdpp-post-linkoverlay\" href=\"https:\/\/cndesge.org\/?p=8897\"><\/a>\r\n\t\t<div class=\"bdpp-post-img-bg\" style=\"background-image:url(https:\/\/cndesge.org\/wp-content\/uploads\/2024\/12\/WhatsApp-Image-2025-03-30-at-14.26.04.jpeg);\">\r\n\t\t\t<div class=\"bdpp-featured-meta\">\r\n\t\t\t\r\n\t\t\t\t<h2 class=\"bdpp-post-title\">\r\n\t\t\t\t\t<a href=\"https:\/\/cndesge.org\/?p=8897\">El Ministro de Justicia, Culto y Derechos Humanos, el Excmo. Se\u00f1or Reginaldo Biyogo Mba Ndong ha realizado una visita de Cortes\u00eda al Consejo Nacional para el Desarrollo Econ\u00f3mico y Social de Guinea Ecuatorial<\/a>\r\n\t\t\t\t<\/h2>\r\n\r\n\t\t\t\t\t\t\t\t<div class=\"bdpp-post-meta bdpp-post-meta-up\">\r\n\t\t\t\t\t<span class=\"bdpp-post-meta-data bdpp-post-date\"><i class=\"fa fa-clock-o\"><\/i>diciembre 6, 2024<\/span>\t\t\t\t<\/div>\r\n\t\t\t\t\t\t\t<\/div>\r\n\t\t<\/div>\r\n\t<\/div>\r\n<\/div><div class=\"bdpp-post-slide bdpp-post-8889 bdpp-post-standard bdpp-has-thumb\">\r\n\t<div class=\"bdpp-post-slider-content\">\r\n\t\t<a class=\"bdpp-post-linkoverlay\" href=\"https:\/\/cndesge.org\/?p=8889\"><\/a>\r\n\t\t<div class=\"bdpp-post-img-bg\" style=\"background-image:url(https:\/\/cndesge.org\/wp-content\/uploads\/2024\/12\/WhatsApp-Image-2025-03-30-at-14.33.45.jpeg);\">\r\n\t\t\t<div class=\"bdpp-featured-meta\">\r\n\t\t\t\r\n\t\t\t\t<h2 class=\"bdpp-post-title\">\r\n\t\t\t\t\t<a href=\"https:\/\/cndesge.org\/?p=8889\">El Embajador de Guinea Ecuatorial ante las Naciones Unidas ofrece un seminario al CNDES sobre el funcionamiento del Consejo Econ\u00f3mico y Social de las Naciones Unidas (ECOSOC).<\/a>\r\n\t\t\t\t<\/h2>\r\n\r\n\t\t\t\t\t\t\t\t<div class=\"bdpp-post-meta bdpp-post-meta-up\">\r\n\t\t\t\t\t<span class=\"bdpp-post-meta-data bdpp-post-date\"><i class=\"fa fa-clock-o\"><\/i>diciembre 4, 2024<\/span>\t\t\t\t<\/div>\r\n\t\t\t\t\t\t\t<\/div>\r\n\t\t<\/div>\r\n\t<\/div>\r\n<\/div><div class=\"bdpp-post-slide bdpp-post-8864 bdpp-post-standard bdpp-has-thumb\">\r\n\t<div class=\"bdpp-post-slider-content\">\r\n\t\t<a class=\"bdpp-post-linkoverlay\" href=\"https:\/\/cndesge.org\/?p=8864\"><\/a>\r\n\t\t<div class=\"bdpp-post-img-bg\" style=\"background-image:url(https:\/\/cndesge.org\/wp-content\/uploads\/2024\/12\/WhatsApp-Image-2025-03-30-at-14.48.33-1.jpeg);\">\r\n\t\t\t<div class=\"bdpp-featured-meta\">\r\n\t\t\t\r\n\t\t\t\t<h2 class=\"bdpp-post-title\">\r\n\t\t\t\t\t<a href=\"https:\/\/cndesge.org\/?p=8864\">El Presidente del CNDES hace entrega al Primer Ministro de un paquete de medidas urgentes para la reactivaci\u00f3n econ\u00f3mica del pa\u00eds<\/a>\r\n\t\t\t\t<\/h2>\r\n\r\n\t\t\t\t\t\t\t\t<div class=\"bdpp-post-meta bdpp-post-meta-up\">\r\n\t\t\t\t\t<span class=\"bdpp-post-meta-data bdpp-post-date\"><i class=\"fa fa-clock-o\"><\/i>diciembre 3, 2024<\/span>\t\t\t\t<\/div>\r\n\t\t\t\t\t\t\t<\/div>\r\n\t\t<\/div>\r\n\t<\/div>\r\n<\/div><div class=\"bdpp-post-slide bdpp-post-6423 bdpp-post-standard bdpp-has-thumb\">\r\n\t<div class=\"bdpp-post-slider-content\">\r\n\t\t<a class=\"bdpp-post-linkoverlay\" href=\"https:\/\/cndesge.org\/?p=6423\"><\/a>\r\n\t\t<div class=\"bdpp-post-img-bg\" style=\"background-image:url(https:\/\/cndesge.org\/wp-content\/uploads\/2024\/11\/IMG_7184.jpeg);\">\r\n\t\t\t<div class=\"bdpp-featured-meta\">\r\n\t\t\t\r\n\t\t\t\t<h2 class=\"bdpp-post-title\">\r\n\t\t\t\t\t<a href=\"https:\/\/cndesge.org\/?p=6423\">El Consejo Nacional para el Desarrollo Econ\u00f3mico y Social y el Ministerio de Sanidad<\/a>\r\n\t\t\t\t<\/h2>\r\n\r\n\t\t\t\t\t\t\t\t<div class=\"bdpp-post-meta bdpp-post-meta-up\">\r\n\t\t\t\t\t<span class=\"bdpp-post-meta-data bdpp-post-date\"><i class=\"fa fa-clock-o\"><\/i>noviembre 4, 2024<\/span>\t\t\t\t<\/div>\r\n\t\t\t\t\t\t\t<\/div>\r\n\t\t<\/div>\r\n\t<\/div>\r\n<\/div><div class=\"bdpp-post-slide bdpp-post-6418 bdpp-post-standard bdpp-has-thumb\">\r\n\t<div class=\"bdpp-post-slider-content\">\r\n\t\t<a class=\"bdpp-post-linkoverlay\" href=\"https:\/\/cndesge.org\/?p=6418\"><\/a>\r\n\t\t<div class=\"bdpp-post-img-bg\" style=\"background-image:url(https:\/\/cndesge.org\/wp-content\/uploads\/2024\/10\/IMG_7187.jpeg);\">\r\n\t\t\t<div class=\"bdpp-featured-meta\">\r\n\t\t\t\r\n\t\t\t\t<h2 class=\"bdpp-post-title\">\r\n\t\t\t\t\t<a href=\"https:\/\/cndesge.org\/?p=6418\">EL CNDES se re\u00fane con el Ministerio de Aviaci\u00f3n Civil e Infraestructuras Aeroportuarias<\/a>\r\n\t\t\t\t<\/h2>\r\n\r\n\t\t\t\t\t\t\t\t<div class=\"bdpp-post-meta bdpp-post-meta-up\">\r\n\t\t\t\t\t<span class=\"bdpp-post-meta-data bdpp-post-date\"><i class=\"fa fa-clock-o\"><\/i>octubre 29, 2024<\/span>\t\t\t\t<\/div>\r\n\t\t\t\t\t\t\t<\/div>\r\n\t\t<\/div>\r\n\t<\/div>\r\n<\/div><div class=\"bdpp-post-slide bdpp-post-6428 bdpp-post-standard bdpp-has-thumb\">\r\n\t<div class=\"bdpp-post-slider-content\">\r\n\t\t<a class=\"bdpp-post-linkoverlay\" href=\"https:\/\/cndesge.org\/?p=6428\"><\/a>\r\n\t\t<div class=\"bdpp-post-img-bg\" style=\"background-image:url(https:\/\/cndesge.org\/wp-content\/uploads\/2024\/10\/IMG_7191.jpeg);\">\r\n\t\t\t<div class=\"bdpp-featured-meta\">\r\n\t\t\t\r\n\t\t\t\t<h2 class=\"bdpp-post-title\">\r\n\t\t\t\t\t<a href=\"https:\/\/cndesge.org\/?p=6428\">El Consejo Nacional para el Desarrollo Econ\u00f3mico y Social se re\u00fane con SONAPESCA<\/a>\r\n\t\t\t\t<\/h2>\r\n\r\n\t\t\t\t\t\t\t\t<div class=\"bdpp-post-meta bdpp-post-meta-up\">\r\n\t\t\t\t\t<span class=\"bdpp-post-meta-data bdpp-post-date\"><i class=\"fa fa-clock-o\"><\/i>octubre 23, 2024<\/span>\t\t\t\t<\/div>\r\n\t\t\t\t\t\t\t<\/div>\r\n\t\t<\/div>\r\n\t<\/div>\r\n<\/div><div class=\"bdpp-post-slide bdpp-post-6431 bdpp-post-standard bdpp-has-thumb\">\r\n\t<div class=\"bdpp-post-slider-content\">\r\n\t\t<a class=\"bdpp-post-linkoverlay\" href=\"https:\/\/cndesge.org\/?p=6431\"><\/a>\r\n\t\t<div class=\"bdpp-post-img-bg\" style=\"background-image:url(https:\/\/cndesge.org\/wp-content\/uploads\/2024\/10\/IMG_7192.jpeg);\">\r\n\t\t\t<div class=\"bdpp-featured-meta\">\r\n\t\t\t\r\n\t\t\t\t<h2 class=\"bdpp-post-title\">\r\n\t\t\t\t\t<a href=\"https:\/\/cndesge.org\/?p=6431\">Reuni\u00f3n de Concertaci\u00f3n entre el Consejo Nacional para el Desarrollo Econ\u00f3mico y Social de Guinea Ecuatorial con la AAUCA<\/a>\r\n\t\t\t\t<\/h2>\r\n\r\n\t\t\t\t\t\t\t\t<div class=\"bdpp-post-meta bdpp-post-meta-up\">\r\n\t\t\t\t\t<span class=\"bdpp-post-meta-data bdpp-post-date\"><i class=\"fa fa-clock-o\"><\/i>octubre 21, 2024<\/span>\t\t\t\t<\/div>\r\n\t\t\t\t\t\t\t<\/div>\r\n\t\t<\/div>\r\n\t<\/div>\r\n<\/div><div class=\"bdpp-post-slide bdpp-post-6436 bdpp-post-standard bdpp-has-thumb\">\r\n\t<div class=\"bdpp-post-slider-content\">\r\n\t\t<a class=\"bdpp-post-linkoverlay\" href=\"https:\/\/cndesge.org\/?p=6436\"><\/a>\r\n\t\t<div class=\"bdpp-post-img-bg\" style=\"background-image:url(https:\/\/cndesge.org\/wp-content\/uploads\/2024\/10\/IMG_7194.jpeg);\">\r\n\t\t\t<div class=\"bdpp-featured-meta\">\r\n\t\t\t\r\n\t\t\t\t<h2 class=\"bdpp-post-title\">\r\n\t\t\t\t\t<a href=\"https:\/\/cndesge.org\/?p=6436\">El Consejo Nacional para el Desarrollo Econ\u00f3mico y Social y la Inspecci\u00f3n T\u00e9cnica de Veh\u00edculos (ITV) buscan soluciones conjuntas para mejorar el servicio.<\/a>\r\n\t\t\t\t<\/h2>\r\n\r\n\t\t\t\t\t\t\t\t<div class=\"bdpp-post-meta bdpp-post-meta-up\">\r\n\t\t\t\t\t<span class=\"bdpp-post-meta-data bdpp-post-date\"><i class=\"fa fa-clock-o\"><\/i>octubre 16, 2024<\/span>\t\t\t\t<\/div>\r\n\t\t\t\t\t\t\t<\/div>\r\n\t\t<\/div>\r\n\t<\/div>\r\n<\/div><div class=\"bdpp-post-slide bdpp-post-25 bdpp-post-standard bdpp-has-thumb\">\r\n\t<div class=\"bdpp-post-slider-content\">\r\n\t\t<a class=\"bdpp-post-linkoverlay\" href=\"https:\/\/cndesge.org\/?p=25\"><\/a>\r\n\t\t<div class=\"bdpp-post-img-bg\" style=\"background-image:url(https:\/\/cndesge.org\/wp-content\/uploads\/2024\/10\/IMG_7197.jpeg);\">\r\n\t\t\t<div class=\"bdpp-featured-meta\">\r\n\t\t\t\r\n\t\t\t\t<h2 class=\"bdpp-post-title\">\r\n\t\t\t\t\t<a href=\"https:\/\/cndesge.org\/?p=25\">El Consejo Nacional para el Desarrollo Econ\u00f3mico y Social se re\u00fane con el Ministerio de Trabajo y Fomento de Empleo<\/a>\r\n\t\t\t\t<\/h2>\r\n\r\n\t\t\t\t\t\t\t\t<div class=\"bdpp-post-meta bdpp-post-meta-up\">\r\n\t\t\t\t\t<span class=\"bdpp-post-meta-data bdpp-post-date\"><i class=\"fa fa-clock-o\"><\/i>octubre 9, 2024<\/span>\t\t\t\t<\/div>\r\n\t\t\t\t\t\t\t<\/div>\r\n\t\t<\/div>\r\n\t<\/div>\r\n<\/div><div class=\"bdpp-post-slide bdpp-post-6446 bdpp-post-standard bdpp-has-thumb\">\r\n\t<div class=\"bdpp-post-slider-content\">\r\n\t\t<a class=\"bdpp-post-linkoverlay\" href=\"https:\/\/cndesge.org\/?p=6446\"><\/a>\r\n\t\t<div class=\"bdpp-post-img-bg\" style=\"background-image:url(https:\/\/cndesge.org\/wp-content\/uploads\/2024\/09\/IMG_7199.jpeg);\">\r\n\t\t\t<div class=\"bdpp-featured-meta\">\r\n\t\t\t\r\n\t\t\t\t<h2 class=\"bdpp-post-title\">\r\n\t\t\t\t\t<a href=\"https:\/\/cndesge.org\/?p=6446\">El CNDES y el Ministerio de Justicia, Culto y Derechos Humanos unen fuerzas para impulsar la justicia y el clima de negocios<\/a>\r\n\t\t\t\t<\/h2>\r\n\r\n\t\t\t\t\t\t\t\t<div class=\"bdpp-post-meta bdpp-post-meta-up\">\r\n\t\t\t\t\t<span class=\"bdpp-post-meta-data bdpp-post-date\"><i class=\"fa fa-clock-o\"><\/i>septiembre 26, 2024<\/span>\t\t\t\t<\/div>\r\n\t\t\t\t\t\t\t<\/div>\r\n\t\t<\/div>\r\n\t<\/div>\r\n<\/div><div class=\"bdpp-post-slide bdpp-post-6443 bdpp-post-standard bdpp-has-thumb\">\r\n\t<div class=\"bdpp-post-slider-content\">\r\n\t\t<a class=\"bdpp-post-linkoverlay\" href=\"https:\/\/cndesge.org\/?p=6443\"><\/a>\r\n\t\t<div class=\"bdpp-post-img-bg\" style=\"background-image:url(https:\/\/cndesge.org\/wp-content\/uploads\/2024\/09\/IMG_7203.jpeg);\">\r\n\t\t\t<div class=\"bdpp-featured-meta\">\r\n\t\t\t\r\n\t\t\t\t<h2 class=\"bdpp-post-title\">\r\n\t\t\t\t\t<a href=\"https:\/\/cndesge.org\/?p=6443\">EL CNDES y el Ministerio de la Funci\u00f3n P\u00fablica, Reforma Administrativa y Seguridad Social se unen para fortalecer la gesti\u00f3n p\u00fablica y garantizar el bienestar de los funcionarios.<\/a>\r\n\t\t\t\t<\/h2>\r\n\r\n\t\t\t\t\t\t\t\t<div class=\"bdpp-post-meta bdpp-post-meta-up\">\r\n\t\t\t\t\t<span class=\"bdpp-post-meta-data bdpp-post-date\"><i class=\"fa fa-clock-o\"><\/i>septiembre 26, 2024<\/span>\t\t\t\t<\/div>\r\n\t\t\t\t\t\t\t<\/div>\r\n\t\t<\/div>\r\n\t<\/div>\r\n<\/div><div class=\"bdpp-post-slide bdpp-post-6440 bdpp-post-standard bdpp-has-thumb\">\r\n\t<div class=\"bdpp-post-slider-content\">\r\n\t\t<a class=\"bdpp-post-linkoverlay\" href=\"https:\/\/cndesge.org\/?p=6440\"><\/a>\r\n\t\t<div class=\"bdpp-post-img-bg\" style=\"background-image:url(https:\/\/cndesge.org\/wp-content\/uploads\/2024\/09\/IMG_7204.jpeg);\">\r\n\t\t\t<div class=\"bdpp-featured-meta\">\r\n\t\t\t\r\n\t\t\t\t<h2 class=\"bdpp-post-title\">\r\n\t\t\t\t\t<a href=\"https:\/\/cndesge.org\/?p=6440\">El CNDES y el Ministerio de Agricultura, Ganader\u00eda, Bosques y Medio Ambiente se unen para impulsar el desarrollo rural y la econom\u00eda nacional<\/a>\r\n\t\t\t\t<\/h2>\r\n\r\n\t\t\t\t\t\t\t\t<div class=\"bdpp-post-meta bdpp-post-meta-up\">\r\n\t\t\t\t\t<span class=\"bdpp-post-meta-data bdpp-post-date\"><i class=\"fa fa-clock-o\"><\/i>septiembre 25, 2024<\/span>\t\t\t\t<\/div>\r\n\t\t\t\t\t\t\t<\/div>\r\n\t\t<\/div>\r\n\t<\/div>\r\n<\/div><div class=\"bdpp-post-slide bdpp-post-3916 bdpp-post-standard bdpp-has-thumb\">\r\n\t<div class=\"bdpp-post-slider-content\">\r\n\t\t<a class=\"bdpp-post-linkoverlay\" href=\"https:\/\/cndesge.org\/?p=3916\"><\/a>\r\n\t\t<div class=\"bdpp-post-img-bg\" style=\"background-image:url(https:\/\/cndesge.org\/wp-content\/uploads\/2024\/09\/IMG_7205.jpeg);\">\r\n\t\t\t<div class=\"bdpp-featured-meta\">\r\n\t\t\t\r\n\t\t\t\t<h2 class=\"bdpp-post-title\">\r\n\t\t\t\t\t<a href=\"https:\/\/cndesge.org\/?p=3916\">Reuni\u00f3n entre el CNDES y el Ministerio de Electricidad y Energ\u00edas Renovables<\/a>\r\n\t\t\t\t<\/h2>\r\n\r\n\t\t\t\t\t\t\t\t<div class=\"bdpp-post-meta bdpp-post-meta-up\">\r\n\t\t\t\t\t<span class=\"bdpp-post-meta-data bdpp-post-date\"><i class=\"fa fa-clock-o\"><\/i>septiembre 25, 2024<\/span>\t\t\t\t<\/div>\r\n\t\t\t\t\t\t\t<\/div>\r\n\t\t<\/div>\r\n\t<\/div>\r\n<\/div><div class=\"bdpp-post-slide bdpp-post-6135 bdpp-post-standard bdpp-has-thumb\">\r\n\t<div class=\"bdpp-post-slider-content\">\r\n\t\t<a class=\"bdpp-post-linkoverlay\" href=\"https:\/\/cndesge.org\/?p=6135\"><\/a>\r\n\t\t<div class=\"bdpp-post-img-bg\" style=\"background-image:url(https:\/\/cndesge.org\/wp-content\/uploads\/2024\/09\/IMG_7209.jpeg);\">\r\n\t\t\t<div class=\"bdpp-featured-meta\">\r\n\t\t\t\r\n\t\t\t\t<h2 class=\"bdpp-post-title\">\r\n\t\t\t\t\t<a href=\"https:\/\/cndesge.org\/?p=6135\">El CNDES se re\u00fane con el Ministerio de Transportes, Telecomunicaci\u00f3n y Sistemas de Inteligencia Artificial<\/a>\r\n\t\t\t\t<\/h2>\r\n\r\n\t\t\t\t\t\t\t\t<div class=\"bdpp-post-meta bdpp-post-meta-up\">\r\n\t\t\t\t\t<span class=\"bdpp-post-meta-data bdpp-post-date\"><i class=\"fa fa-clock-o\"><\/i>septiembre 24, 2024<\/span>\t\t\t\t<\/div>\r\n\t\t\t\t\t\t\t<\/div>\r\n\t\t<\/div>\r\n\t<\/div>\r\n<\/div><div class=\"bdpp-post-slide bdpp-post-6138 bdpp-post-standard bdpp-has-thumb\">\r\n\t<div class=\"bdpp-post-slider-content\">\r\n\t\t<a class=\"bdpp-post-linkoverlay\" href=\"https:\/\/cndesge.org\/?p=6138\"><\/a>\r\n\t\t<div class=\"bdpp-post-img-bg\" style=\"background-image:url(https:\/\/cndesge.org\/wp-content\/uploads\/2024\/09\/IMG_7211.jpeg);\">\r\n\t\t\t<div class=\"bdpp-featured-meta\">\r\n\t\t\t\r\n\t\t\t\t<h2 class=\"bdpp-post-title\">\r\n\t\t\t\t\t<a href=\"https:\/\/cndesge.org\/?p=6138\">El CNDES se re\u00fane con el Comit\u00e9 Ol\u00edmpico de Guinea Ecuatorial (COGE)<\/a>\r\n\t\t\t\t<\/h2>\r\n\r\n\t\t\t\t\t\t\t\t<div class=\"bdpp-post-meta bdpp-post-meta-up\">\r\n\t\t\t\t\t<span class=\"bdpp-post-meta-data bdpp-post-date\"><i class=\"fa fa-clock-o\"><\/i>septiembre 21, 2024<\/span>\t\t\t\t<\/div>\r\n\t\t\t\t\t\t\t<\/div>\r\n\t\t<\/div>\r\n\t<\/div>\r\n<\/div><div class=\"bdpp-post-slide bdpp-post-3915 bdpp-post-standard bdpp-has-thumb\">\r\n\t<div class=\"bdpp-post-slider-content\">\r\n\t\t<a class=\"bdpp-post-linkoverlay\" href=\"https:\/\/cndesge.org\/?p=3915\"><\/a>\r\n\t\t<div class=\"bdpp-post-img-bg\" style=\"background-image:url(https:\/\/cndesge.org\/wp-content\/uploads\/2013\/09\/IMG_7213.jpeg);\">\r\n\t\t\t<div class=\"bdpp-featured-meta\">\r\n\t\t\t\r\n\t\t\t\t<h2 class=\"bdpp-post-title\">\r\n\t\t\t\t\t<a href=\"https:\/\/cndesge.org\/?p=3915\">El CNDES se re\u00fane con el Ministerio de Comercio, Promoci\u00f3n de Empresas e Industrias para analizar la situaci\u00f3n de dicho sector clave para la econom\u00eda nacional.<\/a>\r\n\t\t\t\t<\/h2>\r\n\r\n\t\t\t\t\t\t\t\t<div class=\"bdpp-post-meta bdpp-post-meta-up\">\r\n\t\t\t\t\t<span class=\"bdpp-post-meta-data bdpp-post-date\"><i class=\"fa fa-clock-o\"><\/i>septiembre 23, 2013<\/span>\t\t\t\t<\/div>\r\n\t\t\t\t\t\t\t<\/div>\r\n\t\t<\/div>\r\n\t<\/div>\r\n<\/div>\r\n\t<\/div>\r\n<\/div>\t\t\t\t<\/div>\n\t\t\t\t<\/div>\n\t\t\t\t<\/div>\n\t\t\t\t\t<\/div>\n\t\t\t\t<\/div>\n\t\t\t\t<section class=\"elementor-section elementor-top-section elementor-element elementor-element-99c8846 elementor-section-boxed elementor-section-height-default elementor-section-height-default\" data-id=\"99c8846\" data-element_type=\"section\" data-e-type=\"section\">\n\t\t\t\t\t\t<div class=\"elementor-container elementor-column-gap-default\">\n\t\t\t\t\t<div class=\"elementor-column elementor-col-100 elementor-top-column elementor-element elementor-element-87d972f\" data-id=\"87d972f\" data-element_type=\"column\" data-e-type=\"column\">\n\t\t\t<div class=\"elementor-widget-wrap elementor-element-populated\">\n\t\t\t\t\t\t<div class=\"elementor-element elementor-element-1d592af e-transform elementor-widget__width-inherit elementor-invisible elementor-widget elementor-widget-montro_about_us_v1\" data-id=\"1d592af\" data-element_type=\"widget\" data-e-type=\"widget\" data-settings=\"{&quot;_animation&quot;:&quot;fadeIn&quot;,&quot;_transform_translateX_effect&quot;:{&quot;unit&quot;:&quot;px&quot;,&quot;size&quot;:&quot;&quot;,&quot;sizes&quot;:[]},&quot;_transform_translateX_effect_tablet&quot;:{&quot;unit&quot;:&quot;px&quot;,&quot;size&quot;:&quot;&quot;,&quot;sizes&quot;:[]},&quot;_transform_translateX_effect_mobile&quot;:{&quot;unit&quot;:&quot;px&quot;,&quot;size&quot;:&quot;&quot;,&quot;sizes&quot;:[]},&quot;_transform_translateY_effect&quot;:{&quot;unit&quot;:&quot;px&quot;,&quot;size&quot;:&quot;&quot;,&quot;sizes&quot;:[]},&quot;_transform_translateY_effect_tablet&quot;:{&quot;unit&quot;:&quot;px&quot;,&quot;size&quot;:&quot;&quot;,&quot;sizes&quot;:[]},&quot;_transform_translateY_effect_mobile&quot;:{&quot;unit&quot;:&quot;px&quot;,&quot;size&quot;:&quot;&quot;,&quot;sizes&quot;:[]}}\" data-widget_type=\"montro_about_us_v1.default\">\n\t\t\t\t<div class=\"elementor-widget-container\">\n\t\t\t\t\t        \r\n        <!-- About Section -->\r\n        <section class=\"about-section\">\r\n            <div class=\"auto-container\">\r\n                <div class=\"inner-container\" style=\"background-image:url(https:\/\/cndesge.org\/wp-content\/uploads\/2022\/05\/pattern-1.png)\">\r\n                    <div class=\"row clearfix\">\r\n                        <!-- Content Column -->\r\n                        <div class=\"content-column col-lg-6 col-md-12 col-sm-12\">\r\n                            <div class=\"inner-column\">\r\n                                <!-- Sec Title -->\r\n                                <div class=\"sec-title\">\r\n                                                                        <div class=\"title\"><span class=\"separator\"><\/span>Sobre<\/div>\r\n                                                                        <h2>EL CNDES<\/h2>\r\n                                <\/div>\r\n                                <div class=\"text\">\r\n                                    Es la m\u00e1xima expresi\u00f3n t\u00e9cnico-consultiva para los poderes\np\u00fablicos en materia de planificaci\u00f3n indicativa, en orden a la articulaci\u00f3n\nde un desarrollo econ\u00f3mico y social participativo, que tiene en cuenta las\naspiraciones, las necesidades e intereses prioritarios y generales que\nconforman el Estado Social de Derecho que consagra la Ley\nFundamental de Guinea Ecuatorial.\n                                <\/div>\r\n                                <div class=\"clearfix\">\r\n                                \t                                    \r\n                                                                    <\/div>\r\n                            <\/div>\r\n                        <\/div>\r\n                        <!-- Image Column -->\r\n                        <div class=\"image-column col-lg-6 col-md-12 col-sm-12\">\r\n                            <div class=\"inner-column\">\r\n                                <div class=\"image\">\r\n                                \t                                    <img decoding=\"async\" src=\"https:\/\/cndesge.org\/wp-content\/uploads\/2025\/03\/high_1720193274.jpeg\" alt=\"Awesome Image\" \/>\r\n                                                                        \r\n                                    <!-- Experiance Box -->\r\n                                    <div class=\"experiance-box\">\r\n                                        <div class=\"box-inner\">\r\n                                            <div class=\"count-outer count-box\">\r\n                                                <span class=\"count-text\" data-speed=\"3500\" data-stop=\"2012\"><\/span>+                                            <\/div>\r\n                                            <h6>A\u00f1o de fundaci\u00f3n<\/h6>\r\n                                        <\/div>\r\n                                    <\/div>\r\n                                <\/div>\r\n                            <\/div>\r\n                        <\/div>\r\n                    <\/div>\r\n                <\/div>\r\n            <\/div>\r\n        <\/section>\r\n        <!-- End About Section -->\r\n    \t\r\n        \t\t\t\t<\/div>\n\t\t\t\t<\/div>\n\t\t\t\t\t<\/div>\n\t\t<\/div>\n\t\t\t\t\t<\/div>\n\t\t<\/section>\n\t\t<div class=\"elementor-element elementor-element-0b6ace4 e-flex e-con-boxed e-con e-parent\" data-id=\"0b6ace4\" data-element_type=\"container\" data-e-type=\"container\">\n\t\t\t\t\t<div class=\"e-con-inner\">\n\t\t\t\t<div class=\"elementor-element elementor-element-7f6241a elementor-widget elementor-widget-bdpp_layout_elementor_widget\" data-id=\"7f6241a\" data-element_type=\"widget\" data-e-type=\"widget\" data-widget_type=\"bdpp_layout_elementor_widget.default\">\n\t\t\t\t<div class=\"elementor-widget-container\">\n\t\t\t\t\t<div id=\"bdpp-post-masonry-3\" class=\"bdpp-wrap bdpp-lite bdpp-post-masonry-wrap bdpp-post-grid-wrap bdpp-post-data-wrap bdpp-design-2 bdpp-effect-1 bdpp-grid-2 bdpp-layout-10060 bdpp-clearfix\">\r\n\t<div class=\"bdpp-post-masonry-inr-wrap bdpp-post-data-inr-wrap bdpp-clearfix\"><div class=\"bdpp-post-grid bdpp-col-2 bdpp-columns bdpp-post-14303 bdpp-post-standard bdpp-has-thumb\">\r\n\t<div class=\"bdpp-post-grid-content\">\r\n\t\t\t\t<div class=\"bdpp-post-img-bg\">\r\n\t\t\t<a href=\"https:\/\/cndesge.org\/?p=14303\">\r\n\t\t\t\t<img decoding=\"async\" src=\"https:\/\/cndesge.org\/wp-content\/uploads\/2026\/04\/47c641b5-4ff8-481d-9036-9567c86e3a8f-1024x683.jpeg\" class=\"bdpp-img bdpp-post-feat-img\" alt=\"Coordinaci\u00f3n estrat\u00e9gica con banca y telecomunicaciones para fortalecer la organizaci\u00f3n de eventos internacionales\" \/>\r\n\t\t\t<\/a>\r\n\t\t<\/div>\r\n\t\t\r\n\t\t<div class=\"bdpp-post-margin-content\">\r\n\t\t\t\t\t\t<div class=\"bdpp-post-cats\"><a class=\"bdpp-post-cat-link bdpp-post-cat-82 bdpp-post-cat-bussiness\" href=\"https:\/\/cndesge.org\/?cat=82\">Reuniones<\/a> <a class=\"bdpp-post-cat-link bdpp-post-cat-83 bdpp-post-cat-city-news\" href=\"https:\/\/cndesge.org\/?cat=83\">ultima hora<\/a><\/div>\r\n\t\t\t\r\n\t\t\t<h2 class=\"bdpp-post-title\">\r\n\t\t\t\t<a href=\"https:\/\/cndesge.org\/?p=14303\">Coordinaci\u00f3n estrat\u00e9gica con banca y telecomunicaciones para fortalecer la organizaci\u00f3n de eventos internacionales<\/a>\r\n\t\t\t<\/h2>\r\n\r\n\t\t\t\t\t\t<div class=\"bdpp-post-meta bdpp-post-meta-up\">\r\n\t\t\t\t<span class=\"bdpp-post-meta-data bdpp-post-date\"><i class=\"fa fa-clock-o\"><\/i>abril 15, 2026<\/span>\t\t\t<\/div>\r\n\t\t\t\t\t<\/div>\r\n\t<\/div>\r\n<\/div><div class=\"bdpp-post-grid bdpp-col-2 bdpp-columns bdpp-post-14263 bdpp-post-standard bdpp-has-thumb\">\r\n\t<div class=\"bdpp-post-grid-content\">\r\n\t\t\t\t<div class=\"bdpp-post-img-bg\">\r\n\t\t\t<a href=\"https:\/\/cndesge.org\/?p=14263\">\r\n\t\t\t\t<img decoding=\"async\" src=\"https:\/\/cndesge.org\/wp-content\/uploads\/2026\/04\/IMG_1823-1024x682.jpeg\" class=\"bdpp-img bdpp-post-feat-img\" alt=\"Fortalecimiento de la coordinaci\u00f3n institucional entre el CNDES y el Tribunal Supremo de Justicia\" \/>\r\n\t\t\t<\/a>\r\n\t\t<\/div>\r\n\t\t\r\n\t\t<div class=\"bdpp-post-margin-content\">\r\n\t\t\t\t\t\t<div class=\"bdpp-post-cats\"><a class=\"bdpp-post-cat-link bdpp-post-cat-86 bdpp-post-cat-goverment\" href=\"https:\/\/cndesge.org\/?cat=86\">Gobierno<\/a> <a class=\"bdpp-post-cat-link bdpp-post-cat-82 bdpp-post-cat-bussiness\" href=\"https:\/\/cndesge.org\/?cat=82\">Reuniones<\/a> <a class=\"bdpp-post-cat-link bdpp-post-cat-83 bdpp-post-cat-city-news\" href=\"https:\/\/cndesge.org\/?cat=83\">ultima hora<\/a><\/div>\r\n\t\t\t\r\n\t\t\t<h2 class=\"bdpp-post-title\">\r\n\t\t\t\t<a href=\"https:\/\/cndesge.org\/?p=14263\">Fortalecimiento de la coordinaci\u00f3n institucional entre el CNDES y el Tribunal Supremo de Justicia<\/a>\r\n\t\t\t<\/h2>\r\n\r\n\t\t\t\t\t\t<div class=\"bdpp-post-meta bdpp-post-meta-up\">\r\n\t\t\t\t<span class=\"bdpp-post-meta-data bdpp-post-date\"><i class=\"fa fa-clock-o\"><\/i>abril 14, 2026<\/span>\t\t\t<\/div>\r\n\t\t\t\t\t<\/div>\r\n\t<\/div>\r\n<\/div><div class=\"bdpp-post-grid bdpp-col-2 bdpp-columns bdpp-post-14260 bdpp-post-standard bdpp-has-thumb\">\r\n\t<div class=\"bdpp-post-grid-content\">\r\n\t\t\t\t<div class=\"bdpp-post-img-bg\">\r\n\t\t\t<a href=\"https:\/\/cndesge.org\/?p=14260\">\r\n\t\t\t\t<img decoding=\"async\" src=\"https:\/\/cndesge.org\/wp-content\/uploads\/2026\/04\/IMG_1812-1024x683.jpeg\" class=\"bdpp-img bdpp-post-feat-img\" alt=\"El CNDES celebra su Segundo Pleno Ordinario del presente a\u00f1o 2026.\" \/>\r\n\t\t\t<\/a>\r\n\t\t<\/div>\r\n\t\t\r\n\t\t<div class=\"bdpp-post-margin-content\">\r\n\t\t\t\t\t\t<div class=\"bdpp-post-cats\"><a class=\"bdpp-post-cat-link bdpp-post-cat-82 bdpp-post-cat-bussiness\" href=\"https:\/\/cndesge.org\/?cat=82\">Reuniones<\/a> <a class=\"bdpp-post-cat-link bdpp-post-cat-83 bdpp-post-cat-city-news\" href=\"https:\/\/cndesge.org\/?cat=83\">ultima hora<\/a><\/div>\r\n\t\t\t\r\n\t\t\t<h2 class=\"bdpp-post-title\">\r\n\t\t\t\t<a href=\"https:\/\/cndesge.org\/?p=14260\">El CNDES celebra su Segundo Pleno Ordinario del presente a\u00f1o 2026.<\/a>\r\n\t\t\t<\/h2>\r\n\r\n\t\t\t\t\t\t<div class=\"bdpp-post-meta bdpp-post-meta-up\">\r\n\t\t\t\t<span class=\"bdpp-post-meta-data bdpp-post-date\"><i class=\"fa fa-clock-o\"><\/i>abril 14, 2026<\/span>\t\t\t<\/div>\r\n\t\t\t\t\t<\/div>\r\n\t<\/div>\r\n<\/div><div class=\"bdpp-post-grid bdpp-col-2 bdpp-columns bdpp-post-14224 bdpp-post-standard bdpp-has-thumb\">\r\n\t<div class=\"bdpp-post-grid-content\">\r\n\t\t\t\t<div class=\"bdpp-post-img-bg\">\r\n\t\t\t<a href=\"https:\/\/cndesge.org\/?p=14224\">\r\n\t\t\t\t<img decoding=\"async\" src=\"https:\/\/cndesge.org\/wp-content\/uploads\/2026\/04\/ae624efa-9d62-4178-9c06-78c43c5fe9d7-819x1024.jpeg\" class=\"bdpp-img bdpp-post-feat-img\" alt=\"Fortaleciendo la cooperaci\u00f3n institucional: el CNDES presenta su agenda internacional al Tribunal de Cuentas\" \/>\r\n\t\t\t<\/a>\r\n\t\t<\/div>\r\n\t\t\r\n\t\t<div class=\"bdpp-post-margin-content\">\r\n\t\t\t\t\t\t<div class=\"bdpp-post-cats\"><a class=\"bdpp-post-cat-link bdpp-post-cat-82 bdpp-post-cat-bussiness\" href=\"https:\/\/cndesge.org\/?cat=82\">Reuniones<\/a> <a class=\"bdpp-post-cat-link bdpp-post-cat-83 bdpp-post-cat-city-news\" href=\"https:\/\/cndesge.org\/?cat=83\">ultima hora<\/a><\/div>\r\n\t\t\t\r\n\t\t\t<h2 class=\"bdpp-post-title\">\r\n\t\t\t\t<a href=\"https:\/\/cndesge.org\/?p=14224\">Fortaleciendo la cooperaci\u00f3n institucional: el CNDES presenta su agenda internacional al Tribunal de Cuentas<\/a>\r\n\t\t\t<\/h2>\r\n\r\n\t\t\t\t\t\t<div class=\"bdpp-post-meta bdpp-post-meta-up\">\r\n\t\t\t\t<span class=\"bdpp-post-meta-data bdpp-post-date\"><i class=\"fa fa-clock-o\"><\/i>abril 13, 2026<\/span>\t\t\t<\/div>\r\n\t\t\t\t\t<\/div>\r\n\t<\/div>\r\n<\/div>\t<\/div>\r\n\t<\/div>\t\t\t\t<\/div>\n\t\t\t\t<\/div>\n\t\t\t\t\t<\/div>\n\t\t\t\t<\/div>\n\t\t<div class=\"elementor-element elementor-element-66dd5d1 e-flex e-con-boxed e-con e-parent\" data-id=\"66dd5d1\" data-element_type=\"container\" data-e-type=\"container\">\n\t\t\t\t\t<div class=\"e-con-inner\">\n\t\t<div class=\"elementor-element elementor-element-8fa90a4 e-con-full e-flex e-con e-child\" data-id=\"8fa90a4\" data-element_type=\"container\" data-e-type=\"container\">\n\t\t\t\t<\/div>\n\t\t<div class=\"elementor-element elementor-element-5c4dcf6 e-con-full e-flex e-con e-child\" data-id=\"5c4dcf6\" data-element_type=\"container\" data-e-type=\"container\">\n\t\t\t\t<div class=\"elementor-element elementor-element-5337064 elementor-align-center e-transform elementor-widget elementor-widget-button\" data-id=\"5337064\" data-element_type=\"widget\" data-e-type=\"widget\" data-settings=\"{&quot;_transform_scale_effect&quot;:{&quot;unit&quot;:&quot;px&quot;,&quot;size&quot;:1.3,&quot;sizes&quot;:[]},&quot;_transform_scale_effect_tablet&quot;:{&quot;unit&quot;:&quot;px&quot;,&quot;size&quot;:&quot;&quot;,&quot;sizes&quot;:[]},&quot;_transform_scale_effect_mobile&quot;:{&quot;unit&quot;:&quot;px&quot;,&quot;size&quot;:&quot;&quot;,&quot;sizes&quot;:[]}}\" data-widget_type=\"button.default\">\n\t\t\t\t<div class=\"elementor-widget-container\">\n\t\t\t\t\t\t\t\t\t<div class=\"elementor-button-wrapper\">\n\t\t\t\t\t<a class=\"elementor-button elementor-button-link elementor-size-sm\" href=\"https:\/\/cndesge.org\/?page_id=1799\">\n\t\t\t\t\t\t<span class=\"elementor-button-content-wrapper\">\n\t\t\t\t\t\t\t\t\t<span class=\"elementor-button-text\">Ver todas las noticias<\/span>\n\t\t\t\t\t<\/span>\n\t\t\t\t\t<\/a>\n\t\t\t\t<\/div>\n\t\t\t\t\t\t\t\t<\/div>\n\t\t\t\t<\/div>\n\t\t\t\t<\/div>\n\t\t<div class=\"elementor-element elementor-element-0cfaf3b e-con-full e-flex e-con e-child\" data-id=\"0cfaf3b\" data-element_type=\"container\" data-e-type=\"container\">\n\t\t\t\t<\/div>\n\t\t\t\t\t<\/div>\n\t\t\t\t<\/div>\n\t\t\t\t<section class=\"elementor-section elementor-top-section elementor-element elementor-element-4d1309cc elementor-section-full_width elementor-section-height-default elementor-section-height-default\" data-id=\"4d1309cc\" data-element_type=\"section\" data-e-type=\"section\">\n\t\t\t\t\t\t<div class=\"elementor-container elementor-column-gap-default\">\n\t\t\t\t\t<div class=\"elementor-column elementor-col-100 elementor-top-column elementor-element elementor-element-72a28004\" data-id=\"72a28004\" data-element_type=\"column\" data-e-type=\"column\">\n\t\t\t<div class=\"elementor-widget-wrap elementor-element-populated\">\n\t\t\t\t\t\t<div class=\"elementor-element elementor-element-3cbc3130 elementor-widget elementor-widget-montro_team_v1\" data-id=\"3cbc3130\" data-element_type=\"widget\" data-e-type=\"widget\" data-widget_type=\"montro_team_v1.default\">\n\t\t\t\t<div class=\"elementor-widget-container\">\n\t\t\t\t\t        \r\n        <!-- Team Section -->\r\n        <section class=\"team-page-section\">\r\n            <div class=\"auto-container\">\r\n                <!-- Sec Title -->\r\n                <div class=\"sec-title centered\">\r\n                                        <div class=\"title\"><span class=\"separator\"><\/span>DOCUMENTOS<span class=\"separator-two\"><\/span><\/div>\r\n                                        <h2><\/h2>\r\n                <\/div>\r\n                \r\n                            <\/div>\r\n        <\/section>\r\n        <!-- End Team Section -->\r\n    \t\r\n        \t\t\t\t<\/div>\n\t\t\t\t<\/div>\n\t\t\t\t\t<\/div>\n\t\t<\/div>\n\t\t\t\t\t<\/div>\n\t\t<\/section>\n\t\t<div class=\"elementor-element elementor-element-37fefb27 e-flex e-con-boxed e-con e-parent\" data-id=\"37fefb27\" data-element_type=\"container\" data-e-type=\"container\">\n\t\t\t\t\t<div class=\"e-con-inner\">\n\t\t<div class=\"elementor-element elementor-element-218f7a41 e-con-full e-flex e-con e-child\" data-id=\"218f7a41\" data-element_type=\"container\" data-e-type=\"container\">\n\t\t\t\t<div class=\"elementor-element elementor-element-1bb04bd3 elementor-widget elementor-widget-image\" data-id=\"1bb04bd3\" data-element_type=\"widget\" data-e-type=\"widget\" data-widget_type=\"image.default\">\n\t\t\t\t<div class=\"elementor-widget-container\">\n\t\t\t\t\t\t\t\t\t\t\t\t\t\t\t\t<a href=\"https:\/\/cndesge.org\/wp-content\/uploads\/2025\/04\/Hoja_de_Ruta_hacia._Final.pdf\">\n\t\t\t\t\t\t\t<img loading=\"lazy\" decoding=\"async\" width=\"525\" height=\"751\" src=\"https:\/\/cndesge.org\/wp-content\/uploads\/2025\/04\/IMG_7862-716x1024.jpeg\" class=\"attachment-large size-large wp-image-10845\" alt=\"\" srcset=\"https:\/\/cndesge.org\/wp-content\/uploads\/2025\/04\/IMG_7862-716x1024.jpeg 716w, https:\/\/cndesge.org\/wp-content\/uploads\/2025\/04\/IMG_7862-210x300.jpeg 210w, https:\/\/cndesge.org\/wp-content\/uploads\/2025\/04\/IMG_7862-768x1099.jpeg 768w, https:\/\/cndesge.org\/wp-content\/uploads\/2025\/04\/IMG_7862-1074x1536.jpeg 1074w, https:\/\/cndesge.org\/wp-content\/uploads\/2025\/04\/IMG_7862-230x330.jpeg 230w, https:\/\/cndesge.org\/wp-content\/uploads\/2025\/04\/IMG_7862-600x858.jpeg 600w, https:\/\/cndesge.org\/wp-content\/uploads\/2025\/04\/IMG_7862.jpeg 1242w\" sizes=\"(max-width: 525px) 100vw, 525px\" \/>\t\t\t\t\t\t\t\t<\/a>\n\t\t\t\t\t\t\t\t\t\t\t\t\t\t\t<\/div>\n\t\t\t\t<\/div>\n\t\t\t\t<\/div>\n\t\t<div class=\"elementor-element elementor-element-63b4c103 e-con-full e-flex e-con e-child\" data-id=\"63b4c103\" data-element_type=\"container\" data-e-type=\"container\">\n\t\t\t\t<div class=\"elementor-element elementor-element-41c34c12 elementor-widget elementor-widget-image\" data-id=\"41c34c12\" data-element_type=\"widget\" data-e-type=\"widget\" data-widget_type=\"image.default\">\n\t\t\t\t<div class=\"elementor-widget-container\">\n\t\t\t\t\t\t\t\t\t\t\t\t\t\t\t\t<a href=\"https:\/\/cndesge.org\/wp-content\/uploads\/2025\/04\/Comite-de-Coordinacion-y-Seguimiento3.pdf\">\n\t\t\t\t\t\t\t<img loading=\"lazy\" decoding=\"async\" width=\"525\" height=\"753\" src=\"https:\/\/cndesge.org\/wp-content\/uploads\/2025\/04\/IMG_7861-714x1024.jpeg\" class=\"attachment-large size-large wp-image-10846\" alt=\"\" srcset=\"https:\/\/cndesge.org\/wp-content\/uploads\/2025\/04\/IMG_7861-714x1024.jpeg 714w, https:\/\/cndesge.org\/wp-content\/uploads\/2025\/04\/IMG_7861-209x300.jpeg 209w, https:\/\/cndesge.org\/wp-content\/uploads\/2025\/04\/IMG_7861-768x1102.jpeg 768w, https:\/\/cndesge.org\/wp-content\/uploads\/2025\/04\/IMG_7861-1071x1536.jpeg 1071w, https:\/\/cndesge.org\/wp-content\/uploads\/2025\/04\/IMG_7861-230x330.jpeg 230w, https:\/\/cndesge.org\/wp-content\/uploads\/2025\/04\/IMG_7861-600x861.jpeg 600w, https:\/\/cndesge.org\/wp-content\/uploads\/2025\/04\/IMG_7861.jpeg 1236w\" sizes=\"(max-width: 525px) 100vw, 525px\" \/>\t\t\t\t\t\t\t\t<\/a>\n\t\t\t\t\t\t\t\t\t\t\t\t\t\t\t<\/div>\n\t\t\t\t<\/div>\n\t\t\t\t<\/div>\n\t\t<div class=\"elementor-element elementor-element-3a235fcf e-con-full e-flex e-con e-child\" data-id=\"3a235fcf\" data-element_type=\"container\" data-e-type=\"container\">\n\t\t\t\t<div class=\"elementor-element elementor-element-128f91cb elementor-widget elementor-widget-image\" data-id=\"128f91cb\" data-element_type=\"widget\" data-e-type=\"widget\" data-widget_type=\"image.default\">\n\t\t\t\t<div class=\"elementor-widget-container\">\n\t\t\t\t\t\t\t\t\t\t\t\t\t\t\t\t<a href=\"https:\/\/cndesge.org\/wp-content\/uploads\/2025\/04\/PROPUESTA-DE-PROYECTOS-DE-DIVERSIFICACION.pdf\">\n\t\t\t\t\t\t\t<img loading=\"lazy\" decoding=\"async\" width=\"525\" height=\"750\" src=\"https:\/\/cndesge.org\/wp-content\/uploads\/2025\/04\/IMG_7745-717x1024.jpeg\" class=\"attachment-large size-large wp-image-10829\" alt=\"\" srcset=\"https:\/\/cndesge.org\/wp-content\/uploads\/2025\/04\/IMG_7745-717x1024.jpeg 717w, https:\/\/cndesge.org\/wp-content\/uploads\/2025\/04\/IMG_7745-210x300.jpeg 210w, https:\/\/cndesge.org\/wp-content\/uploads\/2025\/04\/IMG_7745-768x1096.jpeg 768w, https:\/\/cndesge.org\/wp-content\/uploads\/2025\/04\/IMG_7745-1076x1536.jpeg 1076w, https:\/\/cndesge.org\/wp-content\/uploads\/2025\/04\/IMG_7745-230x330.jpeg 230w, https:\/\/cndesge.org\/wp-content\/uploads\/2025\/04\/IMG_7745-600x856.jpeg 600w, https:\/\/cndesge.org\/wp-content\/uploads\/2025\/04\/IMG_7745.jpeg 1205w\" sizes=\"(max-width: 525px) 100vw, 525px\" \/>\t\t\t\t\t\t\t\t<\/a>\n\t\t\t\t\t\t\t\t\t\t\t\t\t\t\t<\/div>\n\t\t\t\t<\/div>\n\t\t\t\t<\/div>\n\t\t<div class=\"elementor-element elementor-element-1b991021 e-con-full e-flex e-con e-child\" data-id=\"1b991021\" data-element_type=\"container\" data-e-type=\"container\">\n\t\t\t\t<\/div>\n\t\t<div class=\"elementor-element elementor-element-1e3ee5a6 e-con-full e-flex e-con e-child\" data-id=\"1e3ee5a6\" data-element_type=\"container\" data-e-type=\"container\">\n\t\t\t\t<\/div>\n\t\t<div class=\"elementor-element elementor-element-5933bf72 e-con-full e-flex e-con e-child\" data-id=\"5933bf72\" data-element_type=\"container\" data-e-type=\"container\">\n\t\t\t\t<\/div>\n\t\t\t\t\t<\/div>\n\t\t\t\t<\/div>\n\t\t<div class=\"elementor-element elementor-element-24ac3f1 e-flex e-con-boxed e-con e-parent\" data-id=\"24ac3f1\" data-element_type=\"container\" data-e-type=\"container\">\n\t\t\t\t\t<div class=\"e-con-inner\">\n\t\t\t\t<div class=\"elementor-element elementor-element-d1d674b elementor-widget__width-inherit elementor-widget elementor-widget-shortcode\" data-id=\"d1d674b\" data-element_type=\"widget\" data-e-type=\"widget\" data-widget_type=\"shortcode.default\">\n\t\t\t\t<div class=\"elementor-widget-container\">\n\t\t\t\t\t\t\t<div class=\"elementor-shortcode\">\n<div id=\"sb_instagram\"  class=\"sbi sbi_mob_col_2 sbi_tab_col_2 sbi_col_3 sbi_width_resp\" style=\"padding-bottom: 6px;\"\t data-feedid=\"*1\"  data-res=\"auto\" data-cols=\"3\" data-colsmobile=\"2\" data-colstablet=\"2\" data-num=\"6\" data-nummobile=\"5\" data-item-padding=\"3\"\t data-shortcode-atts=\"{&quot;feed&quot;:&quot;1&quot;}\"  data-postid=\"14224\" data-locatornonce=\"12d108e252\" data-imageaspectratio=\"1:1\" data-sbi-flags=\"favorLocal,gdpr\">\n\t<div class=\"sb_instagram_header  sbi_medium\"   >\n\t<a class=\"sbi_header_link\" target=\"_blank\"\n\t   rel=\"nofollow noopener\" href=\"https:\/\/www.instagram.com\/cndesge\/\" title=\"@cndesge\">\n\t\t<div class=\"sbi_header_text\">\n\t\t\t<div class=\"sbi_header_img\"  data-avatar-url=\"https:\/\/scontent-lga3-3.cdninstagram.com\/v\/t51.82787-19\/612728332_17907083214308218_6376938010209976610_n.jpg?stp=dst-jpg_s206x206_tt6&amp;_nc_cat=106&amp;ccb=7-5&amp;_nc_sid=bf7eb4&amp;efg=eyJ2ZW5jb2RlX3RhZyI6InByb2ZpbGVfcGljLnd3dy44MDAuQzMifQ%3D%3D&amp;_nc_ohc=uXTGNFSc4c8Q7kNvwFHVp_w&amp;_nc_oc=Adr_jlcI4RpDuLwjD6DlSkK9baUvXnVyos5niGY2ZLlVbHCHDUJiGfbYke77YSEpz-Ph4AOywgQTdnNz6oiegt_N&amp;_nc_zt=24&amp;_nc_ht=scontent-lga3-3.cdninstagram.com&amp;edm=AP4hL3IEAAAA&amp;_nc_gid=otOHv_wo9KWe6MW5kFeZ5Q&amp;_nc_tpa=Q5bMBQEwyqNeF636H1MQX7EtqiqnsYM2fl3msHxQtOcfyDTKvSpBjpbOsbuSFHKd5CaVjhFVvhcmR8341w&amp;oh=00_Af3gC1Hm3Ywsf9imgEKdTTy63XcQukUctQVt3Dh4Pw9kTg&amp;oe=69F5DC4A\">\n\t\t\t\t\t\t\t\t\t<div class=\"sbi_header_img_hover\"  ><svg class=\"sbi_new_logo fa-instagram fa-w-14\" aria-hidden=\"true\" data-fa-processed=\"\" aria-label=\"Instagram\" data-prefix=\"fab\" data-icon=\"instagram\" role=\"img\" viewBox=\"0 0 448 512\">\n                    <path fill=\"currentColor\" d=\"M224.1 141c-63.6 0-114.9 51.3-114.9 114.9s51.3 114.9 114.9 114.9S339 319.5 339 255.9 287.7 141 224.1 141zm0 189.6c-41.1 0-74.7-33.5-74.7-74.7s33.5-74.7 74.7-74.7 74.7 33.5 74.7 74.7-33.6 74.7-74.7 74.7zm146.4-194.3c0 14.9-12 26.8-26.8 26.8-14.9 0-26.8-12-26.8-26.8s12-26.8 26.8-26.8 26.8 12 26.8 26.8zm76.1 27.2c-1.7-35.9-9.9-67.7-36.2-93.9-26.2-26.2-58-34.4-93.9-36.2-37-2.1-147.9-2.1-184.9 0-35.8 1.7-67.6 9.9-93.9 36.1s-34.4 58-36.2 93.9c-2.1 37-2.1 147.9 0 184.9 1.7 35.9 9.9 67.7 36.2 93.9s58 34.4 93.9 36.2c37 2.1 147.9 2.1 184.9 0 35.9-1.7 67.7-9.9 93.9-36.2 26.2-26.2 34.4-58 36.2-93.9 2.1-37 2.1-147.8 0-184.8zM398.8 388c-7.8 19.6-22.9 34.7-42.6 42.6-29.5 11.7-99.5 9-132.1 9s-102.7 2.6-132.1-9c-19.6-7.8-34.7-22.9-42.6-42.6-11.7-29.5-9-99.5-9-132.1s-2.6-102.7 9-132.1c7.8-19.6 22.9-34.7 42.6-42.6 29.5-11.7 99.5-9 132.1-9s102.7-2.6 132.1 9c19.6 7.8 34.7 22.9 42.6 42.6 11.7 29.5 9 99.5 9 132.1s2.7 102.7-9 132.1z\"><\/path>\n                <\/svg><\/div>\n\t\t\t\t\t<img loading=\"lazy\" decoding=\"async\"  src=\"https:\/\/cndesge.org\/wp-content\/uploads\/sb-instagram-feed-images\/cndesge.webp\" alt=\"\" width=\"50\" height=\"50\">\n\t\t\t\t\n\t\t\t\t\t\t\t<\/div>\n\n\t\t\t<div class=\"sbi_feedtheme_header_text\">\n\t\t\t\t<h3>cndesge<\/h3>\n\t\t\t\t\t\t\t\t\t<p class=\"sbi_bio\">\ud835\udc02\ud835\udc2e\ud835\udc1e\ud835\udc27\ud835\udc2d\ud835\udc1a \ud835\udc28\ud835\udc1f\ud835\udc22\ud835\udc1c\ud835\udc22\ud835\udc1a\ud835\udc25 \ud835\udc1d\ud835\udc1e\ud835\udc25 \ud835\udc02\ud835\udc28\ud835\udc27\ud835\udc2c\ud835\udc1e\ud835\udc23\ud835\udc28 \ud835\udc0d\ud835\udc1a\ud835\udc1c\ud835\udc22\ud835\udc28\ud835\udc27\ud835\udc1a\ud835\udc25 \ud835\udc29\ud835\udc1a\ud835\udc2b\ud835\udc1a \ud835\udc1e\ud835\udc25 \ud835\udc03\ud835\udc1e\ud835\udc2c\ud835\udc1a\ud835\udc2b\ud835\udc2b\ud835\udc28\ud835\udc25\ud835\udc25\ud835\udc28 \ud835\udc04\ud835\udc1c\ud835\udc28\ud835\udc27\ud835\udc28\u0301\ud835\udc26\ud835\udc22\ud835\udc1c\ud835\udc28 \ud835\udc32 \ud835\udc12\ud835\udc28\ud835\udc1c\ud835\udc22\ud835\udc1a\ud835\udc25 \ud835\udc1d\ud835\udc1e \ud835\udc06\ud835\udc2e\ud835\udc22\ud835\udc27\ud835\udc1e\ud835\udc1a \ud835\udc04\ud835\udc1c\ud835\udc2e\ud835\udc1a\ud835\udc2d\ud835\udc28\ud835\udc2b\ud835\udc22\ud835\udc1a\ud835\udc25<br>\nVisita la p\u00e1gina web \ud83d\udc47\ud83c\udffe<\/p>\n\t\t\t\t\t\t\t<\/div>\n\t\t<\/div>\n\t<\/a>\n<\/div>\n\n\t<div id=\"sbi_images\"  style=\"gap: 6px;\">\n\t\t<div class=\"sbi_item sbi_type_image sbi_new sbi_transition\"\n\tid=\"sbi_18035069741606472\" data-date=\"1777213689\">\n\t<div class=\"sbi_photo_wrap\">\n\t\t<a class=\"sbi_photo\" href=\"https:\/\/www.instagram.com\/p\/DXmSRuaCPKq\/\" target=\"_blank\" rel=\"noopener nofollow\"\n\t\t\tdata-full-res=\"https:\/\/scontent-lga3-1.cdninstagram.com\/v\/t51.82787-15\/662528436_17923019529308218_2786612337030787892_n.jpg?stp=dst-jpg_e35_tt6&#038;_nc_cat=110&#038;ccb=7-5&#038;_nc_sid=18de74&#038;efg=eyJlZmdfdGFnIjoiRkVFRC5iZXN0X2ltYWdlX3VybGdlbi5DMyJ9&#038;_nc_ohc=LpaYakXkjsMQ7kNvwF-Yjdo&#038;_nc_oc=AdqUGoaVmomj-JKR2cDDPW52lZfYHH3a_2HZamMmDD7rISDhOmQKN_gOzHKP6-aXnkFpHWts-FlnzXg8ycqiPmT-&#038;_nc_zt=23&#038;_nc_ht=scontent-lga3-1.cdninstagram.com&#038;edm=ANo9K5cEAAAA&#038;_nc_gid=usKuzZ8SdYKoxYlDSaFbcg&#038;_nc_tpa=Q5bMBQEhw7SIGuse8sLJnb5UK5Gq1qyUIPXYQTxcUgEQNhHkf9IKosGscqQjvKJdKk1cbRUOpflprUdirw&#038;oh=00_Af2fnPXzBd23Vi9-koyTBhbxPDLQHioKSHKyqvkHLLmR1A&#038;oe=69F5C2AA\"\n\t\t\tdata-img-src-set=\"{&quot;d&quot;:&quot;https:\\\/\\\/scontent-lga3-1.cdninstagram.com\\\/v\\\/t51.82787-15\\\/662528436_17923019529308218_2786612337030787892_n.jpg?stp=dst-jpg_e35_tt6&amp;_nc_cat=110&amp;ccb=7-5&amp;_nc_sid=18de74&amp;efg=eyJlZmdfdGFnIjoiRkVFRC5iZXN0X2ltYWdlX3VybGdlbi5DMyJ9&amp;_nc_ohc=LpaYakXkjsMQ7kNvwF-Yjdo&amp;_nc_oc=AdqUGoaVmomj-JKR2cDDPW52lZfYHH3a_2HZamMmDD7rISDhOmQKN_gOzHKP6-aXnkFpHWts-FlnzXg8ycqiPmT-&amp;_nc_zt=23&amp;_nc_ht=scontent-lga3-1.cdninstagram.com&amp;edm=ANo9K5cEAAAA&amp;_nc_gid=usKuzZ8SdYKoxYlDSaFbcg&amp;_nc_tpa=Q5bMBQEhw7SIGuse8sLJnb5UK5Gq1qyUIPXYQTxcUgEQNhHkf9IKosGscqQjvKJdKk1cbRUOpflprUdirw&amp;oh=00_Af2fnPXzBd23Vi9-koyTBhbxPDLQHioKSHKyqvkHLLmR1A&amp;oe=69F5C2AA&quot;,&quot;150&quot;:&quot;https:\\\/\\\/scontent-lga3-1.cdninstagram.com\\\/v\\\/t51.82787-15\\\/662528436_17923019529308218_2786612337030787892_n.jpg?stp=dst-jpg_e35_tt6&amp;_nc_cat=110&amp;ccb=7-5&amp;_nc_sid=18de74&amp;efg=eyJlZmdfdGFnIjoiRkVFRC5iZXN0X2ltYWdlX3VybGdlbi5DMyJ9&amp;_nc_ohc=LpaYakXkjsMQ7kNvwF-Yjdo&amp;_nc_oc=AdqUGoaVmomj-JKR2cDDPW52lZfYHH3a_2HZamMmDD7rISDhOmQKN_gOzHKP6-aXnkFpHWts-FlnzXg8ycqiPmT-&amp;_nc_zt=23&amp;_nc_ht=scontent-lga3-1.cdninstagram.com&amp;edm=ANo9K5cEAAAA&amp;_nc_gid=usKuzZ8SdYKoxYlDSaFbcg&amp;_nc_tpa=Q5bMBQEhw7SIGuse8sLJnb5UK5Gq1qyUIPXYQTxcUgEQNhHkf9IKosGscqQjvKJdKk1cbRUOpflprUdirw&amp;oh=00_Af2fnPXzBd23Vi9-koyTBhbxPDLQHioKSHKyqvkHLLmR1A&amp;oe=69F5C2AA&quot;,&quot;320&quot;:&quot;https:\\\/\\\/scontent-lga3-1.cdninstagram.com\\\/v\\\/t51.82787-15\\\/662528436_17923019529308218_2786612337030787892_n.jpg?stp=dst-jpg_e35_tt6&amp;_nc_cat=110&amp;ccb=7-5&amp;_nc_sid=18de74&amp;efg=eyJlZmdfdGFnIjoiRkVFRC5iZXN0X2ltYWdlX3VybGdlbi5DMyJ9&amp;_nc_ohc=LpaYakXkjsMQ7kNvwF-Yjdo&amp;_nc_oc=AdqUGoaVmomj-JKR2cDDPW52lZfYHH3a_2HZamMmDD7rISDhOmQKN_gOzHKP6-aXnkFpHWts-FlnzXg8ycqiPmT-&amp;_nc_zt=23&amp;_nc_ht=scontent-lga3-1.cdninstagram.com&amp;edm=ANo9K5cEAAAA&amp;_nc_gid=usKuzZ8SdYKoxYlDSaFbcg&amp;_nc_tpa=Q5bMBQEhw7SIGuse8sLJnb5UK5Gq1qyUIPXYQTxcUgEQNhHkf9IKosGscqQjvKJdKk1cbRUOpflprUdirw&amp;oh=00_Af2fnPXzBd23Vi9-koyTBhbxPDLQHioKSHKyqvkHLLmR1A&amp;oe=69F5C2AA&quot;,&quot;640&quot;:&quot;https:\\\/\\\/scontent-lga3-1.cdninstagram.com\\\/v\\\/t51.82787-15\\\/662528436_17923019529308218_2786612337030787892_n.jpg?stp=dst-jpg_e35_tt6&amp;_nc_cat=110&amp;ccb=7-5&amp;_nc_sid=18de74&amp;efg=eyJlZmdfdGFnIjoiRkVFRC5iZXN0X2ltYWdlX3VybGdlbi5DMyJ9&amp;_nc_ohc=LpaYakXkjsMQ7kNvwF-Yjdo&amp;_nc_oc=AdqUGoaVmomj-JKR2cDDPW52lZfYHH3a_2HZamMmDD7rISDhOmQKN_gOzHKP6-aXnkFpHWts-FlnzXg8ycqiPmT-&amp;_nc_zt=23&amp;_nc_ht=scontent-lga3-1.cdninstagram.com&amp;edm=ANo9K5cEAAAA&amp;_nc_gid=usKuzZ8SdYKoxYlDSaFbcg&amp;_nc_tpa=Q5bMBQEhw7SIGuse8sLJnb5UK5Gq1qyUIPXYQTxcUgEQNhHkf9IKosGscqQjvKJdKk1cbRUOpflprUdirw&amp;oh=00_Af2fnPXzBd23Vi9-koyTBhbxPDLQHioKSHKyqvkHLLmR1A&amp;oe=69F5C2AA&quot;}\">\n\t\t\t<span class=\"sbi-screenreader\">El CNDES expresa su m\u00e1s profundo pesar por el fall<\/span>\n\t\t\t\t\t\t\t\t\t<img decoding=\"async\" src=\"https:\/\/cndesge.org\/wp-content\/plugins\/instagram-feed\/img\/placeholder.png\" alt=\"El CNDES expresa su m\u00e1s profundo pesar por el fallecimiento del Excmo. Sr. D. Pedro Ondo Ngu\u00e1 Bendomo, quien sirvi\u00f3 con compromiso y dedicaci\u00f3n a esta instituci\u00f3n.\n\nNos unimos al dolor de su familia y seres queridos.\n\nDescanse en paz.\" aria-hidden=\"true\">\n\t\t<\/a>\n\t<\/div>\n<\/div><div class=\"sbi_item sbi_type_image sbi_new sbi_transition\"\n\tid=\"sbi_17883731985536139\" data-date=\"1776797796\">\n\t<div class=\"sbi_photo_wrap\">\n\t\t<a class=\"sbi_photo\" href=\"https:\/\/www.instagram.com\/p\/DXZ5BoWiOQF\/\" target=\"_blank\" rel=\"noopener nofollow\"\n\t\t\tdata-full-res=\"https:\/\/scontent-lga3-2.cdninstagram.com\/v\/t51.82787-15\/671199576_17922230985308218_84220092968713448_n.jpg?stp=dst-jpg_e35_tt6&#038;_nc_cat=100&#038;ccb=7-5&#038;_nc_sid=18de74&#038;efg=eyJlZmdfdGFnIjoiRkVFRC5iZXN0X2ltYWdlX3VybGdlbi5DMyJ9&#038;_nc_ohc=3mMj281oo2MQ7kNvwH-eN57&#038;_nc_oc=Adrlymz968mbfDCVqkaxztfCfhfMSWFqFMVDjet1OXZ3nQylPb6LP2X1DGz677aXy5nX1LpY2lFamxpqHIEn1szL&#038;_nc_zt=23&#038;_nc_ht=scontent-lga3-2.cdninstagram.com&#038;edm=ANo9K5cEAAAA&#038;_nc_gid=usKuzZ8SdYKoxYlDSaFbcg&#038;_nc_tpa=Q5bMBQH53f-bJCir14h_AUyt2kmbjdyrNeQpP02ye4P1X5PzNwGZofi9V1gjFCof3KTU1u_l0DSUejoRPA&#038;oh=00_Af2FwbeqKZN6kqqd9UVX6J2TkELeoawyAwTLfdU1d42l1g&#038;oe=69F5CEFD\"\n\t\t\tdata-img-src-set=\"{&quot;d&quot;:&quot;https:\\\/\\\/scontent-lga3-2.cdninstagram.com\\\/v\\\/t51.82787-15\\\/671199576_17922230985308218_84220092968713448_n.jpg?stp=dst-jpg_e35_tt6&amp;_nc_cat=100&amp;ccb=7-5&amp;_nc_sid=18de74&amp;efg=eyJlZmdfdGFnIjoiRkVFRC5iZXN0X2ltYWdlX3VybGdlbi5DMyJ9&amp;_nc_ohc=3mMj281oo2MQ7kNvwH-eN57&amp;_nc_oc=Adrlymz968mbfDCVqkaxztfCfhfMSWFqFMVDjet1OXZ3nQylPb6LP2X1DGz677aXy5nX1LpY2lFamxpqHIEn1szL&amp;_nc_zt=23&amp;_nc_ht=scontent-lga3-2.cdninstagram.com&amp;edm=ANo9K5cEAAAA&amp;_nc_gid=usKuzZ8SdYKoxYlDSaFbcg&amp;_nc_tpa=Q5bMBQH53f-bJCir14h_AUyt2kmbjdyrNeQpP02ye4P1X5PzNwGZofi9V1gjFCof3KTU1u_l0DSUejoRPA&amp;oh=00_Af2FwbeqKZN6kqqd9UVX6J2TkELeoawyAwTLfdU1d42l1g&amp;oe=69F5CEFD&quot;,&quot;150&quot;:&quot;https:\\\/\\\/scontent-lga3-2.cdninstagram.com\\\/v\\\/t51.82787-15\\\/671199576_17922230985308218_84220092968713448_n.jpg?stp=dst-jpg_e35_tt6&amp;_nc_cat=100&amp;ccb=7-5&amp;_nc_sid=18de74&amp;efg=eyJlZmdfdGFnIjoiRkVFRC5iZXN0X2ltYWdlX3VybGdlbi5DMyJ9&amp;_nc_ohc=3mMj281oo2MQ7kNvwH-eN57&amp;_nc_oc=Adrlymz968mbfDCVqkaxztfCfhfMSWFqFMVDjet1OXZ3nQylPb6LP2X1DGz677aXy5nX1LpY2lFamxpqHIEn1szL&amp;_nc_zt=23&amp;_nc_ht=scontent-lga3-2.cdninstagram.com&amp;edm=ANo9K5cEAAAA&amp;_nc_gid=usKuzZ8SdYKoxYlDSaFbcg&amp;_nc_tpa=Q5bMBQH53f-bJCir14h_AUyt2kmbjdyrNeQpP02ye4P1X5PzNwGZofi9V1gjFCof3KTU1u_l0DSUejoRPA&amp;oh=00_Af2FwbeqKZN6kqqd9UVX6J2TkELeoawyAwTLfdU1d42l1g&amp;oe=69F5CEFD&quot;,&quot;320&quot;:&quot;https:\\\/\\\/scontent-lga3-2.cdninstagram.com\\\/v\\\/t51.82787-15\\\/671199576_17922230985308218_84220092968713448_n.jpg?stp=dst-jpg_e35_tt6&amp;_nc_cat=100&amp;ccb=7-5&amp;_nc_sid=18de74&amp;efg=eyJlZmdfdGFnIjoiRkVFRC5iZXN0X2ltYWdlX3VybGdlbi5DMyJ9&amp;_nc_ohc=3mMj281oo2MQ7kNvwH-eN57&amp;_nc_oc=Adrlymz968mbfDCVqkaxztfCfhfMSWFqFMVDjet1OXZ3nQylPb6LP2X1DGz677aXy5nX1LpY2lFamxpqHIEn1szL&amp;_nc_zt=23&amp;_nc_ht=scontent-lga3-2.cdninstagram.com&amp;edm=ANo9K5cEAAAA&amp;_nc_gid=usKuzZ8SdYKoxYlDSaFbcg&amp;_nc_tpa=Q5bMBQH53f-bJCir14h_AUyt2kmbjdyrNeQpP02ye4P1X5PzNwGZofi9V1gjFCof3KTU1u_l0DSUejoRPA&amp;oh=00_Af2FwbeqKZN6kqqd9UVX6J2TkELeoawyAwTLfdU1d42l1g&amp;oe=69F5CEFD&quot;,&quot;640&quot;:&quot;https:\\\/\\\/scontent-lga3-2.cdninstagram.com\\\/v\\\/t51.82787-15\\\/671199576_17922230985308218_84220092968713448_n.jpg?stp=dst-jpg_e35_tt6&amp;_nc_cat=100&amp;ccb=7-5&amp;_nc_sid=18de74&amp;efg=eyJlZmdfdGFnIjoiRkVFRC5iZXN0X2ltYWdlX3VybGdlbi5DMyJ9&amp;_nc_ohc=3mMj281oo2MQ7kNvwH-eN57&amp;_nc_oc=Adrlymz968mbfDCVqkaxztfCfhfMSWFqFMVDjet1OXZ3nQylPb6LP2X1DGz677aXy5nX1LpY2lFamxpqHIEn1szL&amp;_nc_zt=23&amp;_nc_ht=scontent-lga3-2.cdninstagram.com&amp;edm=ANo9K5cEAAAA&amp;_nc_gid=usKuzZ8SdYKoxYlDSaFbcg&amp;_nc_tpa=Q5bMBQH53f-bJCir14h_AUyt2kmbjdyrNeQpP02ye4P1X5PzNwGZofi9V1gjFCof3KTU1u_l0DSUejoRPA&amp;oh=00_Af2FwbeqKZN6kqqd9UVX6J2TkELeoawyAwTLfdU1d42l1g&amp;oe=69F5CEFD&quot;}\">\n\t\t\t<span class=\"sbi-screenreader\">Guinea Ecuatorial abre su coraz\u00f3n\n\nRecibimos con h<\/span>\n\t\t\t\t\t\t\t\t\t<img decoding=\"async\" src=\"https:\/\/cndesge.org\/wp-content\/plugins\/instagram-feed\/img\/placeholder.png\" alt=\"Guinea Ecuatorial abre su coraz\u00f3n\n\nRecibimos con honor y alegr\u00eda a Su Santidad, un s\u00edmbolo de fe, esperanza y unidad para todo nuestro pueblo.\n\nSu visita marca un momento hist\u00f3rico que nos inspira a seguir construyendo una naci\u00f3n m\u00e1s pr\u00f3spera, inclusiva y solidaria.\n\nNuestra bella naci\u00f3n se convierte en el punto de encuentro de la fe, el di\u00e1logo y el progreso.\n\nJuntos avanzamos hacia un futuro mejor.\" aria-hidden=\"true\">\n\t\t<\/a>\n\t<\/div>\n<\/div><div class=\"sbi_item sbi_type_carousel sbi_new sbi_transition\"\n\tid=\"sbi_18095383574132141\" data-date=\"1776291528\">\n\t<div class=\"sbi_photo_wrap\">\n\t\t<a class=\"sbi_photo\" href=\"https:\/\/www.instagram.com\/p\/DXKzdNiiLCa\/\" target=\"_blank\" rel=\"noopener nofollow\"\n\t\t\tdata-full-res=\"https:\/\/scontent-lga3-2.cdninstagram.com\/v\/t51.82787-15\/670567754_17921293062308218_4753087996158624176_n.jpg?stp=dst-jpg_e35_tt6&#038;_nc_cat=105&#038;ccb=7-5&#038;_nc_sid=18de74&#038;efg=eyJlZmdfdGFnIjoiQ0FST1VTRUxfSVRFTS5iZXN0X2ltYWdlX3VybGdlbi5DMyJ9&#038;_nc_ohc=o4Xt8PNFSHIQ7kNvwFCG-Yj&#038;_nc_oc=AdrfMdBgYXykF2I2PIXZqbPVVmiXojU6gFCs5wKZNb7saRp4M8vfjUAayoGmDqjYQKS3MVe7zRduMVe0WwyLsmGW&#038;_nc_zt=23&#038;_nc_ht=scontent-lga3-2.cdninstagram.com&#038;edm=ANo9K5cEAAAA&#038;_nc_gid=usKuzZ8SdYKoxYlDSaFbcg&#038;_nc_tpa=Q5bMBQGUCKVTV9GBFF00g1X3qgNgA6A0kTG4Kt-R3mliqcE2SJoaBdpVdNd5l6_nLAyVv2zF2pxWVwkblA&#038;oh=00_Af1y2J7w-nqLLMMFOwYOft20Z42xbXAkHmUqkCl930kQPg&#038;oe=69F5CA20\"\n\t\t\tdata-img-src-set=\"{&quot;d&quot;:&quot;https:\\\/\\\/scontent-lga3-2.cdninstagram.com\\\/v\\\/t51.82787-15\\\/670567754_17921293062308218_4753087996158624176_n.jpg?stp=dst-jpg_e35_tt6&amp;_nc_cat=105&amp;ccb=7-5&amp;_nc_sid=18de74&amp;efg=eyJlZmdfdGFnIjoiQ0FST1VTRUxfSVRFTS5iZXN0X2ltYWdlX3VybGdlbi5DMyJ9&amp;_nc_ohc=o4Xt8PNFSHIQ7kNvwFCG-Yj&amp;_nc_oc=AdrfMdBgYXykF2I2PIXZqbPVVmiXojU6gFCs5wKZNb7saRp4M8vfjUAayoGmDqjYQKS3MVe7zRduMVe0WwyLsmGW&amp;_nc_zt=23&amp;_nc_ht=scontent-lga3-2.cdninstagram.com&amp;edm=ANo9K5cEAAAA&amp;_nc_gid=usKuzZ8SdYKoxYlDSaFbcg&amp;_nc_tpa=Q5bMBQGUCKVTV9GBFF00g1X3qgNgA6A0kTG4Kt-R3mliqcE2SJoaBdpVdNd5l6_nLAyVv2zF2pxWVwkblA&amp;oh=00_Af1y2J7w-nqLLMMFOwYOft20Z42xbXAkHmUqkCl930kQPg&amp;oe=69F5CA20&quot;,&quot;150&quot;:&quot;https:\\\/\\\/scontent-lga3-2.cdninstagram.com\\\/v\\\/t51.82787-15\\\/670567754_17921293062308218_4753087996158624176_n.jpg?stp=dst-jpg_e35_tt6&amp;_nc_cat=105&amp;ccb=7-5&amp;_nc_sid=18de74&amp;efg=eyJlZmdfdGFnIjoiQ0FST1VTRUxfSVRFTS5iZXN0X2ltYWdlX3VybGdlbi5DMyJ9&amp;_nc_ohc=o4Xt8PNFSHIQ7kNvwFCG-Yj&amp;_nc_oc=AdrfMdBgYXykF2I2PIXZqbPVVmiXojU6gFCs5wKZNb7saRp4M8vfjUAayoGmDqjYQKS3MVe7zRduMVe0WwyLsmGW&amp;_nc_zt=23&amp;_nc_ht=scontent-lga3-2.cdninstagram.com&amp;edm=ANo9K5cEAAAA&amp;_nc_gid=usKuzZ8SdYKoxYlDSaFbcg&amp;_nc_tpa=Q5bMBQGUCKVTV9GBFF00g1X3qgNgA6A0kTG4Kt-R3mliqcE2SJoaBdpVdNd5l6_nLAyVv2zF2pxWVwkblA&amp;oh=00_Af1y2J7w-nqLLMMFOwYOft20Z42xbXAkHmUqkCl930kQPg&amp;oe=69F5CA20&quot;,&quot;320&quot;:&quot;https:\\\/\\\/scontent-lga3-2.cdninstagram.com\\\/v\\\/t51.82787-15\\\/670567754_17921293062308218_4753087996158624176_n.jpg?stp=dst-jpg_e35_tt6&amp;_nc_cat=105&amp;ccb=7-5&amp;_nc_sid=18de74&amp;efg=eyJlZmdfdGFnIjoiQ0FST1VTRUxfSVRFTS5iZXN0X2ltYWdlX3VybGdlbi5DMyJ9&amp;_nc_ohc=o4Xt8PNFSHIQ7kNvwFCG-Yj&amp;_nc_oc=AdrfMdBgYXykF2I2PIXZqbPVVmiXojU6gFCs5wKZNb7saRp4M8vfjUAayoGmDqjYQKS3MVe7zRduMVe0WwyLsmGW&amp;_nc_zt=23&amp;_nc_ht=scontent-lga3-2.cdninstagram.com&amp;edm=ANo9K5cEAAAA&amp;_nc_gid=usKuzZ8SdYKoxYlDSaFbcg&amp;_nc_tpa=Q5bMBQGUCKVTV9GBFF00g1X3qgNgA6A0kTG4Kt-R3mliqcE2SJoaBdpVdNd5l6_nLAyVv2zF2pxWVwkblA&amp;oh=00_Af1y2J7w-nqLLMMFOwYOft20Z42xbXAkHmUqkCl930kQPg&amp;oe=69F5CA20&quot;,&quot;640&quot;:&quot;https:\\\/\\\/scontent-lga3-2.cdninstagram.com\\\/v\\\/t51.82787-15\\\/670567754_17921293062308218_4753087996158624176_n.jpg?stp=dst-jpg_e35_tt6&amp;_nc_cat=105&amp;ccb=7-5&amp;_nc_sid=18de74&amp;efg=eyJlZmdfdGFnIjoiQ0FST1VTRUxfSVRFTS5iZXN0X2ltYWdlX3VybGdlbi5DMyJ9&amp;_nc_ohc=o4Xt8PNFSHIQ7kNvwFCG-Yj&amp;_nc_oc=AdrfMdBgYXykF2I2PIXZqbPVVmiXojU6gFCs5wKZNb7saRp4M8vfjUAayoGmDqjYQKS3MVe7zRduMVe0WwyLsmGW&amp;_nc_zt=23&amp;_nc_ht=scontent-lga3-2.cdninstagram.com&amp;edm=ANo9K5cEAAAA&amp;_nc_gid=usKuzZ8SdYKoxYlDSaFbcg&amp;_nc_tpa=Q5bMBQGUCKVTV9GBFF00g1X3qgNgA6A0kTG4Kt-R3mliqcE2SJoaBdpVdNd5l6_nLAyVv2zF2pxWVwkblA&amp;oh=00_Af1y2J7w-nqLLMMFOwYOft20Z42xbXAkHmUqkCl930kQPg&amp;oe=69F5CA20&quot;}\">\n\t\t\t<span class=\"sbi-screenreader\">Al inicio de la concertaci\u00f3n, la Vicepresidenta Pr<\/span>\n\t\t\t<svg class=\"svg-inline--fa fa-clone fa-w-16 sbi_lightbox_carousel_icon\" aria-hidden=\"true\" aria-label=\"Clone\" data-fa-pro\u0192cessed=\"\" data-prefix=\"far\" data-icon=\"clone\" role=\"img\" xmlns=\"http:\/\/www.w3.org\/2000\/svg\" viewBox=\"0 0 512 512\">\n                    <path fill=\"currentColor\" d=\"M464 0H144c-26.51 0-48 21.49-48 48v48H48c-26.51 0-48 21.49-48 48v320c0 26.51 21.49 48 48 48h320c26.51 0 48-21.49 48-48v-48h48c26.51 0 48-21.49 48-48V48c0-26.51-21.49-48-48-48zM362 464H54a6 6 0 0 1-6-6V150a6 6 0 0 1 6-6h42v224c0 26.51 21.49 48 48 48h224v42a6 6 0 0 1-6 6zm96-96H150a6 6 0 0 1-6-6V54a6 6 0 0 1 6-6h308a6 6 0 0 1 6 6v308a6 6 0 0 1-6 6z\"><\/path>\n                <\/svg>\t\t\t\t\t\t<img decoding=\"async\" src=\"https:\/\/cndesge.org\/wp-content\/plugins\/instagram-feed\/img\/placeholder.png\" alt=\"Al inicio de la concertaci\u00f3n, la Vicepresidenta Primera del Consejo Nacional ha subrayado la relevancia de estos eventos en el contexto internacional, destacando su potencial para proyectar la imagen del pa\u00eds y dinamizar sectores clave de la econom\u00eda nacional.\n\nConscientes de la importancia estrat\u00e9gica de la banca, los establecimientos de cr\u00e9dito y las telecomunicaciones en el desarrollo econ\u00f3mico y social del pa\u00eds, el CNDES ha considerado oportuno involucrar a estos actores econ\u00f3micos desde las fases iniciales de planificaci\u00f3n.\nEn este sentido, los miembros del Consejo han presentado de manera integral el programa de actividades previsto, sentando las bases para una colaboraci\u00f3n efectiva y eficaz entre los sectores p\u00fablico y privado.\n\nEste enfoque busca consolidar estos encuentros como una plataforma de referencia para la captaci\u00f3n de inversiones y el fortalecimiento de alianzas estrat\u00e9gicas.\nEl Consejo Nacional reafirma as\u00ed su compromiso con la promoci\u00f3n del desarrollo econ\u00f3mico sostenible, apostando por iniciativas que posicionen al pa\u00eds como un destino competitivo y atractivo en el \u00e1mbito internacional.\n\n#GuineaEcuatorial\n#Telecomunicaciones\n#Bancas\n\nM\u00e1s en https:\/\/cndesge.org\/?p=14303\" aria-hidden=\"true\">\n\t\t<\/a>\n\t<\/div>\n<\/div><div class=\"sbi_item sbi_type_carousel sbi_new sbi_transition\"\n\tid=\"sbi_18320195911266376\" data-date=\"1776201669\">\n\t<div class=\"sbi_photo_wrap\">\n\t\t<a class=\"sbi_photo\" href=\"https:\/\/www.instagram.com\/p\/DXIIEJCCDlB\/\" target=\"_blank\" rel=\"noopener nofollow\"\n\t\t\tdata-full-res=\"https:\/\/scontent-lga3-1.cdninstagram.com\/v\/t51.82787-15\/669788825_17921137677308218_2647142913758642091_n.jpg?stp=dst-jpg_e35_tt6&#038;_nc_cat=103&#038;ccb=7-5&#038;_nc_sid=18de74&#038;efg=eyJlZmdfdGFnIjoiQ0FST1VTRUxfSVRFTS5iZXN0X2ltYWdlX3VybGdlbi5DMyJ9&#038;_nc_ohc=T86JL8woVLQQ7kNvwED1FqL&#038;_nc_oc=AdpXqm6KNKqoGi6itztIKpeW77ht_ANe794lSAIqI6Pmz-zPEBdPdtbK_nk5A9zqeZmRsMjE9g1G_LUwbKCBb5-Z&#038;_nc_zt=23&#038;_nc_ht=scontent-lga3-1.cdninstagram.com&#038;edm=ANo9K5cEAAAA&#038;_nc_gid=usKuzZ8SdYKoxYlDSaFbcg&#038;_nc_tpa=Q5bMBQFa41IjW1Ba7H40za-E_TWQz61J7qPaF0_wBtgKLi2Lu_VENbJbLz_1I0EXEF2MdcevF1Xhe0KTnA&#038;oh=00_Af0GosndmB7kkcMnTlEX9jqaQd_80k6UR5MUlc_6o_L5Cw&#038;oe=69F5EBC9\"\n\t\t\tdata-img-src-set=\"{&quot;d&quot;:&quot;https:\\\/\\\/scontent-lga3-1.cdninstagram.com\\\/v\\\/t51.82787-15\\\/669788825_17921137677308218_2647142913758642091_n.jpg?stp=dst-jpg_e35_tt6&amp;_nc_cat=103&amp;ccb=7-5&amp;_nc_sid=18de74&amp;efg=eyJlZmdfdGFnIjoiQ0FST1VTRUxfSVRFTS5iZXN0X2ltYWdlX3VybGdlbi5DMyJ9&amp;_nc_ohc=T86JL8woVLQQ7kNvwED1FqL&amp;_nc_oc=AdpXqm6KNKqoGi6itztIKpeW77ht_ANe794lSAIqI6Pmz-zPEBdPdtbK_nk5A9zqeZmRsMjE9g1G_LUwbKCBb5-Z&amp;_nc_zt=23&amp;_nc_ht=scontent-lga3-1.cdninstagram.com&amp;edm=ANo9K5cEAAAA&amp;_nc_gid=usKuzZ8SdYKoxYlDSaFbcg&amp;_nc_tpa=Q5bMBQFa41IjW1Ba7H40za-E_TWQz61J7qPaF0_wBtgKLi2Lu_VENbJbLz_1I0EXEF2MdcevF1Xhe0KTnA&amp;oh=00_Af0GosndmB7kkcMnTlEX9jqaQd_80k6UR5MUlc_6o_L5Cw&amp;oe=69F5EBC9&quot;,&quot;150&quot;:&quot;https:\\\/\\\/scontent-lga3-1.cdninstagram.com\\\/v\\\/t51.82787-15\\\/669788825_17921137677308218_2647142913758642091_n.jpg?stp=dst-jpg_e35_tt6&amp;_nc_cat=103&amp;ccb=7-5&amp;_nc_sid=18de74&amp;efg=eyJlZmdfdGFnIjoiQ0FST1VTRUxfSVRFTS5iZXN0X2ltYWdlX3VybGdlbi5DMyJ9&amp;_nc_ohc=T86JL8woVLQQ7kNvwED1FqL&amp;_nc_oc=AdpXqm6KNKqoGi6itztIKpeW77ht_ANe794lSAIqI6Pmz-zPEBdPdtbK_nk5A9zqeZmRsMjE9g1G_LUwbKCBb5-Z&amp;_nc_zt=23&amp;_nc_ht=scontent-lga3-1.cdninstagram.com&amp;edm=ANo9K5cEAAAA&amp;_nc_gid=usKuzZ8SdYKoxYlDSaFbcg&amp;_nc_tpa=Q5bMBQFa41IjW1Ba7H40za-E_TWQz61J7qPaF0_wBtgKLi2Lu_VENbJbLz_1I0EXEF2MdcevF1Xhe0KTnA&amp;oh=00_Af0GosndmB7kkcMnTlEX9jqaQd_80k6UR5MUlc_6o_L5Cw&amp;oe=69F5EBC9&quot;,&quot;320&quot;:&quot;https:\\\/\\\/scontent-lga3-1.cdninstagram.com\\\/v\\\/t51.82787-15\\\/669788825_17921137677308218_2647142913758642091_n.jpg?stp=dst-jpg_e35_tt6&amp;_nc_cat=103&amp;ccb=7-5&amp;_nc_sid=18de74&amp;efg=eyJlZmdfdGFnIjoiQ0FST1VTRUxfSVRFTS5iZXN0X2ltYWdlX3VybGdlbi5DMyJ9&amp;_nc_ohc=T86JL8woVLQQ7kNvwED1FqL&amp;_nc_oc=AdpXqm6KNKqoGi6itztIKpeW77ht_ANe794lSAIqI6Pmz-zPEBdPdtbK_nk5A9zqeZmRsMjE9g1G_LUwbKCBb5-Z&amp;_nc_zt=23&amp;_nc_ht=scontent-lga3-1.cdninstagram.com&amp;edm=ANo9K5cEAAAA&amp;_nc_gid=usKuzZ8SdYKoxYlDSaFbcg&amp;_nc_tpa=Q5bMBQFa41IjW1Ba7H40za-E_TWQz61J7qPaF0_wBtgKLi2Lu_VENbJbLz_1I0EXEF2MdcevF1Xhe0KTnA&amp;oh=00_Af0GosndmB7kkcMnTlEX9jqaQd_80k6UR5MUlc_6o_L5Cw&amp;oe=69F5EBC9&quot;,&quot;640&quot;:&quot;https:\\\/\\\/scontent-lga3-1.cdninstagram.com\\\/v\\\/t51.82787-15\\\/669788825_17921137677308218_2647142913758642091_n.jpg?stp=dst-jpg_e35_tt6&amp;_nc_cat=103&amp;ccb=7-5&amp;_nc_sid=18de74&amp;efg=eyJlZmdfdGFnIjoiQ0FST1VTRUxfSVRFTS5iZXN0X2ltYWdlX3VybGdlbi5DMyJ9&amp;_nc_ohc=T86JL8woVLQQ7kNvwED1FqL&amp;_nc_oc=AdpXqm6KNKqoGi6itztIKpeW77ht_ANe794lSAIqI6Pmz-zPEBdPdtbK_nk5A9zqeZmRsMjE9g1G_LUwbKCBb5-Z&amp;_nc_zt=23&amp;_nc_ht=scontent-lga3-1.cdninstagram.com&amp;edm=ANo9K5cEAAAA&amp;_nc_gid=usKuzZ8SdYKoxYlDSaFbcg&amp;_nc_tpa=Q5bMBQFa41IjW1Ba7H40za-E_TWQz61J7qPaF0_wBtgKLi2Lu_VENbJbLz_1I0EXEF2MdcevF1Xhe0KTnA&amp;oh=00_Af0GosndmB7kkcMnTlEX9jqaQd_80k6UR5MUlc_6o_L5Cw&amp;oe=69F5EBC9&quot;}\">\n\t\t\t<span class=\"sbi-screenreader\">Durante la audiencia, el Presidente del Consejo Na<\/span>\n\t\t\t<svg class=\"svg-inline--fa fa-clone fa-w-16 sbi_lightbox_carousel_icon\" aria-hidden=\"true\" aria-label=\"Clone\" data-fa-pro\u0192cessed=\"\" data-prefix=\"far\" data-icon=\"clone\" role=\"img\" xmlns=\"http:\/\/www.w3.org\/2000\/svg\" viewBox=\"0 0 512 512\">\n                    <path fill=\"currentColor\" d=\"M464 0H144c-26.51 0-48 21.49-48 48v48H48c-26.51 0-48 21.49-48 48v320c0 26.51 21.49 48 48 48h320c26.51 0 48-21.49 48-48v-48h48c26.51 0 48-21.49 48-48V48c0-26.51-21.49-48-48-48zM362 464H54a6 6 0 0 1-6-6V150a6 6 0 0 1 6-6h42v224c0 26.51 21.49 48 48 48h224v42a6 6 0 0 1-6 6zm96-96H150a6 6 0 0 1-6-6V54a6 6 0 0 1 6-6h308a6 6 0 0 1 6 6v308a6 6 0 0 1-6 6z\"><\/path>\n                <\/svg>\t\t\t\t\t\t<img decoding=\"async\" src=\"https:\/\/cndesge.org\/wp-content\/plugins\/instagram-feed\/img\/placeholder.png\" alt=\"Durante la audiencia, el Presidente del Consejo Nacional se\u00f1al\u00f3 que la visita de cortes\u00eda tiene como objetivo reforzar las relaciones interinstitucionales, mejorar la coordinaci\u00f3n y el intercambio de informaci\u00f3n as\u00ed como poner en conocimiento del Fiscal General sobre la organizaci\u00f3n de los pr\u00f3ximos eventos internacionales que Guinea Ecuatorial acoger\u00e1, cuya coordinaci\u00f3n estar\u00e1 a cargo del Consejo Nacional en calidad de anfitri\u00f3n.\n\nEn este marco, la m\u00e1xima figura del CNDES ha solicitado la participaci\u00f3n y contribuci\u00f3n del Ministerio Fiscal en el acompa\u00f1amiento de estos eventos, subrayando su papel como garante de la legalidad y representante del inter\u00e9s p\u00fablico.\n\nLas partes han coincidido en la necesidad de reforzar la cooperaci\u00f3n interinstitucional y de promover un marco normativo s\u00f3lido que favorezca la protecci\u00f3n de las inversiones y el desarrollo econ\u00f3mico del pa\u00eds.\n\nFinalmente, ambas instituciones reafirmaron su compromiso de consolidar una colaboraci\u00f3n estrecha, din\u00e1mica y permanente, orientada al fortalecimiento institucional y al servicio eficaz de la ciudadan\u00eda.\n\n#CNDES\n#GuineaEcuatorial\n#RelacionesInstitucionales\n\nM\u00e1s en https:\/\/cndesge.org\/?p=14263\" aria-hidden=\"true\">\n\t\t<\/a>\n\t<\/div>\n<\/div><div class=\"sbi_item sbi_type_carousel sbi_new sbi_transition\"\n\tid=\"sbi_18321020473266890\" data-date=\"1776199201\">\n\t<div class=\"sbi_photo_wrap\">\n\t\t<a class=\"sbi_photo\" href=\"https:\/\/www.instagram.com\/p\/DXIDW5PCBir\/\" target=\"_blank\" rel=\"noopener nofollow\"\n\t\t\tdata-full-res=\"https:\/\/scontent-lga3-3.cdninstagram.com\/v\/t51.82787-15\/670473699_17921135061308218_380003393344262790_n.jpg?stp=dst-jpg_e35_tt6&#038;_nc_cat=106&#038;ccb=7-5&#038;_nc_sid=18de74&#038;efg=eyJlZmdfdGFnIjoiQ0FST1VTRUxfSVRFTS5iZXN0X2ltYWdlX3VybGdlbi5DMyJ9&#038;_nc_ohc=x_bZ7XGhJokQ7kNvwGtg4Pj&#038;_nc_oc=AdplGqM3nXMoRpa5rDb2rGVR_XYCOu47GSxeIwuxgDX9jPi4LixFFuFkyBfDQcs4kmfzkX0Vx5WOM_UkuYSvk5Lf&#038;_nc_zt=23&#038;_nc_ht=scontent-lga3-3.cdninstagram.com&#038;edm=ANo9K5cEAAAA&#038;_nc_gid=usKuzZ8SdYKoxYlDSaFbcg&#038;_nc_tpa=Q5bMBQG7p94Ob9_QlScCFhN4ZdaNTR_A5KZb6ihKcy6-F-8RTIne7wG759TGjLA7NjDUQMAX_bFtukPl6A&#038;oh=00_Af3hYJspMvVqb5A_XVjL7u8eAkR3nkP28cekIHFlVW1Z-A&#038;oe=69F5F42C\"\n\t\t\tdata-img-src-set=\"{&quot;d&quot;:&quot;https:\\\/\\\/scontent-lga3-3.cdninstagram.com\\\/v\\\/t51.82787-15\\\/670473699_17921135061308218_380003393344262790_n.jpg?stp=dst-jpg_e35_tt6&amp;_nc_cat=106&amp;ccb=7-5&amp;_nc_sid=18de74&amp;efg=eyJlZmdfdGFnIjoiQ0FST1VTRUxfSVRFTS5iZXN0X2ltYWdlX3VybGdlbi5DMyJ9&amp;_nc_ohc=x_bZ7XGhJokQ7kNvwGtg4Pj&amp;_nc_oc=AdplGqM3nXMoRpa5rDb2rGVR_XYCOu47GSxeIwuxgDX9jPi4LixFFuFkyBfDQcs4kmfzkX0Vx5WOM_UkuYSvk5Lf&amp;_nc_zt=23&amp;_nc_ht=scontent-lga3-3.cdninstagram.com&amp;edm=ANo9K5cEAAAA&amp;_nc_gid=usKuzZ8SdYKoxYlDSaFbcg&amp;_nc_tpa=Q5bMBQG7p94Ob9_QlScCFhN4ZdaNTR_A5KZb6ihKcy6-F-8RTIne7wG759TGjLA7NjDUQMAX_bFtukPl6A&amp;oh=00_Af3hYJspMvVqb5A_XVjL7u8eAkR3nkP28cekIHFlVW1Z-A&amp;oe=69F5F42C&quot;,&quot;150&quot;:&quot;https:\\\/\\\/scontent-lga3-3.cdninstagram.com\\\/v\\\/t51.82787-15\\\/670473699_17921135061308218_380003393344262790_n.jpg?stp=dst-jpg_e35_tt6&amp;_nc_cat=106&amp;ccb=7-5&amp;_nc_sid=18de74&amp;efg=eyJlZmdfdGFnIjoiQ0FST1VTRUxfSVRFTS5iZXN0X2ltYWdlX3VybGdlbi5DMyJ9&amp;_nc_ohc=x_bZ7XGhJokQ7kNvwGtg4Pj&amp;_nc_oc=AdplGqM3nXMoRpa5rDb2rGVR_XYCOu47GSxeIwuxgDX9jPi4LixFFuFkyBfDQcs4kmfzkX0Vx5WOM_UkuYSvk5Lf&amp;_nc_zt=23&amp;_nc_ht=scontent-lga3-3.cdninstagram.com&amp;edm=ANo9K5cEAAAA&amp;_nc_gid=usKuzZ8SdYKoxYlDSaFbcg&amp;_nc_tpa=Q5bMBQG7p94Ob9_QlScCFhN4ZdaNTR_A5KZb6ihKcy6-F-8RTIne7wG759TGjLA7NjDUQMAX_bFtukPl6A&amp;oh=00_Af3hYJspMvVqb5A_XVjL7u8eAkR3nkP28cekIHFlVW1Z-A&amp;oe=69F5F42C&quot;,&quot;320&quot;:&quot;https:\\\/\\\/scontent-lga3-3.cdninstagram.com\\\/v\\\/t51.82787-15\\\/670473699_17921135061308218_380003393344262790_n.jpg?stp=dst-jpg_e35_tt6&amp;_nc_cat=106&amp;ccb=7-5&amp;_nc_sid=18de74&amp;efg=eyJlZmdfdGFnIjoiQ0FST1VTRUxfSVRFTS5iZXN0X2ltYWdlX3VybGdlbi5DMyJ9&amp;_nc_ohc=x_bZ7XGhJokQ7kNvwGtg4Pj&amp;_nc_oc=AdplGqM3nXMoRpa5rDb2rGVR_XYCOu47GSxeIwuxgDX9jPi4LixFFuFkyBfDQcs4kmfzkX0Vx5WOM_UkuYSvk5Lf&amp;_nc_zt=23&amp;_nc_ht=scontent-lga3-3.cdninstagram.com&amp;edm=ANo9K5cEAAAA&amp;_nc_gid=usKuzZ8SdYKoxYlDSaFbcg&amp;_nc_tpa=Q5bMBQG7p94Ob9_QlScCFhN4ZdaNTR_A5KZb6ihKcy6-F-8RTIne7wG759TGjLA7NjDUQMAX_bFtukPl6A&amp;oh=00_Af3hYJspMvVqb5A_XVjL7u8eAkR3nkP28cekIHFlVW1Z-A&amp;oe=69F5F42C&quot;,&quot;640&quot;:&quot;https:\\\/\\\/scontent-lga3-3.cdninstagram.com\\\/v\\\/t51.82787-15\\\/670473699_17921135061308218_380003393344262790_n.jpg?stp=dst-jpg_e35_tt6&amp;_nc_cat=106&amp;ccb=7-5&amp;_nc_sid=18de74&amp;efg=eyJlZmdfdGFnIjoiQ0FST1VTRUxfSVRFTS5iZXN0X2ltYWdlX3VybGdlbi5DMyJ9&amp;_nc_ohc=x_bZ7XGhJokQ7kNvwGtg4Pj&amp;_nc_oc=AdplGqM3nXMoRpa5rDb2rGVR_XYCOu47GSxeIwuxgDX9jPi4LixFFuFkyBfDQcs4kmfzkX0Vx5WOM_UkuYSvk5Lf&amp;_nc_zt=23&amp;_nc_ht=scontent-lga3-3.cdninstagram.com&amp;edm=ANo9K5cEAAAA&amp;_nc_gid=usKuzZ8SdYKoxYlDSaFbcg&amp;_nc_tpa=Q5bMBQG7p94Ob9_QlScCFhN4ZdaNTR_A5KZb6ihKcy6-F-8RTIne7wG759TGjLA7NjDUQMAX_bFtukPl6A&amp;oh=00_Af3hYJspMvVqb5A_XVjL7u8eAkR3nkP28cekIHFlVW1Z-A&amp;oe=69F5F42C&quot;}\">\n\t\t\t<span class=\"sbi-screenreader\">Comprobado el qu\u00f3rum reglamentario necesario para <\/span>\n\t\t\t<svg class=\"svg-inline--fa fa-clone fa-w-16 sbi_lightbox_carousel_icon\" aria-hidden=\"true\" aria-label=\"Clone\" data-fa-pro\u0192cessed=\"\" data-prefix=\"far\" data-icon=\"clone\" role=\"img\" xmlns=\"http:\/\/www.w3.org\/2000\/svg\" viewBox=\"0 0 512 512\">\n                    <path fill=\"currentColor\" d=\"M464 0H144c-26.51 0-48 21.49-48 48v48H48c-26.51 0-48 21.49-48 48v320c0 26.51 21.49 48 48 48h320c26.51 0 48-21.49 48-48v-48h48c26.51 0 48-21.49 48-48V48c0-26.51-21.49-48-48-48zM362 464H54a6 6 0 0 1-6-6V150a6 6 0 0 1 6-6h42v224c0 26.51 21.49 48 48 48h224v42a6 6 0 0 1-6 6zm96-96H150a6 6 0 0 1-6-6V54a6 6 0 0 1 6-6h308a6 6 0 0 1 6 6v308a6 6 0 0 1-6 6z\"><\/path>\n                <\/svg>\t\t\t\t\t\t<img decoding=\"async\" src=\"https:\/\/cndesge.org\/wp-content\/plugins\/instagram-feed\/img\/placeholder.png\" alt=\"Comprobado el qu\u00f3rum reglamentario necesario para la v\u00e1lida celebraci\u00f3n de la sesi\u00f3n, el pleno ha iniciado sus trabajos con la presentaci\u00f3n y aprobaci\u00f3n del orden del d\u00eda, que inclu\u00eda la evaluaci\u00f3n del nivel de cumplimiento de las recomendaciones emitidas en la reuni\u00f3n previa, la aprobaci\u00f3n de liquidaci\u00f3n del presupuesto correspondiente al ejercicio 2025, entre otros asuntos varios.\n\nPosteriormente, el pleno ha deliberado y sometido a votaci\u00f3n cada uno de los puntos recogidos en el orden del d\u00eda, siendo todos aprobados por mayor\u00eda.\n\nEste espacio de deliberaciones se enmarca dentro del Plan de Fortalecimiento Institucional impulsado por el Consejo Nacional, orientado a optimizar la gobernanza y contribuir de manera efectiva al desarrollo econ\u00f3mico y social del pa\u00eds. Asimismo, su celebraci\u00f3n se ha realizado de conformidad con lo dispuesto en el art\u00edculo 7, incisos 2 y 4, de la Ley Org\u00e1nica N\u00ba 3\/2012, de fecha 16 de noviembre, que regula el Consejo Nacional para el Desarrollo Econ\u00f3mico y Social de Guinea Ecuatorial, en lo relativo a la organizaci\u00f3n y celebraci\u00f3n de las sesiones ordinarias del Pleno.\n\nLa sesi\u00f3n ha culminado con una valoraci\u00f3n positiva del trabajo realizado, destacando la voluntad conjunta de los miembros del Consejo de seguir avanzando en una agenda de desarrollo que responda a las necesidades del pa\u00eds y permita alcanzar los objetivos propuestos para 2026.\n\nM\u00e1s en https:\/\/cndesge.org\/?p=14260\" aria-hidden=\"true\">\n\t\t<\/a>\n\t<\/div>\n<\/div><div class=\"sbi_item sbi_type_carousel sbi_new sbi_transition\"\n\tid=\"sbi_18400675879195818\" data-date=\"1776112736\">\n\t<div class=\"sbi_photo_wrap\">\n\t\t<a class=\"sbi_photo\" href=\"https:\/\/www.instagram.com\/p\/DXFecE2CAJT\/\" target=\"_blank\" rel=\"noopener nofollow\"\n\t\t\tdata-full-res=\"https:\/\/scontent-lga3-3.cdninstagram.com\/v\/t51.82787-15\/671855791_17920980921308218_8046159623585430255_n.jpg?stp=dst-jpg_e35_tt6&#038;_nc_cat=104&#038;ccb=7-5&#038;_nc_sid=18de74&#038;efg=eyJlZmdfdGFnIjoiQ0FST1VTRUxfSVRFTS5iZXN0X2ltYWdlX3VybGdlbi5DMyJ9&#038;_nc_ohc=hDHaG6kpmFoQ7kNvwFbQQQd&#038;_nc_oc=AdolPJE9uRmPNOtOEMmtD3TBLrVhA9KeqC3kIs8CF6elH3xpS_q-B0frV9bSONR2oqk3Rve7rJIhNkhyGiMqyJeA&#038;_nc_zt=23&#038;_nc_ht=scontent-lga3-3.cdninstagram.com&#038;edm=ANo9K5cEAAAA&#038;_nc_gid=usKuzZ8SdYKoxYlDSaFbcg&#038;_nc_tpa=Q5bMBQHeBle2kGTtu8kD-ItcgqqMsVgdyWnSgqPaOlyWQiSCDJ2UxyQGHYOLHQvJtW_5jzx7On4klswXDA&#038;oh=00_Af29m0zIANKtyc4EKsOmflhX2dQcc7yG8rpPqWuL8F1PhA&#038;oe=69F5C742\"\n\t\t\tdata-img-src-set=\"{&quot;d&quot;:&quot;https:\\\/\\\/scontent-lga3-3.cdninstagram.com\\\/v\\\/t51.82787-15\\\/671855791_17920980921308218_8046159623585430255_n.jpg?stp=dst-jpg_e35_tt6&amp;_nc_cat=104&amp;ccb=7-5&amp;_nc_sid=18de74&amp;efg=eyJlZmdfdGFnIjoiQ0FST1VTRUxfSVRFTS5iZXN0X2ltYWdlX3VybGdlbi5DMyJ9&amp;_nc_ohc=hDHaG6kpmFoQ7kNvwFbQQQd&amp;_nc_oc=AdolPJE9uRmPNOtOEMmtD3TBLrVhA9KeqC3kIs8CF6elH3xpS_q-B0frV9bSONR2oqk3Rve7rJIhNkhyGiMqyJeA&amp;_nc_zt=23&amp;_nc_ht=scontent-lga3-3.cdninstagram.com&amp;edm=ANo9K5cEAAAA&amp;_nc_gid=usKuzZ8SdYKoxYlDSaFbcg&amp;_nc_tpa=Q5bMBQHeBle2kGTtu8kD-ItcgqqMsVgdyWnSgqPaOlyWQiSCDJ2UxyQGHYOLHQvJtW_5jzx7On4klswXDA&amp;oh=00_Af29m0zIANKtyc4EKsOmflhX2dQcc7yG8rpPqWuL8F1PhA&amp;oe=69F5C742&quot;,&quot;150&quot;:&quot;https:\\\/\\\/scontent-lga3-3.cdninstagram.com\\\/v\\\/t51.82787-15\\\/671855791_17920980921308218_8046159623585430255_n.jpg?stp=dst-jpg_e35_tt6&amp;_nc_cat=104&amp;ccb=7-5&amp;_nc_sid=18de74&amp;efg=eyJlZmdfdGFnIjoiQ0FST1VTRUxfSVRFTS5iZXN0X2ltYWdlX3VybGdlbi5DMyJ9&amp;_nc_ohc=hDHaG6kpmFoQ7kNvwFbQQQd&amp;_nc_oc=AdolPJE9uRmPNOtOEMmtD3TBLrVhA9KeqC3kIs8CF6elH3xpS_q-B0frV9bSONR2oqk3Rve7rJIhNkhyGiMqyJeA&amp;_nc_zt=23&amp;_nc_ht=scontent-lga3-3.cdninstagram.com&amp;edm=ANo9K5cEAAAA&amp;_nc_gid=usKuzZ8SdYKoxYlDSaFbcg&amp;_nc_tpa=Q5bMBQHeBle2kGTtu8kD-ItcgqqMsVgdyWnSgqPaOlyWQiSCDJ2UxyQGHYOLHQvJtW_5jzx7On4klswXDA&amp;oh=00_Af29m0zIANKtyc4EKsOmflhX2dQcc7yG8rpPqWuL8F1PhA&amp;oe=69F5C742&quot;,&quot;320&quot;:&quot;https:\\\/\\\/scontent-lga3-3.cdninstagram.com\\\/v\\\/t51.82787-15\\\/671855791_17920980921308218_8046159623585430255_n.jpg?stp=dst-jpg_e35_tt6&amp;_nc_cat=104&amp;ccb=7-5&amp;_nc_sid=18de74&amp;efg=eyJlZmdfdGFnIjoiQ0FST1VTRUxfSVRFTS5iZXN0X2ltYWdlX3VybGdlbi5DMyJ9&amp;_nc_ohc=hDHaG6kpmFoQ7kNvwFbQQQd&amp;_nc_oc=AdolPJE9uRmPNOtOEMmtD3TBLrVhA9KeqC3kIs8CF6elH3xpS_q-B0frV9bSONR2oqk3Rve7rJIhNkhyGiMqyJeA&amp;_nc_zt=23&amp;_nc_ht=scontent-lga3-3.cdninstagram.com&amp;edm=ANo9K5cEAAAA&amp;_nc_gid=usKuzZ8SdYKoxYlDSaFbcg&amp;_nc_tpa=Q5bMBQHeBle2kGTtu8kD-ItcgqqMsVgdyWnSgqPaOlyWQiSCDJ2UxyQGHYOLHQvJtW_5jzx7On4klswXDA&amp;oh=00_Af29m0zIANKtyc4EKsOmflhX2dQcc7yG8rpPqWuL8F1PhA&amp;oe=69F5C742&quot;,&quot;640&quot;:&quot;https:\\\/\\\/scontent-lga3-3.cdninstagram.com\\\/v\\\/t51.82787-15\\\/671855791_17920980921308218_8046159623585430255_n.jpg?stp=dst-jpg_e35_tt6&amp;_nc_cat=104&amp;ccb=7-5&amp;_nc_sid=18de74&amp;efg=eyJlZmdfdGFnIjoiQ0FST1VTRUxfSVRFTS5iZXN0X2ltYWdlX3VybGdlbi5DMyJ9&amp;_nc_ohc=hDHaG6kpmFoQ7kNvwFbQQQd&amp;_nc_oc=AdolPJE9uRmPNOtOEMmtD3TBLrVhA9KeqC3kIs8CF6elH3xpS_q-B0frV9bSONR2oqk3Rve7rJIhNkhyGiMqyJeA&amp;_nc_zt=23&amp;_nc_ht=scontent-lga3-3.cdninstagram.com&amp;edm=ANo9K5cEAAAA&amp;_nc_gid=usKuzZ8SdYKoxYlDSaFbcg&amp;_nc_tpa=Q5bMBQHeBle2kGTtu8kD-ItcgqqMsVgdyWnSgqPaOlyWQiSCDJ2UxyQGHYOLHQvJtW_5jzx7On4klswXDA&amp;oh=00_Af29m0zIANKtyc4EKsOmflhX2dQcc7yG8rpPqWuL8F1PhA&amp;oe=69F5C742&quot;}\">\n\t\t\t<span class=\"sbi-screenreader\">El encuentro, celebrado en la sede del Tribunal de<\/span>\n\t\t\t<svg class=\"svg-inline--fa fa-clone fa-w-16 sbi_lightbox_carousel_icon\" aria-hidden=\"true\" aria-label=\"Clone\" data-fa-pro\u0192cessed=\"\" data-prefix=\"far\" data-icon=\"clone\" role=\"img\" xmlns=\"http:\/\/www.w3.org\/2000\/svg\" viewBox=\"0 0 512 512\">\n                    <path fill=\"currentColor\" d=\"M464 0H144c-26.51 0-48 21.49-48 48v48H48c-26.51 0-48 21.49-48 48v320c0 26.51 21.49 48 48 48h320c26.51 0 48-21.49 48-48v-48h48c26.51 0 48-21.49 48-48V48c0-26.51-21.49-48-48-48zM362 464H54a6 6 0 0 1-6-6V150a6 6 0 0 1 6-6h42v224c0 26.51 21.49 48 48 48h224v42a6 6 0 0 1-6 6zm96-96H150a6 6 0 0 1-6-6V54a6 6 0 0 1 6-6h308a6 6 0 0 1 6 6v308a6 6 0 0 1-6 6z\"><\/path>\n                <\/svg>\t\t\t\t\t\t<img decoding=\"async\" src=\"https:\/\/cndesge.org\/wp-content\/plugins\/instagram-feed\/img\/placeholder.png\" alt=\"El encuentro, celebrado en la sede del Tribunal de Cuentas, se centr\u00f3 en fortalecer la cooperaci\u00f3n entre ambas instituciones, en un momento clave para la organizaci\u00f3n de importantes eventos internacionales en el pa\u00eds.\n\nDurante la reuni\u00f3n, el titular del Consejo present\u00f3 el programa de actividades internacionales que se desarrollar\u00e1 pr\u00f3ximamente bajo la coordinaci\u00f3n de este \u00f3rgano, subrayando la importancia de contar con la participaci\u00f3n del Tribunal de Cuentas para la correcta planificaci\u00f3n y ejecuci\u00f3n de dichos eventos.\n\nAmbos responsables coincidieron en la necesidad de consolidar la colaboraci\u00f3n interinstitucional, subrayando que, como \u00f3rganos de reciente creaci\u00f3n, comparten responsabilidades en \u00e1mbitos estrat\u00e9gicos clave para impulsar el desarrollo econ\u00f3mico y social de Guinea Ecuatorial.\n\nLa audiencia concluy\u00f3 con el compromiso de avanzar conjuntamente en la preparaci\u00f3n de los pr\u00f3ximos eventos internacionales, reforzando la colaboraci\u00f3n entre las instituciones del Estado y contribuyendo a proyectar a Guinea Ecuatorial como un actor s\u00f3lido y estrat\u00e9gico en el \u00e1mbito internacional.\n\nM\u00e1s en https:\/\/cndesge.org\/?p=14224\" aria-hidden=\"true\">\n\t\t<\/a>\n\t<\/div>\n<\/div>\t<\/div>\n\n\t<div id=\"sbi_load\" >\n\n\t\t\t<button class=\"sbi_load_btn\"\n\t\t\ttype=\"button\" >\n\t\t\t<span class=\"sbi_btn_text\" >Ver m\u00e1s<\/span>\n\t\t\t<span class=\"sbi_loader sbi_hidden\" style=\"background-color: rgb(255, 255, 255);\" aria-hidden=\"true\"><\/span>\n\t\t<\/button>\n\t\n\t\t\t<span class=\"sbi_follow_btn sbi_custom\" >\n\t\t\t<a target=\"_blank\"\n\t\t\t\trel=\"nofollow noopener\"  href=\"https:\/\/www.instagram.com\/cndesge\/\" style=\"background: rgb(64,139,209);\">\n\t\t\t\t<svg class=\"svg-inline--fa fa-instagram fa-w-14\" aria-hidden=\"true\" data-fa-processed=\"\" aria-label=\"Instagram\" data-prefix=\"fab\" data-icon=\"instagram\" role=\"img\" viewBox=\"0 0 448 512\">\n                    <path fill=\"currentColor\" d=\"M224.1 141c-63.6 0-114.9 51.3-114.9 114.9s51.3 114.9 114.9 114.9S339 319.5 339 255.9 287.7 141 224.1 141zm0 189.6c-41.1 0-74.7-33.5-74.7-74.7s33.5-74.7 74.7-74.7 74.7 33.5 74.7 74.7-33.6 74.7-74.7 74.7zm146.4-194.3c0 14.9-12 26.8-26.8 26.8-14.9 0-26.8-12-26.8-26.8s12-26.8 26.8-26.8 26.8 12 26.8 26.8zm76.1 27.2c-1.7-35.9-9.9-67.7-36.2-93.9-26.2-26.2-58-34.4-93.9-36.2-37-2.1-147.9-2.1-184.9 0-35.8 1.7-67.6 9.9-93.9 36.1s-34.4 58-36.2 93.9c-2.1 37-2.1 147.9 0 184.9 1.7 35.9 9.9 67.7 36.2 93.9s58 34.4 93.9 36.2c37 2.1 147.9 2.1 184.9 0 35.9-1.7 67.7-9.9 93.9-36.2 26.2-26.2 34.4-58 36.2-93.9 2.1-37 2.1-147.8 0-184.8zM398.8 388c-7.8 19.6-22.9 34.7-42.6 42.6-29.5 11.7-99.5 9-132.1 9s-102.7 2.6-132.1-9c-19.6-7.8-34.7-22.9-42.6-42.6-11.7-29.5-9-99.5-9-132.1s-2.6-102.7 9-132.1c7.8-19.6 22.9-34.7 42.6-42.6 29.5-11.7 99.5-9 132.1-9s102.7-2.6 132.1 9c19.6 7.8 34.7 22.9 42.6 42.6 11.7 29.5 9 99.5 9 132.1s2.7 102.7-9 132.1z\"><\/path>\n                <\/svg>\t\t\t\t<span>Seguir en Instagram<\/span>\n\t\t\t<\/a>\n\t\t<\/span>\n\t\n<\/div>\n\t\t<span class=\"sbi_resized_image_data\" data-feed-id=\"*1\"\n\t\t  data-resized=\"{&quot;18400675879195818&quot;:{&quot;id&quot;:&quot;671855791_17920980921308218_8046159623585430255_n&quot;,&quot;ratio&quot;:&quot;1.00&quot;,&quot;sizes&quot;:{&quot;full&quot;:640,&quot;low&quot;:320,&quot;thumb&quot;:150},&quot;extension&quot;:&quot;.webp&quot;},&quot;18320195911266376&quot;:{&quot;id&quot;:&quot;669788825_17921137677308218_2647142913758642091_n&quot;,&quot;ratio&quot;:&quot;1.00&quot;,&quot;sizes&quot;:{&quot;full&quot;:640,&quot;low&quot;:320,&quot;thumb&quot;:150},&quot;extension&quot;:&quot;.webp&quot;},&quot;18321020473266890&quot;:{&quot;id&quot;:&quot;670473699_17921135061308218_380003393344262790_n&quot;,&quot;ratio&quot;:&quot;1.00&quot;,&quot;sizes&quot;:{&quot;full&quot;:640,&quot;low&quot;:320,&quot;thumb&quot;:150},&quot;extension&quot;:&quot;.webp&quot;},&quot;18095383574132141&quot;:{&quot;id&quot;:&quot;670567754_17921293062308218_4753087996158624176_n&quot;,&quot;ratio&quot;:&quot;1.00&quot;,&quot;sizes&quot;:{&quot;full&quot;:640,&quot;low&quot;:320,&quot;thumb&quot;:150},&quot;extension&quot;:&quot;.webp&quot;},&quot;17883731985536139&quot;:{&quot;id&quot;:&quot;671199576_17922230985308218_84220092968713448_n&quot;,&quot;ratio&quot;:&quot;1.11&quot;,&quot;sizes&quot;:{&quot;full&quot;:640,&quot;low&quot;:320,&quot;thumb&quot;:150},&quot;extension&quot;:&quot;.webp&quot;},&quot;18035069741606472&quot;:{&quot;id&quot;:&quot;662528436_17923019529308218_2786612337030787892_n&quot;,&quot;ratio&quot;:&quot;0.80&quot;,&quot;sizes&quot;:{&quot;full&quot;:640,&quot;low&quot;:320,&quot;thumb&quot;:150},&quot;extension&quot;:&quot;.webp&quot;}}\">\n\t<\/span>\n\t<\/div>\n\n<\/div>\n\t\t\t\t\t\t<\/div>\n\t\t\t\t<\/div>\n\t\t\t\t\t<\/div>\n\t\t\t\t<\/div>\n\t\t\t\t<section class=\"elementor-section elementor-top-section elementor-element elementor-element-92851c9 elementor-section-full_width elementor-section-height-default elementor-section-height-default\" data-id=\"92851c9\" data-element_type=\"section\" data-e-type=\"section\">\n\t\t\t\t\t\t<div class=\"elementor-container elementor-column-gap-default\">\n\t\t\t\t\t<div class=\"elementor-column elementor-col-100 elementor-top-column elementor-element elementor-element-b6a63a8\" data-id=\"b6a63a8\" data-element_type=\"column\" data-e-type=\"column\">\n\t\t\t<div class=\"elementor-widget-wrap elementor-element-populated\">\n\t\t\t\t\t\t<div class=\"elementor-element elementor-element-140b4c11 elementor-widget elementor-widget-montro_team_v1\" data-id=\"140b4c11\" data-element_type=\"widget\" data-e-type=\"widget\" data-widget_type=\"montro_team_v1.default\">\n\t\t\t\t<div class=\"elementor-widget-container\">\n\t\t\t\t\t        \r\n        <!-- Team Section -->\r\n        <section class=\"team-page-section\">\r\n            <div class=\"auto-container\">\r\n                <!-- Sec Title -->\r\n                <div class=\"sec-title centered\">\r\n                                        <div class=\"title\"><span class=\"separator\"><\/span>Gobierno e Instituciones<span class=\"separator-two\"><\/span><\/div>\r\n                                        <h2><\/h2>\r\n                <\/div>\r\n                \r\n                            <\/div>\r\n        <\/section>\r\n        <!-- End Team Section -->\r\n    \t\r\n        \t\t\t\t<\/div>\n\t\t\t\t<\/div>\n\t\t\t\t<div class=\"elementor-element elementor-element-853eef7 elementor-widget elementor-widget-montro_partners\" data-id=\"853eef7\" data-element_type=\"widget\" data-e-type=\"widget\" data-widget_type=\"montro_partners.default\">\n\t\t\t\t<div class=\"elementor-widget-container\">\n\t\t\t\t\t        \r\n        <!-- Clients Section -->\r\n        <section class=\"clients-section\">\r\n            <div class=\"auto-container\">\r\n                <div class=\"sponsors-outer\">\r\n                    <!-- Sponsors Carousel -->\r\n                    <ul class=\"sponsors-carousel owl-carousel owl-theme\">\r\n                    \t                        <li class=\"slide-item\"><figure class=\"image-box\"><a href=\"https:\/\/minjusticia.gob.gq\/\"><img decoding=\"async\" src=\"https:\/\/cndesge.org\/wp-content\/uploads\/2025\/03\/logo.png\" alt=\"Ministerio de Justicia\"><\/a><\/figure><\/li>\r\n                                                <li class=\"slide-item\"><figure class=\"image-box\"><a href=\"https:\/\/minjusticia.gob.gq\/\"><img decoding=\"async\" src=\"https:\/\/cndesge.org\/wp-content\/uploads\/2025\/03\/logo-3.png\" alt=\"Ministerio de Igualdad de G\u00e9nero , Asuntos Sociales y Artesan\u00eda\"><\/a><\/figure><\/li>\r\n                                                <li class=\"slide-item\"><figure class=\"image-box\"><a href=\"https:\/\/mintct.gob.gq\/\"><img decoding=\"async\" src=\"https:\/\/cndesge.org\/wp-content\/uploads\/2025\/03\/logo-new.png\" alt=\"Ministerio de Transportes, Telecomunicaciones y Sistemas de Inteligencia Artificial\"><\/a><\/figure><\/li>\r\n                                                <li class=\"slide-item\"><figure class=\"image-box\"><a href=\"https:\/\/minfuncionpublica.gob.gq\/\"><img decoding=\"async\" src=\"https:\/\/cndesge.org\/wp-content\/uploads\/2025\/03\/logo-publica1.png\" alt=\"Ministerio de la Funci\u00f3n P\u00fablica, Reforma Administrativa y Seguridad Social\"><\/a><\/figure><\/li>\r\n                                                <li class=\"slide-item\"><figure class=\"image-box\"><a href=\"#\"><img decoding=\"async\" src=\"https:\/\/cndesge.org\/wp-content\/uploads\/2025\/03\/logo-1.png\" alt=\"Ministerio de Igualdad de G\u00e9nero , Asuntos Sociales y Artesan\u00eda\"><\/a><\/figure><\/li>\r\n                                            <\/ul>\r\n                <\/div>\r\n                \r\n            <\/div>\r\n        <\/section>\r\n        <!-- End Clients Section -->\r\n        \r\n        \t\t\t\t<\/div>\n\t\t\t\t<\/div>\n\t\t\t\t\t<\/div>\n\t\t<\/div>\n\t\t\t\t\t<\/div>\n\t\t<\/section>\n\t\t\t\t<section class=\"elementor-section elementor-top-section elementor-element elementor-element-1893b04 elementor-section-full_width elementor-section-height-default elementor-section-height-default\" data-id=\"1893b04\" data-element_type=\"section\" data-e-type=\"section\">\n\t\t\t\t\t\t<div class=\"elementor-container elementor-column-gap-default\">\n\t\t\t\t\t<div class=\"elementor-column elementor-col-100 elementor-top-column elementor-element elementor-element-0017100\" data-id=\"0017100\" data-element_type=\"column\" data-e-type=\"column\">\n\t\t\t<div class=\"elementor-widget-wrap elementor-element-populated\">\n\t\t\t\t\t\t<div class=\"elementor-element elementor-element-be8637d elementor-widget elementor-widget-montro_newsletter\" data-id=\"be8637d\" data-element_type=\"widget\" data-e-type=\"widget\" data-widget_type=\"montro_newsletter.default\">\n\t\t\t\t<div class=\"elementor-widget-container\">\n\t\t\t\t\t        \r\n        <!-- Newsletter Section -->\r\n        <section class=\"newsletter-section\">\r\n            <div class=\"auto-container\">\r\n                <div class=\"row clearfix\">\r\n                \t                    <!-- Logo Column -->\r\n                    <div class=\"logo-column col-lg-3 col-md-12 col-sm-12\">\r\n                        <div class=\"inner-column\">\r\n                            <div class=\"logo\">\r\n                                <a href=\"https:\/\/cndesge.org\/\"><img decoding=\"async\" src=\"https:\/\/cndesge.org\/wp-content\/uploads\/2025\/03\/LOGO_CNDES_PARA_FONDO_NEGRO-removebg-preview.png\" alt=\"Logo Image\" \/><\/a>\r\n                            <\/div>\r\n                        <\/div>\r\n                    <\/div>\r\n                                        \r\n                    <!-- Form Column -->\r\n                    <div class=\"form-column col-lg-9 col-md-12 col-sm-12\">\r\n                        <div class=\"inner-column\">\r\n                            <div class=\"content\">\r\n                                <div class=\"title-box\">\r\n                                    <div class=\"box-inner\">\r\n                                        <span class=\"icon flaticon-message-1\"><\/span>\r\n                                        Recibe noticias por <br>correo electr\u00f3nico                                    <\/div>\r\n                                <\/div>\r\n                                \r\n                                                                <div class=\"newsletter-form\">\r\n                                    \n<div class=\"wpcf7 no-js\" id=\"wpcf7-f3061-o1\" lang=\"en-US\" dir=\"ltr\" data-wpcf7-id=\"3061\">\n<div class=\"screen-reader-response\"><p role=\"status\" aria-live=\"polite\" aria-atomic=\"true\"><\/p> <ul><\/ul><\/div>\n<form action=\"\/index.php?rest_route=%2Fwp%2Fv2%2Fpages%2F1926#wpcf7-f3061-o1\" method=\"post\" class=\"wpcf7-form init\" aria-label=\"Contact form\" novalidate=\"novalidate\" data-status=\"init\">\n<fieldset class=\"hidden-fields-container\"><input type=\"hidden\" name=\"_wpcf7\" value=\"3061\" \/><input type=\"hidden\" name=\"_wpcf7_version\" value=\"6.1.5\" \/><input type=\"hidden\" name=\"_wpcf7_locale\" value=\"en_US\" \/><input type=\"hidden\" name=\"_wpcf7_unit_tag\" value=\"wpcf7-f3061-o1\" \/><input type=\"hidden\" name=\"_wpcf7_container_post\" value=\"0\" \/><input type=\"hidden\" name=\"_wpcf7_posted_data_hash\" value=\"\" \/>\n<\/fieldset>\n<div class=\"form-group\">\n\t<p><span class=\"wpcf7-form-control-wrap\" data-name=\"your-email\"><input size=\"40\" maxlength=\"400\" class=\"wpcf7-form-control wpcf7-email wpcf7-validates-as-required wpcf7-text wpcf7-validates-as-email\" aria-required=\"true\" aria-invalid=\"false\" placeholder=\"Tu E-mail\" value=\"\" type=\"email\" name=\"your-email\" \/><\/span><input class=\"wpcf7-form-control wpcf7-submit has-spinner theme-btn submit-btn\" type=\"submit\" value=\"Suscribirse\" \/>\n\t<\/p>\n<\/div><div class=\"wpcf7-response-output\" aria-hidden=\"true\"><\/div>\n<\/form>\n<\/div>\n                                <\/div>\r\n                                                            <\/div>\r\n                        <\/div>\r\n                    <\/div>\r\n                <\/div>\r\n            <\/div>\r\n        <\/section>\r\n        <!-- End Newsletter Section -->\r\n        \r\n        \t\t\t\t<\/div>\n\t\t\t\t<\/div>\n\t\t\t\t\t<\/div>\n\t\t<\/div>\n\t\t\t\t\t<\/div>\n\t\t<\/section>\n\t\t<div class=\"elementor-element elementor-element-4b9ea7d e-flex e-con-boxed e-con e-parent\" data-id=\"4b9ea7d\" data-element_type=\"container\" data-e-type=\"container\">\n\t\t\t\t\t<div class=\"e-con-inner\">\n\t\t\t\t\t<\/div>\n\t\t\t\t<\/div>\n\t\t\t\t<\/div>\n\t\t","protected":false},"excerpt":{"rendered":"<p>El Presidente del CNDES pronunci\u00f3 un discurso en el Foro Pol\u00edtico de Alto Nivel de ecosoc en el que resaltaba la iniciativa de Su Excelencia Obiang Nguema Mbasogo en la creaci\u00f3n del Consejo Nacional para el Desarrollo Econ\u00f3mico y Social en Guinea Ecuatorial. julio 24, 2025 Intervenci\u00f3n del Presidente del Consejo Nacional para el DesarrolloLeer m\u00e1s &#8230;<\/p>\n","protected":false},"author":1,"featured_media":0,"parent":0,"menu_order":0,"comment_status":"closed","ping_status":"closed","template":"elementor_header_footer","meta":{"footnotes":""},"class_list":["post-1926","page","type-page","status-publish","hentry"],"_links":{"self":[{"href":"https:\/\/cndesge.org\/index.php?rest_route=\/wp\/v2\/pages\/1926","targetHints":{"allow":["GET"]}}],"collection":[{"href":"https:\/\/cndesge.org\/index.php?rest_route=\/wp\/v2\/pages"}],"about":[{"href":"https:\/\/cndesge.org\/index.php?rest_route=\/wp\/v2\/types\/page"}],"author":[{"embeddable":true,"href":"https:\/\/cndesge.org\/index.php?rest_route=\/wp\/v2\/users\/1"}],"replies":[{"embeddable":true,"href":"https:\/\/cndesge.org\/index.php?rest_route=%2Fwp%2Fv2%2Fcomments&post=1926"}],"version-history":[{"count":269,"href":"https:\/\/cndesge.org\/index.php?rest_route=\/wp\/v2\/pages\/1926\/revisions"}],"predecessor-version":[{"id":11460,"href":"https:\/\/cndesge.org\/index.php?rest_route=\/wp\/v2\/pages\/1926\/revisions\/11460"}],"wp:attachment":[{"href":"https:\/\/cndesge.org\/index.php?rest_route=%2Fwp%2Fv2%2Fmedia&parent=1926"}],"curies":[{"name":"wp","href":"https:\/\/api.w.org\/{rel}","templated":true}]}}